{"id":122390,"date":"2025-03-19T07:10:28","date_gmt":"2025-03-19T06:10:28","guid":{"rendered":"https:\/\/egidimadeinitaly.com\/artisti-in-vendita\/"},"modified":"2025-03-27T21:02:33","modified_gmt":"2025-03-27T20:02:33","slug":"artistes-en-galerie","status":"publish","type":"page","link":"https:\/\/egidimadeinitaly.com\/fr\/artistes-en-galerie\/","title":{"rendered":"Artistes en galerie"},"content":{"rendered":"<div class=\"wpb-content-wrapper\"><p>[vc_row][vc_column width=\u00a0\u00bb1\/1&Prime;][vc_custom_heading uncode_shortcode_id=\u00a0\u00bb117141&Prime;]Artistes dans notre galerie[\/vc_custom_heading][vc_custom_heading heading_semantic=\u00a0\u00bbh4&Prime; text_size=\u00a0\u00bbh4&Prime; uncode_shortcode_id=\u00a0\u00bb170966&Prime;]Artistes en vente en galerie[\/vc_custom_heading][vc_empty_space empty_h=\u00a0\u00bb2&Prime;][vc_column_text uncode_shortcode_id=\u00a0\u00bb845387&Prime;]        <div class=\"artisti-list custom-container\">\n            <div class=\"custom-row\">\n                                    <div class=\"artista-item custom-col-md-6 custom-col-12\">\n                        <div class=\"custom-row mb-3\">\n                            <div class=\"custom-col-md-4\">\n                                                                    <div class=\"artista-thumbnail\" style=\"background-image: url('https:\/\/egidimadeinitaly.com\/v25\/wp-content\/uploads\/2025\/12\/vittorio-pisani-datato-locato-firmato.jpg-300x200.jpg');\"><\/div>\n                                                            <\/div>\n                            <a href=\"https:\/\/egidimadeinitaly.com\/fr\/artisti\/vittorio-pisani-biografia\/\" class=\"custom-col-md-8 pl-3 pr-3\">\n                                <h4>Vittorio Pisani biographie<\/h4>\n                                <p class=\"artista-content\">\n                                    <p>Vittorio Pisani, peintre et illustrateur italien n\u00e9 \u00e0 Corfou et form\u00e9 \u00e0 Rome, c\u00e9l\u00e8bre pour ses plus de 4 000 couvertures de La Tribuna illustrata et pour ses \u0153uvres de propagande fasciste.<\/p>\n                                <\/p>\n                            <\/a>\n                        <\/div>\n                    <\/div>\n                                        <div class=\"artista-item custom-col-md-6 custom-col-12\">\n                        <div class=\"custom-row mb-3\">\n                            <div class=\"custom-col-md-4\">\n                                                                    <div class=\"artista-thumbnail\" style=\"background-image: url('https:\/\/egidimadeinitaly.com\/v25\/wp-content\/uploads\/2025\/10\/La-modella-1945-Gaetano-Martinez-225x300.webp');\"><\/div>\n                                                            <\/div>\n                            <a href=\"https:\/\/egidimadeinitaly.com\/fr\/artisti\/gaetano-martinez\/\" class=\"custom-col-md-8 pl-3 pr-3\">\n                                <h4>Gaetano Martinez<\/h4>\n                                <p class=\"artista-content\">\n                                    <p>Gaetano Martinez (1892-1951), sculpteur autodidacte originaire de Lecce et install\u00e9 \u00e0 Rome, a incarn\u00e9 le XXe si\u00e8cle italien avec des bronzes r\u00e9alistes et sensuels.<\/p>\n                                <\/p>\n                            <\/a>\n                        <\/div>\n                    <\/div>\n                                        <div class=\"artista-item custom-col-md-6 custom-col-12\">\n                        <div class=\"custom-row mb-3\">\n                            <div class=\"custom-col-md-4\">\n                                                                    <div class=\"artista-thumbnail\" style=\"background-image: url('https:\/\/egidimadeinitaly.com\/v25\/wp-content\/uploads\/2025\/10\/Hartung-Olio-su-tela-T1962-A34-1962-225x300.jpg');\"><\/div>\n                                                            <\/div>\n                            <a href=\"https:\/\/egidimadeinitaly.com\/fr\/artisti\/hans-hartung-2\/\" class=\"custom-col-md-8 pl-3 pr-3\">\n                                <h4>Hans Hartung<\/h4>\n                                <p class=\"artista-content\">\n                                    <p>Hans Hartung, pionnier de l&rsquo;abstractionnisme gestuel, a r\u00e9volutionn\u00e9 l&rsquo;art informel par des coups de pinceau libres et vitaux, influenc\u00e9s par son exp\u00e9rience de la guerre et son esprit cosmopolite.<\/p>\n                                <\/p>\n                            <\/a>\n                        <\/div>\n                    <\/div>\n                                        <div class=\"artista-item custom-col-md-6 custom-col-12\">\n                        <div class=\"custom-row mb-3\">\n                            <div class=\"custom-col-md-4\">\n                                                                    <div class=\"artista-thumbnail\" style=\"background-image: url('https:\/\/egidimadeinitaly.com\/v25\/wp-content\/uploads\/2025\/10\/Gianni-Girolamo-opera-1-300x300.jpg');\"><\/div>\n                                                            <\/div>\n                            <a href=\"https:\/\/egidimadeinitaly.com\/fr\/artisti\/girolamo-gianni\/\" class=\"custom-col-md-8 pl-3 pr-3\">\n                                <h4>Girolamo Gianni<\/h4>\n                                <p class=\"artista-content\">\n                                    <p>En 1866, Gianni d\u00e9couvre Malte lors d&rsquo;un voyage d&rsquo;exploration, fascin\u00e9 par sa lumi\u00e8re m\u00e9diterran\u00e9enne et ses paysages accident\u00e9s. <\/p>\n                                <\/p>\n                            <\/a>\n                        <\/div>\n                    <\/div>\n                                        <div class=\"artista-item custom-col-md-6 custom-col-12\">\n                        <div class=\"custom-row mb-3\">\n                            <div class=\"custom-col-md-4\">\n                                                                    <div class=\"artista-thumbnail\" style=\"background-image: url('https:\/\/egidimadeinitaly.com\/v25\/wp-content\/uploads\/2025\/10\/Island-Guizzo-Vaso-con-fiori-1-300x300.jpg');\"><\/div>\n                                                            <\/div>\n                            <a href=\"https:\/\/egidimadeinitaly.com\/fr\/artisti\/island-guizzo\/\" class=\"custom-col-md-8 pl-3 pr-3\">\n                                <h4>Island Guizzo<\/h4>\n                                <p class=\"artista-content\">\n                                    <p>En 1952, Island Guizzo s&rsquo;installe \u00e0 Rome, o\u00f9 il vit la majeure partie de sa vie et collabore avec des ma\u00eetres tels que Giorgio de Chirico, qui loue son \u00ab\u00a0fort temp\u00e9rament\u00a0\u00bb.<\/p>\n                                <\/p>\n                            <\/a>\n                        <\/div>\n                    <\/div>\n                                        <div class=\"artista-item custom-col-md-6 custom-col-12\">\n                        <div class=\"custom-row mb-3\">\n                            <div class=\"custom-col-md-4\">\n                                                                    <div class=\"artista-thumbnail\" style=\"background-image: url('https:\/\/egidimadeinitaly.com\/v25\/wp-content\/uploads\/2025\/09\/Ritratto-di-Mino-Maccari-firmato-Ottone-Rosai-224x300.png');\"><\/div>\n                                                            <\/div>\n                            <a href=\"https:\/\/egidimadeinitaly.com\/fr\/artisti\/mino-maccari\/\" class=\"custom-col-md-8 pl-3 pr-3\">\n                                <h4>Mino Maccari<\/h4>\n                                <p class=\"artista-content\">\n                                    <p>Influenc\u00e9 par le mouvement Strapaese, Maccari est connu pour son style caustique avec des figures grotesques et des th\u00e8mes sociaux.<\/p>\n                                <\/p>\n                            <\/a>\n                        <\/div>\n                    <\/div>\n                                        <div class=\"artista-item custom-col-md-6 custom-col-12\">\n                        <div class=\"custom-row mb-3\">\n                            <div class=\"custom-col-md-4\">\n                                                                    <div class=\"artista-thumbnail\" style=\"background-image: url('https:\/\/egidimadeinitaly.com\/v25\/wp-content\/uploads\/2025\/08\/Emilio-Borsa-paesaggio-284x300.jpg');\"><\/div>\n                                                            <\/div>\n                            <a href=\"https:\/\/egidimadeinitaly.com\/fr\/artisti\/emilio-borsa\/\" class=\"custom-col-md-8 pl-3 pr-3\">\n                                <h4>Emilio Borsa<\/h4>\n                                <p class=\"artista-content\">\n                                    <p> Tr\u00e8s appr\u00e9ci\u00e9 pour ses \u00e9tudes d&rsquo;apr\u00e8s nature et ses \u0153uvres de grande taille sur le th\u00e8me de Monza, r\u00e9alis\u00e9es au cours des deux d\u00e9cennies qui ont marqu\u00e9 le tournant du si\u00e8cle.<\/p>\n                                <\/p>\n                            <\/a>\n                        <\/div>\n                    <\/div>\n                                        <div class=\"artista-item custom-col-md-6 custom-col-12\">\n                        <div class=\"custom-row mb-3\">\n                            <div class=\"custom-col-md-4\">\n                                                                    <div class=\"artista-thumbnail\" style=\"background-image: url('https:\/\/egidimadeinitaly.com\/v25\/wp-content\/uploads\/2025\/08\/Assen-Peikov-248x300.jpg');\"><\/div>\n                                                            <\/div>\n                            <a href=\"https:\/\/egidimadeinitaly.com\/fr\/artisti\/assen-peikov\/\" class=\"custom-col-md-8 pl-3 pr-3\">\n                                <h4>Assen Peikov<\/h4>\n                                <p class=\"artista-content\">\n                                    <p>Sculpteur bulgare qui s&rsquo;est install\u00e9 \u00e0 Rome en 1938. Il a travaill\u00e9 dans l&rsquo;atelier de Via Margutta et a collabor\u00e9 avec Marcantoni Ceramiche.<\/p>\n                                <\/p>\n                            <\/a>\n                        <\/div>\n                    <\/div>\n                                        <div class=\"artista-item custom-col-md-6 custom-col-12\">\n                        <div class=\"custom-row mb-3\">\n                            <div class=\"custom-col-md-4\">\n                                                                    <div class=\"artista-thumbnail\" style=\"background-image: url('https:\/\/egidimadeinitaly.com\/v25\/wp-content\/uploads\/2025\/08\/IMG_9924-225x300.jpeg');\"><\/div>\n                                                            <\/div>\n                            <a href=\"https:\/\/egidimadeinitaly.com\/fr\/artisti\/salvador-dali\/\" class=\"custom-col-md-8 pl-3 pr-3\">\n                                <h4>Salvador Dal\u00ec<\/h4>\n                                <p class=\"artista-content\">\n                                    <p>Salvador Dal\u00ed (1904-1989) \u00e9tait un c\u00e9l\u00e8bre artiste surr\u00e9aliste espagnol, connu pour ses images imaginatives, d\u00e9taill\u00e9es et r\u00e9volutionnaires.<\/p>\n                                <\/p>\n                            <\/a>\n                        <\/div>\n                    <\/div>\n                                        <div class=\"artista-item custom-col-md-6 custom-col-12\">\n                        <div class=\"custom-row mb-3\">\n                            <div class=\"custom-col-md-4\">\n                                                                    <div class=\"artista-thumbnail\" style=\"background-image: url('https:\/\/egidimadeinitaly.com\/v25\/wp-content\/uploads\/2025\/06\/Lorenzo-Viani-Borsalino-290x300.jpg');\"><\/div>\n                                                            <\/div>\n                            <a href=\"https:\/\/egidimadeinitaly.com\/fr\/artisti\/lorenzo-viani\/\" class=\"custom-col-md-8 pl-3 pr-3\">\n                                <h4>Lorenzo Viani<\/h4>\n                                <p class=\"artista-content\">\n                                    <p>Il \u00e9tait un peintre et graveur italien, connu pour son r\u00e9alisme social et ses \u0153uvres repr\u00e9sentant la vie des classes populaires.  <\/p>\n                                <\/p>\n                            <\/a>\n                        <\/div>\n                    <\/div>\n                                        <div class=\"artista-item custom-col-md-6 custom-col-12\">\n                        <div class=\"custom-row mb-3\">\n                            <div class=\"custom-col-md-4\">\n                                                                    <div class=\"artista-thumbnail\" style=\"background-image: url('https:\/\/egidimadeinitaly.com\/v25\/wp-content\/uploads\/2025\/05\/Girasoli-210x300.jpg');\"><\/div>\n                                                            <\/div>\n                            <a href=\"https:\/\/egidimadeinitaly.com\/fr\/artisti\/renato-marino-mazzacurati\/\" class=\"custom-col-md-8 pl-3 pr-3\">\n                                <h4>Renato Marino Mazzacurati<\/h4>\n                                <p class=\"artista-content\">\n                                    <p>Form\u00e9 dans la r\u00e9gion de la V\u00e9n\u00e9tie, il se rend tr\u00e8s jeune \u00e0 Rome en 1926 et entre en contact avec les principaux artistes actifs dans la capitale.<\/p>\n                                <\/p>\n                            <\/a>\n                        <\/div>\n                    <\/div>\n                                        <div class=\"artista-item custom-col-md-6 custom-col-12\">\n                        <div class=\"custom-row mb-3\">\n                            <div class=\"custom-col-md-4\">\n                                                                    <div class=\"artista-thumbnail\" style=\"background-image: url('https:\/\/egidimadeinitaly.com\/v25\/wp-content\/uploads\/2025\/04\/Metamorfosi-della-Grotta-azzurra-222x300.jpg');\"><\/div>\n                                                            <\/div>\n                            <a href=\"https:\/\/egidimadeinitaly.com\/fr\/artisti\/gian-carozzi\/\" class=\"custom-col-md-8 pl-3 pr-3\">\n                                <h4>Gian Carozzi<\/h4>\n                                <p class=\"artista-content\">\n                                    <p>Gian Carozzi est l&rsquo;un des fondateurs du Gruppo dei Sette avec Vincenzo Frunzo.<\/p>\n                                <\/p>\n                            <\/a>\n                        <\/div>\n                    <\/div>\n                                        <div class=\"artista-item custom-col-md-6 custom-col-12\">\n                        <div class=\"custom-row mb-3\">\n                            <div class=\"custom-col-md-4\">\n                                                                    <div class=\"artista-thumbnail\" style=\"background-image: url('https:\/\/egidimadeinitaly.com\/v25\/wp-content\/uploads\/2025\/03\/De-Pisis-Natura-Morta-con-quadro-di-de-Chirico-300x283.jpg');\"><\/div>\n                                                            <\/div>\n                            <a href=\"https:\/\/egidimadeinitaly.com\/fr\/artisti\/filippo-de-pisis\/\" class=\"custom-col-md-8 pl-3 pr-3\">\n                                <h4>Filippo de Pisis<\/h4>\n                                <p class=\"artista-content\">\n                                    <p>\u00ab\u00a0Avec De Pisis, on pourrait dire que la peinture veut nous inviter \u00e0 assister \u00e0 sa propre destruction.\u00a0\u00bb<\/p>\n                                <\/p>\n                            <\/a>\n                        <\/div>\n                    <\/div>\n                                        <div class=\"artista-item custom-col-md-6 custom-col-12\">\n                        <div class=\"custom-row mb-3\">\n                            <div class=\"custom-col-md-4\">\n                                                                    <div class=\"artista-thumbnail\" style=\"background-image: url('https:\/\/egidimadeinitaly.com\/v25\/wp-content\/uploads\/2025\/03\/Arman-opera-300x300.jpg');\"><\/div>\n                                                            <\/div>\n                            <a href=\"https:\/\/egidimadeinitaly.com\/fr\/artisti\/arman-fernandez\/\" class=\"custom-col-md-8 pl-3 pr-3\">\n                                <h4>Arman Fernandez<\/h4>\n                                <p class=\"artista-content\">\n                                    <p>Inspir\u00e9 par Vincent van Gogh, Arman signe ses premi\u00e8res \u0153uvres de son seul pr\u00e9nom.<\/p>\n                                <\/p>\n                            <\/a>\n                        <\/div>\n                    <\/div>\n                                        <div class=\"artista-item custom-col-md-6 custom-col-12\">\n                        <div class=\"custom-row mb-3\">\n                            <div class=\"custom-col-md-4\">\n                                                                    <div class=\"artista-thumbnail\" style=\"background-image: url('https:\/\/egidimadeinitaly.com\/v25\/wp-content\/uploads\/2024\/12\/IMG_8275-220x300.jpeg');\"><\/div>\n                                                            <\/div>\n                            <a href=\"https:\/\/egidimadeinitaly.com\/fr\/artisti\/renato-mambor\/\" class=\"custom-col-md-8 pl-3 pr-3\">\n                                <h4>Renato Mambor<\/h4>\n                                <p class=\"artista-content\">\n                                    <p>Il aspire \u00e0 s&rsquo;exprimer de toutes les mani\u00e8res possibles \u00e0 travers la danse, le chant, l&rsquo;\u00e9criture, le cin\u00e9ma, le th\u00e9\u00e2tre et la po\u00e9sie.<\/p>\n                                <\/p>\n                            <\/a>\n                        <\/div>\n                    <\/div>\n                                        <div class=\"artista-item custom-col-md-6 custom-col-12\">\n                        <div class=\"custom-row mb-3\">\n                            <div class=\"custom-col-md-4\">\n                                                                    <div class=\"artista-thumbnail\" style=\"background-image: url('https:\/\/egidimadeinitaly.com\/v25\/wp-content\/uploads\/2025\/02\/Moritz-von-Schwind_Il-viaggio-di-nozze_fronte-al-vivo_DSC5220-183x300.jpg');\"><\/div>\n                                                            <\/div>\n                            <a href=\"https:\/\/egidimadeinitaly.com\/fr\/artisti\/moritz-ludwig-von-schwind\/\" class=\"custom-col-md-8 pl-3 pr-3\">\n                                <h4>Moritz Ludwig von Schwind<\/h4>\n                                <p class=\"artista-content\">\n                                    <p>Ses \u0153uvres, qui captivent l&rsquo;imaginaire par leur capacit\u00e9 \u00e0 \u00e9voquer des univers lointains et id\u00e9alis\u00e9s, ont contribu\u00e9 \u00e0 fa\u00e7onner l&rsquo;histoire de l&rsquo;art du XIXe si\u00e8cle.<\/p>\n                                <\/p>\n                            <\/a>\n                        <\/div>\n                    <\/div>\n                                        <div class=\"artista-item custom-col-md-6 custom-col-12\">\n                        <div class=\"custom-row mb-3\">\n                            <div class=\"custom-col-md-4\">\n                                                                    <div class=\"artista-thumbnail\" style=\"background-image: url('https:\/\/egidimadeinitaly.com\/v25\/wp-content\/uploads\/2025\/01\/sante_nucci_paesaggio-olio-su-tela-300x238.jpg');\"><\/div>\n                                                            <\/div>\n                            <a href=\"https:\/\/egidimadeinitaly.com\/fr\/artisti\/sante-nucci\/\" class=\"custom-col-md-8 pl-3 pr-3\">\n                                <h4>Sante Nucci<\/h4>\n                                <p class=\"artista-content\">\n                                    <p>Sa fid\u00e9lit\u00e9 au classicisme bolonais et l&rsquo;influence de la photographie, notamment dans les portraits, permettent d&rsquo;observer l&rsquo;\u00e9volution du go\u00fbt et des techniques artistiques dans la seconde moiti\u00e9 du XIX^e si\u00e8cle.<\/p>\n                                <\/p>\n                            <\/a>\n                        <\/div>\n                    <\/div>\n                                        <div class=\"artista-item custom-col-md-6 custom-col-12\">\n                        <div class=\"custom-row mb-3\">\n                            <div class=\"custom-col-md-4\">\n                                                                    <div class=\"artista-thumbnail\" style=\"background-image: url('https:\/\/egidimadeinitaly.com\/v25\/wp-content\/uploads\/2025\/01\/9F05496A-11E0-47EC-9561-E227CEC25682-300x300.jpeg');\"><\/div>\n                                                            <\/div>\n                            <a href=\"https:\/\/egidimadeinitaly.com\/fr\/artisti\/francesco-fedeli-dit-il-maggiotto\/\" class=\"custom-col-md-8 pl-3 pr-3\">\n                                <h4>Francesco Fedeli dit Il Maggiotto<\/h4>\n                                <p class=\"artista-content\">\n                                    <p>Andrea Tessier fournit une longue liste d&rsquo;\u0153uvres r\u00e9alis\u00e9es par l&rsquo;artiste non seulement pour des m\u00e9c\u00e8nes de l&rsquo;aristocratie v\u00e9nitienne, mais aussi pour des m\u00e9c\u00e8nes \u00e9trangers.<\/p>\n                                <\/p>\n                            <\/a>\n                        <\/div>\n                    <\/div>\n                                        <div class=\"artista-item custom-col-md-6 custom-col-12\">\n                        <div class=\"custom-row mb-3\">\n                            <div class=\"custom-col-md-4\">\n                                                                    <div class=\"artista-thumbnail\" style=\"background-image: url('https:\/\/egidimadeinitaly.com\/v25\/wp-content\/uploads\/2025\/01\/Ezelino-Briante-marina-1-scaled-e1736861341368-300x218.jpg');\"><\/div>\n                                                            <\/div>\n                            <a href=\"https:\/\/egidimadeinitaly.com\/fr\/artisti\/ezelino-briante\/\" class=\"custom-col-md-8 pl-3 pr-3\">\n                                <h4>Ezelino Briante<\/h4>\n                                <p class=\"artista-content\">\n                                    <p>Sa peinture, caract\u00e9ris\u00e9e par un coup de pinceau dense, se concentre principalement sur les paysages marins<\/p>\n                                <\/p>\n                            <\/a>\n                        <\/div>\n                    <\/div>\n                                        <div class=\"artista-item custom-col-md-6 custom-col-12\">\n                        <div class=\"custom-row mb-3\">\n                            <div class=\"custom-col-md-4\">\n                                                                    <div class=\"artista-thumbnail\" style=\"background-image: url('https:\/\/egidimadeinitaly.com\/v25\/wp-content\/uploads\/2025\/01\/Ugo-Gheduzzi-tela-138x300.jpg');\"><\/div>\n                                                            <\/div>\n                            <a href=\"https:\/\/egidimadeinitaly.com\/fr\/artisti\/ugo-gheduzzi\/\" class=\"custom-col-md-8 pl-3 pr-3\">\n                                <h4>Ugo Gheduzzi<\/h4>\n                                <p class=\"artista-content\">\n                                    <p>C&rsquo;\u00e9tait un artiste complet, capable d&rsquo;exprimer son talent aussi bien dans le monde \u00e9ph\u00e9m\u00e8re du th\u00e9\u00e2tre que dans la dimension plus intime du paysage.<\/p>\n                                <\/p>\n                            <\/a>\n                        <\/div>\n                    <\/div>\n                                        <div class=\"artista-item custom-col-md-6 custom-col-12\">\n                        <div class=\"custom-row mb-3\">\n                            <div class=\"custom-col-md-4\">\n                                                                    <div class=\"artista-thumbnail\" style=\"background-image: url('https:\/\/egidimadeinitaly.com\/v25\/wp-content\/uploads\/2024\/12\/Marchio-Zaccagnini-225x300.png');\"><\/div>\n                                                            <\/div>\n                            <a href=\"https:\/\/egidimadeinitaly.com\/fr\/artisti\/manufacture-zaccagnini\/\" class=\"custom-col-md-8 pl-3 pr-3\">\n                                <h4>Manufacture Zaccagnini<\/h4>\n                                <p class=\"artista-content\">\n                                    <p>Dans un premier temps, la Munufacture Zaccagnini se concentre sur la fabrication de majoliques et de fa\u00efences qui s\u2019inspirent des anciens mod\u00e8les des Della Robbia.<\/p>\n                                <\/p>\n                            <\/a>\n                        <\/div>\n                    <\/div>\n                                        <div class=\"artista-item custom-col-md-6 custom-col-12\">\n                        <div class=\"custom-row mb-3\">\n                            <div class=\"custom-col-md-4\">\n                                                                    <div class=\"artista-thumbnail\" style=\"background-image: url('https:\/\/egidimadeinitaly.com\/v25\/wp-content\/uploads\/2024\/12\/petiti-filiberto-castelli-romani-300x179.jpg');\"><\/div>\n                                                            <\/div>\n                            <a href=\"https:\/\/egidimadeinitaly.com\/fr\/artisti\/filiberto-petiti\/\" class=\"custom-col-md-8 pl-3 pr-3\">\n                                <h4>Filiberto Petiti<\/h4>\n                                <p class=\"artista-content\">\n                                    <p>En 1874, \u00e0 Rome, il fait la connaissance de deux artistes pi\u00e9montais, Vittorio Benisson et Carlo Pittara, ce dernier \u00e9tant l&rsquo;un des protagonistes de l&rsquo;\u00e9cole dite de Rivara,<\/p>\n                                <\/p>\n                            <\/a>\n                        <\/div>\n                    <\/div>\n                                        <div class=\"artista-item custom-col-md-6 custom-col-12\">\n                        <div class=\"custom-row mb-3\">\n                            <div class=\"custom-col-md-4\">\n                                                                    <div class=\"artista-thumbnail\" style=\"background-image: url('https:\/\/egidimadeinitaly.com\/v25\/wp-content\/uploads\/2024\/10\/tomas-martin-rebollo-opera-su-tavola-300x174.webp');\"><\/div>\n                                                            <\/div>\n                            <a href=\"https:\/\/egidimadeinitaly.com\/fr\/artisti\/tomas-martin-rebollo\/\" class=\"custom-col-md-8 pl-3 pr-3\">\n                                <h4>Tom\u00e1s Mart\u00edn Rebollo<\/h4>\n                                <p class=\"artista-content\">\n                                    <p>En janvier 1912, il obtient une pension du Conseil provincial de Grenade pour vivre \u00e0 Rome et perfectionner ses techniques et ses comp\u00e9tences de peintre paysagiste.<\/p>\n                                <\/p>\n                            <\/a>\n                        <\/div>\n                    <\/div>\n                                        <div class=\"artista-item custom-col-md-6 custom-col-12\">\n                        <div class=\"custom-row mb-3\">\n                            <div class=\"custom-col-md-4\">\n                                                                    <div class=\"artista-thumbnail\" style=\"background-image: url('https:\/\/egidimadeinitaly.com\/v25\/wp-content\/uploads\/2024\/10\/Federico-Faruffini-opera-300x289.jpg');\"><\/div>\n                                                            <\/div>\n                            <a href=\"https:\/\/egidimadeinitaly.com\/fr\/artisti\/federico-faruffini\/\" class=\"custom-col-md-8 pl-3 pr-3\">\n                                <h4>Federico Faruffini<\/h4>\n                                <p class=\"artista-content\">\n                                    <p>\u00ab Trop peintre pour \u00eatre photographe, trop photographe pour \u00eatre peintre \u00bb.<\/p>\n                                <\/p>\n                            <\/a>\n                        <\/div>\n                    <\/div>\n                                        <div class=\"artista-item custom-col-md-6 custom-col-12\">\n                        <div class=\"custom-row mb-3\">\n                            <div class=\"custom-col-md-4\">\n                                                                    <div class=\"artista-thumbnail\" style=\"background-image: url('https:\/\/egidimadeinitaly.com\/v25\/wp-content\/uploads\/2024\/05\/Michele-Cammarano-opera-238x300.jpg');\"><\/div>\n                                                            <\/div>\n                            <a href=\"https:\/\/egidimadeinitaly.com\/fr\/artisti\/michele-cammarano\/\" class=\"custom-col-md-8 pl-3 pr-3\">\n                                <h4>Michele Cammarano<\/h4>\n                                <p class=\"artista-content\">\n                                    <p>En 1900, Michele Cammarano retourne d\u00e9finitivement \u00e0 Naples o\u00f9, en 1902, il occupe la chaire de peinture de l&rsquo;Accademia delle Belle Arti, pr\u00e9c\u00e9demment occup\u00e9e par Palizzi, et y reste jusqu&rsquo;\u00e0 sa mort.<\/p>\n                                <\/p>\n                            <\/a>\n                        <\/div>\n                    <\/div>\n                                        <div class=\"artista-item custom-col-md-6 custom-col-12\">\n                        <div class=\"custom-row mb-3\">\n                            <div class=\"custom-col-md-4\">\n                                                                    <div class=\"artista-thumbnail\" style=\"background-image: url('https:\/\/egidimadeinitaly.com\/v25\/wp-content\/uploads\/2024\/10\/Veduta-di-Via-delle-tre-Pile-226x300.jpg');\"><\/div>\n                                                            <\/div>\n                            <a href=\"https:\/\/egidimadeinitaly.com\/fr\/artisti\/orazio-amato\/\" class=\"custom-col-md-8 pl-3 pr-3\">\n                                <h4>Orazio Amato<\/h4>\n                                <p class=\"artista-content\">\n                                    <p>Dans la maison natale d&rsquo;Orazio Amato \u00e0 Anticoli Corrado, parmi les d\u00e9bris de la cave qui fut l&rsquo;un des ateliers d&rsquo;Arturo Martini dans les ann\u00e9es 1920, a \u00e9t\u00e9 retrouv\u00e9e l&rsquo;\u0153uvre \u00ab Le Berger \u00bb d&rsquo;Arturo Martini, aujourd&rsquo;hui conserv\u00e9e aux Mus\u00e9es du Vatican.<\/p>\n                                <\/p>\n                            <\/a>\n                        <\/div>\n                    <\/div>\n                                        <div class=\"artista-item custom-col-md-6 custom-col-12\">\n                        <div class=\"custom-row mb-3\">\n                            <div class=\"custom-col-md-4\">\n                                                                    <div class=\"artista-thumbnail\" style=\"background-image: url('https:\/\/egidimadeinitaly.com\/v25\/wp-content\/uploads\/2024\/07\/Eugenio-Spreafico-firma-300x200.jpg');\"><\/div>\n                                                            <\/div>\n                            <a href=\"https:\/\/egidimadeinitaly.com\/fr\/artisti\/spreafico-eugenio\/\" class=\"custom-col-md-8 pl-3 pr-3\">\n                                <h4>Spreafico Eugenio<\/h4>\n                                <p class=\"artista-content\">\n                                    <p>Il se forme \u00e0 l&rsquo;Acad\u00e9mie des Beaux-Arts de Brera, o\u00f9 il \u00e9tudie avec Francesco Hayez et Giuseppe Bertini.<\/p>\n                                <\/p>\n                            <\/a>\n                        <\/div>\n                    <\/div>\n                                        <div class=\"artista-item custom-col-md-6 custom-col-12\">\n                        <div class=\"custom-row mb-3\">\n                            <div class=\"custom-col-md-4\">\n                                                                    <div class=\"artista-thumbnail\" style=\"background-image: url('https:\/\/egidimadeinitaly.com\/v25\/wp-content\/uploads\/2024\/05\/Aldo-Mazza-236x300.webp');\"><\/div>\n                                                            <\/div>\n                            <a href=\"https:\/\/egidimadeinitaly.com\/fr\/artisti\/aldo-mazza\/\" class=\"custom-col-md-8 pl-3 pr-3\">\n                                <h4>Aldo Mazza<\/h4>\n                                <p class=\"artista-content\">\n                                    <p>Sa notori\u00e9t\u00e9 reste li\u00e9e \u00e0 ses talents d&rsquo;illustrateur, en particulier de livres pour enfants, et \u00e0 ses talents de caricaturiste. <\/p>\n                                <\/p>\n                            <\/a>\n                        <\/div>\n                    <\/div>\n                                        <div class=\"artista-item custom-col-md-6 custom-col-12\">\n                        <div class=\"custom-row mb-3\">\n                            <div class=\"custom-col-md-4\">\n                                                                    <div class=\"artista-thumbnail\" style=\"background-image: url('https:\/\/egidimadeinitaly.com\/v25\/wp-content\/uploads\/2024\/02\/Pio-Joris-214x300.jpg');\"><\/div>\n                                                            <\/div>\n                            <a href=\"https:\/\/egidimadeinitaly.com\/fr\/artisti\/pio-joris\/\" class=\"custom-col-md-8 pl-3 pr-3\">\n                                <h4>Pio Joris<\/h4>\n                                <p class=\"artista-content\">\n                                    <p>Professeur et correspondant de diff\u00e9rentes acad\u00e9mies des beaux-arts, il \u00e9tait membre honoraire de la Soci\u00e9t\u00e9 des aquarellistes de Bruxelles, de La Haye et de Rome.\u00a0<\/p>\n                                <\/p>\n                            <\/a>\n                        <\/div>\n                    <\/div>\n                                        <div class=\"artista-item custom-col-md-6 custom-col-12\">\n                        <div class=\"custom-row mb-3\">\n                            <div class=\"custom-col-md-4\">\n                                                                    <div class=\"artista-thumbnail\" style=\"background-image: url('https:\/\/egidimadeinitaly.com\/v25\/wp-content\/uploads\/2024\/12\/Lenci-porcellana-lato-225x300.jpg');\"><\/div>\n                                                            <\/div>\n                            <a href=\"https:\/\/egidimadeinitaly.com\/fr\/artisti\/lenci\/\" class=\"custom-col-md-8 pl-3 pr-3\">\n                                <h4>Lenci<\/h4>\n                                <p class=\"artista-content\">\n                                    <p>La Manufacture Lenci de Turin, dirig\u00e9e par les artistes Enrico Scavini et sa femme Helen K\u00f6nig, a commenc\u00e9 sa production en 1919<\/p>\n                                <\/p>\n                            <\/a>\n                        <\/div>\n                    <\/div>\n                                        <div class=\"artista-item custom-col-md-6 custom-col-12\">\n                        <div class=\"custom-row mb-3\">\n                            <div class=\"custom-col-md-4\">\n                                                                    <div class=\"artista-thumbnail\" style=\"background-image: url('https:\/\/egidimadeinitaly.com\/v25\/wp-content\/uploads\/2024\/02\/Ritratto-maschile-firma-300x200.jpg');\"><\/div>\n                                                            <\/div>\n                            <a href=\"https:\/\/egidimadeinitaly.com\/fr\/artisti\/roberto-fontana\/\" class=\"custom-col-md-8 pl-3 pr-3\">\n                                <h4>Roberto Fontana<\/h4>\n                                <p class=\"artista-content\">\n                                    <p>Il travaille sur des sujets historiques, des sujets sacr\u00e9s, des paysages, des sc\u00e8nes de campagne des environs de Florence, des paysages marins de Capri et des visions de la lagune.\u00a0\u00a0<\/p>\n                                <\/p>\n                            <\/a>\n                        <\/div>\n                    <\/div>\n                                        <div class=\"artista-item custom-col-md-6 custom-col-12\">\n                        <div class=\"custom-row mb-3\">\n                            <div class=\"custom-col-md-4\">\n                                                                    <div class=\"artista-thumbnail\" style=\"background-image: url('https:\/\/egidimadeinitaly.com\/v25\/wp-content\/uploads\/2024\/02\/Costantino-Barbella-Su-Su-bronzo-225x300.jpg');\"><\/div>\n                                                            <\/div>\n                            <a href=\"https:\/\/egidimadeinitaly.com\/fr\/artisti\/costantino-barbella\/\" class=\"custom-col-md-8 pl-3 pr-3\">\n                                <h4>Costantino Barbella<\/h4>\n                                <p class=\"artista-content\">\n                                    <p>Il a \u00e9t\u00e9 chevalier de l&rsquo;ordre de L\u00e9opold II de Belgique, professeur honoraire de l&rsquo;Institut royal des Beaux-Arts de Naples, membre titulaire honoraire de l&rsquo;Institut des Beaux-Arts de Bologne et d&rsquo;autres acad\u00e9mies.<\/p>\n                                <\/p>\n                            <\/a>\n                        <\/div>\n                    <\/div>\n                                        <div class=\"artista-item custom-col-md-6 custom-col-12\">\n                        <div class=\"custom-row mb-3\">\n                            <div class=\"custom-col-md-4\">\n                                                                    <div class=\"artista-thumbnail\" style=\"background-image: url('https:\/\/egidimadeinitaly.com\/v25\/wp-content\/uploads\/2024\/01\/Raffaello-Sorbi-Due-opere-300x300.jpg');\"><\/div>\n                                                            <\/div>\n                            <a href=\"https:\/\/egidimadeinitaly.com\/fr\/artisti\/raffaello-sorbi\/\" class=\"custom-col-md-8 pl-3 pr-3\">\n                                <h4>Raffaello Sorbi<\/h4>\n                                <p class=\"artista-content\">\n                                    <p>\u00c0 Florence, Sorbi fr\u00e9quente occasionnellement le Caf\u00e9 Michelangelo, lieu de rencontre des Macchiaioli. Il y rencontre les artistes qui l&rsquo;influenceront dans certaines de ses \u0153uvres peintes en plein air.\u00a0<\/p>\n                                <\/p>\n                            <\/a>\n                        <\/div>\n                    <\/div>\n                                        <div class=\"artista-item custom-col-md-6 custom-col-12\">\n                        <div class=\"custom-row mb-3\">\n                            <div class=\"custom-col-md-4\">\n                                                                    <div class=\"artista-thumbnail\" style=\"background-image: url('https:\/\/egidimadeinitaly.com\/v25\/wp-content\/uploads\/2024\/01\/Ippolito-Caffi-300x225.jpg');\"><\/div>\n                                                            <\/div>\n                            <a href=\"https:\/\/egidimadeinitaly.com\/fr\/artisti\/ippolito-caffi\/\" class=\"custom-col-md-8 pl-3 pr-3\">\n                                <h4>Ippolito Caffi<\/h4>\n                                <p class=\"artista-content\">\n                                    <p>Il pr\u00e9f\u00e8re les sujets o\u00f9 l&rsquo;atmosph\u00e8re est particuli\u00e8re, comme le brouillard ou les vues nocturnes illumin\u00e9es par la lune ou les feux d&rsquo;artifice. <\/p>\n                                <\/p>\n                            <\/a>\n                        <\/div>\n                    <\/div>\n                                        <div class=\"artista-item custom-col-md-6 custom-col-12\">\n                        <div class=\"custom-row mb-3\">\n                            <div class=\"custom-col-md-4\">\n                                                                    <div class=\"artista-thumbnail\" style=\"background-image: url('https:\/\/egidimadeinitaly.com\/v25\/wp-content\/uploads\/2024\/02\/Vincenzo-Volpe-Putti-di-gesso-225x300.jpg');\"><\/div>\n                                                            <\/div>\n                            <a href=\"https:\/\/egidimadeinitaly.com\/fr\/artisti\/vincenzo-volpe\/\" class=\"custom-col-md-8 pl-3 pr-3\">\n                                <h4>Vincenzo Volpe<\/h4>\n                                <p class=\"artista-content\">\n                                    <p>\u00c9l\u00e8ve de Domenico Morelli \u00e0 l&rsquo;Acad\u00e9mie des Beaux-Arts de Naples.<\/p>\n                                <\/p>\n                            <\/a>\n                        <\/div>\n                    <\/div>\n                                        <div class=\"artista-item custom-col-md-6 custom-col-12\">\n                        <div class=\"custom-row mb-3\">\n                            <div class=\"custom-col-md-4\">\n                                                                    <div class=\"artista-thumbnail\" style=\"background-image: url('https:\/\/egidimadeinitaly.com\/v25\/wp-content\/uploads\/2022\/09\/8D8713EE-6693-4E14-8B80-13A32A1439D7-scaled-e1678731961388-225x300.jpeg');\"><\/div>\n                                                            <\/div>\n                            <a href=\"https:\/\/egidimadeinitaly.com\/fr\/artisti\/ettore-cercone\/\" class=\"custom-col-md-8 pl-3 pr-3\">\n                                <h4>Ettore Cercone<\/h4>\n                                <p class=\"artista-content\">\n                                    <p>Il voyage pendant de nombreuses ann\u00e9es, parcourant le monde entier pour le compte de l&rsquo;Aquarium de Naples afin de rassembler d&rsquo;importantes collections de faune et de flore.<\/p>\n                                <\/p>\n                            <\/a>\n                        <\/div>\n                    <\/div>\n                                        <div class=\"artista-item custom-col-md-6 custom-col-12\">\n                        <div class=\"custom-row mb-3\">\n                            <div class=\"custom-col-md-4\">\n                                                                    <div class=\"artista-thumbnail\" style=\"background-image: url('https:\/\/egidimadeinitaly.com\/v25\/wp-content\/uploads\/2024\/01\/Moya-Dyring-firma-300x230.jpg');\"><\/div>\n                                                            <\/div>\n                            <a href=\"https:\/\/egidimadeinitaly.com\/fr\/artisti\/moya-dyring\/\" class=\"custom-col-md-8 pl-3 pr-3\">\n                                <h4>Moya Dyring<\/h4>\n                                <p class=\"artista-content\">\n                                    <p>Son appartement \u00e0 Paris devient un lieu d&rsquo;accueil pour les artistes de passage. Il est alors connu sous le nom de Chez Moya.<\/p>\n                                <\/p>\n                            <\/a>\n                        <\/div>\n                    <\/div>\n                                        <div class=\"artista-item custom-col-md-6 custom-col-12\">\n                        <div class=\"custom-row mb-3\">\n                            <div class=\"custom-col-md-4\">\n                                                                    <div class=\"artista-thumbnail\" style=\"background-image: url('https:\/\/egidimadeinitaly.com\/v25\/wp-content\/uploads\/2024\/01\/Achille-Perilli-199x300.jpg');\"><\/div>\n                                                            <\/div>\n                            <a href=\"https:\/\/egidimadeinitaly.com\/fr\/artisti\/achille-perilli\/\" class=\"custom-col-md-8 pl-3 pr-3\">\n                                <h4>Achille Perilli<\/h4>\n                                <p class=\"artista-content\">\n                                    <p>Il participe \u00e0 la XXXIVe Biennale de Venise en 1968, celle de la grande contestation, avec une salle qui lui est d\u00e9di\u00e9e et qu&rsquo;il ferme, par adh\u00e9sion aux contestations en cours.<\/p>\n                                <\/p>\n                            <\/a>\n                        <\/div>\n                    <\/div>\n                                        <div class=\"artista-item custom-col-md-6 custom-col-12\">\n                        <div class=\"custom-row mb-3\">\n                            <div class=\"custom-col-md-4\">\n                                                                    <div class=\"artista-thumbnail\" style=\"background-image: url('https:\/\/egidimadeinitaly.com\/v25\/wp-content\/uploads\/2022\/02\/0DA9FB9A-7C5D-42B5-A4C3-97C75F9213C6-300x300.jpeg');\"><\/div>\n                                                            <\/div>\n                            <a href=\"https:\/\/egidimadeinitaly.com\/fr\/artisti\/guy-harloff\/\" class=\"custom-col-md-8 pl-3 pr-3\">\n                                <h4>Guy Harloff<\/h4>\n                                <p class=\"artista-content\">\n                                    <p>En 1960 \u00e0 Venise, Guy Harloff fait partie des participants \u00e0 l&rsquo;\u00e9v\u00e9nement L&rsquo;Enterrement de la Chose de Tinguely, au Palazzo Contarini Corfu \u00e0 Venise. <\/p>\n                                <\/p>\n                            <\/a>\n                        <\/div>\n                    <\/div>\n                                        <div class=\"artista-item custom-col-md-6 custom-col-12\">\n                        <div class=\"custom-row mb-3\">\n                            <div class=\"custom-col-md-4\">\n                                                                    <div class=\"artista-thumbnail\" style=\"background-image: url('https:\/\/egidimadeinitaly.com\/v25\/wp-content\/uploads\/2024\/01\/2022-11-25-Egidi-madeinItaly-28-ORIGINALI-50-scaled-e1717601291172-203x300.jpg');\"><\/div>\n                                                            <\/div>\n                            <a href=\"https:\/\/egidimadeinitaly.com\/fr\/artisti\/francesco-vinea\/\" class=\"custom-col-md-8 pl-3 pr-3\">\n                                <h4>Francesco Vinea<\/h4>\n                                <p class=\"artista-content\">\n                                    <p>Il s&rsquo;enrichit et d\u00e9pense l&rsquo;essentiel de sa fortune en tapisseries, tapis, peaux pr\u00e9cieuses, instruments de musique, meubles, armes et bronzes.<\/p>\n                                <\/p>\n                            <\/a>\n                        <\/div>\n                    <\/div>\n                                        <div class=\"artista-item custom-col-md-6 custom-col-12\">\n                        <div class=\"custom-row mb-3\">\n                            <div class=\"custom-col-md-4\">\n                                                                    <div class=\"artista-thumbnail\" style=\"background-image: url('https:\/\/egidimadeinitaly.com\/v25\/wp-content\/uploads\/2023\/12\/Silvestro-Lega-scaled-e1703268278383-194x300.jpg');\"><\/div>\n                                                            <\/div>\n                            <a href=\"https:\/\/egidimadeinitaly.com\/fr\/artisti\/silvestro-lega\/\" class=\"custom-col-md-8 pl-3 pr-3\">\n                                <h4>Silvestro Lega<\/h4>\n                                <p class=\"artista-content\">\n                                    <p>Les sujets de ses tableaux, principalement des femmes photographi\u00e9es dans l&rsquo;intimit\u00e9 domestique, montrent une soci\u00e9t\u00e9 qui veut se racheter.<\/p>\n                                <\/p>\n                            <\/a>\n                        <\/div>\n                    <\/div>\n                                        <div class=\"artista-item custom-col-md-6 custom-col-12\">\n                        <div class=\"custom-row mb-3\">\n                            <div class=\"custom-col-md-4\">\n                                                                    <div class=\"artista-thumbnail\" style=\"background-image: url('https:\/\/egidimadeinitaly.com\/v25\/wp-content\/uploads\/2023\/12\/Carlo-Brancaccio-pittore-scaled-e1703251501992-300x236.jpg');\"><\/div>\n                                                            <\/div>\n                            <a href=\"https:\/\/egidimadeinitaly.com\/fr\/artisti\/carlo-brancaccio\/\" class=\"custom-col-md-8 pl-3 pr-3\">\n                                <h4>Carlo Brancaccio<\/h4>\n                                <p class=\"artista-content\">\n                                    <p>Peintre italien, Carlo Brancaccio se consacre \u00e0 la peinture de paysages et surtout de marines.<\/p>\n                                <\/p>\n                            <\/a>\n                        <\/div>\n                    <\/div>\n                                        <div class=\"artista-item custom-col-md-6 custom-col-12\">\n                        <div class=\"custom-row mb-3\">\n                            <div class=\"custom-col-md-4\">\n                                                                    <div class=\"artista-thumbnail\" style=\"background-image: url('https:\/\/egidimadeinitaly.com\/v25\/wp-content\/uploads\/2023\/12\/Giovanni-Omiccioli-Lo-zodiaco-300x300.jpg');\"><\/div>\n                                                            <\/div>\n                            <a href=\"https:\/\/egidimadeinitaly.com\/fr\/artisti\/giovanni-omiccioli\/\" class=\"custom-col-md-8 pl-3 pr-3\">\n                                <h4>Giovanni Omiccioli<\/h4>\n                                <p class=\"artista-content\">\n                                    <p>Les couleurs, bien que typiques de l&rsquo;\u00c9cole romaine, sont particuli\u00e8rement personnelles.<\/p>\n                                <\/p>\n                            <\/a>\n                        <\/div>\n                    <\/div>\n                                        <div class=\"artista-item custom-col-md-6 custom-col-12\">\n                        <div class=\"custom-row mb-3\">\n                            <div class=\"custom-col-md-4\">\n                                                                    <div class=\"artista-thumbnail\" style=\"background-image: url('https:\/\/egidimadeinitaly.com\/v25\/wp-content\/uploads\/2023\/12\/IMG_6111-300x245.jpeg');\"><\/div>\n                                                            <\/div>\n                            <a href=\"https:\/\/egidimadeinitaly.com\/fr\/artisti\/corrado-cagli\/\" class=\"custom-col-md-8 pl-3 pr-3\">\n                                <h4>Corrado Cagli<\/h4>\n                                <p class=\"artista-content\">\n                                    <p>Corrado Cagli est consid\u00e9r\u00e9 comme le chef de file de la nouvelle g\u00e9n\u00e9ration artistique, il collabore avec la galleria della Cometa<\/p>\n                                <\/p>\n                            <\/a>\n                        <\/div>\n                    <\/div>\n                                        <div class=\"artista-item custom-col-md-6 custom-col-12\">\n                        <div class=\"custom-row mb-3\">\n                            <div class=\"custom-col-md-4\">\n                                                                    <div class=\"artista-thumbnail\" style=\"background-image: url('https:\/\/egidimadeinitaly.com\/v25\/wp-content\/uploads\/2023\/11\/Lampadario-Max-Ingrand-Fontana-Arte-300x300.jpg');\"><\/div>\n                                                            <\/div>\n                            <a href=\"https:\/\/egidimadeinitaly.com\/fr\/artisti\/max-ingrand\/\" class=\"custom-col-md-8 pl-3 pr-3\">\n                                <h4>Max Ingrand<\/h4>\n                                <p class=\"artista-content\">\n                                    <p> \u00c0 l&rsquo;occasion du Salon international du meuble de 1961, Max Ingrand \u00e9rige la grande fontaine lumineuse dans le jardin de la Villa Reale \u00e0 Monza<\/p>\n                                <\/p>\n                            <\/a>\n                        <\/div>\n                    <\/div>\n                                        <div class=\"artista-item custom-col-md-6 custom-col-12\">\n                        <div class=\"custom-row mb-3\">\n                            <div class=\"custom-col-md-4\">\n                                                                    <div class=\"artista-thumbnail\" style=\"background-image: url('https:\/\/egidimadeinitaly.com\/v25\/wp-content\/uploads\/2023\/12\/Enrico-Coleman-Firma-e1701892466872-300x200.jpg');\"><\/div>\n                                                            <\/div>\n                            <a href=\"https:\/\/egidimadeinitaly.com\/fr\/artisti\/enrico-coleman\/\" class=\"custom-col-md-8 pl-3 pr-3\">\n                                <h4>Enrico Coleman<\/h4>\n                                <p class=\"artista-content\">\n                                    <p>Il conserve sa nationalit\u00e9 anglaise, peut-\u00eatre pour se prot\u00e9ger des empi\u00e8tements de l&rsquo;\u00c9glise-\u00c9tat, mais reste toujours \u00e0 Rome et ne se rend jamais en Angleterre.<\/p>\n                                <\/p>\n                            <\/a>\n                        <\/div>\n                    <\/div>\n                                        <div class=\"artista-item custom-col-md-6 custom-col-12\">\n                        <div class=\"custom-row mb-3\">\n                            <div class=\"custom-col-md-4\">\n                                                                    <div class=\"artista-thumbnail\" style=\"background-image: url('https:\/\/egidimadeinitaly.com\/v25\/wp-content\/uploads\/2023\/12\/Nino-Caffe-firma-e1704119872106-300x300.jpg');\"><\/div>\n                                                            <\/div>\n                            <a href=\"https:\/\/egidimadeinitaly.com\/fr\/artisti\/nino-caffe\/\" class=\"custom-col-md-8 pl-3 pr-3\">\n                                <h4>Nino Caff\u00e8<\/h4>\n                                <p class=\"artista-content\">\n                                    <p>Il passe la p\u00e9riode de la guerre \u00e0 Urbino. De la fen\u00eatre de sa maison, en face de la cath\u00e9drale, il voyait les s\u00e9minaristes, ses \u00ab jeunes pr\u00eatres \u00bb. Ces images seront le sujet de pr\u00e9dilection de sa peinture. C&rsquo;est pourquoi il est surnomm\u00e9 le peintre des \u00ab jeunes pr\u00eatres \u00bb.<\/p>\n                                <\/p>\n                            <\/a>\n                        <\/div>\n                    <\/div>\n                                        <div class=\"artista-item custom-col-md-6 custom-col-12\">\n                        <div class=\"custom-row mb-3\">\n                            <div class=\"custom-col-md-4\">\n                                                                    <div class=\"artista-thumbnail\" style=\"background-image: url('https:\/\/egidimadeinitaly.com\/v25\/wp-content\/uploads\/2023\/11\/camillo-innocenti_mohamed-ali-vittorioso-300x300.jpg');\"><\/div>\n                                                            <\/div>\n                            <a href=\"https:\/\/egidimadeinitaly.com\/fr\/artisti\/camillo-innocenti\/\" class=\"custom-col-md-8 pl-3 pr-3\">\n                                <h4>Camillo Innocenti<\/h4>\n                                <p class=\"artista-content\">\n                                    <p>Il reviendra sur le sol nord-africain en 1925, lorsqu&rsquo;il prendra la direction de l&rsquo;Acad\u00e9mie des Beaux-Arts du Caire.\u00a0<\/p>\n                                <\/p>\n                            <\/a>\n                        <\/div>\n                    <\/div>\n                                        <div class=\"artista-item custom-col-md-6 custom-col-12\">\n                        <div class=\"custom-row mb-3\">\n                            <div class=\"custom-col-md-4\">\n                                                                    <div class=\"artista-thumbnail\" style=\"background-image: url('https:\/\/egidimadeinitaly.com\/v25\/wp-content\/uploads\/2023\/11\/roland-biergefirma-e1717678704448-300x242.jpg');\"><\/div>\n                                                            <\/div>\n                            <a href=\"https:\/\/egidimadeinitaly.com\/fr\/artisti\/roland-bierge\/\" class=\"custom-col-md-8 pl-3 pr-3\">\n                                <h4>Roland Bierge<\/h4>\n                                <p class=\"artista-content\">\n                                    <p>Jusqu&rsquo;\u00e0 sa mort, Roland Bierge ne cessera d&rsquo;exposer en France et \u00e0 l&rsquo;\u00e9tranger, recevant au fil des ans de nombreux prix et r\u00e9compenses honorifiques. <\/p>\n                                <\/p>\n                            <\/a>\n                        <\/div>\n                    <\/div>\n                                        <div class=\"artista-item custom-col-md-6 custom-col-12\">\n                        <div class=\"custom-row mb-3\">\n                            <div class=\"custom-col-md-4\">\n                                                                    <div class=\"artista-thumbnail\" style=\"background-image: url('https:\/\/egidimadeinitaly.com\/v25\/wp-content\/uploads\/2023\/06\/Bertina-Lopes-Il-canto-della-natura-scaled-e1690377182741-300x300.jpg');\"><\/div>\n                                                            <\/div>\n                            <a href=\"https:\/\/egidimadeinitaly.com\/fr\/artisti\/bertina-lopes\/\" class=\"custom-col-md-8 pl-3 pr-3\">\n                                <h4>Bertina Lopes<\/h4>\n                                <p class=\"artista-content\">\n                                    <p>La biographie de Bertina Lopes t\u00e9moigne des difficult\u00e9s qu&rsquo;elle a rencontr\u00e9es pour faire reconna\u00eetre son travail, notamment ses \u0153uvres abstraites.<\/p>\n                                <\/p>\n                            <\/a>\n                        <\/div>\n                    <\/div>\n                                        <div class=\"artista-item custom-col-md-6 custom-col-12\">\n                        <div class=\"custom-row mb-3\">\n                            <div class=\"custom-col-md-4\">\n                                                                    <div class=\"artista-thumbnail\" style=\"background-image: url('https:\/\/egidimadeinitaly.com\/v25\/wp-content\/uploads\/2023\/06\/Figura-meravigliata-Fausto-Pirandello-219x300.jpg');\"><\/div>\n                                                            <\/div>\n                            <a href=\"https:\/\/egidimadeinitaly.com\/fr\/artisti\/fausto-pirandello\/\" class=\"custom-col-md-8 pl-3 pr-3\">\n                                <h4>Fausto Pirandello<\/h4>\n                                <p class=\"artista-content\">\n                                    <p>\u00c0 partir du milieu des ann\u00e9es 1930, Fausto Pirandello atteint une nouvelle maturit\u00e9 : son langage associe le tonalisme de l&rsquo;\u00e9cole romaine \u00e0 une figuration toute personnelle.<\/p>\n                                <\/p>\n                            <\/a>\n                        <\/div>\n                    <\/div>\n                                        <div class=\"artista-item custom-col-md-6 custom-col-12\">\n                        <div class=\"custom-row mb-3\">\n                            <div class=\"custom-col-md-4\">\n                                                                    <div class=\"artista-thumbnail\" style=\"background-image: url('https:\/\/egidimadeinitaly.com\/v25\/wp-content\/uploads\/2023\/06\/Autoritratto-con-Palazzo-Vecchio-1955-169x300.jpg');\"><\/div>\n                                                            <\/div>\n                            <a href=\"https:\/\/egidimadeinitaly.com\/fr\/artisti\/ottone-rosai\/\" class=\"custom-col-md-8 pl-3 pr-3\">\n                                <h4>Ottone Rosai<\/h4>\n                                <p class=\"artista-content\">\n                                    <p>Dans la derni\u00e8re sc\u00e8ne des Temps modernes, Charlie Chaplin s&rsquo;inspire de l&rsquo;\u0153uvre d&rsquo;Ottone Rosai, Les Amoureux.<\/p>\n                                <\/p>\n                            <\/a>\n                        <\/div>\n                    <\/div>\n                                        <div class=\"artista-item custom-col-md-6 custom-col-12\">\n                        <div class=\"custom-row mb-3\">\n                            <div class=\"custom-col-md-4\">\n                                                                    <div class=\"artista-thumbnail\" style=\"background-image: url('https:\/\/egidimadeinitaly.com\/v25\/wp-content\/uploads\/2023\/03\/ruggero-panerai_fronte_part.firma_dsc0569-e1680531775312-300x199.jpg');\"><\/div>\n                                                            <\/div>\n                            <a href=\"https:\/\/egidimadeinitaly.com\/fr\/artisti\/ruggero-panerai\/\" class=\"custom-col-md-8 pl-3 pr-3\">\n                                <h4>Ruggero Panerai<\/h4>\n                                <p class=\"artista-content\">\n                                    <p>\u00c0 Paris, il expose \u00e0 nouveau Mazzeppa \u00e0 l&rsquo;Exposition universelle de 1889 o\u00f9 il re\u00e7oit une m\u00e9daille de bronze.<\/p>\n                                <\/p>\n                            <\/a>\n                        <\/div>\n                    <\/div>\n                                        <div class=\"artista-item custom-col-md-6 custom-col-12\">\n                        <div class=\"custom-row mb-3\">\n                            <div class=\"custom-col-md-4\">\n                                                                    <div class=\"artista-thumbnail\" style=\"background-image: url('https:\/\/egidimadeinitaly.com\/v25\/wp-content\/uploads\/2023\/03\/2023-01-19-Egidi-madeinItaly-29-93-scaled-e1679503098658-300x300.jpg');\"><\/div>\n                                                            <\/div>\n                            <a href=\"https:\/\/egidimadeinitaly.com\/fr\/artisti\/enrico-crespi\/\" class=\"custom-col-md-8 pl-3 pr-3\">\n                                <h4>Enrico Crespi<\/h4>\n                                <p class=\"artista-content\">\n                                    <p>Il peint les portraits de Manzoni, de Hayez, de Victor Emmanuel II, de la reine Margherita, de la princesse Maria Gonzaga, de Madame Cavajani et du banquier Weilschott.<\/p>\n                                <\/p>\n                            <\/a>\n                        <\/div>\n                    <\/div>\n                                        <div class=\"artista-item custom-col-md-6 custom-col-12\">\n                        <div class=\"custom-row mb-3\">\n                            <div class=\"custom-col-md-4\">\n                                                                    <div class=\"artista-thumbnail\" style=\"background-image: url('https:\/\/egidimadeinitaly.com\/v25\/wp-content\/uploads\/2023\/03\/Francesco-Galante-tela-tonda-e1690721776225-300x300.jpg');\"><\/div>\n                                                            <\/div>\n                            <a href=\"https:\/\/egidimadeinitaly.com\/fr\/artisti\/francesco-galante\/\" class=\"custom-col-md-8 pl-3 pr-3\">\n                                <h4>Francesco Galante<\/h4>\n                                <p class=\"artista-content\">\n                                    <p>Dans notre catalogue de produits, vous trouverez Nu de femme assise sign\u00e9 en bas \u00e0 gauche par Francesco Galante.<\/p>\n                                <\/p>\n                            <\/a>\n                        <\/div>\n                    <\/div>\n                                        <div class=\"artista-item custom-col-md-6 custom-col-12\">\n                        <div class=\"custom-row mb-3\">\n                            <div class=\"custom-col-md-4\">\n                                                                    <div class=\"artista-thumbnail\" style=\"background-image: url('https:\/\/egidimadeinitaly.com\/v25\/wp-content\/uploads\/2022\/10\/Tano-Festa-Vendere-online-Egidi-MadeinItaly-scaled-e1678723611508-300x240.jpg');\"><\/div>\n                                                            <\/div>\n                            <a href=\"https:\/\/egidimadeinitaly.com\/fr\/artisti\/tano-festa-2\/\" class=\"custom-col-md-8 pl-3 pr-3\">\n                                <h4>Tano Festa<\/h4>\n                                <p class=\"artista-content\">\n                                    <p>Hier, je suis arriv\u00e9 \u00e0 Londres \u00bb, \u00e9crit l&rsquo;artiste, \u00ab je suis pass\u00e9 par Trafalgar Square o\u00f9 se trouve le monument d\u00e9di\u00e9 \u00e0 Nelson. Il m&rsquo;a fait une tr\u00e8s forte impression<\/p>\n                                <\/p>\n                            <\/a>\n                        <\/div>\n                    <\/div>\n                                        <div class=\"artista-item custom-col-md-6 custom-col-12\">\n                        <div class=\"custom-row mb-3\">\n                            <div class=\"custom-col-md-4\">\n                                                                    <div class=\"artista-thumbnail\" style=\"background-image: url('https:\/\/egidimadeinitaly.com\/v25\/wp-content\/uploads\/2023\/01\/Souvenir-denfance-1929-scaled-e1687247376898-225x300.jpg');\"><\/div>\n                                                            <\/div>\n                            <a href=\"https:\/\/egidimadeinitaly.com\/fr\/artisti\/mario-tozzi\/\" class=\"custom-col-md-8 pl-3 pr-3\">\n                                <h4>Mario Tozzi<\/h4>\n                                <p class=\"artista-content\">\n                                    <p>Il fonde le Groupe des Sept avec Massimo Campigli, Giorgio de Chirico, Filippo de Pisis, Ren\u00e9 Paresce, Alberto Savinio et Gino Severini.<\/p>\n                                <\/p>\n                            <\/a>\n                        <\/div>\n                    <\/div>\n                                        <div class=\"artista-item custom-col-md-6 custom-col-12\">\n                        <div class=\"custom-row mb-3\">\n                            <div class=\"custom-col-md-4\">\n                                                                    <div class=\"artista-thumbnail\" style=\"background-image: url('https:\/\/egidimadeinitaly.com\/v25\/wp-content\/uploads\/2021\/12\/Egidi-20-128-scaled-e1678731822997-300x300.jpg');\"><\/div>\n                                                            <\/div>\n                            <a href=\"https:\/\/egidimadeinitaly.com\/fr\/artisti\/inoue-kozo\/\" class=\"custom-col-md-8 pl-3 pr-3\">\n                                <h4>Inoue Kozo<\/h4>\n                                <p class=\"artista-content\">\n                                    <p>Kozo Inoue a \u00e9tudi\u00e9 et v\u00e9cu \u00e0 Paris chez Busse et Gillet. Il a expos\u00e9 \u00e0 Osaka en 1960, \u00e0 Tokyo en 1966, \u00e0 Paris en 1968. <\/p>\n                                <\/p>\n                            <\/a>\n                        <\/div>\n                    <\/div>\n                                        <div class=\"artista-item custom-col-md-6 custom-col-12\">\n                        <div class=\"custom-row mb-3\">\n                            <div class=\"custom-col-md-4\">\n                                                                    <div class=\"artista-thumbnail\" style=\"background-image: url('https:\/\/egidimadeinitaly.com\/v25\/wp-content\/uploads\/2022\/11\/49297B23-94C9-4BF2-B384-DA4277045B1B-scaled-e1677137710117-300x183.jpeg');\"><\/div>\n                                                            <\/div>\n                            <a href=\"https:\/\/egidimadeinitaly.com\/fr\/artisti\/pietro-gaudenzi\/\" class=\"custom-col-md-8 pl-3 pr-3\">\n                                <h4>Pietro Gaudenzi<\/h4>\n                                <p class=\"artista-content\">\n                                    <p>A Rome il c\u00f4toie Giulio Aristide Sartorio, Antonio Mancini, Armando Spadini et Felice Carena, trouvant chez eux des stimuli pr\u00e9cieux pour progresser<\/p>\n                                <\/p>\n                            <\/a>\n                        <\/div>\n                    <\/div>\n                                        <div class=\"artista-item custom-col-md-6 custom-col-12\">\n                        <div class=\"custom-row mb-3\">\n                            <div class=\"custom-col-md-4\">\n                                                                    <div class=\"artista-thumbnail\" style=\"background-image: url('https:\/\/egidimadeinitaly.com\/v25\/wp-content\/uploads\/2022\/10\/Wilfredo-Lam-10-scaled-e1676920729587-300x169.jpg');\"><\/div>\n                                                            <\/div>\n                            <a href=\"https:\/\/egidimadeinitaly.com\/fr\/artisti\/wifredo-lam\/\" class=\"custom-col-md-8 pl-3 pr-3\">\n                                <h4>Wifredo Lam<\/h4>\n                                <p class=\"artista-content\">\n                                    <p>Bien qu&rsquo;il soit surtout connu pour ses peintures, Lam a \u00e9galement r\u00e9alis\u00e9 des sculptures, des dessins et des gravures.<\/p>\n                                <\/p>\n                            <\/a>\n                        <\/div>\n                    <\/div>\n                                        <div class=\"artista-item custom-col-md-6 custom-col-12\">\n                        <div class=\"custom-row mb-3\">\n                            <div class=\"custom-col-md-4\">\n                                                                    <div class=\"artista-thumbnail\" style=\"background-image: url('https:\/\/egidimadeinitaly.com\/v25\/wp-content\/uploads\/2022\/08\/Mario-Schifano-Santa-Tecla-scaled-e1691066528274-225x300.jpeg');\"><\/div>\n                                                            <\/div>\n                            <a href=\"https:\/\/egidimadeinitaly.com\/fr\/artisti\/mario-schifano-figure-incontournable-de-la-pop-art-italienne\/\" class=\"custom-col-md-8 pl-3 pr-3\">\n                                <h4>Mario Schifano  Figure incontournable de la Pop Art italienne<\/h4>\n                                <p class=\"artista-content\">\n                                    <p>\u00ab Schifano est mort jeune, tout ce qu&rsquo;il avait \u00e0 dire, il l&rsquo;a d\u00e9vers\u00e9 avec une vitalit\u00e9 irr\u00e9fr\u00e9nable sur la toile. \u00bb a d\u00e9clar\u00e9 Vittorio Sgarbi.<\/p>\n                                <\/p>\n                            <\/a>\n                        <\/div>\n                    <\/div>\n                                        <div class=\"artista-item custom-col-md-6 custom-col-12\">\n                        <div class=\"custom-row mb-3\">\n                            <div class=\"custom-col-md-4\">\n                                                                    <div class=\"artista-thumbnail\" style=\"background-image: url('https:\/\/egidimadeinitaly.com\/v25\/wp-content\/uploads\/2022\/07\/Josep-Guinovart-Bertran-quadro-7-scaled-e1691059496436-300x169.jpg');\"><\/div>\n                                                            <\/div>\n                            <a href=\"https:\/\/egidimadeinitaly.com\/fr\/artisti\/josep-guinovart-bertran\/\" class=\"custom-col-md-8 pl-3 pr-3\">\n                                <h4>Josep Guinovart Bertran<\/h4>\n                                <p class=\"artista-content\">\n                                    <p>Son travail est extr\u00eamement anti-conventionnel et g\u00e9n\u00e9ralement sur grande \u00e9chelle, en utilisant un large \u00e9ventail de mat\u00e9riaux, d&rsquo;objets tridimensionnels et de substances organiques<\/p>\n                                <\/p>\n                            <\/a>\n                        <\/div>\n                    <\/div>\n                                        <div class=\"artista-item custom-col-md-6 custom-col-12\">\n                        <div class=\"custom-row mb-3\">\n                            <div class=\"custom-col-md-4\">\n                                                                    <div class=\"artista-thumbnail\" style=\"background-image: url('https:\/\/egidimadeinitaly.com\/v25\/wp-content\/uploads\/2022\/06\/Frank-Dobson-3-e1677138445521-300x300.jpg');\"><\/div>\n                                                            <\/div>\n                            <a href=\"https:\/\/egidimadeinitaly.com\/fr\/artisti\/frank-dobson\/\" class=\"custom-col-md-8 pl-3 pr-3\">\n                                <h4>Frank Dobson<\/h4>\n                                <p class=\"artista-content\">\n                                    <p>Une exposition comm\u00e9morative de l&rsquo;Arts Council a \u00e9t\u00e9 organis\u00e9e en 1966 et, plus r\u00e9cemment, une grande r\u00e9trospective a eu lieu \u00e0 l&rsquo;Institut Henry Moore de Leeds en 1994.<\/p>\n                                <\/p>\n                            <\/a>\n                        <\/div>\n                    <\/div>\n                                        <div class=\"artista-item custom-col-md-6 custom-col-12\">\n                        <div class=\"custom-row mb-3\">\n                            <div class=\"custom-col-md-4\">\n                                                                    <div class=\"artista-thumbnail\" style=\"background-image: url('https:\/\/egidimadeinitaly.com\/v25\/wp-content\/uploads\/2022\/06\/Colosseo-scaled-e1678820121995-300x225.jpeg');\"><\/div>\n                                                            <\/div>\n                            <a href=\"https:\/\/egidimadeinitaly.com\/fr\/artisti\/renato-guttuso\/\" class=\"custom-col-md-8 pl-3 pr-3\">\n                                <h4>Renato Guttuso<\/h4>\n                                <p class=\"artista-content\">\n                                    <p>Pendant une vingtaine d&rsquo;ann\u00e9es, la vie artistique et sentimentale de Renato Guttuso a \u00e9t\u00e9 unie \u00e0 celle de la comtesse Marta Marzotto. <\/p>\n                                <\/p>\n                            <\/a>\n                        <\/div>\n                    <\/div>\n                                        <div class=\"artista-item custom-col-md-6 custom-col-12\">\n                        <div class=\"custom-row mb-3\">\n                            <div class=\"custom-col-md-4\">\n                                                                    <div class=\"artista-thumbnail\" style=\"background-image: url('https:\/\/egidimadeinitaly.com\/v25\/wp-content\/uploads\/2022\/06\/Antonio-Achilli-firma-e1678819432114-300x300.jpg');\"><\/div>\n                                                            <\/div>\n                            <a href=\"https:\/\/egidimadeinitaly.com\/fr\/artisti\/antonio-achilli\/\" class=\"custom-col-md-8 pl-3 pr-3\">\n                                <h4>Antonio Achilli<\/h4>\n                                <p class=\"artista-content\">\n                                    <p>Antonio Achilli est un artiste romain qui se distingue par son sens profond de l&rsquo;humilit\u00e9, de la religion et de la grandeur, gr\u00e2ce auquel, aujourd&rsquo;hui encore, il peut transmettre des messages profonds et universels.<\/p>\n                                <\/p>\n                            <\/a>\n                        <\/div>\n                    <\/div>\n                                        <div class=\"artista-item custom-col-md-6 custom-col-12\">\n                        <div class=\"custom-row mb-3\">\n                            <div class=\"custom-col-md-4\">\n                                                                    <div class=\"artista-thumbnail\" style=\"background-image: url('https:\/\/egidimadeinitaly.com\/v25\/wp-content\/uploads\/2022\/05\/Eugenio-Citriniti-3-scaled-e1678817242949-300x300.jpg');\"><\/div>\n                                                            <\/div>\n                            <a href=\"https:\/\/egidimadeinitaly.com\/fr\/artisti\/eugenio-citriniti\/\" class=\"custom-col-md-8 pl-3 pr-3\">\n                                <h4>Eugenio Citriniti<\/h4>\n                                <p class=\"artista-content\">\n                                    <p>Peintre et caricaturiste, fondateur et animateur de la Soci\u00e9t\u00e9 Mattia Preti, il a particip\u00e9 \u00e0 de nombreuses expositions, et notamment aux Expositions d&rsquo;art calabrais.<\/p>\n                                <\/p>\n                            <\/a>\n                        <\/div>\n                    <\/div>\n                                        <div class=\"artista-item custom-col-md-6 custom-col-12\">\n                        <div class=\"custom-row mb-3\">\n                            <div class=\"custom-col-md-4\">\n                                                                    <div class=\"artista-thumbnail\" style=\"background-image: url('https:\/\/egidimadeinitaly.com\/v25\/wp-content\/uploads\/2022\/03\/2022-01-19-Egidi-22-52-e1683893166584-300x300.jpg');\"><\/div>\n                                                            <\/div>\n                            <a href=\"https:\/\/egidimadeinitaly.com\/fr\/artisti\/riccardo-licata\/\" class=\"custom-col-md-8 pl-3 pr-3\">\n                                <h4>Riccardo Licata<\/h4>\n                                <p class=\"artista-content\">\n                                    <p>Le peintre Romualdo Scarpa l&rsquo;initie \u00e0 l&rsquo;art de la mosa\u00efque, une exp\u00e9rience qui sera d\u00e9terminante pour son avenir.<\/p>\n                                <\/p>\n                            <\/a>\n                        <\/div>\n                    <\/div>\n                                        <div class=\"artista-item custom-col-md-6 custom-col-12\">\n                        <div class=\"custom-row mb-3\">\n                            <div class=\"custom-col-md-4\">\n                                                                    <div class=\"artista-thumbnail\" style=\"background-image: url('https:\/\/egidimadeinitaly.com\/v25\/wp-content\/uploads\/2022\/04\/max-sauze-lighting-300x207.jpg');\"><\/div>\n                                                            <\/div>\n                            <a href=\"https:\/\/egidimadeinitaly.com\/fr\/artisti\/max-sauze\/\" class=\"custom-col-md-8 pl-3 pr-3\">\n                                <h4>Max Sauze<\/h4>\n                                <p class=\"artista-content\">\n                                    <p>\u00c0 la fin des ann\u00e9es 1960, la commercialisation de ses lustres, lampes suspendues, appliques et lampes de table s&rsquo;est \u00e9tendue \u00e0 toute l&rsquo;Europe, aux \u00c9tats-Unis et au Canada.<\/p>\n                                <\/p>\n                            <\/a>\n                        <\/div>\n                    <\/div>\n                                        <div class=\"artista-item custom-col-md-6 custom-col-12\">\n                        <div class=\"custom-row mb-3\">\n                            <div class=\"custom-col-md-4\">\n                                                                    <div class=\"artista-thumbnail\" style=\"background-image: url('https:\/\/egidimadeinitaly.com\/v25\/wp-content\/uploads\/2022\/04\/Le-villeggianti-254x300.jpg');\"><\/div>\n                                                            <\/div>\n                            <a href=\"https:\/\/egidimadeinitaly.com\/fr\/artisti\/antonio-donghi\/\" class=\"custom-col-md-8 pl-3 pr-3\">\n                                <h4>Antonio Donghi<\/h4>\n                                <p class=\"artista-content\">\n                                    <p>La renomm\u00e9e d&rsquo;Antonio Donghi est rest\u00e9e li\u00e9e au petit cercle romain, comme un cas extravagant, comme un exemple de candeur d&rsquo;un primitivisme cultiv\u00e9 et raffin\u00e9.<\/p>\n                                <\/p>\n                            <\/a>\n                        <\/div>\n                    <\/div>\n                                        <div class=\"artista-item custom-col-md-6 custom-col-12\">\n                        <div class=\"custom-row mb-3\">\n                            <div class=\"custom-col-md-4\">\n                                                                    <div class=\"artista-thumbnail\" style=\"background-image: url('https:\/\/egidimadeinitaly.com\/v25\/wp-content\/uploads\/2022\/03\/6022EC19-6951-4287-9BFB-D6634250A2CD-scaled-e1687247628798-225x300.jpeg');\"><\/div>\n                                                            <\/div>\n                            <a href=\"https:\/\/egidimadeinitaly.com\/fr\/artisti\/elisabetta-mayo-daloisio\/\" class=\"custom-col-md-8 pl-3 pr-3\">\n                                <h4>Elisabetta Mayo D\u2019Aloisio<\/h4>\n                                <p class=\"artista-content\">\n                                    <p>Elisabetta Mayo D&rsquo;Aloisio, grande peintre et sculptrice, a form\u00e9 avec son mari Carlo D&rsquo;Aloisio da Vasto l&rsquo;une des plus importantes combinaisons artistiques des mouvements d&rsquo;avant-garde italiens du XXe si\u00e8cle.<\/p>\n                                <\/p>\n                            <\/a>\n                        <\/div>\n                    <\/div>\n                                        <div class=\"artista-item custom-col-md-6 custom-col-12\">\n                        <div class=\"custom-row mb-3\">\n                            <div class=\"custom-col-md-4\">\n                                                                    <div class=\"artista-thumbnail\" style=\"background-image: url('https:\/\/egidimadeinitaly.com\/v25\/wp-content\/uploads\/2022\/01\/2021-11-11-EgidimadeinItaly-19-79-300x300.jpg');\"><\/div>\n                                                            <\/div>\n                            <a href=\"https:\/\/egidimadeinitaly.com\/fr\/artisti\/riccardo-gatti\/\" class=\"custom-col-md-8 pl-3 pr-3\">\n                                <h4>Riccardo Gatti<\/h4>\n                                <p class=\"artista-content\">\n                                    <p>Il exposera en octobre 1928 \u00e0 la Premi\u00e8re Exposition de c\u00e9ramique futuriste inaugur\u00e9e par Filippo Tommaso Marinetti \u00e0 Faenza<\/p>\n                                <\/p>\n                            <\/a>\n                        <\/div>\n                    <\/div>\n                                        <div class=\"artista-item custom-col-md-6 custom-col-12\">\n                        <div class=\"custom-row mb-3\">\n                            <div class=\"custom-col-md-4\">\n                                                                    <div class=\"artista-thumbnail\" style=\"background-image: url('https:\/\/egidimadeinitaly.com\/v25\/wp-content\/uploads\/2022\/01\/Mario-Ceroli-catalogo-225x300.jpg');\"><\/div>\n                                                            <\/div>\n                            <a href=\"https:\/\/egidimadeinitaly.com\/fr\/artisti\/mario-ceroli\/\" class=\"custom-col-md-8 pl-3 pr-3\">\n                                <h4>Mario Ceroli<\/h4>\n                                <p class=\"artista-content\">\n                                    <p>Il a d\u00e9clar\u00e9 : \u00ab Je veux r\u00e9aliser la chose. J&rsquo;utilise le bois parce que \u00e7a me pla\u00eet, mais c&rsquo;est juste un moyen \u00bb.<\/p>\n                                <\/p>\n                            <\/a>\n                        <\/div>\n                    <\/div>\n                                        <div class=\"artista-item custom-col-md-6 custom-col-12\">\n                        <div class=\"custom-row mb-3\">\n                            <div class=\"custom-col-md-4\">\n                                                                    <div class=\"artista-thumbnail\" style=\"background-image: url('https:\/\/egidimadeinitaly.com\/v25\/wp-content\/uploads\/2022\/01\/D86A3E4C-6CE8-46C1-A811-F8A656C05DD2-300x300.jpeg');\"><\/div>\n                                                            <\/div>\n                            <a href=\"https:\/\/egidimadeinitaly.com\/fr\/artisti\/pietro-melandri\/\" class=\"custom-col-md-8 pl-3 pr-3\">\n                                <h4>Pietro Melandri<\/h4>\n                                <p class=\"artista-content\">\n                                    <p>il a su allier une technique de tr\u00e8s haut niveau \u00e0 une activit\u00e9 artistique particuli\u00e8rement \u00e9clectique<\/p>\n                                <\/p>\n                            <\/a>\n                        <\/div>\n                    <\/div>\n                                        <div class=\"artista-item custom-col-md-6 custom-col-12\">\n                        <div class=\"custom-row mb-3\">\n                            <div class=\"custom-col-md-4\">\n                                                                    <div class=\"artista-thumbnail\" style=\"background-image: url('https:\/\/egidimadeinitaly.com\/v25\/wp-content\/uploads\/2021\/12\/Egidi-20-27-scaled-e1680174444546-300x246.jpg');\"><\/div>\n                                                            <\/div>\n                            <a href=\"https:\/\/egidimadeinitaly.com\/fr\/artisti\/emilio-scanavino\/\" class=\"custom-col-md-8 pl-3 pr-3\">\n                                <h4>Emilio Scanavino<\/h4>\n                                <p class=\"artista-content\">\n                                    <p>Emilio Scanavino est l&rsquo;un des principaux repr\u00e9sentants de la peinture informelle europ\u00e9enne.<\/p>\n                                <\/p>\n                            <\/a>\n                        <\/div>\n                    <\/div>\n                                        <div class=\"artista-item custom-col-md-6 custom-col-12\">\n                        <div class=\"custom-row mb-3\">\n                            <div class=\"custom-col-md-4\">\n                                                                    <div class=\"artista-thumbnail\" style=\"background-image: url('https:\/\/egidimadeinitaly.com\/v25\/wp-content\/uploads\/2021\/11\/2021-10-14-EgidimainItaly-18-19-scaled-e1691071674148-200x300.jpg');\"><\/div>\n                                                            <\/div>\n                            <a href=\"https:\/\/egidimadeinitaly.com\/fr\/artisti\/carlo-zauli\/\" class=\"custom-col-md-8 pl-3 pr-3\">\n                                <h4>Carlo Zauli<\/h4>\n                                <p class=\"artista-content\">\n                                    <p> En 1953, il remporte le Prix Faenza \u00e0 l\u2019occasion du 11\u00e8me Concours national de c\u00e9ramique <\/p>\n                                <\/p>\n                            <\/a>\n                        <\/div>\n                    <\/div>\n                                        <div class=\"artista-item custom-col-md-6 custom-col-12\">\n                        <div class=\"custom-row mb-3\">\n                            <div class=\"custom-col-md-4\">\n                                                                    <div class=\"artista-thumbnail\" style=\"background-image: url('https:\/\/egidimadeinitaly.com\/v25\/wp-content\/uploads\/2021\/09\/2DD0299A-3C19-4318-9956-043E7CA83E89-300x225.png');\"><\/div>\n                                                            <\/div>\n                            <a href=\"https:\/\/egidimadeinitaly.com\/fr\/artisti\/tito-corbella\/\" class=\"custom-col-md-8 pl-3 pr-3\">\n                                <h4>Tito Corbella<\/h4>\n                                <p class=\"artista-content\">\n                                    <p>Tito Corbella (1885-1966) peintre, il s\u2019est occup\u00e9 d\u2019illustration, ses cartes postales et ses affiches publicitaires sont c\u00e9l\u00e8bres.<\/p>\n                                <\/p>\n                            <\/a>\n                        <\/div>\n                    <\/div>\n                                        <div class=\"artista-item custom-col-md-6 custom-col-12\">\n                        <div class=\"custom-row mb-3\">\n                            <div class=\"custom-col-md-4\">\n                                                                    <div class=\"artista-thumbnail\" style=\"background-image: url('https:\/\/egidimadeinitaly.com\/v25\/wp-content\/uploads\/2021\/10\/67B2BC48-F174-4DA1-949C-5DFDA3ECB445-scaled-e1686336342828-169x300.jpeg');\"><\/div>\n                                                            <\/div>\n                            <a href=\"https:\/\/egidimadeinitaly.com\/fr\/artisti\/luigi-broggini\/\" class=\"custom-col-md-8 pl-3 pr-3\">\n                                <h4>Luigi Broggini<\/h4>\n                                <p class=\"artista-content\">\n                                    <p>Il est l&rsquo;auteur du c\u00e9l\u00e8bre logo repr\u00e9sentant un Chien \u00e0 six pattes, dessin\u00e9 pour les stations d\u2019essence Supercortemaggiore d\u2019Agip en 1952.<\/p>\n                                <\/p>\n                            <\/a>\n                        <\/div>\n                    <\/div>\n                                        <div class=\"artista-item custom-col-md-6 custom-col-12\">\n                        <div class=\"custom-row mb-3\">\n                            <div class=\"custom-col-md-4\">\n                                                                    <div class=\"artista-thumbnail\" style=\"background-image: url('https:\/\/egidimadeinitaly.com\/v25\/wp-content\/uploads\/2021\/08\/CBE04EDD-405F-41CE-AFBF-E3F6BBDD0121-e1691075479255-225x300.jpeg');\"><\/div>\n                                                            <\/div>\n                            <a href=\"https:\/\/egidimadeinitaly.com\/fr\/artisti\/antonietta-raphael\/\" class=\"custom-col-md-8 pl-3 pr-3\">\n                                <h4>Antonietta Rapha\u00ebl<\/h4>\n                                <p class=\"artista-content\">\n                                    <p>Chaque coucher de soleil est un jour de notre vie pass\u00e9e qui ne reviendra jamais. Et \u00e0 chaque coucher de soleil, je me demande: \u00ab\u00a0Qu&rsquo;as-tu fait de bien aujourd&rsquo;hui, Antoniette ?\u00a0\u00bb Antonietta Rapha\u00ebl<\/p>\n                                <\/p>\n                            <\/a>\n                        <\/div>\n                    <\/div>\n                                        <div class=\"artista-item custom-col-md-6 custom-col-12\">\n                        <div class=\"custom-row mb-3\">\n                            <div class=\"custom-col-md-4\">\n                                                                    <div class=\"artista-thumbnail\" style=\"background-image: url('https:\/\/egidimadeinitaly.com\/v25\/wp-content\/uploads\/2021\/07\/4CE9CA12-4723-4690-8AD9-286B6F9E8217-200x300.jpeg');\"><\/div>\n                                                            <\/div>\n                            <a href=\"https:\/\/egidimadeinitaly.com\/fr\/artisti\/charles-napier-kennedy\/\" class=\"custom-col-md-8 pl-3 pr-3\">\n                                <h4>Charles Napier Kennedy<\/h4>\n                                <p class=\"artista-content\">\n                                    <p>Charles Napier Kennedy peintre anglais de la seconde moiti\u00e9 du XIX si\u00e8cle.<\/p>\n                                <\/p>\n                            <\/a>\n                        <\/div>\n                    <\/div>\n                                        <div class=\"artista-item custom-col-md-6 custom-col-12\">\n                        <div class=\"custom-row mb-3\">\n                            <div class=\"custom-col-md-4\">\n                                                                    <div class=\"artista-thumbnail\" style=\"background-image: url('https:\/\/egidimadeinitaly.com\/v25\/wp-content\/uploads\/2021\/07\/C84E552C-BDFC-43E5-B2E2-5681A969AEF4-min-scaled-e1687244412735-216x300.jpeg');\"><\/div>\n                                                            <\/div>\n                            <a href=\"https:\/\/egidimadeinitaly.com\/fr\/artisti\/carlo-carra\/\" class=\"custom-col-md-8 pl-3 pr-3\">\n                                <h4>Carlo Carr\u00e0<\/h4>\n                                <p class=\"artista-content\">\n                                    <p>Dans son autobiographie, il \u00e9crit : \u00ab oblig\u00e9 de rester au lit, j&rsquo;ai commenc\u00e9 \u00e0 dessiner pour me distraire. Et c\u2019est \u00e0 partir de l\u00e0 que cette passion pour la peinture, qui allait dominer toute ma vie, est n\u00e9e et a grandi. \u00bb<\/p>\n                                <\/p>\n                            <\/a>\n                        <\/div>\n                    <\/div>\n                                        <div class=\"artista-item custom-col-md-6 custom-col-12\">\n                        <div class=\"custom-row mb-3\">\n                            <div class=\"custom-col-md-4\">\n                                                                    <div class=\"artista-thumbnail\" style=\"background-image: url('https:\/\/egidimadeinitaly.com\/v25\/wp-content\/uploads\/2020\/08\/550D4BA1-EFAF-4A40-9105-5403DCA13BA6-scaled-e1680019657460-300x224.jpeg');\"><\/div>\n                                                            <\/div>\n                            <a href=\"https:\/\/egidimadeinitaly.com\/fr\/artisti\/mauro-stampatori\/\" class=\"custom-col-md-8 pl-3 pr-3\">\n                                <h4>Mauro Stampatori<\/h4>\n                                <p class=\"artista-content\">\n                                    <p>Mauro Stampatori<\/p>\n                                <\/p>\n                            <\/a>\n                        <\/div>\n                    <\/div>\n                                        <div class=\"artista-item custom-col-md-6 custom-col-12\">\n                        <div class=\"custom-row mb-3\">\n                            <div class=\"custom-col-md-4\">\n                                                                    <div class=\"artista-thumbnail\" style=\"background-image: url('https:\/\/egidimadeinitaly.com\/v25\/wp-content\/uploads\/2020\/02\/ida_fua_busto_in_gesso_firmato_1940-e1717603836300-300x200.jpg');\"><\/div>\n                                                            <\/div>\n                            <a href=\"https:\/\/egidimadeinitaly.com\/fr\/artisti\/ida-fua\/\" class=\"custom-col-md-8 pl-3 pr-3\">\n                                <h4>Ida Fua<\/h4>\n                                <p class=\"artista-content\">\n                                    <p>Ida Fua, artiste juive italienne du XXe si\u00e8cle, a v\u00e9cu pendant les ann\u00e9es du fascisme et des lois raciales. Depuis son refuge dans la villa isol\u00e9e de Torno, sur le lac de C\u00f4me, elle a cr\u00e9\u00e9 des sculptures intenses qui refl\u00e8tent son drame personnel \u00e0 travers des regards absents et des profils humains m\u00e9lancoliques.<\/p>\n                                <\/p>\n                            <\/a>\n                        <\/div>\n                    <\/div>\n                                        <div class=\"artista-item custom-col-md-6 custom-col-12\">\n                        <div class=\"custom-row mb-3\">\n                            <div class=\"custom-col-md-4\">\n                                                                    <div class=\"artista-thumbnail\" style=\"background-image: url('https:\/\/egidimadeinitaly.com\/v25\/wp-content\/uploads\/2021\/06\/59FE6885-C60C-400D-9ECA-18D88812EC47-scaled-e1722609204588-300x296.jpeg');\"><\/div>\n                                                            <\/div>\n                            <a href=\"https:\/\/egidimadeinitaly.com\/fr\/artisti\/fontana-arte\/\" class=\"custom-col-md-8 pl-3 pr-3\">\n                                <h4>Fontana Arte<\/h4>\n                                <p class=\"artista-content\">\n                                    <p>Luigi Fontana, suivant la suggestion de Gio Ponti, commence \u00e0 consacrer une partie de son activit\u00e9 \u00e0 la cr\u00e9ation de meubles et d&rsquo;objets d&rsquo;art.<\/p>\n                                <\/p>\n                            <\/a>\n                        <\/div>\n                    <\/div>\n                                        <div class=\"artista-item custom-col-md-6 custom-col-12\">\n                        <div class=\"custom-row mb-3\">\n                            <div class=\"custom-col-md-4\">\n                                                                    <div class=\"artista-thumbnail\" style=\"background-image: url('https:\/\/egidimadeinitaly.com\/v25\/wp-content\/uploads\/2021\/06\/DC598E6E-F4C5-4D04-9E90-D713B959D32E-e1722610201106-300x300.jpeg');\"><\/div>\n                                                            <\/div>\n                            <a href=\"https:\/\/egidimadeinitaly.com\/fr\/artisti\/bongiovanni-vaccaro\/\" class=\"custom-col-md-8 pl-3 pr-3\">\n                                <h4>Bongiovanni Vaccaro<\/h4>\n                                <p class=\"artista-content\">\n                                    <p>Le succ\u00e8s de l&rsquo;atelier de Bongiovanni Vaccaro a \u00e9t\u00e9 un moteur pour d&rsquo;autres artisans qui, se sont sp\u00e9cialis\u00e9s dans cet art particulier qui \u00e9tait \u00ab\u00a0la seule manifestation d&rsquo;art singuli\u00e8re et sinc\u00e8re que la c\u00e9ramique de Caltagirone nous offre dans la seconde moiti\u00e9 du XIXe si\u00e8cle. <\/p>\n                                <\/p>\n                            <\/a>\n                        <\/div>\n                    <\/div>\n                                        <div class=\"artista-item custom-col-md-6 custom-col-12\">\n                        <div class=\"custom-row mb-3\">\n                            <div class=\"custom-col-md-4\">\n                                                                    <div class=\"artista-thumbnail\" style=\"background-image: url('https:\/\/egidimadeinitaly.com\/v25\/wp-content\/uploads\/2021\/06\/5F36840E-A970-4B2B-BF9F-AEC70C6610E8-300x264.jpeg');\"><\/div>\n                                                            <\/div>\n                            <a href=\"https:\/\/egidimadeinitaly.com\/fr\/artisti\/werner-gilles\/\" class=\"custom-col-md-8 pl-3 pr-3\">\n                                <h4>Werner Gilles<\/h4>\n                                <p class=\"artista-content\">\n                                    <p>Werner Gilles (1894-1961) est n\u00e9 \u00e0 Rheydt pr\u00e8s de M\u00f6nchengladbach.<\/p>\n                                <\/p>\n                            <\/a>\n                        <\/div>\n                    <\/div>\n                                        <div class=\"artista-item custom-col-md-6 custom-col-12\">\n                        <div class=\"custom-row mb-3\">\n                            <div class=\"custom-col-md-4\">\n                                                                    <div class=\"artista-thumbnail\" style=\"background-image: url('https:\/\/egidimadeinitaly.com\/v25\/wp-content\/uploads\/2021\/06\/Domenico-Morelli-scaled-e1678723168300-300x204.jpeg');\"><\/div>\n                                                            <\/div>\n                            <a href=\"https:\/\/egidimadeinitaly.com\/fr\/artisti\/domenico-morelli\/\" class=\"custom-col-md-8 pl-3 pr-3\">\n                                <h4>Domenico Morelli<\/h4>\n                                <p class=\"artista-content\">\n                                    <p>Domenico Morelli (Naples 1823-1901) peintre napolitain. Consid\u00e9r\u00e9 un des repr\u00e9sentants importants du v\u00e9risme. <\/p>\n                                <\/p>\n                            <\/a>\n                        <\/div>\n                    <\/div>\n                                        <div class=\"artista-item custom-col-md-6 custom-col-12\">\n                        <div class=\"custom-row mb-3\">\n                            <div class=\"custom-col-md-4\">\n                                                                    <div class=\"artista-thumbnail\" style=\"background-image: url('https:\/\/egidimadeinitaly.com\/v25\/wp-content\/uploads\/2020\/12\/claudio_verna_emi_2-min-225x300.jpeg');\"><\/div>\n                                                            <\/div>\n                            <a href=\"https:\/\/egidimadeinitaly.com\/fr\/artisti\/claudio-verna\/\" class=\"custom-col-md-8 pl-3 pr-3\">\n                                <h4>Claudio Verna<\/h4>\n                                <p class=\"artista-content\">\n                                    <p>En tant que fondateur de la Peinture analytique, Claudio Verna a d\u00e9velopp\u00e9 une approche artistique qui met l&rsquo;accent sur la couleur, la lumi\u00e8re et la perception visuelle.<\/p>\n                                <\/p>\n                            <\/a>\n                        <\/div>\n                    <\/div>\n                                        <div class=\"artista-item custom-col-md-6 custom-col-12\">\n                        <div class=\"custom-row mb-3\">\n                            <div class=\"custom-col-md-4\">\n                                                                    <div class=\"artista-thumbnail\" style=\"background-image: url('https:\/\/egidimadeinitaly.com\/v25\/wp-content\/uploads\/2021\/10\/C3EF9B41-E27A-4350-90E9-5034CE138DA6-243x300.jpeg');\"><\/div>\n                                                            <\/div>\n                            <a href=\"https:\/\/egidimadeinitaly.com\/fr\/artisti\/rudolf-swoboda-junior\/\" class=\"custom-col-md-8 pl-3 pr-3\">\n                                <h4>Rudolf Swoboda junior<\/h4>\n                                <p class=\"artista-content\">\n                                    <p>Rudolf Swoboda junior est un grand artiste viennois qui a v\u00e9cu entre la fin du XIXe si\u00e8cle et le d\u00e9but du XXe si\u00e8cle.<\/p>\n                                <\/p>\n                            <\/a>\n                        <\/div>\n                    <\/div>\n                                        <div class=\"artista-item custom-col-md-6 custom-col-12\">\n                        <div class=\"custom-row mb-3\">\n                            <div class=\"custom-col-md-4\">\n                                                                    <div class=\"artista-thumbnail\" style=\"background-image: url('https:\/\/egidimadeinitaly.com\/v25\/wp-content\/uploads\/2021\/05\/ECCFE618-D931-4F8A-BB5E-8FCC68854969-300x225.jpeg');\"><\/div>\n                                                            <\/div>\n                            <a href=\"https:\/\/egidimadeinitaly.com\/fr\/artisti\/luciano-ventrone\/\" class=\"custom-col-md-8 pl-3 pr-3\">\n                                <h4>Luciano Ventrone<\/h4>\n                                <p class=\"artista-content\">\n                                    <p>Luciano Ventrone le Caravage du vingti\u00e8me si\u00e8cle<\/p>\n                                <\/p>\n                            <\/a>\n                        <\/div>\n                    <\/div>\n                                        <div class=\"artista-item custom-col-md-6 custom-col-12\">\n                        <div class=\"custom-row mb-3\">\n                            <div class=\"custom-col-md-4\">\n                                                                    <div class=\"artista-thumbnail\" style=\"background-image: url('https:\/\/egidimadeinitaly.com\/v25\/wp-content\/uploads\/2021\/03\/2021-02-25-editate-2Mb-18-scaled-e1722615990235-300x225.jpg');\"><\/div>\n                                                            <\/div>\n                            <a href=\"https:\/\/egidimadeinitaly.com\/fr\/artisti\/achille-castiglioni\/\" class=\"custom-col-md-8 pl-3 pr-3\">\n                                <h4>Achille Castiglioni<\/h4>\n                                <p class=\"artista-content\">\n                                    <p>Achille Castiglioni (1918-2002), ambassadeur du Made in Italy dans le monde, a \u00e9t\u00e9 r\u00e9compens\u00e9 par neuf Compas d\u2019or.<\/p>\n                                <\/p>\n                            <\/a>\n                        <\/div>\n                    <\/div>\n                                        <div class=\"artista-item custom-col-md-6 custom-col-12\">\n                        <div class=\"custom-row mb-3\">\n                            <div class=\"custom-col-md-4\">\n                                                                    <div class=\"artista-thumbnail\" style=\"background-image: url('https:\/\/egidimadeinitaly.com\/v25\/wp-content\/uploads\/2021\/03\/8A1E89EF-A7E6-4E78-93B0-08E672970B94-e1687245641618-225x300.jpeg');\"><\/div>\n                                                            <\/div>\n                            <a href=\"https:\/\/egidimadeinitaly.com\/fr\/artisti\/arthur-augustus-dixon\/\" class=\"custom-col-md-8 pl-3 pr-3\">\n                                <h4>Arthur Augustus Dixon<\/h4>\n                                <p class=\"artista-content\">\n                                    <p>N\u00e9 \u00e0 St. Pancras, \u00e0 Londres, le 8 mai 1872, Arthur Augustus Dixon est le deuxi\u00e8me fils de Richard Dixon.<\/p>\n                                <\/p>\n                            <\/a>\n                        <\/div>\n                    <\/div>\n                                        <div class=\"artista-item custom-col-md-6 custom-col-12\">\n                        <div class=\"custom-row mb-3\">\n                            <div class=\"custom-col-md-4\">\n                                                                    <div class=\"artista-thumbnail\" style=\"background-image: url('https:\/\/egidimadeinitaly.com\/v25\/wp-content\/uploads\/2021\/02\/761771ED-AA06-4F83-BF65-9631A48B4EF5-e1613717397870-225x300.jpeg');\"><\/div>\n                                                            <\/div>\n                            <a href=\"https:\/\/egidimadeinitaly.com\/fr\/artisti\/paolo-zoli\/\" class=\"custom-col-md-8 pl-3 pr-3\">\n                                <h4>Paolo Zoli<\/h4>\n                                <p class=\"artista-content\">\n                                    <p>En 1919, Paolo Zoli ouvre l\u2019atelier de c\u00e9ramique \u00ab\u00a0La Fa\u00efence\u00a0\u00bb \u00e0 Borgo Durbecco, avec Pietro Melandri, Dino Fabbri et Amerigo Masotti.<\/p>\n                                <\/p>\n                            <\/a>\n                        <\/div>\n                    <\/div>\n                                <\/div>\n        <\/div>\n\n    [\/vc_column_text][\/vc_column][\/vc_row]<\/p>\n<\/div>","protected":false},"excerpt":{"rendered":"<p>[vc_row][vc_column width=\u00a0\u00bb1\/1&Prime;][vc_custom_heading uncode_shortcode_id=\u00a0\u00bb117141&Prime;]Artistes dans notre galerie[\/vc_custom_heading][vc_custom_heading heading_semantic=\u00a0\u00bbh4&Prime; text_size=\u00a0\u00bbh4&Prime; uncode_shortcode_id=\u00a0\u00bb170966&Prime;]Artistes en vente en galerie[\/vc_custom_heading][vc_empty_space empty_h=\u00a0\u00bb2&Prime;][vc_column_text uncode_shortcode_id=\u00a0\u00bb845387&Prime;][\/vc_column_text][\/vc_column][\/vc_row]<\/p>\n","protected":false},"author":507,"featured_media":0,"parent":0,"menu_order":0,"comment_status":"closed","ping_status":"closed","template":"","meta":{"_acf_changed":false,"footnotes":""},"class_list":["post-122390","page","type-page","status-publish","hentry"],"acf":[],"yoast_head":"<!-- This site is optimized with the Yoast SEO Premium plugin v27.4 (Yoast SEO v27.5) - https:\/\/yoast.com\/product\/yoast-seo-premium-wordpress\/ -->\n<title>Artistes en galerie - Egidi MadeinItaly<\/title>\n<meta name=\"robots\" content=\"index, follow, max-snippet:-1, max-image-preview:large, max-video-preview:-1\" \/>\n<link rel=\"canonical\" href=\"https:\/\/egidimadeinitaly.com\/fr\/artistes-en-galerie\/\" \/>\n<meta property=\"og:locale\" content=\"fr_FR\" \/>\n<meta property=\"og:type\" content=\"article\" \/>\n<meta property=\"og:title\" content=\"Artistes en galerie\" \/>\n<meta property=\"og:description\" content=\"Artistes dans notre galerieArtistes en vente en galerie\" \/>\n<meta property=\"og:url\" content=\"https:\/\/egidimadeinitaly.com\/fr\/artistes-en-galerie\/\" \/>\n<meta property=\"og:site_name\" content=\"Egidi MadeinItaly\" \/>\n<meta property=\"article:publisher\" content=\"https:\/\/www.facebook.com\/egidimadeinitaly\/\" \/>\n<meta property=\"article:modified_time\" content=\"2025-03-27T20:02:33+00:00\" \/>\n<script type=\"application\/ld+json\" class=\"yoast-schema-graph\">{\"@context\":\"https:\\\/\\\/schema.org\",\"@graph\":[{\"@type\":\"WebPage\",\"@id\":\"https:\\\/\\\/egidimadeinitaly.com\\\/fr\\\/artistes-en-galerie\\\/\",\"url\":\"https:\\\/\\\/egidimadeinitaly.com\\\/fr\\\/artistes-en-galerie\\\/\",\"name\":\"Artistes en galerie - Egidi MadeinItaly\",\"isPartOf\":{\"@id\":\"https:\\\/\\\/egidimadeinitaly.com\\\/fr\\\/#website\"},\"datePublished\":\"2025-03-19T06:10:28+00:00\",\"dateModified\":\"2025-03-27T20:02:33+00:00\",\"breadcrumb\":{\"@id\":\"https:\\\/\\\/egidimadeinitaly.com\\\/fr\\\/artistes-en-galerie\\\/#breadcrumb\"},\"inLanguage\":\"fr-FR\",\"potentialAction\":[{\"@type\":\"ReadAction\",\"target\":[\"https:\\\/\\\/egidimadeinitaly.com\\\/fr\\\/artistes-en-galerie\\\/\"]}]},{\"@type\":\"BreadcrumbList\",\"@id\":\"https:\\\/\\\/egidimadeinitaly.com\\\/fr\\\/artistes-en-galerie\\\/#breadcrumb\",\"itemListElement\":[{\"@type\":\"ListItem\",\"position\":1,\"name\":\"Home\",\"item\":\"https:\\\/\\\/egidimadeinitaly.com\\\/fr\\\/\"},{\"@type\":\"ListItem\",\"position\":2,\"name\":\"Artistes en galerie\"}]},{\"@type\":\"WebSite\",\"@id\":\"https:\\\/\\\/egidimadeinitaly.com\\\/fr\\\/#website\",\"url\":\"https:\\\/\\\/egidimadeinitaly.com\\\/fr\\\/\",\"name\":\"Egidi MadeinItaly\",\"description\":\"Fine Art\",\"potentialAction\":[{\"@type\":\"SearchAction\",\"target\":{\"@type\":\"EntryPoint\",\"urlTemplate\":\"https:\\\/\\\/egidimadeinitaly.com\\\/fr\\\/?s={search_term_string}\"},\"query-input\":{\"@type\":\"PropertyValueSpecification\",\"valueRequired\":true,\"valueName\":\"search_term_string\"}}],\"inLanguage\":\"fr-FR\"}]}<\/script>\n<!-- \/ Yoast SEO Premium plugin. -->","yoast_head_json":{"title":"Artistes en galerie - Egidi MadeinItaly","robots":{"index":"index","follow":"follow","max-snippet":"max-snippet:-1","max-image-preview":"max-image-preview:large","max-video-preview":"max-video-preview:-1"},"canonical":"https:\/\/egidimadeinitaly.com\/fr\/artistes-en-galerie\/","og_locale":"fr_FR","og_type":"article","og_title":"Artistes en galerie","og_description":"Artistes dans notre galerieArtistes en vente en galerie","og_url":"https:\/\/egidimadeinitaly.com\/fr\/artistes-en-galerie\/","og_site_name":"Egidi MadeinItaly","article_publisher":"https:\/\/www.facebook.com\/egidimadeinitaly\/","article_modified_time":"2025-03-27T20:02:33+00:00","schema":{"@context":"https:\/\/schema.org","@graph":[{"@type":"WebPage","@id":"https:\/\/egidimadeinitaly.com\/fr\/artistes-en-galerie\/","url":"https:\/\/egidimadeinitaly.com\/fr\/artistes-en-galerie\/","name":"Artistes en galerie - Egidi MadeinItaly","isPartOf":{"@id":"https:\/\/egidimadeinitaly.com\/fr\/#website"},"datePublished":"2025-03-19T06:10:28+00:00","dateModified":"2025-03-27T20:02:33+00:00","breadcrumb":{"@id":"https:\/\/egidimadeinitaly.com\/fr\/artistes-en-galerie\/#breadcrumb"},"inLanguage":"fr-FR","potentialAction":[{"@type":"ReadAction","target":["https:\/\/egidimadeinitaly.com\/fr\/artistes-en-galerie\/"]}]},{"@type":"BreadcrumbList","@id":"https:\/\/egidimadeinitaly.com\/fr\/artistes-en-galerie\/#breadcrumb","itemListElement":[{"@type":"ListItem","position":1,"name":"Home","item":"https:\/\/egidimadeinitaly.com\/fr\/"},{"@type":"ListItem","position":2,"name":"Artistes en galerie"}]},{"@type":"WebSite","@id":"https:\/\/egidimadeinitaly.com\/fr\/#website","url":"https:\/\/egidimadeinitaly.com\/fr\/","name":"Egidi MadeinItaly","description":"Fine Art","potentialAction":[{"@type":"SearchAction","target":{"@type":"EntryPoint","urlTemplate":"https:\/\/egidimadeinitaly.com\/fr\/?s={search_term_string}"},"query-input":{"@type":"PropertyValueSpecification","valueRequired":true,"valueName":"search_term_string"}}],"inLanguage":"fr-FR"}]}},"_links":{"self":[{"href":"https:\/\/egidimadeinitaly.com\/fr\/wp-json\/wp\/v2\/pages\/122390","targetHints":{"allow":["GET"]}}],"collection":[{"href":"https:\/\/egidimadeinitaly.com\/fr\/wp-json\/wp\/v2\/pages"}],"about":[{"href":"https:\/\/egidimadeinitaly.com\/fr\/wp-json\/wp\/v2\/types\/page"}],"author":[{"embeddable":true,"href":"https:\/\/egidimadeinitaly.com\/fr\/wp-json\/wp\/v2\/users\/507"}],"replies":[{"embeddable":true,"href":"https:\/\/egidimadeinitaly.com\/fr\/wp-json\/wp\/v2\/comments?post=122390"}],"version-history":[{"count":20,"href":"https:\/\/egidimadeinitaly.com\/fr\/wp-json\/wp\/v2\/pages\/122390\/revisions"}],"predecessor-version":[{"id":122943,"href":"https:\/\/egidimadeinitaly.com\/fr\/wp-json\/wp\/v2\/pages\/122390\/revisions\/122943"}],"wp:attachment":[{"href":"https:\/\/egidimadeinitaly.com\/fr\/wp-json\/wp\/v2\/media?parent=122390"}],"curies":[{"name":"wp","href":"https:\/\/api.w.org\/{rel}","templated":true}]}}