{"id":98363,"date":"2021-05-14T09:55:34","date_gmt":"2021-05-14T08:55:34","guid":{"rendered":"http:\/\/egidimadeinitaly.demonewlogic.it\/?post_type=artisti&#038;p=98363"},"modified":"2025-03-02T10:31:56","modified_gmt":"2025-03-02T09:31:56","slug":"ico-parisi","status":"publish","type":"artisti","link":"https:\/\/egidimadeinitaly.com\/fr\/artisti\/ico-parisi\/","title":{"rendered":"Ico Parisi"},"content":{"rendered":"<p>\u00c9tudiant \u00e0 l\u2019institut technique G. Castellini de C\u00f4me.<\/p>\n<p>Il suit les traces de son p\u00e8re, excellent peintre. Il commence \u00e0 s\u2019int\u00e9resser aux avant-gardes picturales, et en particulier \u00e0 l\u2019art abstrait, ainsi qu\u2019\u00e0 la photographie.<\/p>\n<h3>Ann\u00e9es 40<\/h3>\n<p>En juin 1940, avec l\u2019entr\u00e9e en guerre de l\u2019Italie, il est envoy\u00e9 sur le front russe o\u00f9 il est marqu\u00e9 par une exp\u00e9rience douloureuse qu\u2019il\u00a0 immortalisera avec de nombreuses photos et plusieurs tableaux qui feront l\u2019objet de sa premi\u00e8re exposition, \u00e0 la <strong>Galerie de C\u00f4me<\/strong> en 1943.<\/p>\n<p>\u00c0 partir de 1945, en collaboration avec d\u2019autres architectes tels que <a href=\"https:\/\/egidimadeinitaly.com\/fr\/gio-ponti-le-genie-italien\/\">Gio Ponti<\/a>, Paolo Buffa et Guglielmo Ulrich, il commence \u00e0 participer \u00e0 des expositions prestigieuses, par exemple, \u00e0 la <em>Galleria del Sagrato<\/em> \u00e0 Milan.<\/p>\n<p>En 1947, il se marie et ouvre son premier atelier, <em>La Ruota<\/em>, \u00e0 C\u00f4me, o\u00f9 les premi\u00e8res commandes importantes commencent \u00e0 affluer, comme celle qui concerne l\u2019ameublement du si\u00e8ge de la Biblioth\u00e8que nationale de Milan, et il participe \u00e0 des expositions internationales, telles que l\u2019Exposition d\u2019art contemporain italien \u00e0 Gen\u00e8ve.<\/p>\n<p>La m\u00eame ann\u00e9e, il entame une fructueuse collaboration avec l\u2019architecte d\u2019int\u00e9rieur Fede Cheti, \u00e0 Milan. En 1948, lui vaudra la couverture de la prestigieuse revue italienne d\u2019architecture et de design Domus<\/p>\n<p>Il est invit\u00e9 \u00e0 faire partie de la section italienne du 34e Salon des artistes d\u00e9corateurs au Palais de New York \u00e0 Paris.<\/p>\n<p>En 1949, il lance le chantier de la <em>Casa Carcano<\/em>, \u00e0 C\u00f4me, qui sera le premier exemple de participation de plusieurs artistes (Mario Radice et Fausto Melotti) \u00e0 un m\u00eame projet selon le principe d\u2019int\u00e9gration des arts, qui deviendra universel par la suite.<\/p>\n<h3>Ann\u00e9es 50<\/h3>\n<p>Il d\u00e9marre une importante collaboration avec Cesare Cassina en 1953 et l\u2019entreprise <em>Figli di Amedeo Cassina<\/em>, \u00e0 Meda, mais c\u2019est en 1954 qu\u2019a lieu sa cons\u00e9cration d\u00e9finitive.<\/p>\n<p>\u00c0 l&rsquo;occasion de la Xe Triennale de Milan, <a href=\"https:\/\/egidimadeinitaly.com\/fr\/artistes\/ico-parisi\/\">Ico Parisi<\/a>\u00a0 con\u00e7oit, avec l\u2019architecte Silvio Longhi et l\u2019ing\u00e9nieur Luigi Antonietti, le <em>Padglione di Soggiorno<\/em> du Parc Sempione \u00e0 Milan, pour lequel il re\u00e7oit le Dipl\u00f4me d\u2019honneur.<\/p>\n<p>La m\u00eame ann\u00e9e, il entame une collaboration, toujours en excellente compagnie, avec la soci\u00e9t\u00e9 Altamira de New York. Il travaille en effet avec Franco Albini, Melchiorre Bega, Carlo de Carli, Ignazio Gardella, Cesare Lacca, Gio Ponti et Nino Zoncada.<\/p>\n<p>Dans le cadre de la deuxi\u00e8me \u00e9dition du Compas d\u2019or, il re\u00e7oit deux mentions. L&rsquo;une pour la chaise mod\u00e8le 691 et l\u2019autre pour le fauteuil mod\u00e8le 839, tous deux produits par Cassina.<\/p>\n<p>En 1957, il entame une collaboration avec MIM (Mobili Italiani Moderni), \u00e0 Rome, et con\u00e7oit le premier magasin MIM, au\u00a0 n\u00b0 9 Largo dei Lombardi. Il collabore \u00e9galement avec l\u2019entreprise Barovier &amp; Toso, une verrerie historique \u00e0 Murano (Venise).<\/p>\n<p>Casa Parisi: en 1958 s\u2019ach\u00e8ve la construction de la l\u00e9gendaire <em>Casa Parisi<\/em>, \u00e0 C\u00f4me dont le sol en ciment et verre est sign\u00e9 Lucio Fontana, les carreaux de fa\u00efence \u00e9maill\u00e9e ont \u00e9t\u00e9 r\u00e9alis\u00e9s par Fausto Melotti, et le moulin \u00e0 eau par Bruno Munari.<\/p>\n<p>En 1959, il collabore \u00e0 la r\u00e9alisation d\u2019accessoires d\u2019ameublement avec l\u2019entreprise romaine Stildomus d\u2019Aldo Bartolomeo et la collection sign\u00e9e Ico Parisi prend le nom de <em>Stildomus elezione<\/em> avec laquelle, deux ans plus tard, il participe \u00e0 la premi\u00e8re \u00e9dition du Salon du meuble de Milan.<\/p>\n<h3><strong>Ann\u00e9es 60<\/strong><\/h3>\n<p>En 1960, il collabore avec <em>Arteluce<\/em> de Milan.<\/p>\n<p>L\u2019ann\u00e9e 1968 marque un tournant d\u00e9cisif pour Ico Parisi, et le d\u00e9but de la th\u00e9orisation d\u2019un nouveau concept d\u2019habitabilit\u00e9. Avec les <em>Contenitori umani<\/em>, r\u00e9alis\u00e9s en collaboration avec Francesco Somaini, et pr\u00e9sent\u00e9s pour la premi\u00e8re fois au Salon du meuble de Milan en septembre 1968, Ico Parisi s\u2019engage dans un parcours de recherche portant sur une id\u00e9e utopique-existentielle, nouvelle et diff\u00e9rente, du vivre, sans abandonner compl\u00e8tement son travail de conception.<\/p>\n<h3>Ann\u00e9es 70<\/h3>\n<p>Dans les ann\u00e9es 1970, il se consacre en effet \u00e0 des projets tels que l\u2019<em>Hypoth\u00e8se<\/em> pour une maison existentielle, en collaboration avec C\u00e9sar, \u00e0 la Galerie Saint-Germain \u00e0 Paris.<\/p>\n<p>L\u2019<em>op\u00e9ration Arcevia<\/em> qui tire son nom de la localit\u00e9 situ\u00e9e dans la province d\u2019Anc\u00f4ne. Un projet de logement r\u00e9volutionnaire qui a vu la participation de personnalit\u00e9s du calibre d\u2019Arman, d\u2019Alberto Burri, de Mario Ceroli, C\u00e9sar, Soto et Michelangelo Antonioni.<\/p>\n<p>\u00c0 la fin des ann\u00e9es 1970, Ico Parisi se consacre quasi exclusivement \u00e0 la recherche artistique comme expression de d\u00e9nonciation provocatrice, telle que l\u2019installation <em>Sigillo n. 2<\/em> \u2013 automobile mur\u00e9e Via dei Filippini \u00e0 Rome.<\/p>\n<h3><strong>Ann\u00e9es 80<\/strong><\/h3>\n<p>Au cours des ann\u00e9es 1980, il est invit\u00e9 dans des lieux d\u2019exposition prestigieux tels que la <em>documenta<\/em> \u00e0 Kassel et le Centre Pompidou \u00e0 Paris<\/p>\n<h2 style=\"text-align: center;\">Vous poss\u00e9dez une \u0153uvre de Ico Parisi et vous voulez la vendre ?<\/h2>\n<p style=\"text-align: center;\">Pour toute expertise ou estimation de vos \u0153uvres et de vos collections,<\/p>\n<p style=\"text-align: center;\">vous pouvez nous contacter \u00e0 l&rsquo;adresse sabrina@egidimadeinitaly.com<\/p>\n<p style=\"text-align: center;\">ou<\/p>\n<p style=\"text-align: center;\">\u00a0envoyez-nous un message WhatsApp au au\u00a0 +39 3356585431<\/p>\n<p style=\"text-align: center;\"><span style=\"color: #ff6600;\"><strong>VOUS POUVEZ NOUS FAIRE CONFIANCE<\/strong><\/span><\/p>\n<p style=\"text-align: center;\"><strong>Les meilleures estimations, comp\u00e9tence, s\u00e9rieux<\/strong><\/p>\n<p>&nbsp;<\/p>\n<p>&nbsp;<\/p>\n<p>&nbsp;<\/p>\n","protected":false},"excerpt":{"rendered":"<p>Domenico, dit Ico Parisi, est n\u00e9 le 23 septembre 1916 \u00e0 Palerme. En 1925, sa famille s\u2019installe \u00e0 C\u00f4me.<\/p>\n","protected":false},"featured_media":84150,"parent":0,"template":"","format":"standard","meta":{"_acf_changed":false},"tags":[6517],"class_list":["post-98363","artisti","type-artisti","status-publish","format-standard","has-post-thumbnail","hentry","tags-p"],"acf":[],"yoast_head":"<!-- This site is optimized with the Yoast SEO Premium plugin v27.4 (Yoast SEO v27.5) - https:\/\/yoast.com\/product\/yoast-seo-premium-wordpress\/ -->\n<title>Ico Parisi - Egidi MadeinItaly<\/title>\n<meta name=\"description\" content=\"Ico Parisi le grand designer italien ses \u0153uvres et ses projets restent une source d\u2019inspiration pour les designers et les architectes\" \/>\n<meta name=\"robots\" content=\"index, follow, max-snippet:-1, max-image-preview:large, max-video-preview:-1\" \/>\n<link rel=\"canonical\" href=\"https:\/\/egidimadeinitaly.com\/fr\/artistes\/ico-parisi\/\" \/>\n<meta property=\"og:locale\" content=\"fr_FR\" \/>\n<meta property=\"og:type\" content=\"article\" \/>\n<meta property=\"og:title\" content=\"Ico Parisi\" \/>\n<meta property=\"og:description\" content=\"Domenico, dit Ico Parisi, est n\u00e9 le 23 septembre 1916 \u00e0 Palerme. En 1925, sa famille s\u2019installe \u00e0 C\u00f4me.\" \/>\n<meta property=\"og:url\" content=\"https:\/\/egidimadeinitaly.com\/fr\/artistes\/ico-parisi\/\" \/>\n<meta property=\"og:site_name\" content=\"Egidi MadeinItaly\" \/>\n<meta property=\"article:publisher\" content=\"https:\/\/www.facebook.com\/egidimadeinitaly\/\" \/>\n<meta property=\"article:modified_time\" content=\"2025-03-02T09:31:56+00:00\" \/>\n<meta property=\"og:image\" content=\"https:\/\/egidimadeinitaly.com\/wp-content\/uploads\/2020\/02\/ico_parisi_tavolo_da_salotto_anni_50_02.jpg\" \/>\n\t<meta property=\"og:image:width\" content=\"600\" \/>\n\t<meta property=\"og:image:height\" content=\"900\" \/>\n\t<meta property=\"og:image:type\" content=\"image\/jpeg\" \/>\n<script type=\"application\/ld+json\" class=\"yoast-schema-graph\">{\"@context\":\"https:\\\/\\\/schema.org\",\"@graph\":[{\"@type\":\"WebPage\",\"@id\":\"https:\\\/\\\/egidimadeinitaly.com\\\/fr\\\/artisti\\\/ico-parisi\\\/\",\"url\":\"https:\\\/\\\/egidimadeinitaly.com\\\/fr\\\/artistes\\\/ico-parisi\\\/\",\"name\":\"Ico Parisi - Egidi MadeinItaly\",\"isPartOf\":{\"@id\":\"https:\\\/\\\/egidimadeinitaly.com\\\/fr\\\/#website\"},\"primaryImageOfPage\":{\"@id\":\"https:\\\/\\\/egidimadeinitaly.com\\\/fr\\\/artistes\\\/ico-parisi\\\/#primaryimage\"},\"image\":{\"@id\":\"https:\\\/\\\/egidimadeinitaly.com\\\/fr\\\/artistes\\\/ico-parisi\\\/#primaryimage\"},\"thumbnailUrl\":\"https:\\\/\\\/egidimadeinitaly.com\\\/v25\\\/wp-content\\\/uploads\\\/2020\\\/02\\\/ico_parisi_tavolo_da_salotto_anni_50_02.jpg\",\"datePublished\":\"2021-05-14T08:55:34+00:00\",\"dateModified\":\"2025-03-02T09:31:56+00:00\",\"description\":\"Ico Parisi le grand designer italien ses \u0153uvres et ses projets restent une source d\u2019inspiration pour les designers et les architectes\",\"breadcrumb\":{\"@id\":\"https:\\\/\\\/egidimadeinitaly.com\\\/fr\\\/artistes\\\/ico-parisi\\\/#breadcrumb\"},\"inLanguage\":\"fr-FR\",\"potentialAction\":[{\"@type\":\"ReadAction\",\"target\":[\"https:\\\/\\\/egidimadeinitaly.com\\\/fr\\\/artistes\\\/ico-parisi\\\/\"]}]},{\"@type\":\"ImageObject\",\"inLanguage\":\"fr-FR\",\"@id\":\"https:\\\/\\\/egidimadeinitaly.com\\\/fr\\\/artistes\\\/ico-parisi\\\/#primaryimage\",\"url\":\"https:\\\/\\\/egidimadeinitaly.com\\\/v25\\\/wp-content\\\/uploads\\\/2020\\\/02\\\/ico_parisi_tavolo_da_salotto_anni_50_02.jpg\",\"contentUrl\":\"https:\\\/\\\/egidimadeinitaly.com\\\/v25\\\/wp-content\\\/uploads\\\/2020\\\/02\\\/ico_parisi_tavolo_da_salotto_anni_50_02.jpg\",\"width\":600,\"height\":900,\"caption\":\"Ico Parisi Table Basse Ann\u00e9es 50\"},{\"@type\":\"BreadcrumbList\",\"@id\":\"https:\\\/\\\/egidimadeinitaly.com\\\/fr\\\/artistes\\\/ico-parisi\\\/#breadcrumb\",\"itemListElement\":[{\"@type\":\"ListItem\",\"position\":1,\"name\":\"Home\",\"item\":\"https:\\\/\\\/egidimadeinitaly.com\\\/fr\\\/\"},{\"@type\":\"ListItem\",\"position\":2,\"name\":\"Ico Parisi\"}]},{\"@type\":\"WebSite\",\"@id\":\"https:\\\/\\\/egidimadeinitaly.com\\\/fr\\\/#website\",\"url\":\"https:\\\/\\\/egidimadeinitaly.com\\\/fr\\\/\",\"name\":\"Egidi MadeinItaly\",\"description\":\"Fine Art\",\"potentialAction\":[{\"@type\":\"SearchAction\",\"target\":{\"@type\":\"EntryPoint\",\"urlTemplate\":\"https:\\\/\\\/egidimadeinitaly.com\\\/fr\\\/?s={search_term_string}\"},\"query-input\":{\"@type\":\"PropertyValueSpecification\",\"valueRequired\":true,\"valueName\":\"search_term_string\"}}],\"inLanguage\":\"fr-FR\"}]}<\/script>\n<!-- \/ Yoast SEO Premium plugin. -->","yoast_head_json":{"title":"Ico Parisi - Egidi MadeinItaly","description":"Ico Parisi le grand designer italien ses \u0153uvres et ses projets restent une source d\u2019inspiration pour les designers et les architectes","robots":{"index":"index","follow":"follow","max-snippet":"max-snippet:-1","max-image-preview":"max-image-preview:large","max-video-preview":"max-video-preview:-1"},"canonical":"https:\/\/egidimadeinitaly.com\/fr\/artistes\/ico-parisi\/","og_locale":"fr_FR","og_type":"article","og_title":"Ico Parisi","og_description":"Domenico, dit Ico Parisi, est n\u00e9 le 23 septembre 1916 \u00e0 Palerme. En 1925, sa famille s\u2019installe \u00e0 C\u00f4me.","og_url":"https:\/\/egidimadeinitaly.com\/fr\/artistes\/ico-parisi\/","og_site_name":"Egidi MadeinItaly","article_publisher":"https:\/\/www.facebook.com\/egidimadeinitaly\/","article_modified_time":"2025-03-02T09:31:56+00:00","og_image":[{"width":600,"height":900,"url":"https:\/\/egidimadeinitaly.com\/wp-content\/uploads\/2020\/02\/ico_parisi_tavolo_da_salotto_anni_50_02.jpg","type":"image\/jpeg"}],"schema":{"@context":"https:\/\/schema.org","@graph":[{"@type":"WebPage","@id":"https:\/\/egidimadeinitaly.com\/fr\/artisti\/ico-parisi\/","url":"https:\/\/egidimadeinitaly.com\/fr\/artistes\/ico-parisi\/","name":"Ico Parisi - Egidi MadeinItaly","isPartOf":{"@id":"https:\/\/egidimadeinitaly.com\/fr\/#website"},"primaryImageOfPage":{"@id":"https:\/\/egidimadeinitaly.com\/fr\/artistes\/ico-parisi\/#primaryimage"},"image":{"@id":"https:\/\/egidimadeinitaly.com\/fr\/artistes\/ico-parisi\/#primaryimage"},"thumbnailUrl":"https:\/\/egidimadeinitaly.com\/v25\/wp-content\/uploads\/2020\/02\/ico_parisi_tavolo_da_salotto_anni_50_02.jpg","datePublished":"2021-05-14T08:55:34+00:00","dateModified":"2025-03-02T09:31:56+00:00","description":"Ico Parisi le grand designer italien ses \u0153uvres et ses projets restent une source d\u2019inspiration pour les designers et les architectes","breadcrumb":{"@id":"https:\/\/egidimadeinitaly.com\/fr\/artistes\/ico-parisi\/#breadcrumb"},"inLanguage":"fr-FR","potentialAction":[{"@type":"ReadAction","target":["https:\/\/egidimadeinitaly.com\/fr\/artistes\/ico-parisi\/"]}]},{"@type":"ImageObject","inLanguage":"fr-FR","@id":"https:\/\/egidimadeinitaly.com\/fr\/artistes\/ico-parisi\/#primaryimage","url":"https:\/\/egidimadeinitaly.com\/v25\/wp-content\/uploads\/2020\/02\/ico_parisi_tavolo_da_salotto_anni_50_02.jpg","contentUrl":"https:\/\/egidimadeinitaly.com\/v25\/wp-content\/uploads\/2020\/02\/ico_parisi_tavolo_da_salotto_anni_50_02.jpg","width":600,"height":900,"caption":"Ico Parisi Table Basse Ann\u00e9es 50"},{"@type":"BreadcrumbList","@id":"https:\/\/egidimadeinitaly.com\/fr\/artistes\/ico-parisi\/#breadcrumb","itemListElement":[{"@type":"ListItem","position":1,"name":"Home","item":"https:\/\/egidimadeinitaly.com\/fr\/"},{"@type":"ListItem","position":2,"name":"Ico Parisi"}]},{"@type":"WebSite","@id":"https:\/\/egidimadeinitaly.com\/fr\/#website","url":"https:\/\/egidimadeinitaly.com\/fr\/","name":"Egidi MadeinItaly","description":"Fine Art","potentialAction":[{"@type":"SearchAction","target":{"@type":"EntryPoint","urlTemplate":"https:\/\/egidimadeinitaly.com\/fr\/?s={search_term_string}"},"query-input":{"@type":"PropertyValueSpecification","valueRequired":true,"valueName":"search_term_string"}}],"inLanguage":"fr-FR"}]}},"_links":{"self":[{"href":"https:\/\/egidimadeinitaly.com\/fr\/wp-json\/wp\/v2\/artisti\/98363","targetHints":{"allow":["GET"]}}],"collection":[{"href":"https:\/\/egidimadeinitaly.com\/fr\/wp-json\/wp\/v2\/artisti"}],"about":[{"href":"https:\/\/egidimadeinitaly.com\/fr\/wp-json\/wp\/v2\/types\/artisti"}],"wp:featuredmedia":[{"embeddable":true,"href":"https:\/\/egidimadeinitaly.com\/fr\/wp-json\/wp\/v2\/media\/84150"}],"wp:attachment":[{"href":"https:\/\/egidimadeinitaly.com\/fr\/wp-json\/wp\/v2\/media?parent=98363"}],"wp:term":[{"taxonomy":"post_tag","embeddable":true,"href":"https:\/\/egidimadeinitaly.com\/fr\/wp-json\/wp\/v2\/tags?post=98363"},{"taxonomy":"tags","embeddable":true,"href":"https:\/\/egidimadeinitaly.com\/fr\/wp-json\/wp\/v2\/tags?post=98363"}],"curies":[{"name":"wp","href":"https:\/\/api.w.org\/{rel}","templated":true}]}}