{"id":122843,"date":"2025-03-25T10:26:00","date_gmt":"2025-03-25T09:26:00","guid":{"rendered":"https:\/\/egidimadeinitaly.com\/?post_type=artisti&#038;p=122843"},"modified":"2025-08-05T10:59:22","modified_gmt":"2025-08-05T09:59:22","slug":"arman-fernandez","status":"publish","type":"artisti","link":"https:\/\/egidimadeinitaly.com\/fr\/artisti\/arman-fernandez\/","title":{"rendered":"Arman Fernandez"},"content":{"rendered":"<h1>Arman<\/h1>\n<p>Peintre, sculpteur et artiste visuel franco-am\u00e9ricain, connu pour ses \u00ab accumulations \u00bb.<\/p>\n<p>N\u00e9 \u00e0 Nice en 1928, fils d&rsquo;un antiquaire et d&rsquo;une violoncelliste, l&rsquo;artiste Armand Pierre Fernandez a d\u00e9velopp\u00e9 une affinit\u00e9 avec la musique et l&rsquo;art de la collection.<\/p>\n<h2>Formation<\/h2>\n<p>Il fr\u00e9quente l&rsquo;\u00c9cole nationale des arts d\u00e9coratifs de Nice, puis s&rsquo;installe \u00e0 Paris, o\u00f9 il poursuit des \u00e9tudes d&rsquo;histoire de l&rsquo;art \u00e0 l&rsquo;\u00c9cole du Louvre.<\/p>\n<p>Au cours de ces premi\u00e8res ann\u00e9es, son travail se concentre sur des peintures abstraites inspir\u00e9es par l&rsquo;\u0153uvre de Nicolas de Sta\u00ebl.<\/p>\n<h3>Anecdote sur Arman<\/h3>\n<p>Inspir\u00e9 par Vincent van Gogh, Arman signe ses premi\u00e8res \u0153uvres de son seul pr\u00e9nom.<\/p>\n<h2>Voyages en Europe<\/h2>\n<p>Lecteur assidu, Arman s&rsquo;inspire de livres et de magazines d&rsquo;art, ainsi que de fr\u00e9quents voyages en Europe avec ses amis artistes ni\u00e7ois, Claude Pascale et Yves Klein.<\/p>\n<h2>Groupe du Nouveau R\u00e9alisme<\/h2>\n<p>L&rsquo;artiste est cofondateur du <strong>groupe Nouveau R\u00e9alisme<\/strong>, dont les membres s&rsquo;\u00e9l\u00e8vent contre l&rsquo;enfermement dans l&rsquo;art abstrait et informel et pr\u00f4nent une nouvelle approche de la r\u00e9alit\u00e9, en cherchant \u00e0 red\u00e9couvrir de mani\u00e8re po\u00e9tique la r\u00e9alit\u00e9 de la vie urbaine et industrielle.<\/p>\n<blockquote>\n<h3>Qu&rsquo;est-ce que le Nouveau R\u00e9alisme ?<\/h3>\n<p>Le Nouveau R\u00e9alisme est un mouvement artistique n\u00e9 en France en 1960.<\/p>\n<p>Les artistes, guid\u00e9s par <strong>Pierre Restany<\/strong>, l&rsquo;ont caract\u00e9ris\u00e9 par une approche critique et rebelle de la r\u00e9alit\u00e9, <strong>utilisant des objets courants et des d\u00e9chets pour la repr\u00e9senter<\/strong>. Ils ont ainsi d\u00e9pass\u00e9 les distinctions traditionnelles entre la peinture, la sculpture et d&rsquo;autres disciplines artistiques, en utilisant des techniques mixtes et originales.<\/p>\n<p>Ils l&rsquo;ont caract\u00e9ris\u00e9 par une approche critique et rebelle de la r\u00e9alit\u00e9, en utilisant des objets courants et des d\u00e9chets pour la repr\u00e9senter. Ils ont ainsi d\u00e9pass\u00e9 les distinctions traditionnelles entre la peinture, la sculpture et d&rsquo;autres disciplines artistiques, en utilisant des techniques mixtes et originales.<\/p>\n<h3>Les artistes du Nouveau R\u00e9alisme<\/h3>\n<p>Les artistes Yves Klein, Arman, Dufr\u00eane, Hains, Raysse, Spoerri, Tinguely et Villegl\u00e9, guid\u00e9s par Pierre Restany, ont sign\u00e9 le Manifeste qui a d\u00e9cr\u00e9t\u00e9 la naissance du groupe.<\/p>\n<p>\u00c0 ceux-ci se sont ajout\u00e9s C\u00e9sar, Mimmo Rotella et, plus tard, Niki de Saint-Phalle, Deschamps et Christo.<\/p>\n<p>Mimmo Rotella et ses d\u00e9collages embl\u00e9matiques.<\/p>\n<p>C\u00e9sar Baldaccini, l&rsquo;artiste qui compressait des carcasses de voitures.<\/p>\n<p>Yves Klein et ses performances avec le corps et la couleur, ainsi que ses objets trouv\u00e9s.<\/p><\/blockquote>\n<p>&nbsp;<\/p>\n<p>Il fut l&rsquo;un des premiers artistes \u00e0 utiliser directement des <strong>objets manufactur\u00e9s comme mati\u00e8re picturale<\/strong>, repr\u00e9sentant pour lui les multiples et infinies extensions de la main humaine qui subissent un cycle continu de production, de consommation et de destruction.<\/p>\n<p>Arman est d\u00e9c\u00e9d\u00e9 \u00e0 New York en 2005.<\/p>\n<blockquote>\n<h2><span style=\"color: #ff6600;\">Egidi MadeinItaly galerie d&rsquo;art<\/span><\/h2>\n<p><a href=\"https:\/\/egidimadeinitaly.com\/fr\/produit\/art-moderne\/tableaux-modernes-fr\/arman-oeuvre-archivee\/\">Une \u0153uvre sign\u00e9e et archiv\u00e9e d&rsquo;Arman<\/a> datant de 1998 est disponible dans la galerie d&rsquo;oeuvres d&rsquo;art.<\/p><\/blockquote>\n","protected":false},"excerpt":{"rendered":"<p>Inspir\u00e9 par Vincent van Gogh, Arman signe ses premi\u00e8res \u0153uvres de son seul pr\u00e9nom.<\/p>\n","protected":false},"featured_media":122623,"parent":0,"template":"","format":"standard","meta":{"_acf_changed":false},"tags":[6515],"class_list":["post-122843","artisti","type-artisti","status-publish","format-standard","has-post-thumbnail","hentry","tag-nouveau-realisme-fr","tags-a"],"acf":[],"yoast_head":"<!-- This site is optimized with the Yoast SEO Premium plugin v27.4 (Yoast SEO v27.5) - https:\/\/yoast.com\/product\/yoast-seo-premium-wordpress\/ -->\n<title>Arman Fernandez - Egidi MadeinItaly<\/title>\n<meta name=\"description\" content=\"Arman est un artiste peintre et sculpteur c\u00e9l\u00e8bre pour avoir cr\u00e9\u00e9 le groupe des nouveaux r\u00e9alistes sur Egidi MadeinItaly\" \/>\n<meta name=\"robots\" content=\"index, follow, max-snippet:-1, max-image-preview:large, max-video-preview:-1\" \/>\n<link rel=\"canonical\" href=\"https:\/\/egidimadeinitaly.com\/fr\/artistes\/arman-fernandez\/\" \/>\n<meta property=\"og:locale\" content=\"fr_FR\" \/>\n<meta property=\"og:type\" content=\"article\" \/>\n<meta property=\"og:title\" content=\"Arman Fernandez\" \/>\n<meta property=\"og:description\" content=\"Inspir\u00e9 par Vincent van Gogh, Arman signe ses premi\u00e8res \u0153uvres de son seul pr\u00e9nom.\" \/>\n<meta property=\"og:url\" content=\"https:\/\/egidimadeinitaly.com\/fr\/artistes\/arman-fernandez\/\" \/>\n<meta property=\"og:site_name\" content=\"Egidi MadeinItaly\" \/>\n<meta property=\"article:publisher\" content=\"https:\/\/www.facebook.com\/egidimadeinitaly\/\" \/>\n<meta property=\"article:modified_time\" content=\"2025-08-05T09:59:22+00:00\" \/>\n<meta property=\"og:image\" content=\"https:\/\/egidimadeinitaly.com\/v25\/wp-content\/uploads\/2025\/03\/Arman-opera.jpg\" \/>\n\t<meta property=\"og:image:width\" content=\"1984\" \/>\n\t<meta property=\"og:image:height\" content=\"1984\" \/>\n\t<meta property=\"og:image:type\" content=\"image\/jpeg\" \/>\n<script type=\"application\/ld+json\" class=\"yoast-schema-graph\">{\"@context\":\"https:\\\/\\\/schema.org\",\"@graph\":[{\"@type\":\"WebPage\",\"@id\":\"https:\\\/\\\/egidimadeinitaly.com\\\/fr\\\/artisti\\\/arman-fernandez\\\/\",\"url\":\"https:\\\/\\\/egidimadeinitaly.com\\\/fr\\\/artistes\\\/arman-fernandez\\\/\",\"name\":\"Arman Fernandez - Egidi MadeinItaly\",\"isPartOf\":{\"@id\":\"https:\\\/\\\/egidimadeinitaly.com\\\/fr\\\/#website\"},\"primaryImageOfPage\":{\"@id\":\"https:\\\/\\\/egidimadeinitaly.com\\\/fr\\\/artistes\\\/arman-fernandez\\\/#primaryimage\"},\"image\":{\"@id\":\"https:\\\/\\\/egidimadeinitaly.com\\\/fr\\\/artistes\\\/arman-fernandez\\\/#primaryimage\"},\"thumbnailUrl\":\"https:\\\/\\\/egidimadeinitaly.com\\\/v25\\\/wp-content\\\/uploads\\\/2025\\\/03\\\/Arman-opera.jpg\",\"datePublished\":\"2025-03-25T09:26:00+00:00\",\"dateModified\":\"2025-08-05T09:59:22+00:00\",\"description\":\"Arman est un artiste peintre et sculpteur c\u00e9l\u00e8bre pour avoir cr\u00e9\u00e9 le groupe des nouveaux r\u00e9alistes sur Egidi MadeinItaly\",\"breadcrumb\":{\"@id\":\"https:\\\/\\\/egidimadeinitaly.com\\\/fr\\\/artistes\\\/arman-fernandez\\\/#breadcrumb\"},\"inLanguage\":\"fr-FR\",\"potentialAction\":[{\"@type\":\"ReadAction\",\"target\":[\"https:\\\/\\\/egidimadeinitaly.com\\\/fr\\\/artistes\\\/arman-fernandez\\\/\"]}]},{\"@type\":\"ImageObject\",\"inLanguage\":\"fr-FR\",\"@id\":\"https:\\\/\\\/egidimadeinitaly.com\\\/fr\\\/artistes\\\/arman-fernandez\\\/#primaryimage\",\"url\":\"https:\\\/\\\/egidimadeinitaly.com\\\/v25\\\/wp-content\\\/uploads\\\/2025\\\/03\\\/Arman-opera.jpg\",\"contentUrl\":\"https:\\\/\\\/egidimadeinitaly.com\\\/v25\\\/wp-content\\\/uploads\\\/2025\\\/03\\\/Arman-opera.jpg\",\"width\":1984,\"height\":1984,\"caption\":\"Sans Titre, 1998\"},{\"@type\":\"BreadcrumbList\",\"@id\":\"https:\\\/\\\/egidimadeinitaly.com\\\/fr\\\/artistes\\\/arman-fernandez\\\/#breadcrumb\",\"itemListElement\":[{\"@type\":\"ListItem\",\"position\":1,\"name\":\"Home\",\"item\":\"https:\\\/\\\/egidimadeinitaly.com\\\/fr\\\/\"},{\"@type\":\"ListItem\",\"position\":2,\"name\":\"Arman Fernandez\"}]},{\"@type\":\"WebSite\",\"@id\":\"https:\\\/\\\/egidimadeinitaly.com\\\/fr\\\/#website\",\"url\":\"https:\\\/\\\/egidimadeinitaly.com\\\/fr\\\/\",\"name\":\"Egidi MadeinItaly\",\"description\":\"Fine Art\",\"potentialAction\":[{\"@type\":\"SearchAction\",\"target\":{\"@type\":\"EntryPoint\",\"urlTemplate\":\"https:\\\/\\\/egidimadeinitaly.com\\\/fr\\\/?s={search_term_string}\"},\"query-input\":{\"@type\":\"PropertyValueSpecification\",\"valueRequired\":true,\"valueName\":\"search_term_string\"}}],\"inLanguage\":\"fr-FR\"}]}<\/script>\n<!-- \/ Yoast SEO Premium plugin. -->","yoast_head_json":{"title":"Arman Fernandez - Egidi MadeinItaly","description":"Arman est un artiste peintre et sculpteur c\u00e9l\u00e8bre pour avoir cr\u00e9\u00e9 le groupe des nouveaux r\u00e9alistes sur Egidi MadeinItaly","robots":{"index":"index","follow":"follow","max-snippet":"max-snippet:-1","max-image-preview":"max-image-preview:large","max-video-preview":"max-video-preview:-1"},"canonical":"https:\/\/egidimadeinitaly.com\/fr\/artistes\/arman-fernandez\/","og_locale":"fr_FR","og_type":"article","og_title":"Arman Fernandez","og_description":"Inspir\u00e9 par Vincent van Gogh, Arman signe ses premi\u00e8res \u0153uvres de son seul pr\u00e9nom.","og_url":"https:\/\/egidimadeinitaly.com\/fr\/artistes\/arman-fernandez\/","og_site_name":"Egidi MadeinItaly","article_publisher":"https:\/\/www.facebook.com\/egidimadeinitaly\/","article_modified_time":"2025-08-05T09:59:22+00:00","og_image":[{"width":1984,"height":1984,"url":"https:\/\/egidimadeinitaly.com\/v25\/wp-content\/uploads\/2025\/03\/Arman-opera.jpg","type":"image\/jpeg"}],"schema":{"@context":"https:\/\/schema.org","@graph":[{"@type":"WebPage","@id":"https:\/\/egidimadeinitaly.com\/fr\/artisti\/arman-fernandez\/","url":"https:\/\/egidimadeinitaly.com\/fr\/artistes\/arman-fernandez\/","name":"Arman Fernandez - Egidi MadeinItaly","isPartOf":{"@id":"https:\/\/egidimadeinitaly.com\/fr\/#website"},"primaryImageOfPage":{"@id":"https:\/\/egidimadeinitaly.com\/fr\/artistes\/arman-fernandez\/#primaryimage"},"image":{"@id":"https:\/\/egidimadeinitaly.com\/fr\/artistes\/arman-fernandez\/#primaryimage"},"thumbnailUrl":"https:\/\/egidimadeinitaly.com\/v25\/wp-content\/uploads\/2025\/03\/Arman-opera.jpg","datePublished":"2025-03-25T09:26:00+00:00","dateModified":"2025-08-05T09:59:22+00:00","description":"Arman est un artiste peintre et sculpteur c\u00e9l\u00e8bre pour avoir cr\u00e9\u00e9 le groupe des nouveaux r\u00e9alistes sur Egidi MadeinItaly","breadcrumb":{"@id":"https:\/\/egidimadeinitaly.com\/fr\/artistes\/arman-fernandez\/#breadcrumb"},"inLanguage":"fr-FR","potentialAction":[{"@type":"ReadAction","target":["https:\/\/egidimadeinitaly.com\/fr\/artistes\/arman-fernandez\/"]}]},{"@type":"ImageObject","inLanguage":"fr-FR","@id":"https:\/\/egidimadeinitaly.com\/fr\/artistes\/arman-fernandez\/#primaryimage","url":"https:\/\/egidimadeinitaly.com\/v25\/wp-content\/uploads\/2025\/03\/Arman-opera.jpg","contentUrl":"https:\/\/egidimadeinitaly.com\/v25\/wp-content\/uploads\/2025\/03\/Arman-opera.jpg","width":1984,"height":1984,"caption":"Sans Titre, 1998"},{"@type":"BreadcrumbList","@id":"https:\/\/egidimadeinitaly.com\/fr\/artistes\/arman-fernandez\/#breadcrumb","itemListElement":[{"@type":"ListItem","position":1,"name":"Home","item":"https:\/\/egidimadeinitaly.com\/fr\/"},{"@type":"ListItem","position":2,"name":"Arman Fernandez"}]},{"@type":"WebSite","@id":"https:\/\/egidimadeinitaly.com\/fr\/#website","url":"https:\/\/egidimadeinitaly.com\/fr\/","name":"Egidi MadeinItaly","description":"Fine Art","potentialAction":[{"@type":"SearchAction","target":{"@type":"EntryPoint","urlTemplate":"https:\/\/egidimadeinitaly.com\/fr\/?s={search_term_string}"},"query-input":{"@type":"PropertyValueSpecification","valueRequired":true,"valueName":"search_term_string"}}],"inLanguage":"fr-FR"}]}},"_links":{"self":[{"href":"https:\/\/egidimadeinitaly.com\/fr\/wp-json\/wp\/v2\/artisti\/122843","targetHints":{"allow":["GET"]}}],"collection":[{"href":"https:\/\/egidimadeinitaly.com\/fr\/wp-json\/wp\/v2\/artisti"}],"about":[{"href":"https:\/\/egidimadeinitaly.com\/fr\/wp-json\/wp\/v2\/types\/artisti"}],"wp:featuredmedia":[{"embeddable":true,"href":"https:\/\/egidimadeinitaly.com\/fr\/wp-json\/wp\/v2\/media\/122623"}],"wp:attachment":[{"href":"https:\/\/egidimadeinitaly.com\/fr\/wp-json\/wp\/v2\/media?parent=122843"}],"wp:term":[{"taxonomy":"post_tag","embeddable":true,"href":"https:\/\/egidimadeinitaly.com\/fr\/wp-json\/wp\/v2\/tags?post=122843"},{"taxonomy":"tags","embeddable":true,"href":"https:\/\/egidimadeinitaly.com\/fr\/wp-json\/wp\/v2\/tags?post=122843"}],"curies":[{"name":"wp","href":"https:\/\/api.w.org\/{rel}","templated":true}]}}