{"id":119738,"date":"2024-10-23T18:18:22","date_gmt":"2024-10-23T17:18:22","guid":{"rendered":"https:\/\/egidimadeinitaly.com\/?post_type=artisti&#038;p=119738"},"modified":"2025-03-02T10:01:55","modified_gmt":"2025-03-02T09:01:55","slug":"edita-broglio","status":"publish","type":"artisti","link":"https:\/\/egidimadeinitaly.com\/fr\/artisti\/edita-broglio\/","title":{"rendered":"Edita Broglio"},"content":{"rendered":"<h1>Edita Broglio<\/h1>\n<p>Edita Walterowna von Zur-Muehlen Broglio est n\u00e9e \u00e0 Smiltene en 1886.<\/p>\n<p>Elle \u00e9tudie la peinture et se rend \u00e0 Paris.<\/p>\n<p>Plus tard, elle fr\u00e9quente l&rsquo;Acad\u00e9mie des beaux-arts de K\u00f6nigsberg.<\/p>\n<p>En 1912, elle s&rsquo;installe d\u00e9finitivement \u00e0 Rome.<\/p>\n<figure id=\"attachment_119743\" aria-describedby=\"caption-attachment-119743\" style=\"width: 300px\" class=\"wp-caption alignnone\"><img decoding=\"async\" class=\"size-medium wp-image-119743\" src=\"https:\/\/egidimadeinitaly.com\/wp-content\/uploads\/2024\/10\/La-nuova-stagione-300x204.webp\" alt=\"Edita Broglio\" width=\"300\" height=\"204\" srcset=\"https:\/\/egidimadeinitaly.com\/v25\/wp-content\/uploads\/2024\/10\/La-nuova-stagione-300x204.webp 300w, https:\/\/egidimadeinitaly.com\/v25\/wp-content\/uploads\/2024\/10\/La-nuova-stagione-1024x698.webp 1024w, https:\/\/egidimadeinitaly.com\/v25\/wp-content\/uploads\/2024\/10\/La-nuova-stagione-768x523.webp 768w, https:\/\/egidimadeinitaly.com\/v25\/wp-content\/uploads\/2024\/10\/La-nuova-stagione-1536x1047.webp 1536w, https:\/\/egidimadeinitaly.com\/v25\/wp-content\/uploads\/2024\/10\/La-nuova-stagione-2048x1396.webp 2048w, https:\/\/egidimadeinitaly.com\/v25\/wp-content\/uploads\/2024\/10\/La-nuova-stagione-600x409.webp 600w, https:\/\/egidimadeinitaly.com\/v25\/wp-content\/uploads\/2024\/10\/La-nuova-stagione.webp 2371w\" sizes=\"(max-width: 300px) 100vw, 300px\" \/><figcaption id=\"caption-attachment-119743\" class=\"wp-caption-text\">La nuova stagione<\/figcaption><\/figure>\n<h3>Expositions internationales de la S\u00e9cession romaine<\/h3>\n<p>En 1914, elle participe \u00e0 l&rsquo; Exposition internationale de la S\u00e9cession romaine o\u00f9 elle pr\u00e9sente trois \u0153uvres : <strong><em>Mezzod\u00ec<\/em><\/strong>, <strong><em>Via Sistina<\/em><\/strong> et <strong><em>Ritratto<\/em><\/strong>.<\/p>\n<p>L&rsquo;ann\u00e9e suivante, toujours \u00e0 la S\u00e9cession, elle pr\u00e9sente un dessin et plusieurs tableaux, dont <strong><em>Giocatore di tennis<\/em><\/strong>.<\/p>\n<p>Ces \u0153uvres sont tr\u00e8s proches de celles des Fauves et des Expressionnistes.<\/p>\n<p>La p\u00e9riode de la guerre<\/p>\n<p>De 1915 \u00e0 1917, elle vit \u00e0 Anticoli Corrado.<\/p>\n<figure id=\"attachment_119752\" aria-describedby=\"caption-attachment-119752\" style=\"width: 255px\" class=\"wp-caption alignnone\"><img decoding=\"async\" class=\"size-medium wp-image-119752\" src=\"https:\/\/egidimadeinitaly.com\/wp-content\/uploads\/2024\/10\/Ritratto-di-signora-su-tarsia-255x300.webp\" alt=\"Ritratto di signora su tarsia\" width=\"255\" height=\"300\" srcset=\"https:\/\/egidimadeinitaly.com\/v25\/wp-content\/uploads\/2024\/10\/Ritratto-di-signora-su-tarsia-255x300.webp 255w, https:\/\/egidimadeinitaly.com\/v25\/wp-content\/uploads\/2024\/10\/Ritratto-di-signora-su-tarsia-869x1024.webp 869w, https:\/\/egidimadeinitaly.com\/v25\/wp-content\/uploads\/2024\/10\/Ritratto-di-signora-su-tarsia-768x905.webp 768w, https:\/\/egidimadeinitaly.com\/v25\/wp-content\/uploads\/2024\/10\/Ritratto-di-signora-su-tarsia-1303x1536.webp 1303w, https:\/\/egidimadeinitaly.com\/v25\/wp-content\/uploads\/2024\/10\/Ritratto-di-signora-su-tarsia-1738x2048.webp 1738w, https:\/\/egidimadeinitaly.com\/v25\/wp-content\/uploads\/2024\/10\/Ritratto-di-signora-su-tarsia-600x707.webp 600w, https:\/\/egidimadeinitaly.com\/v25\/wp-content\/uploads\/2024\/10\/Ritratto-di-signora-su-tarsia.webp 1858w\" sizes=\"(max-width: 255px) 100vw, 255px\" \/><figcaption id=\"caption-attachment-119752\" class=\"wp-caption-text\">Ritratto di signora su tarsia<\/figcaption><\/figure>\n<h2>Mario Broglio<\/h2>\n<p>Elle rencontre Mario Broglio alors qu&rsquo;il travaille \u00e0 la Casa d&rsquo;Arte Bragaglia.<\/p>\n<h2>Valori Plastici<\/h2>\n<p>La revue <em>Valori Plastici<\/em> est fond\u00e9e en 1918 par Mario Broglio et <a href=\"https:\/\/egidimadeinitaly.com\/fr\/artistes\/roberto-melli\/\">Roberto Melli<\/a> dans <a href=\"https:\/\/egidimadeinitaly.com\/fr\/caffe-aragno-lecole-romaine\/\">la troisi\u00e8me salle du Caf\u00e9 Aragno<\/a>.<\/p>\n<p>La naissance de Valori Plastici est \u00e9troitement li\u00e9e \u00e0 la crise de l&rsquo;avant-garde.<\/p>\n<figure id=\"attachment_119746\" aria-describedby=\"caption-attachment-119746\" style=\"width: 250px\" class=\"wp-caption alignnone\"><img decoding=\"async\" class=\"size-medium wp-image-119746\" src=\"https:\/\/egidimadeinitaly.com\/wp-content\/uploads\/2024\/10\/Anacapri-250x300.webp\" alt=\"Anacapri opera di Edita Broglio\" width=\"250\" height=\"300\" srcset=\"https:\/\/egidimadeinitaly.com\/v25\/wp-content\/uploads\/2024\/10\/Anacapri-250x300.webp 250w, https:\/\/egidimadeinitaly.com\/v25\/wp-content\/uploads\/2024\/10\/Anacapri-854x1024.webp 854w, https:\/\/egidimadeinitaly.com\/v25\/wp-content\/uploads\/2024\/10\/Anacapri-768x921.webp 768w, https:\/\/egidimadeinitaly.com\/v25\/wp-content\/uploads\/2024\/10\/Anacapri-1280x1536.webp 1280w, https:\/\/egidimadeinitaly.com\/v25\/wp-content\/uploads\/2024\/10\/Anacapri-1707x2048.webp 1707w, https:\/\/egidimadeinitaly.com\/v25\/wp-content\/uploads\/2024\/10\/Anacapri-600x720.webp 600w, https:\/\/egidimadeinitaly.com\/v25\/wp-content\/uploads\/2024\/10\/Anacapri.webp 1768w\" sizes=\"(max-width: 250px) 100vw, 250px\" \/><figcaption id=\"caption-attachment-119746\" class=\"wp-caption-text\">Anacapri<\/figcaption><\/figure>\n<h2>Les expositions du groupe Valori Plastici<\/h2>\n<p>En 1924, le groupe organise une nouvelle exposition plus importante en Allemagne, qui est de nouveau tr\u00e8s bien accueillie.<\/p>\n<p>La guerre interrompt \u00e0 nouveau ses activit\u00e9s, qui reprennent vers 1950. Le purisme d&rsquo;Edita semble se radicaliser et les r\u00e9f\u00e9rences classiques sont de plus en plus accentu\u00e9es dans ses \u0153uvres.<\/p>\n<p>En 1959, elle expose \u00e0 la <strong>8eme Quadriennale de Rome<\/strong> et, en 1967, un groupe de ses \u0153uvres est pr\u00e9sent\u00e9 \u00e0 l&rsquo;exposition historique \u00ab\u00a0<strong>Arte Italiana 1915-1935<\/strong>\u00a0\u00bb<\/p>\n<p>Edita Broglio meurt \u00e0 Rome le 19 janvier 1977.<\/p>\n<h2 style=\"text-align: center;\">Vous poss\u00e9dez une \u0153uvre de Edita Broglio\u00a0 et vous voulez la vendre ?<\/h2>\n<p style=\"text-align: center;\">Appelez-nous au num\u00e9ro +39 3356585431 ou envoyez-nous un message WhatsApp au +39 3356585431<\/p>\n<p style=\"text-align: center;\"><span style=\"color: #ff6600;\"><strong>VOUS POUVEZ NOUS FAIRE CONFIANCE<\/strong><\/span><\/p>\n<p style=\"text-align: center;\">Les meilleures estimations, comp\u00e9tence, s\u00e9rieux<\/p>\n","protected":false},"excerpt":{"rendered":"<p>Elle se sentait comme \u00e9blouie par la somptuosit\u00e9 dor\u00e9e de l&rsquo;environnement, si bien que les \u0153uvres de cette p\u00e9riode apparaissent comme les fruits d&rsquo;un \u00e9tat d&rsquo;ivresse quasi somnambulique (Savinio)<\/p>\n","protected":false},"featured_media":119752,"parent":0,"template":"","format":"standard","meta":{"_acf_changed":false},"tags":[6506],"class_list":["post-119738","artisti","type-artisti","status-publish","format-standard","has-post-thumbnail","hentry","tags-b"],"acf":[],"yoast_head":"<!-- This site is optimized with the Yoast SEO Premium plugin v27.4 (Yoast SEO v27.5) - https:\/\/yoast.com\/product\/yoast-seo-premium-wordpress\/ -->\n<title>Edita Broglio - Egidi MadeinItaly<\/title>\n<meta name=\"description\" content=\"Edita Broglio peintre, a fond\u00e9 avec Mario Broglio au d\u00e9but du XXe si\u00e8cle la revue Valori Plastici et le mouvement Retour \u00e0 l&#039;ordre.\" \/>\n<meta name=\"robots\" content=\"index, follow, max-snippet:-1, max-image-preview:large, max-video-preview:-1\" \/>\n<link rel=\"canonical\" href=\"https:\/\/egidimadeinitaly.com\/fr\/artistes\/edita-broglio\/\" \/>\n<meta property=\"og:locale\" content=\"fr_FR\" \/>\n<meta property=\"og:type\" content=\"article\" \/>\n<meta property=\"og:title\" content=\"Edita Broglio\" \/>\n<meta property=\"og:description\" content=\"Elle se sentait comme \u00e9blouie par la somptuosit\u00e9 dor\u00e9e de l&#039;environnement, si bien que les \u0153uvres de cette p\u00e9riode apparaissent comme les fruits d&#039;un \u00e9tat d&#039;ivresse quasi somnambulique (Savinio)\" \/>\n<meta property=\"og:url\" content=\"https:\/\/egidimadeinitaly.com\/fr\/artistes\/edita-broglio\/\" \/>\n<meta property=\"og:site_name\" content=\"Egidi MadeinItaly\" \/>\n<meta property=\"article:publisher\" content=\"https:\/\/www.facebook.com\/egidimadeinitaly\/\" \/>\n<meta property=\"article:modified_time\" content=\"2025-03-02T09:01:55+00:00\" \/>\n<meta property=\"og:image\" content=\"https:\/\/egidimadeinitaly.com\/wp-content\/uploads\/2024\/10\/Ritratto-di-signora-su-tarsia.webp\" \/>\n\t<meta property=\"og:image:width\" content=\"1858\" \/>\n\t<meta property=\"og:image:height\" content=\"2190\" \/>\n\t<meta property=\"og:image:type\" content=\"image\/webp\" \/>\n<script type=\"application\/ld+json\" class=\"yoast-schema-graph\">{\"@context\":\"https:\\\/\\\/schema.org\",\"@graph\":[{\"@type\":\"WebPage\",\"@id\":\"https:\\\/\\\/egidimadeinitaly.com\\\/fr\\\/artisti\\\/edita-broglio\\\/\",\"url\":\"https:\\\/\\\/egidimadeinitaly.com\\\/fr\\\/artistes\\\/edita-broglio\\\/\",\"name\":\"Edita Broglio - Egidi MadeinItaly\",\"isPartOf\":{\"@id\":\"https:\\\/\\\/egidimadeinitaly.com\\\/fr\\\/#website\"},\"primaryImageOfPage\":{\"@id\":\"https:\\\/\\\/egidimadeinitaly.com\\\/fr\\\/artistes\\\/edita-broglio\\\/#primaryimage\"},\"image\":{\"@id\":\"https:\\\/\\\/egidimadeinitaly.com\\\/fr\\\/artistes\\\/edita-broglio\\\/#primaryimage\"},\"thumbnailUrl\":\"https:\\\/\\\/egidimadeinitaly.com\\\/v25\\\/wp-content\\\/uploads\\\/2024\\\/10\\\/Ritratto-di-signora-su-tarsia.webp\",\"datePublished\":\"2024-10-23T17:18:22+00:00\",\"dateModified\":\"2025-03-02T09:01:55+00:00\",\"description\":\"Edita Broglio peintre, a fond\u00e9 avec Mario Broglio au d\u00e9but du XXe si\u00e8cle la revue Valori Plastici et le mouvement Retour \u00e0 l'ordre.\",\"breadcrumb\":{\"@id\":\"https:\\\/\\\/egidimadeinitaly.com\\\/fr\\\/artistes\\\/edita-broglio\\\/#breadcrumb\"},\"inLanguage\":\"fr-FR\",\"potentialAction\":[{\"@type\":\"ReadAction\",\"target\":[\"https:\\\/\\\/egidimadeinitaly.com\\\/fr\\\/artistes\\\/edita-broglio\\\/\"]}]},{\"@type\":\"ImageObject\",\"inLanguage\":\"fr-FR\",\"@id\":\"https:\\\/\\\/egidimadeinitaly.com\\\/fr\\\/artistes\\\/edita-broglio\\\/#primaryimage\",\"url\":\"https:\\\/\\\/egidimadeinitaly.com\\\/v25\\\/wp-content\\\/uploads\\\/2024\\\/10\\\/Ritratto-di-signora-su-tarsia.webp\",\"contentUrl\":\"https:\\\/\\\/egidimadeinitaly.com\\\/v25\\\/wp-content\\\/uploads\\\/2024\\\/10\\\/Ritratto-di-signora-su-tarsia.webp\",\"width\":1858,\"height\":2190,\"caption\":\"Ritratto di signora su tarsia\"},{\"@type\":\"BreadcrumbList\",\"@id\":\"https:\\\/\\\/egidimadeinitaly.com\\\/fr\\\/artistes\\\/edita-broglio\\\/#breadcrumb\",\"itemListElement\":[{\"@type\":\"ListItem\",\"position\":1,\"name\":\"Home\",\"item\":\"https:\\\/\\\/egidimadeinitaly.com\\\/fr\\\/\"},{\"@type\":\"ListItem\",\"position\":2,\"name\":\"Edita Broglio\"}]},{\"@type\":\"WebSite\",\"@id\":\"https:\\\/\\\/egidimadeinitaly.com\\\/fr\\\/#website\",\"url\":\"https:\\\/\\\/egidimadeinitaly.com\\\/fr\\\/\",\"name\":\"Egidi MadeinItaly\",\"description\":\"Fine Art\",\"potentialAction\":[{\"@type\":\"SearchAction\",\"target\":{\"@type\":\"EntryPoint\",\"urlTemplate\":\"https:\\\/\\\/egidimadeinitaly.com\\\/fr\\\/?s={search_term_string}\"},\"query-input\":{\"@type\":\"PropertyValueSpecification\",\"valueRequired\":true,\"valueName\":\"search_term_string\"}}],\"inLanguage\":\"fr-FR\"}]}<\/script>\n<!-- \/ Yoast SEO Premium plugin. -->","yoast_head_json":{"title":"Edita Broglio - Egidi MadeinItaly","description":"Edita Broglio peintre, a fond\u00e9 avec Mario Broglio au d\u00e9but du XXe si\u00e8cle la revue Valori Plastici et le mouvement Retour \u00e0 l'ordre.","robots":{"index":"index","follow":"follow","max-snippet":"max-snippet:-1","max-image-preview":"max-image-preview:large","max-video-preview":"max-video-preview:-1"},"canonical":"https:\/\/egidimadeinitaly.com\/fr\/artistes\/edita-broglio\/","og_locale":"fr_FR","og_type":"article","og_title":"Edita Broglio","og_description":"Elle se sentait comme \u00e9blouie par la somptuosit\u00e9 dor\u00e9e de l'environnement, si bien que les \u0153uvres de cette p\u00e9riode apparaissent comme les fruits d'un \u00e9tat d'ivresse quasi somnambulique (Savinio)","og_url":"https:\/\/egidimadeinitaly.com\/fr\/artistes\/edita-broglio\/","og_site_name":"Egidi MadeinItaly","article_publisher":"https:\/\/www.facebook.com\/egidimadeinitaly\/","article_modified_time":"2025-03-02T09:01:55+00:00","og_image":[{"width":1858,"height":2190,"url":"https:\/\/egidimadeinitaly.com\/wp-content\/uploads\/2024\/10\/Ritratto-di-signora-su-tarsia.webp","type":"image\/webp"}],"schema":{"@context":"https:\/\/schema.org","@graph":[{"@type":"WebPage","@id":"https:\/\/egidimadeinitaly.com\/fr\/artisti\/edita-broglio\/","url":"https:\/\/egidimadeinitaly.com\/fr\/artistes\/edita-broglio\/","name":"Edita Broglio - Egidi MadeinItaly","isPartOf":{"@id":"https:\/\/egidimadeinitaly.com\/fr\/#website"},"primaryImageOfPage":{"@id":"https:\/\/egidimadeinitaly.com\/fr\/artistes\/edita-broglio\/#primaryimage"},"image":{"@id":"https:\/\/egidimadeinitaly.com\/fr\/artistes\/edita-broglio\/#primaryimage"},"thumbnailUrl":"https:\/\/egidimadeinitaly.com\/v25\/wp-content\/uploads\/2024\/10\/Ritratto-di-signora-su-tarsia.webp","datePublished":"2024-10-23T17:18:22+00:00","dateModified":"2025-03-02T09:01:55+00:00","description":"Edita Broglio peintre, a fond\u00e9 avec Mario Broglio au d\u00e9but du XXe si\u00e8cle la revue Valori Plastici et le mouvement Retour \u00e0 l'ordre.","breadcrumb":{"@id":"https:\/\/egidimadeinitaly.com\/fr\/artistes\/edita-broglio\/#breadcrumb"},"inLanguage":"fr-FR","potentialAction":[{"@type":"ReadAction","target":["https:\/\/egidimadeinitaly.com\/fr\/artistes\/edita-broglio\/"]}]},{"@type":"ImageObject","inLanguage":"fr-FR","@id":"https:\/\/egidimadeinitaly.com\/fr\/artistes\/edita-broglio\/#primaryimage","url":"https:\/\/egidimadeinitaly.com\/v25\/wp-content\/uploads\/2024\/10\/Ritratto-di-signora-su-tarsia.webp","contentUrl":"https:\/\/egidimadeinitaly.com\/v25\/wp-content\/uploads\/2024\/10\/Ritratto-di-signora-su-tarsia.webp","width":1858,"height":2190,"caption":"Ritratto di signora su tarsia"},{"@type":"BreadcrumbList","@id":"https:\/\/egidimadeinitaly.com\/fr\/artistes\/edita-broglio\/#breadcrumb","itemListElement":[{"@type":"ListItem","position":1,"name":"Home","item":"https:\/\/egidimadeinitaly.com\/fr\/"},{"@type":"ListItem","position":2,"name":"Edita Broglio"}]},{"@type":"WebSite","@id":"https:\/\/egidimadeinitaly.com\/fr\/#website","url":"https:\/\/egidimadeinitaly.com\/fr\/","name":"Egidi MadeinItaly","description":"Fine Art","potentialAction":[{"@type":"SearchAction","target":{"@type":"EntryPoint","urlTemplate":"https:\/\/egidimadeinitaly.com\/fr\/?s={search_term_string}"},"query-input":{"@type":"PropertyValueSpecification","valueRequired":true,"valueName":"search_term_string"}}],"inLanguage":"fr-FR"}]}},"_links":{"self":[{"href":"https:\/\/egidimadeinitaly.com\/fr\/wp-json\/wp\/v2\/artisti\/119738","targetHints":{"allow":["GET"]}}],"collection":[{"href":"https:\/\/egidimadeinitaly.com\/fr\/wp-json\/wp\/v2\/artisti"}],"about":[{"href":"https:\/\/egidimadeinitaly.com\/fr\/wp-json\/wp\/v2\/types\/artisti"}],"wp:featuredmedia":[{"embeddable":true,"href":"https:\/\/egidimadeinitaly.com\/fr\/wp-json\/wp\/v2\/media\/119752"}],"wp:attachment":[{"href":"https:\/\/egidimadeinitaly.com\/fr\/wp-json\/wp\/v2\/media?parent=119738"}],"wp:term":[{"taxonomy":"post_tag","embeddable":true,"href":"https:\/\/egidimadeinitaly.com\/fr\/wp-json\/wp\/v2\/tags?post=119738"},{"taxonomy":"tags","embeddable":true,"href":"https:\/\/egidimadeinitaly.com\/fr\/wp-json\/wp\/v2\/tags?post=119738"}],"curies":[{"name":"wp","href":"https:\/\/api.w.org\/{rel}","templated":true}]}}