{"id":117193,"date":"2023-12-22T12:35:03","date_gmt":"2023-12-22T11:35:03","guid":{"rendered":"https:\/\/egidimadeinitaly.com\/?post_type=artisti&#038;p=117193"},"modified":"2025-03-02T10:06:23","modified_gmt":"2025-03-02T09:06:23","slug":"carlo-brancaccio","status":"publish","type":"artisti","link":"https:\/\/egidimadeinitaly.com\/fr\/artisti\/carlo-brancaccio\/","title":{"rendered":"Carlo Brancaccio"},"content":{"rendered":"<p>Carlo Brancaccio peintre italien (Naples 1861- 1920)<\/p>\n<h2><strong>Carlo Brancaccio et ses \u00e9tudes<\/strong><\/h2>\n<p>Il se consacre \u00e0 la peinture de paysages et surtout de marines. Il commence ses \u00e9tudes \u00e0 l&rsquo;\u00e2ge de 22 ans en autodidacte en suivant les conseils et les exemples de son ami <a href=\"https:\/\/egidimadeinitaly.com\/fr\/artistes\/edoardo-dalbono\/\">Edoardo Dalbono.<\/a><\/p>\n<p>Proche d&rsquo;un style de peinture moderne, en plein air, qui, bien qu&rsquo;influenc\u00e9 de loin par l&rsquo;exemple impressionniste dans son ex\u00e9cution, il pr\u00e9f\u00e8re les rues et les lieux les plus caract\u00e9ristiques de Naples et de ses environs.<\/p>\n<h2><strong>Expositions et r\u00e9compenses de Carlo Brancaccio<\/strong><\/h2>\n<p>Il pr\u00e9sente \u00e0 l&rsquo;exposition de la Societ\u00e0 Promotrice de Naples : en 1881, 1884 et 1885 quelques <em>\u00c9tudes<\/em> et un tableau, <em>Paese<\/em> ; en 1887, <em>Passe-partout<\/em>, et en 1888, <em>Un jour de pluie \u00e0 Tol\u00e8de<\/em> et <em>Chez Mergellina<\/em>.<\/p>\n<h3>\u00a0Londres<\/h3>\n<p>La m\u00eame ann\u00e9e, il pr\u00e9sente une <em>Marinella<\/em> \u00e0 l&rsquo;exposition italienne de Londres.<\/p>\n<h3>Italie<\/h3>\n<p>En 1889, il expose, toujours \u00e0 Naples, <em>Via Toledo con la piazza<\/em>. L&rsquo;ann\u00e9e suivante Brancaccio pr\u00e9sente <em>In campania <\/em>et <em>Verso sera<\/em> \u00e0 la Promotrice napoletana. \u00c0 l&rsquo;exposition de Milan, <em>La piazza del Carmine di Napoli<\/em> et \u00e0 l&rsquo;Exposition nationale de Palerme, ses <em>Impressions de Naples <\/em>sont \u00e9galement pr\u00e9sent\u00e9es l&rsquo;ann\u00e9e suivante \u00e0 l&rsquo;Esposizione cinquantenaria di arte moderna de Turin. En 1893, l&rsquo;une de ses \u0153uvres, <em>Basso porto<\/em>, est r\u00e9compens\u00e9e par une m\u00e9daille d&rsquo;or \u00e0 l&rsquo;<strong>Exposition nationale de Rome<\/strong>. En 1895, il participe\u00a0\u00e0 l&rsquo;Exposition nationale de Rome avec <em>L&rsquo;amour et une cha\u00eene<\/em>, <em>Heures tristes<\/em> et <em>En attendant<\/em>.<\/p>\n<p>A la Triennale de l&rsquo;Acad\u00e9mie des Beaux-Arts de Brera avec <em>Impressions de Naples<\/em> et <em>Vieux Naples<\/em> et \u00e0 la Promotrice napoletana avec un <em>Paysage <\/em>et <em>Vieux Naples<\/em>. En 1895, il participe avec ses <em>Impressions <\/em>et et d&rsquo;autres \u0153uvres aquarell\u00e9es \u00e9galement \u00e0 l&rsquo;Exposition internationale de Venise,<\/p>\n<p>Il participe \u00e0 l&rsquo;Exposition d&rsquo;art et de fleurs de Florence en 1897 avec <em>Sulla via di Amalfi <\/em>qui est achet\u00e9e par le roi Humbert I<sup>er<\/sup>. En 1896, il participe \u00e0 la Triennale de Turin avec <em>Lavandaie al Sebeto<\/em>, \u00e0 Naples avec <em>Vicolo<\/em><\/p>\n<h3>Allemagne<\/h3>\n<p>A l&rsquo;Exposition internationale de Munich, <em>Naples et ses environs<\/em>, 12 aquarelles achet\u00e9es par Goupil.<\/p>\n<p>En 1890, il obtient une mention honorable \u00e0 Berlin pour les <em>Impressionnistes de Naples <\/em>et, en 1891, il pr\u00e9sente \u00e0 l&rsquo;Exposition internationale de cette m\u00eame<\/p>\n<p>ville \u00ab\u00a0<em>Golfe<\/em>, <em>Mergellina\u00a0\u00bb<\/em> et \u00ab\u00a0<em>Le vieux Naples\u00a0\u00bb<\/em>.<\/p>\n<p>Toujours en 1892, il expose <em>Vieux Naples <\/em>et <em>Maison de paysans \u00e0 Capri <\/em>\u00e0 l&rsquo;Acad\u00e9mie royale des arts de Berlin. A la grande Exposition d&rsquo;art de Berlin avec <em>Amalfi<\/em>, <em>C\u00f4te amalfitaine <\/em>et <em>Sorrento.<\/em><\/p>\n<p>L&rsquo;ann\u00e9e suivante, il participe \u00e0 l&rsquo;Exposition du printemps de Hambourg. En 1895, il participe\u00a0\u00e0 l&rsquo;Exposition d&rsquo;art de Berlin, \u00e0 l&rsquo;Exposition internationale de Munich<\/p>\n<p>En 1900, il expose <em>Impressions <\/em>\u00e0 Berlin et, en 1901, <em>Paysage<\/em> \u00e0 Venise. Il expos\u00a0 \u00e0 Munich avec <em>Rinvio e<\/em>n 1896,<\/p>\n<h3>France<\/h3>\n<p>L&rsquo;ann\u00e9e suivante, il participe au Salon de Paris avec <em>Foce del Sebeto<\/em>; en 1897 Brancaccio, pr\u00e9sente ses \u00ab Impressions \u00bb \u00e0 l&rsquo;Exposition internationale de la Principaut\u00e9 de Monaco ainsi qu&rsquo;\u00e0 Berlin et \u00e0 Bruxelles, avec d&rsquo;autres \u0153uvres. En 1895, il participe \u00e0 l&rsquo;Exposition de la Principaut\u00e9 de Monaco,<\/p>\n<h3>\u00a0Autriche<\/h3>\n<p>A l&rsquo;Exposition internationale de Vienne avec un <em>Paysage<\/em>; A la Triennale de l&rsquo;Acad\u00e9mie des Beaux-Arts de Brera avec <em>Impressions de Naples<\/em> et <em>Vieux Naples<\/em> et \u00e0 la Promotrice napoletana avec un <em>Paysage <\/em>et <em>Vieux Naples<\/em>.<\/p>\n<h3>Russie<\/h3>\n<p>En 1898, il participe \u00e0 nouveau \u00e0 de nombreuses expositions, dont celle de Saint-P\u00e9tersbourg avec <em>Heures tristes<\/em>, qui est achet\u00e9e par l&rsquo;imp\u00e9ratrice russe.<\/p>\n<p>&nbsp;<\/p>\n<h2 style=\"text-align: center;\">Vous poss\u00e9dez une \u0153uvre de Carlo Brancaccio\u00a0 et vous voulez la vendre ?<\/h2>\n<p style=\"text-align: center;\">Appelez-nous au num\u00e9ro +39 3356585431 ou envoyez-nous un message WhatsApp au +39 3356585431<\/p>\n<p style=\"text-align: center;\"><span style=\"color: #ff6600;\"><strong>VOUS POUVEZ NOUS FAIRE CONFIANCE<\/strong><\/span><\/p>\n<p style=\"text-align: center;\">Les meilleures estimations, comp\u00e9tence, s\u00e9rieux<\/p>\n","protected":false},"excerpt":{"rendered":"<p>Peintre italien, Carlo Brancaccio se consacre \u00e0 la peinture de paysages et surtout de marines.<\/p>\n","protected":false},"featured_media":117186,"parent":0,"template":"","format":"standard","meta":{"_acf_changed":false},"tags":[6506],"class_list":["post-117193","artisti","type-artisti","status-publish","format-standard","has-post-thumbnail","hentry","tags-b"],"acf":[],"yoast_head":"<!-- This site is optimized with the Yoast SEO Premium plugin v27.4 (Yoast SEO v27.5) - https:\/\/yoast.com\/product\/yoast-seo-premium-wordpress\/ -->\n<title>Carlo Brancaccio - Egidi MadeinItaly<\/title>\n<meta name=\"description\" content=\"Carlo Brancaccio (Naples 1961-1920) peintre napolitain. Il se consacre \u00e0 la peinture de paysages et surtout de marines.\" \/>\n<meta name=\"robots\" content=\"index, follow, max-snippet:-1, max-image-preview:large, max-video-preview:-1\" \/>\n<link rel=\"canonical\" href=\"https:\/\/egidimadeinitaly.com\/fr\/artistes\/carlo-brancaccio\/\" \/>\n<meta property=\"og:locale\" content=\"fr_FR\" \/>\n<meta property=\"og:type\" content=\"article\" \/>\n<meta property=\"og:title\" content=\"Carlo Brancaccio\" \/>\n<meta property=\"og:description\" content=\"Peintre italien, Carlo Brancaccio se consacre \u00e0 la peinture de paysages et surtout de marines.\" \/>\n<meta property=\"og:url\" content=\"https:\/\/egidimadeinitaly.com\/fr\/artistes\/carlo-brancaccio\/\" \/>\n<meta property=\"og:site_name\" content=\"Egidi MadeinItaly\" \/>\n<meta property=\"article:publisher\" content=\"https:\/\/www.facebook.com\/egidimadeinitaly\/\" \/>\n<meta property=\"article:modified_time\" content=\"2025-03-02T09:06:23+00:00\" \/>\n<meta property=\"og:image\" content=\"https:\/\/egidimadeinitaly.com\/wp-content\/uploads\/2023\/12\/Carlo-Brancaccio-pittore-scaled-e1703251501992.jpg\" \/>\n\t<meta property=\"og:image:width\" content=\"1024\" \/>\n\t<meta property=\"og:image:height\" content=\"806\" \/>\n\t<meta property=\"og:image:type\" content=\"image\/jpeg\" \/>\n<script type=\"application\/ld+json\" class=\"yoast-schema-graph\">{\"@context\":\"https:\\\/\\\/schema.org\",\"@graph\":[{\"@type\":\"WebPage\",\"@id\":\"https:\\\/\\\/egidimadeinitaly.com\\\/fr\\\/artisti\\\/carlo-brancaccio\\\/\",\"url\":\"https:\\\/\\\/egidimadeinitaly.com\\\/fr\\\/artistes\\\/carlo-brancaccio\\\/\",\"name\":\"Carlo Brancaccio - Egidi MadeinItaly\",\"isPartOf\":{\"@id\":\"https:\\\/\\\/egidimadeinitaly.com\\\/fr\\\/#website\"},\"primaryImageOfPage\":{\"@id\":\"https:\\\/\\\/egidimadeinitaly.com\\\/fr\\\/artistes\\\/carlo-brancaccio\\\/#primaryimage\"},\"image\":{\"@id\":\"https:\\\/\\\/egidimadeinitaly.com\\\/fr\\\/artistes\\\/carlo-brancaccio\\\/#primaryimage\"},\"thumbnailUrl\":\"https:\\\/\\\/egidimadeinitaly.com\\\/v25\\\/wp-content\\\/uploads\\\/2023\\\/12\\\/Carlo-Brancaccio-pittore-scaled-e1703251501992.jpg\",\"datePublished\":\"2023-12-22T11:35:03+00:00\",\"dateModified\":\"2025-03-02T09:06:23+00:00\",\"description\":\"Carlo Brancaccio (Naples 1961-1920) peintre napolitain. Il se consacre \u00e0 la peinture de paysages et surtout de marines.\",\"breadcrumb\":{\"@id\":\"https:\\\/\\\/egidimadeinitaly.com\\\/fr\\\/artistes\\\/carlo-brancaccio\\\/#breadcrumb\"},\"inLanguage\":\"fr-FR\",\"potentialAction\":[{\"@type\":\"ReadAction\",\"target\":[\"https:\\\/\\\/egidimadeinitaly.com\\\/fr\\\/artistes\\\/carlo-brancaccio\\\/\"]}]},{\"@type\":\"ImageObject\",\"inLanguage\":\"fr-FR\",\"@id\":\"https:\\\/\\\/egidimadeinitaly.com\\\/fr\\\/artistes\\\/carlo-brancaccio\\\/#primaryimage\",\"url\":\"https:\\\/\\\/egidimadeinitaly.com\\\/v25\\\/wp-content\\\/uploads\\\/2023\\\/12\\\/Carlo-Brancaccio-pittore-scaled-e1703251501992.jpg\",\"contentUrl\":\"https:\\\/\\\/egidimadeinitaly.com\\\/v25\\\/wp-content\\\/uploads\\\/2023\\\/12\\\/Carlo-Brancaccio-pittore-scaled-e1703251501992.jpg\",\"width\":1024,\"height\":806,\"caption\":\"Carlo Brancaccio\"},{\"@type\":\"BreadcrumbList\",\"@id\":\"https:\\\/\\\/egidimadeinitaly.com\\\/fr\\\/artistes\\\/carlo-brancaccio\\\/#breadcrumb\",\"itemListElement\":[{\"@type\":\"ListItem\",\"position\":1,\"name\":\"Home\",\"item\":\"https:\\\/\\\/egidimadeinitaly.com\\\/fr\\\/\"},{\"@type\":\"ListItem\",\"position\":2,\"name\":\"Carlo Brancaccio\"}]},{\"@type\":\"WebSite\",\"@id\":\"https:\\\/\\\/egidimadeinitaly.com\\\/fr\\\/#website\",\"url\":\"https:\\\/\\\/egidimadeinitaly.com\\\/fr\\\/\",\"name\":\"Egidi MadeinItaly\",\"description\":\"Fine Art\",\"potentialAction\":[{\"@type\":\"SearchAction\",\"target\":{\"@type\":\"EntryPoint\",\"urlTemplate\":\"https:\\\/\\\/egidimadeinitaly.com\\\/fr\\\/?s={search_term_string}\"},\"query-input\":{\"@type\":\"PropertyValueSpecification\",\"valueRequired\":true,\"valueName\":\"search_term_string\"}}],\"inLanguage\":\"fr-FR\"}]}<\/script>\n<!-- \/ Yoast SEO Premium plugin. -->","yoast_head_json":{"title":"Carlo Brancaccio - Egidi MadeinItaly","description":"Carlo Brancaccio (Naples 1961-1920) peintre napolitain. Il se consacre \u00e0 la peinture de paysages et surtout de marines.","robots":{"index":"index","follow":"follow","max-snippet":"max-snippet:-1","max-image-preview":"max-image-preview:large","max-video-preview":"max-video-preview:-1"},"canonical":"https:\/\/egidimadeinitaly.com\/fr\/artistes\/carlo-brancaccio\/","og_locale":"fr_FR","og_type":"article","og_title":"Carlo Brancaccio","og_description":"Peintre italien, Carlo Brancaccio se consacre \u00e0 la peinture de paysages et surtout de marines.","og_url":"https:\/\/egidimadeinitaly.com\/fr\/artistes\/carlo-brancaccio\/","og_site_name":"Egidi MadeinItaly","article_publisher":"https:\/\/www.facebook.com\/egidimadeinitaly\/","article_modified_time":"2025-03-02T09:06:23+00:00","og_image":[{"width":1024,"height":806,"url":"https:\/\/egidimadeinitaly.com\/wp-content\/uploads\/2023\/12\/Carlo-Brancaccio-pittore-scaled-e1703251501992.jpg","type":"image\/jpeg"}],"schema":{"@context":"https:\/\/schema.org","@graph":[{"@type":"WebPage","@id":"https:\/\/egidimadeinitaly.com\/fr\/artisti\/carlo-brancaccio\/","url":"https:\/\/egidimadeinitaly.com\/fr\/artistes\/carlo-brancaccio\/","name":"Carlo Brancaccio - Egidi MadeinItaly","isPartOf":{"@id":"https:\/\/egidimadeinitaly.com\/fr\/#website"},"primaryImageOfPage":{"@id":"https:\/\/egidimadeinitaly.com\/fr\/artistes\/carlo-brancaccio\/#primaryimage"},"image":{"@id":"https:\/\/egidimadeinitaly.com\/fr\/artistes\/carlo-brancaccio\/#primaryimage"},"thumbnailUrl":"https:\/\/egidimadeinitaly.com\/v25\/wp-content\/uploads\/2023\/12\/Carlo-Brancaccio-pittore-scaled-e1703251501992.jpg","datePublished":"2023-12-22T11:35:03+00:00","dateModified":"2025-03-02T09:06:23+00:00","description":"Carlo Brancaccio (Naples 1961-1920) peintre napolitain. Il se consacre \u00e0 la peinture de paysages et surtout de marines.","breadcrumb":{"@id":"https:\/\/egidimadeinitaly.com\/fr\/artistes\/carlo-brancaccio\/#breadcrumb"},"inLanguage":"fr-FR","potentialAction":[{"@type":"ReadAction","target":["https:\/\/egidimadeinitaly.com\/fr\/artistes\/carlo-brancaccio\/"]}]},{"@type":"ImageObject","inLanguage":"fr-FR","@id":"https:\/\/egidimadeinitaly.com\/fr\/artistes\/carlo-brancaccio\/#primaryimage","url":"https:\/\/egidimadeinitaly.com\/v25\/wp-content\/uploads\/2023\/12\/Carlo-Brancaccio-pittore-scaled-e1703251501992.jpg","contentUrl":"https:\/\/egidimadeinitaly.com\/v25\/wp-content\/uploads\/2023\/12\/Carlo-Brancaccio-pittore-scaled-e1703251501992.jpg","width":1024,"height":806,"caption":"Carlo Brancaccio"},{"@type":"BreadcrumbList","@id":"https:\/\/egidimadeinitaly.com\/fr\/artistes\/carlo-brancaccio\/#breadcrumb","itemListElement":[{"@type":"ListItem","position":1,"name":"Home","item":"https:\/\/egidimadeinitaly.com\/fr\/"},{"@type":"ListItem","position":2,"name":"Carlo Brancaccio"}]},{"@type":"WebSite","@id":"https:\/\/egidimadeinitaly.com\/fr\/#website","url":"https:\/\/egidimadeinitaly.com\/fr\/","name":"Egidi MadeinItaly","description":"Fine Art","potentialAction":[{"@type":"SearchAction","target":{"@type":"EntryPoint","urlTemplate":"https:\/\/egidimadeinitaly.com\/fr\/?s={search_term_string}"},"query-input":{"@type":"PropertyValueSpecification","valueRequired":true,"valueName":"search_term_string"}}],"inLanguage":"fr-FR"}]}},"_links":{"self":[{"href":"https:\/\/egidimadeinitaly.com\/fr\/wp-json\/wp\/v2\/artisti\/117193","targetHints":{"allow":["GET"]}}],"collection":[{"href":"https:\/\/egidimadeinitaly.com\/fr\/wp-json\/wp\/v2\/artisti"}],"about":[{"href":"https:\/\/egidimadeinitaly.com\/fr\/wp-json\/wp\/v2\/types\/artisti"}],"wp:featuredmedia":[{"embeddable":true,"href":"https:\/\/egidimadeinitaly.com\/fr\/wp-json\/wp\/v2\/media\/117186"}],"wp:attachment":[{"href":"https:\/\/egidimadeinitaly.com\/fr\/wp-json\/wp\/v2\/media?parent=117193"}],"wp:term":[{"taxonomy":"post_tag","embeddable":true,"href":"https:\/\/egidimadeinitaly.com\/fr\/wp-json\/wp\/v2\/tags?post=117193"},{"taxonomy":"tags","embeddable":true,"href":"https:\/\/egidimadeinitaly.com\/fr\/wp-json\/wp\/v2\/tags?post=117193"}],"curies":[{"name":"wp","href":"https:\/\/api.w.org\/{rel}","templated":true}]}}