{"id":115943,"date":"2023-07-06T14:06:52","date_gmt":"2023-07-06T13:06:52","guid":{"rendered":"https:\/\/egidimadeinitaly.com\/ecomsite\/?post_type=artisti&#038;p=115943"},"modified":"2025-03-02T10:08:25","modified_gmt":"2025-03-02T09:08:25","slug":"fausto-pirandello","status":"publish","type":"artisti","link":"https:\/\/egidimadeinitaly.com\/fr\/artisti\/fausto-pirandello\/","title":{"rendered":"Fausto Pirandello"},"content":{"rendered":"<h2><b>Fausto Pirandello peintre italien <\/b><span style=\"font-weight: 400;\">(Rome 1899-1975)<\/span><\/h2>\n<p><span style=\"font-weight: 400;\">Fils de l&rsquo;\u00e9crivain <strong>Luigi Pirandello<\/strong> et d&rsquo;Antonietta Portolano.<\/span><\/p>\n<h2><span style=\"font-weight: 400;\">Ses \u00e9tudes<\/span><\/h2>\n<p><span style=\"font-weight: 400;\">Apr\u00e8s avoir termin\u00e9 ses \u00e9tudes de lettres classiques, il d\u00e9cide de se consacrer \u00e0 l&rsquo;art : son p\u00e8re l&rsquo;oriente vers<strong> la sculpture<\/strong>, mais le jeune homme abandonne rapidement, pr\u00e9f\u00e9rant se concentrer sur l&rsquo;\u00e9tude du dessin.<\/span><\/p>\n<h3><span style=\"font-weight: 400;\">Sigmund Lipinsky et les Deutsch-R\u00f6mer\u00a0<\/span><\/h3>\n<p><span style=\"font-weight: 400;\">Il suit les cours du graveur <\/span><b>Sigmund Lipinsky<\/b><span style=\"font-weight: 400;\">, qui le marquera profond\u00e9ment. Par l&rsquo;interm\u00e9diaire de son ma\u00eetre, Pirandello a pu entrer en contact avec les \u0153uvres graphiques des <\/span><i><span style=\"font-weight: 400;\">Deutsch-R\u00f6mer <\/span><\/i><span style=\"font-weight: 400;\">\u00a0et a \u00e9t\u00e9 fascin\u00e9 par leur rendu calligraphique \u2013 parfois m\u00eame exag\u00e9r\u00e9 \u2013 des d\u00e9tails anatomiques de la figure.<\/span><\/p>\n<p><span style=\"font-weight: 400;\">En 1920, il fr\u00e9quente l&rsquo;\u00c9cole libre du nu.<\/span><\/p>\n<h2><span style=\"font-weight: 400;\">Le th\u00e8me du corps<\/span><\/h2>\n<p><span style=\"font-weight: 400;\">La centralit\u00e9 du th\u00e8me du corps, qui, dans les autoportraits de sa jeunesse, se traduisait par l&rsquo;expressivit\u00e9 du dessin, se traduit principalement par la couleur dans la production des ann\u00e9es 1930, avec une attention particuli\u00e8re pour le rendu des couleurs de peau.\u00a0<\/span><\/p>\n<p><span style=\"font-weight: 400;\">En 1922, il commence \u00e0 fr\u00e9quenter <\/span><b>l&rsquo;\u00e9cole de peinture de Felice Carena<\/b><span style=\"font-weight: 400;\">, entre Rome et Anticoli Corrado.<\/span><\/p>\n<p><span style=\"font-weight: 400;\">\u00a0Il a pour condisciples <a href=\"https:\/\/egidimadeinitaly.com\/fr\/artistes\/emanuele-cavalli\/\">Emanuele Cavalli<\/a> et <a href=\"https:\/\/egidimadeinitaly.com\/fr\/artistes\/giuseppe-capogrossi\/\">Giuseppe Capogrossi<\/a>.<\/span><\/p>\n<p><span style=\"font-weight: 400;\">Il fait ses d\u00e9buts en 1925 \u00e0 la 3<\/span><span style=\"font-weight: 400;\">e<\/span><span style=\"font-weight: 400;\"> Biennale de Rome avec l&rsquo;\u0153uvre intitul\u00e9e <\/span><i><span style=\"font-weight: 400;\">Baigneuses<\/span><\/i><span style=\"font-weight: 400;\">, th\u00e8me sur lequel il reviendra de mani\u00e8re obsessionnelle pendant un demi-si\u00e8cle.<\/span><\/p>\n<p><span style=\"font-weight: 400;\">En 1926, il participe \u00e0 la Biennale de Venise, et lors des \u00e9ditions suivantes, la critique le consid\u00e9rera pendant au moins trente ans comme l&rsquo;un des artistes les plus int\u00e9ressants et les plus originaux.<\/span><\/p>\n<h2><b>Paris<\/b><\/h2>\n<p><span style=\"font-weight: 400;\">En 1928, il se rend \u00e0 Paris, o\u00f9 il \u00e9pouse Pompilia d&rsquo;Aprile, un mod\u00e8le d&rsquo;Anticoli Corrado. La m\u00eame ann\u00e9e na\u00eet leur premier fils, Pierluigi (1928-2018).<\/span><\/p>\n<p><span style=\"font-weight: 400;\">\u00c0 Paris, Fausto Pirandello \u00e9tudie la peinture des <\/span><i><span style=\"font-weight: 400;\">Italiens de Paris<\/span><\/i><span style=\"font-weight: 400;\"> (lien), de l&rsquo;\u00c9cole de Paris et des surr\u00e9alistes. Il fait une rencontre fulgurante avec l&rsquo;art de <\/span><b>Pablo Picasso <\/b>et <span style=\"font-weight: 400;\">de <strong>Georges <\/strong><\/span><b>Braque<\/b><span style=\"font-weight: 400;\">, auxquels il se mesurera \u00e9galement dans sa maturit\u00e9 artistique.<\/span><\/p>\n<p><span style=\"font-weight: 400;\">C&rsquo;est \u00e0 Paris qu&rsquo;il clarifie pour lui-m\u00eame le probl\u00e8me de l&rsquo;art et de la modernit\u00e9.\u00a0<\/span><\/p>\n<p><span style=\"font-weight: 400;\">En 1929, il pr\u00e9sente sa premi\u00e8re exposition personnelle \u00e0 la Galerie Vildrac 11, rue de Seine \u00e0 Paris.<\/span><\/p>\n<p><span style=\"font-weight: 400;\">Ses natures mortes et ses figures de ces ann\u00e9es-l\u00e0 sont principalement influenc\u00e9es par Braque, mais r\u00e9v\u00e8lent en m\u00eame temps une forte personnalit\u00e9.\u00a0<\/span><\/p>\n<p><span style=\"font-weight: 400;\">L&rsquo;impact est tonal, le sentiment sensuel et dramatique, la mati\u00e8re \u00e9parse, le sujet rugueux et familier.<\/span><\/p>\n<p><span style=\"font-weight: 400;\">Apr\u00e8s une escale \u00e0 Berlin et une exposition \u00e0 la Galerie Bakum \u00e0 Vienne, il retourne \u00e0 Rome en 1930 et fait partie des artistes du Renouveau, contre le Novecentismo (mouvement du XX<\/span><span style=\"font-weight: 400;\">e<\/span><span style=\"font-weight: 400;\"> si\u00e8cle).<\/span><\/p>\n<h2><b>Rome<\/b><\/h2>\n<p><span style=\"font-weight: 400;\">\u00c0 l&rsquo;Exposition syndicale de 1930, il pr\u00e9sente <\/span><i><span style=\"font-weight: 400;\">Interno di mattino <\/span><\/i><span style=\"font-weight: 400;\">(Int\u00e9rieur au matin).<\/span><\/p>\n<p><span style=\"font-weight: 400;\">\u00a0L&rsquo;ann\u00e9e suivante, il r\u00e9alise sa premi\u00e8re exposition personnelle \u00e0 la <\/span><i><span style=\"font-weight: 400;\"><a href=\"https:\/\/egidimadeinitaly.com\/fr\/galerie-de-rome\/\">Galerie de Rome<\/a><\/span><\/i><span style=\"font-weight: 400;\">\u00a0dirig\u00e9e par le critique Pietro Maria Bardi.<\/span><\/p>\n<figure id=\"attachment_115916\" aria-describedby=\"caption-attachment-115916\" style=\"width: 202px\" class=\"wp-caption alignnone\"><img decoding=\"async\" class=\"size-medium wp-image-115916\" src=\"https:\/\/egidimadeinitaly.com\/wp-content\/uploads\/2023\/06\/Ritratto-di-Lietta-Fausto-Pirandello-202x300.jpg\" alt=\"Ritratto di Lietta \" width=\"202\" height=\"300\" srcset=\"https:\/\/egidimadeinitaly.com\/v25\/wp-content\/uploads\/2023\/06\/Ritratto-di-Lietta-Fausto-Pirandello-202x300.jpg 202w, https:\/\/egidimadeinitaly.com\/v25\/wp-content\/uploads\/2023\/06\/Ritratto-di-Lietta-Fausto-Pirandello-600x893.jpg 600w, https:\/\/egidimadeinitaly.com\/v25\/wp-content\/uploads\/2023\/06\/Ritratto-di-Lietta-Fausto-Pirandello.jpg 605w\" sizes=\"(max-width: 202px) 100vw, 202px\" \/><figcaption id=\"caption-attachment-115916\" class=\"wp-caption-text\">Ritratto di Lietta<\/figcaption><\/figure>\n<p><span style=\"font-weight: 400;\">Au cours des ann\u00e9es suivantes, il r\u00e9alise certains de ses plus grands chefs-d&rsquo;\u0153uvre, comme <\/span><i><span style=\"font-weight: 400;\">Interno di mattina<\/span><\/i><span style=\"font-weight: 400;\"> et <\/span><i><span style=\"font-weight: 400;\">Scala <\/span><\/i><span style=\"font-weight: 400;\">(\u00c9chelle), expos\u00e9s \u00e0 la Biennale de Venise en 1934 et faisant partie de la collection Gualino.<\/span><\/p>\n<p><span style=\"font-weight: 400;\">Il pr\u00e9sente une exposition personnelle de dix-sept \u0153uvres \u00e0 la Quadriennale de 1935.<\/span><\/p>\n<h2><b>L&rsquo;\u00c9cole romaine<\/b><\/h2>\n<h3><b>\u00a0La p\u00e9riode de la maturit\u00e9 artistique<\/b><\/h3>\n<p><span style=\"font-weight: 400;\">\u00c0 partir du milieu des ann\u00e9es 1930, Fausto Pirandello atteint une nouvelle maturit\u00e9 : son langage associe le <\/span><a href=\"https:\/\/egidimadeinitaly.com\/fr\/ecole-romaine\/\"><b>tonalisme de l&rsquo;\u00e9cole romaine <\/b><\/a><span style=\"font-weight: 400;\">\u00e0 une figuration toute personnelle, o\u00f9 le souvenir de la peinture ancienne (de Pomp\u00e9i au XV<\/span><span style=\"font-weight: 400;\">e<\/span><span style=\"font-weight: 400;\"> si\u00e8cle) se confond avec la modernit\u00e9 de l&rsquo;avant-garde internationale du XX<\/span><span style=\"font-weight: 400;\">e<\/span><span style=\"font-weight: 400;\"> si\u00e8cle.<\/span><\/p>\n<p><span style=\"font-weight: 400;\">En 1938, il expose une s\u00e9rie de dessins \u00e0 la <a href=\"https:\/\/egidimadeinitaly.com\/fr\/galleria-della-cometa\/\">Galerie de la Com\u00e8te<\/a>.\u00a0<\/span><\/p>\n<h3><b>Les ann\u00e9es de la guerre 1939-1945<\/b><\/h3>\n<p><span style=\"font-weight: 400;\">Pendant les ann\u00e9es sombres de la Seconde guerre mondiale, il partage son temps entre Anticoli Corrado et Rome, s\u00e9journant \u00e0 la Villa M\u00e9dicis : malgr\u00e9 les difficult\u00e9s, c&rsquo;est une p\u00e9riode de grande inspiration.<\/span><\/p>\n<p><span style=\"font-weight: 400;\">Le sc\u00e9nario artistique de l&rsquo;apr\u00e8s-guerre le voit sceptique \u00e0 l&rsquo;\u00e9gard des avant-gardes venues des \u00c9tats-Unis.<\/span><\/p>\n<p><span style=\"font-weight: 400;\">En 1942, il expose \u00e0 la <a href=\"https:\/\/egidimadeinitaly.com\/fr\/galerie-de-rome\/\">Galerie de Rome<\/a> et \u00e0 la Galerie Ettore Gian Ferrari de Milan.<\/span><\/p>\n<figure id=\"attachment_115907\" aria-describedby=\"caption-attachment-115907\" style=\"width: 225px\" class=\"wp-caption alignnone\"><img decoding=\"async\" class=\"size-medium wp-image-115907\" src=\"https:\/\/egidimadeinitaly.com\/wp-content\/uploads\/2023\/06\/Bambini-1942-Fausto-Pirandello-225x300.jpg\" alt=\"Fausto Pirandello su Egidi MadeinItaly\" width=\"225\" height=\"300\" srcset=\"https:\/\/egidimadeinitaly.com\/v25\/wp-content\/uploads\/2023\/06\/Bambini-1942-Fausto-Pirandello-225x300.jpg 225w, https:\/\/egidimadeinitaly.com\/v25\/wp-content\/uploads\/2023\/06\/Bambini-1942-Fausto-Pirandello-600x800.jpg 600w, https:\/\/egidimadeinitaly.com\/v25\/wp-content\/uploads\/2023\/06\/Bambini-1942-Fausto-Pirandello.jpg 675w\" sizes=\"(max-width: 225px) 100vw, 225px\" \/><figcaption id=\"caption-attachment-115907\" class=\"wp-caption-text\">Bambini, 1942<\/figcaption><\/figure>\n<h3><b>Fausto Pirandello et l&rsquo;apr\u00e8s-guerre\u00a0<\/b><\/h3>\n<p><span style=\"font-weight: 400;\">Il rencontre le critique d&rsquo;art Lionello Venturi et participe aux expositions de l&rsquo;Art Club.<\/span><\/p>\n<p><span style=\"font-weight: 400;\">Il poursuit alors ses recherches de mani\u00e8re coh\u00e9rente, en r\u00e9fl\u00e9chissant sur certains th\u00e8mes de <\/span><b>l&rsquo;art cubiste<\/b><span style=\"font-weight: 400;\"> : la palette de couleurs s&rsquo;enrichit de tons plus vifs, les formes se d\u00e9composent et se g\u00e9om\u00e9trisent, et l&rsquo;\u00e9l\u00e9ment narratif perd peu \u00e0 peu de son importance.<\/span><\/p>\n<p><span style=\"font-weight: 400;\">Les ann\u00e9es 1950 sont pour Fausto Pirandello une p\u00e9riode de cr\u00e9ativit\u00e9 intense.<\/span><\/p>\n<p><span style=\"font-weight: 400;\">\u00a0Il participe \u00e0 des expositions personnelles et collectives, y compris \u00e0 l&rsquo;\u00e9tranger, et la critique italienne semble enfin lui attribuer la place de choix qu&rsquo;il m\u00e9rite dans l&rsquo;histoire de l&rsquo;art contemporain.<\/span><\/p>\n<p><span style=\"font-weight: 400;\">Sa grande exposition anthologique au Palais Barberini \u00e0 Rome date de 1951. Ses expositions importantes \u00e0 New York datent de 1955 et 1963.\u00a0<\/span><\/p>\n<p><span style=\"font-weight: 400;\">L&rsquo;absence de reconnaissance \u00e0 la Biennale de Venise de 1956, o\u00f9 il \u00e9tait en odeur de victoire, le met cependant en crise : en r\u00e9ponse, <strong>Fausto Pirandello<\/strong> s&rsquo;oblige, pendant une br\u00e8ve p\u00e9riode, \u00e0 aborder l&rsquo;abstraction, sans jamais renoncer totalement \u00e0 ses r\u00e9f\u00e9rences \u00e0 la r\u00e9alit\u00e9 objective.<\/span><\/p>\n<p><span style=\"font-weight: 400;\">Dans les ann\u00e9es 1960, il revient progressivement \u00e0 la figuration, avec une expressivit\u00e9 d\u00e9sormais pleinement personnelle.<\/span><\/p>\n<p><span style=\"font-weight: 400;\">Dans les derni\u00e8res ann\u00e9es de sa vie, sa sant\u00e9 l&rsquo;oblige \u00e0 abandonner progressivement la peinture \u00e0 l&rsquo;huile pour se concentrer sur des \u0153uvres sur papier et en particulier sur la technique du pastel.<\/span><\/p>\n<p><span style=\"font-weight: 400;\">Il meurt \u00e0 Rome le 30 novembre 1975.<\/span><\/p>\n<p><span style=\"font-weight: 400;\">Un an plus tard, la Galerie nationale d&rsquo;art moderne de Rome lui consacre sa premi\u00e8re grande r\u00e9trospective.<\/span><\/p>\n<h3 style=\"text-align: center;\">Vous poss\u00e9dez une \u0153uvre de Fausto Pirandello et vous voulez la vendre ?<\/h3>\n<p style=\"text-align: center;\">Appelez-nous au num\u00e9ro +39 3356585431 ou envoyez-nous un message WhatsApp au +39 3356585431<\/p>\n<p style=\"text-align: center;\"><span style=\"color: #ff9900;\"><strong>VOUS POUVEZ NOUS FAIRE CONFIANCE<\/strong><\/span><\/p>\n<p style=\"text-align: center;\">Les meilleures estimations, comp\u00e9tence, s\u00e9rieux<\/p>\n<p>&nbsp;<\/p>\n","protected":false},"excerpt":{"rendered":"<p>\u00c0 partir du milieu des ann\u00e9es 1930, Fausto Pirandello atteint une nouvelle maturit\u00e9 : son langage associe le tonalisme de l&rsquo;\u00e9cole romaine \u00e0 une figuration toute personnelle.<\/p>\n","protected":false},"featured_media":115913,"parent":0,"template":"","format":"standard","meta":{"_acf_changed":false},"tags":[6517],"class_list":["post-115943","artisti","type-artisti","status-publish","format-standard","has-post-thumbnail","hentry","tags-p"],"acf":[],"yoast_head":"<!-- This site is optimized with the Yoast SEO Premium plugin v27.4 (Yoast SEO v27.5) - https:\/\/yoast.com\/product\/yoast-seo-premium-wordpress\/ -->\n<title>Fausto Pirandello - Egidi MadeinItaly<\/title>\n<meta name=\"description\" content=\"Fausto Pirandello, peintre italien, de l&#039;expressionnisme de l&#039;\u00c9cole romaine au tonalisme en passant par le cubisme et l&#039;art abstrait\" \/>\n<meta name=\"robots\" content=\"index, follow, max-snippet:-1, max-image-preview:large, max-video-preview:-1\" \/>\n<link rel=\"canonical\" href=\"https:\/\/egidimadeinitaly.com\/fr\/artistes\/fausto-pirandello\/\" \/>\n<meta property=\"og:locale\" content=\"fr_FR\" \/>\n<meta property=\"og:type\" content=\"article\" \/>\n<meta property=\"og:title\" content=\"Fausto Pirandello\" \/>\n<meta property=\"og:description\" content=\"\u00c0 partir du milieu des ann\u00e9es 1930, Fausto Pirandello atteint une nouvelle maturit\u00e9 : son langage associe le tonalisme de l&#039;\u00e9cole romaine \u00e0 une figuration toute personnelle.\" \/>\n<meta property=\"og:url\" content=\"https:\/\/egidimadeinitaly.com\/fr\/artistes\/fausto-pirandello\/\" \/>\n<meta property=\"og:site_name\" content=\"Egidi MadeinItaly\" \/>\n<meta property=\"article:publisher\" content=\"https:\/\/www.facebook.com\/egidimadeinitaly\/\" \/>\n<meta property=\"article:modified_time\" content=\"2025-03-02T09:08:25+00:00\" \/>\n<meta property=\"og:image\" content=\"https:\/\/egidimadeinitaly.com\/wp-content\/uploads\/2023\/06\/Figura-meravigliata-Fausto-Pirandello.jpg\" \/>\n\t<meta property=\"og:image:width\" content=\"656\" \/>\n\t<meta property=\"og:image:height\" content=\"900\" \/>\n\t<meta property=\"og:image:type\" content=\"image\/jpeg\" \/>\n<script type=\"application\/ld+json\" class=\"yoast-schema-graph\">{\"@context\":\"https:\\\/\\\/schema.org\",\"@graph\":[{\"@type\":\"WebPage\",\"@id\":\"https:\\\/\\\/egidimadeinitaly.com\\\/fr\\\/artisti\\\/fausto-pirandello\\\/\",\"url\":\"https:\\\/\\\/egidimadeinitaly.com\\\/fr\\\/artistes\\\/fausto-pirandello\\\/\",\"name\":\"Fausto Pirandello - Egidi MadeinItaly\",\"isPartOf\":{\"@id\":\"https:\\\/\\\/egidimadeinitaly.com\\\/fr\\\/#website\"},\"primaryImageOfPage\":{\"@id\":\"https:\\\/\\\/egidimadeinitaly.com\\\/fr\\\/artistes\\\/fausto-pirandello\\\/#primaryimage\"},\"image\":{\"@id\":\"https:\\\/\\\/egidimadeinitaly.com\\\/fr\\\/artistes\\\/fausto-pirandello\\\/#primaryimage\"},\"thumbnailUrl\":\"https:\\\/\\\/egidimadeinitaly.com\\\/v25\\\/wp-content\\\/uploads\\\/2023\\\/06\\\/Figura-meravigliata-Fausto-Pirandello.jpg\",\"datePublished\":\"2023-07-06T13:06:52+00:00\",\"dateModified\":\"2025-03-02T09:08:25+00:00\",\"description\":\"Fausto Pirandello, peintre italien, de l'expressionnisme de l'\u00c9cole romaine au tonalisme en passant par le cubisme et l'art abstrait\",\"breadcrumb\":{\"@id\":\"https:\\\/\\\/egidimadeinitaly.com\\\/fr\\\/artistes\\\/fausto-pirandello\\\/#breadcrumb\"},\"inLanguage\":\"fr-FR\",\"potentialAction\":[{\"@type\":\"ReadAction\",\"target\":[\"https:\\\/\\\/egidimadeinitaly.com\\\/fr\\\/artistes\\\/fausto-pirandello\\\/\"]}]},{\"@type\":\"ImageObject\",\"inLanguage\":\"fr-FR\",\"@id\":\"https:\\\/\\\/egidimadeinitaly.com\\\/fr\\\/artistes\\\/fausto-pirandello\\\/#primaryimage\",\"url\":\"https:\\\/\\\/egidimadeinitaly.com\\\/v25\\\/wp-content\\\/uploads\\\/2023\\\/06\\\/Figura-meravigliata-Fausto-Pirandello.jpg\",\"contentUrl\":\"https:\\\/\\\/egidimadeinitaly.com\\\/v25\\\/wp-content\\\/uploads\\\/2023\\\/06\\\/Figura-meravigliata-Fausto-Pirandello.jpg\",\"width\":656,\"height\":900,\"caption\":\"Figura meravigliata\"},{\"@type\":\"BreadcrumbList\",\"@id\":\"https:\\\/\\\/egidimadeinitaly.com\\\/fr\\\/artistes\\\/fausto-pirandello\\\/#breadcrumb\",\"itemListElement\":[{\"@type\":\"ListItem\",\"position\":1,\"name\":\"Home\",\"item\":\"https:\\\/\\\/egidimadeinitaly.com\\\/fr\\\/\"},{\"@type\":\"ListItem\",\"position\":2,\"name\":\"Fausto Pirandello\"}]},{\"@type\":\"WebSite\",\"@id\":\"https:\\\/\\\/egidimadeinitaly.com\\\/fr\\\/#website\",\"url\":\"https:\\\/\\\/egidimadeinitaly.com\\\/fr\\\/\",\"name\":\"Egidi MadeinItaly\",\"description\":\"Fine Art\",\"potentialAction\":[{\"@type\":\"SearchAction\",\"target\":{\"@type\":\"EntryPoint\",\"urlTemplate\":\"https:\\\/\\\/egidimadeinitaly.com\\\/fr\\\/?s={search_term_string}\"},\"query-input\":{\"@type\":\"PropertyValueSpecification\",\"valueRequired\":true,\"valueName\":\"search_term_string\"}}],\"inLanguage\":\"fr-FR\"}]}<\/script>\n<!-- \/ Yoast SEO Premium plugin. -->","yoast_head_json":{"title":"Fausto Pirandello - Egidi MadeinItaly","description":"Fausto Pirandello, peintre italien, de l'expressionnisme de l'\u00c9cole romaine au tonalisme en passant par le cubisme et l'art abstrait","robots":{"index":"index","follow":"follow","max-snippet":"max-snippet:-1","max-image-preview":"max-image-preview:large","max-video-preview":"max-video-preview:-1"},"canonical":"https:\/\/egidimadeinitaly.com\/fr\/artistes\/fausto-pirandello\/","og_locale":"fr_FR","og_type":"article","og_title":"Fausto Pirandello","og_description":"\u00c0 partir du milieu des ann\u00e9es 1930, Fausto Pirandello atteint une nouvelle maturit\u00e9 : son langage associe le tonalisme de l'\u00e9cole romaine \u00e0 une figuration toute personnelle.","og_url":"https:\/\/egidimadeinitaly.com\/fr\/artistes\/fausto-pirandello\/","og_site_name":"Egidi MadeinItaly","article_publisher":"https:\/\/www.facebook.com\/egidimadeinitaly\/","article_modified_time":"2025-03-02T09:08:25+00:00","og_image":[{"width":656,"height":900,"url":"https:\/\/egidimadeinitaly.com\/wp-content\/uploads\/2023\/06\/Figura-meravigliata-Fausto-Pirandello.jpg","type":"image\/jpeg"}],"schema":{"@context":"https:\/\/schema.org","@graph":[{"@type":"WebPage","@id":"https:\/\/egidimadeinitaly.com\/fr\/artisti\/fausto-pirandello\/","url":"https:\/\/egidimadeinitaly.com\/fr\/artistes\/fausto-pirandello\/","name":"Fausto Pirandello - Egidi MadeinItaly","isPartOf":{"@id":"https:\/\/egidimadeinitaly.com\/fr\/#website"},"primaryImageOfPage":{"@id":"https:\/\/egidimadeinitaly.com\/fr\/artistes\/fausto-pirandello\/#primaryimage"},"image":{"@id":"https:\/\/egidimadeinitaly.com\/fr\/artistes\/fausto-pirandello\/#primaryimage"},"thumbnailUrl":"https:\/\/egidimadeinitaly.com\/v25\/wp-content\/uploads\/2023\/06\/Figura-meravigliata-Fausto-Pirandello.jpg","datePublished":"2023-07-06T13:06:52+00:00","dateModified":"2025-03-02T09:08:25+00:00","description":"Fausto Pirandello, peintre italien, de l'expressionnisme de l'\u00c9cole romaine au tonalisme en passant par le cubisme et l'art abstrait","breadcrumb":{"@id":"https:\/\/egidimadeinitaly.com\/fr\/artistes\/fausto-pirandello\/#breadcrumb"},"inLanguage":"fr-FR","potentialAction":[{"@type":"ReadAction","target":["https:\/\/egidimadeinitaly.com\/fr\/artistes\/fausto-pirandello\/"]}]},{"@type":"ImageObject","inLanguage":"fr-FR","@id":"https:\/\/egidimadeinitaly.com\/fr\/artistes\/fausto-pirandello\/#primaryimage","url":"https:\/\/egidimadeinitaly.com\/v25\/wp-content\/uploads\/2023\/06\/Figura-meravigliata-Fausto-Pirandello.jpg","contentUrl":"https:\/\/egidimadeinitaly.com\/v25\/wp-content\/uploads\/2023\/06\/Figura-meravigliata-Fausto-Pirandello.jpg","width":656,"height":900,"caption":"Figura meravigliata"},{"@type":"BreadcrumbList","@id":"https:\/\/egidimadeinitaly.com\/fr\/artistes\/fausto-pirandello\/#breadcrumb","itemListElement":[{"@type":"ListItem","position":1,"name":"Home","item":"https:\/\/egidimadeinitaly.com\/fr\/"},{"@type":"ListItem","position":2,"name":"Fausto Pirandello"}]},{"@type":"WebSite","@id":"https:\/\/egidimadeinitaly.com\/fr\/#website","url":"https:\/\/egidimadeinitaly.com\/fr\/","name":"Egidi MadeinItaly","description":"Fine Art","potentialAction":[{"@type":"SearchAction","target":{"@type":"EntryPoint","urlTemplate":"https:\/\/egidimadeinitaly.com\/fr\/?s={search_term_string}"},"query-input":{"@type":"PropertyValueSpecification","valueRequired":true,"valueName":"search_term_string"}}],"inLanguage":"fr-FR"}]}},"_links":{"self":[{"href":"https:\/\/egidimadeinitaly.com\/fr\/wp-json\/wp\/v2\/artisti\/115943","targetHints":{"allow":["GET"]}}],"collection":[{"href":"https:\/\/egidimadeinitaly.com\/fr\/wp-json\/wp\/v2\/artisti"}],"about":[{"href":"https:\/\/egidimadeinitaly.com\/fr\/wp-json\/wp\/v2\/types\/artisti"}],"wp:featuredmedia":[{"embeddable":true,"href":"https:\/\/egidimadeinitaly.com\/fr\/wp-json\/wp\/v2\/media\/115913"}],"wp:attachment":[{"href":"https:\/\/egidimadeinitaly.com\/fr\/wp-json\/wp\/v2\/media?parent=115943"}],"wp:term":[{"taxonomy":"post_tag","embeddable":true,"href":"https:\/\/egidimadeinitaly.com\/fr\/wp-json\/wp\/v2\/tags?post=115943"},{"taxonomy":"tags","embeddable":true,"href":"https:\/\/egidimadeinitaly.com\/fr\/wp-json\/wp\/v2\/tags?post=115943"}],"curies":[{"name":"wp","href":"https:\/\/api.w.org\/{rel}","templated":true}]}}