{"id":115047,"date":"2023-04-01T14:20:40","date_gmt":"2023-04-01T13:20:40","guid":{"rendered":"https:\/\/egidimadeinitaly.com\/ecomsite\/artisti\/tano-festa-2\/"},"modified":"2025-03-02T10:10:10","modified_gmt":"2025-03-02T09:10:10","slug":"tano-festa-2","status":"publish","type":"artisti","link":"https:\/\/egidimadeinitaly.com\/fr\/artisti\/tano-festa-2\/","title":{"rendered":"Tano Festa"},"content":{"rendered":"<p><span style=\"font-weight: 400;\"><strong>Tano Festa<\/strong> (1938- 1988), artiste de l&rsquo;<a href=\"https:\/\/egidimadeinitaly.com\/fr\/ecole-de-piazza-del-popolo\/\">\u00c9cole de la Piazza del Popolo<\/a>, est n\u00e9 \u00e0 Rome en 1938 et exerce l&rsquo;activit\u00e9 de po\u00e8te.<\/span><\/p>\n<p><span style=\"font-weight: 400;\">Il aborde une peinture influenc\u00e9e par les recherches am\u00e9ricaines de <strong>Roberto Sebasti\u00e1n Antonio Matta<\/strong>, Willem De Kooning, Paul Jackson Pollock et <strong>Mark Rothko<\/strong>.<\/span><\/p>\n<p><span style=\"font-weight: 400;\">Apr\u00e8s avoir expos\u00e9 en 1961 \u00e0 la <em>Galleria la Salita<\/em>, il entame une exp\u00e9rimentation diff\u00e9rente entre 1962 et 1963, en produisant <em>les premi\u00e8res <strong>pi\u00e8ces de la s\u00e9rie Persiennes, Portes, Fen\u00eatres, Miroirs et Ob\u00e9lisques<\/strong><\/em>.<\/span><\/p>\n<p><img decoding=\"async\" class=\"\" src=\"https:\/\/egidimadeinitaly.com\/ecomsite\/wp-content\/uploads\/2023\/04\/Armadio-con-elementi-e-figura-riflessi-nello-specchio-1963-scaled-e1681319221262.jpg\" alt=\"Tano Festa Scuola di Piazza del Popolo\" width=\"336\" height=\"585\" \/><\/p>\n<h2><b>Les \u0153uvres de Tano Festa<\/b><\/h2>\n<p><span style=\"font-weight: 400;\">Si les Persiennes, les Portes, les Fen\u00eatres et les Miroirs sont influenc\u00e9s par <strong>Marcel Duchamp<\/strong>, (pensez \u00e0 ses Le Grand Verre, 1915-1923 et Fresh window, 1920), les Ob\u00e9lisques, en revanche, sont le fruit de l&rsquo;attrait qu&rsquo;il a ressenti non pas tant pour l&rsquo;ob\u00e9lisque de la Piazza del Popolo que pour le monument d\u00e9di\u00e9 \u00e0 Nelson, qu&rsquo;il a vu lors d&rsquo;un s\u00e9jour \u00e0 Londres en 1963.<\/span><\/p>\n<p><img decoding=\"async\" class=\"\" src=\"https:\/\/egidimadeinitaly.com\/ecomsite\/wp-content\/uploads\/2023\/04\/N.46-Rosso-Anna-Maria-scaled-e1682681235128.jpg\" alt=\"Tano Festa Scuola di Piazza del Popolo\" width=\"339\" height=\"452\" \/><\/p>\n<h2><b>Tano Festa en souvenir de Londres\u00a0<\/b><\/h2>\n<blockquote><p><span style=\"font-weight: 400;\">\u00a0\u00bb Hier, je suis arriv\u00e9 \u00e0 Londres \u00bb, \u00e9crit l&rsquo;artiste, \u00ab je suis pass\u00e9 par Trafalgar Square o\u00f9 se trouve le monument d\u00e9di\u00e9 \u00e0 Nelson. Il m&rsquo;a fait une tr\u00e8s forte impression, alors j&rsquo;ai pens\u00e9 aux ob\u00e9lisques et je me suis dit que le th\u00e8me n&rsquo;\u00e9tait pas \u00e9puis\u00e9, mais qu&rsquo;au contraire on pouvait en faire des choses formidables. Lundi, j&rsquo;ach\u00e8terai un tas de cartes postales du monument Nelson, et si je peux le trouver aussi en petit moulage en bronze (comme ceux du Colis\u00e9e \u00e0 Rome), alors \u00e0 Rome, j&rsquo;utiliserai ce mat\u00e9riel pour une grande sculpture intitul\u00e9e \u00a0\u00bb In the Memories of London \u00bb (En souvenir de Londres).<\/span><\/p><\/blockquote>\n<p><span style=\"font-weight: 400;\">\u00a0Cette influence londonienne nous unit cependant certainement \u00e0 la grande admiration de <strong>Tano Festa<\/strong> pour l&rsquo;\u00e9criture m\u00e9taphysique de <strong>Giorgio De Chirico<\/strong>, admiration qu&rsquo;il avait exprim\u00e9e quelques mois plus t\u00f4t dans une lettre \u00e9crite depuis Paris et adress\u00e9e \u00e0 Plinio de Martiis, dans laquelle il racontait avec enthousiasme avoir d\u00e9couvert une \u00e9dition du roman \u00ab Les Gommes \u00bb d&rsquo;Alain Robbe-Grillet avec une Piazza d&rsquo;Italia de De Chirico reproduite sur la couverture.<\/span><\/p>\n<h2 style=\"text-align: center;\"><strong>Vous poss\u00e9dez une \u0153uvre de Tano Festa\u00a0 et vous voulez la vendre ?\u00a0<\/strong><\/h2>\n<p style=\"text-align: center;\">Appelez-nous au num\u00e9ro +39 3356585431 ou envoyez-nous un message WhatsApp au +39 3356585431<\/p>\n<p style=\"text-align: center;\"><span style=\"color: #ff6600;\"><strong>VOUS POUVEZ NOUS FAIRE CONFIANCE<\/strong><\/span><\/p>\n<p style=\"text-align: center;\">Les meilleures estimations, comp\u00e9tence, s\u00e9rieux<\/p>\n","protected":false},"excerpt":{"rendered":"<p>Hier, je suis arriv\u00e9 \u00e0 Londres \u00bb, \u00e9crit l&rsquo;artiste, \u00ab je suis pass\u00e9 par Trafalgar Square o\u00f9 se trouve le monument d\u00e9di\u00e9 \u00e0 Nelson. Il m&rsquo;a fait une tr\u00e8s forte impression<\/p>\n","protected":false},"featured_media":112299,"parent":0,"template":"","format":"standard","meta":{"_acf_changed":false},"tags":[6508],"class_list":["post-115047","artisti","type-artisti","status-publish","format-standard","has-post-thumbnail","hentry","tag-avant-gardes","tag-pop-art","tags-f"],"acf":[],"yoast_head":"<!-- This site is optimized with the Yoast SEO Premium plugin v27.4 (Yoast SEO v27.5) - https:\/\/yoast.com\/product\/yoast-seo-premium-wordpress\/ -->\n<title>Tano Festa - Egidi MadeinItaly<\/title>\n<meta name=\"description\" content=\"Tano Festa artiste repr\u00e9sentant de l&#039;\u00c9cole de la Piazza del Popolo et les ob\u00e9lisques de Londres. Apprenez-en plus sur Egidi MadeinItaly\" \/>\n<meta name=\"robots\" content=\"index, follow, max-snippet:-1, max-image-preview:large, max-video-preview:-1\" \/>\n<link rel=\"canonical\" href=\"https:\/\/egidimadeinitaly.com\/fr\/artistes\/tano-festa-2\/\" \/>\n<meta property=\"og:locale\" content=\"fr_FR\" \/>\n<meta property=\"og:type\" content=\"article\" \/>\n<meta property=\"og:title\" content=\"Tano Festa\" \/>\n<meta property=\"og:description\" content=\"Hier, je suis arriv\u00e9 \u00e0 Londres \u00bb, \u00e9crit l&#039;artiste, \u00ab je suis pass\u00e9 par Trafalgar Square o\u00f9 se trouve le monument d\u00e9di\u00e9 \u00e0 Nelson. Il m&#039;a fait une tr\u00e8s forte impression\" \/>\n<meta property=\"og:url\" content=\"https:\/\/egidimadeinitaly.com\/fr\/artistes\/tano-festa-2\/\" \/>\n<meta property=\"og:site_name\" content=\"Egidi MadeinItaly\" \/>\n<meta property=\"article:publisher\" content=\"https:\/\/www.facebook.com\/egidimadeinitaly\/\" \/>\n<meta property=\"article:modified_time\" content=\"2025-03-02T09:10:10+00:00\" \/>\n<meta property=\"og:image\" content=\"https:\/\/egidimadeinitaly.com\/wp-content\/uploads\/2022\/10\/Tano-Festa-Vendere-online-Egidi-MadeinItaly-scaled-e1678723611508.jpg\" \/>\n\t<meta property=\"og:image:width\" content=\"1024\" \/>\n\t<meta property=\"og:image:height\" content=\"819\" \/>\n\t<meta property=\"og:image:type\" content=\"image\/jpeg\" \/>\n<script type=\"application\/ld+json\" class=\"yoast-schema-graph\">{\"@context\":\"https:\\\/\\\/schema.org\",\"@graph\":[{\"@type\":\"WebPage\",\"@id\":\"https:\\\/\\\/egidimadeinitaly.com\\\/fr\\\/artisti\\\/tano-festa-2\\\/\",\"url\":\"https:\\\/\\\/egidimadeinitaly.com\\\/fr\\\/artistes\\\/tano-festa-2\\\/\",\"name\":\"Tano Festa - Egidi MadeinItaly\",\"isPartOf\":{\"@id\":\"https:\\\/\\\/egidimadeinitaly.com\\\/fr\\\/#website\"},\"primaryImageOfPage\":{\"@id\":\"https:\\\/\\\/egidimadeinitaly.com\\\/fr\\\/artistes\\\/tano-festa-2\\\/#primaryimage\"},\"image\":{\"@id\":\"https:\\\/\\\/egidimadeinitaly.com\\\/fr\\\/artistes\\\/tano-festa-2\\\/#primaryimage\"},\"thumbnailUrl\":\"https:\\\/\\\/egidimadeinitaly.com\\\/v25\\\/wp-content\\\/uploads\\\/2022\\\/10\\\/Tano-Festa-Vendere-online-Egidi-MadeinItaly-scaled-e1678723611508.jpg\",\"datePublished\":\"2023-04-01T13:20:40+00:00\",\"dateModified\":\"2025-03-02T09:10:10+00:00\",\"description\":\"Tano Festa artiste repr\u00e9sentant de l'\u00c9cole de la Piazza del Popolo et les ob\u00e9lisques de Londres. Apprenez-en plus sur Egidi MadeinItaly\",\"breadcrumb\":{\"@id\":\"https:\\\/\\\/egidimadeinitaly.com\\\/fr\\\/artistes\\\/tano-festa-2\\\/#breadcrumb\"},\"inLanguage\":\"fr-FR\",\"potentialAction\":[{\"@type\":\"ReadAction\",\"target\":[\"https:\\\/\\\/egidimadeinitaly.com\\\/fr\\\/artistes\\\/tano-festa-2\\\/\"]}]},{\"@type\":\"ImageObject\",\"inLanguage\":\"fr-FR\",\"@id\":\"https:\\\/\\\/egidimadeinitaly.com\\\/fr\\\/artistes\\\/tano-festa-2\\\/#primaryimage\",\"url\":\"https:\\\/\\\/egidimadeinitaly.com\\\/v25\\\/wp-content\\\/uploads\\\/2022\\\/10\\\/Tano-Festa-Vendere-online-Egidi-MadeinItaly-scaled-e1678723611508.jpg\",\"contentUrl\":\"https:\\\/\\\/egidimadeinitaly.com\\\/v25\\\/wp-content\\\/uploads\\\/2022\\\/10\\\/Tano-Festa-Vendere-online-Egidi-MadeinItaly-scaled-e1678723611508.jpg\",\"width\":1024,\"height\":819,\"caption\":\"Tano Festa Vendere online Egidi MadeinItaly\"},{\"@type\":\"BreadcrumbList\",\"@id\":\"https:\\\/\\\/egidimadeinitaly.com\\\/fr\\\/artistes\\\/tano-festa-2\\\/#breadcrumb\",\"itemListElement\":[{\"@type\":\"ListItem\",\"position\":1,\"name\":\"Home\",\"item\":\"https:\\\/\\\/egidimadeinitaly.com\\\/fr\\\/\"},{\"@type\":\"ListItem\",\"position\":2,\"name\":\"Tano Festa\"}]},{\"@type\":\"WebSite\",\"@id\":\"https:\\\/\\\/egidimadeinitaly.com\\\/fr\\\/#website\",\"url\":\"https:\\\/\\\/egidimadeinitaly.com\\\/fr\\\/\",\"name\":\"Egidi MadeinItaly\",\"description\":\"Fine Art\",\"potentialAction\":[{\"@type\":\"SearchAction\",\"target\":{\"@type\":\"EntryPoint\",\"urlTemplate\":\"https:\\\/\\\/egidimadeinitaly.com\\\/fr\\\/?s={search_term_string}\"},\"query-input\":{\"@type\":\"PropertyValueSpecification\",\"valueRequired\":true,\"valueName\":\"search_term_string\"}}],\"inLanguage\":\"fr-FR\"}]}<\/script>\n<!-- \/ Yoast SEO Premium plugin. -->","yoast_head_json":{"title":"Tano Festa - Egidi MadeinItaly","description":"Tano Festa artiste repr\u00e9sentant de l'\u00c9cole de la Piazza del Popolo et les ob\u00e9lisques de Londres. Apprenez-en plus sur Egidi MadeinItaly","robots":{"index":"index","follow":"follow","max-snippet":"max-snippet:-1","max-image-preview":"max-image-preview:large","max-video-preview":"max-video-preview:-1"},"canonical":"https:\/\/egidimadeinitaly.com\/fr\/artistes\/tano-festa-2\/","og_locale":"fr_FR","og_type":"article","og_title":"Tano Festa","og_description":"Hier, je suis arriv\u00e9 \u00e0 Londres \u00bb, \u00e9crit l'artiste, \u00ab je suis pass\u00e9 par Trafalgar Square o\u00f9 se trouve le monument d\u00e9di\u00e9 \u00e0 Nelson. Il m'a fait une tr\u00e8s forte impression","og_url":"https:\/\/egidimadeinitaly.com\/fr\/artistes\/tano-festa-2\/","og_site_name":"Egidi MadeinItaly","article_publisher":"https:\/\/www.facebook.com\/egidimadeinitaly\/","article_modified_time":"2025-03-02T09:10:10+00:00","og_image":[{"width":1024,"height":819,"url":"https:\/\/egidimadeinitaly.com\/wp-content\/uploads\/2022\/10\/Tano-Festa-Vendere-online-Egidi-MadeinItaly-scaled-e1678723611508.jpg","type":"image\/jpeg"}],"schema":{"@context":"https:\/\/schema.org","@graph":[{"@type":"WebPage","@id":"https:\/\/egidimadeinitaly.com\/fr\/artisti\/tano-festa-2\/","url":"https:\/\/egidimadeinitaly.com\/fr\/artistes\/tano-festa-2\/","name":"Tano Festa - Egidi MadeinItaly","isPartOf":{"@id":"https:\/\/egidimadeinitaly.com\/fr\/#website"},"primaryImageOfPage":{"@id":"https:\/\/egidimadeinitaly.com\/fr\/artistes\/tano-festa-2\/#primaryimage"},"image":{"@id":"https:\/\/egidimadeinitaly.com\/fr\/artistes\/tano-festa-2\/#primaryimage"},"thumbnailUrl":"https:\/\/egidimadeinitaly.com\/v25\/wp-content\/uploads\/2022\/10\/Tano-Festa-Vendere-online-Egidi-MadeinItaly-scaled-e1678723611508.jpg","datePublished":"2023-04-01T13:20:40+00:00","dateModified":"2025-03-02T09:10:10+00:00","description":"Tano Festa artiste repr\u00e9sentant de l'\u00c9cole de la Piazza del Popolo et les ob\u00e9lisques de Londres. Apprenez-en plus sur Egidi MadeinItaly","breadcrumb":{"@id":"https:\/\/egidimadeinitaly.com\/fr\/artistes\/tano-festa-2\/#breadcrumb"},"inLanguage":"fr-FR","potentialAction":[{"@type":"ReadAction","target":["https:\/\/egidimadeinitaly.com\/fr\/artistes\/tano-festa-2\/"]}]},{"@type":"ImageObject","inLanguage":"fr-FR","@id":"https:\/\/egidimadeinitaly.com\/fr\/artistes\/tano-festa-2\/#primaryimage","url":"https:\/\/egidimadeinitaly.com\/v25\/wp-content\/uploads\/2022\/10\/Tano-Festa-Vendere-online-Egidi-MadeinItaly-scaled-e1678723611508.jpg","contentUrl":"https:\/\/egidimadeinitaly.com\/v25\/wp-content\/uploads\/2022\/10\/Tano-Festa-Vendere-online-Egidi-MadeinItaly-scaled-e1678723611508.jpg","width":1024,"height":819,"caption":"Tano Festa Vendere online Egidi MadeinItaly"},{"@type":"BreadcrumbList","@id":"https:\/\/egidimadeinitaly.com\/fr\/artistes\/tano-festa-2\/#breadcrumb","itemListElement":[{"@type":"ListItem","position":1,"name":"Home","item":"https:\/\/egidimadeinitaly.com\/fr\/"},{"@type":"ListItem","position":2,"name":"Tano Festa"}]},{"@type":"WebSite","@id":"https:\/\/egidimadeinitaly.com\/fr\/#website","url":"https:\/\/egidimadeinitaly.com\/fr\/","name":"Egidi MadeinItaly","description":"Fine Art","potentialAction":[{"@type":"SearchAction","target":{"@type":"EntryPoint","urlTemplate":"https:\/\/egidimadeinitaly.com\/fr\/?s={search_term_string}"},"query-input":{"@type":"PropertyValueSpecification","valueRequired":true,"valueName":"search_term_string"}}],"inLanguage":"fr-FR"}]}},"_links":{"self":[{"href":"https:\/\/egidimadeinitaly.com\/fr\/wp-json\/wp\/v2\/artisti\/115047","targetHints":{"allow":["GET"]}}],"collection":[{"href":"https:\/\/egidimadeinitaly.com\/fr\/wp-json\/wp\/v2\/artisti"}],"about":[{"href":"https:\/\/egidimadeinitaly.com\/fr\/wp-json\/wp\/v2\/types\/artisti"}],"wp:featuredmedia":[{"embeddable":true,"href":"https:\/\/egidimadeinitaly.com\/fr\/wp-json\/wp\/v2\/media\/112299"}],"wp:attachment":[{"href":"https:\/\/egidimadeinitaly.com\/fr\/wp-json\/wp\/v2\/media?parent=115047"}],"wp:term":[{"taxonomy":"post_tag","embeddable":true,"href":"https:\/\/egidimadeinitaly.com\/fr\/wp-json\/wp\/v2\/tags?post=115047"},{"taxonomy":"tags","embeddable":true,"href":"https:\/\/egidimadeinitaly.com\/fr\/wp-json\/wp\/v2\/tags?post=115047"}],"curies":[{"name":"wp","href":"https:\/\/api.w.org\/{rel}","templated":true}]}}