{"id":114785,"date":"2023-06-10T20:20:46","date_gmt":"2023-06-10T19:20:46","guid":{"rendered":"https:\/\/egidimadeinitaly.com\/ecomsite\/?post_type=artisti&#038;p=114785"},"modified":"2025-03-02T10:13:06","modified_gmt":"2025-03-02T09:13:06","slug":"toti-scialoja","status":"publish","type":"artisti","link":"https:\/\/egidimadeinitaly.com\/fr\/artisti\/toti-scialoja\/","title":{"rendered":"Toti Scialoja"},"content":{"rendered":"<p><b>Toti Scialoja<\/b><span style=\"font-weight: 400;\"> (Rome 1914-1998) <\/span><span style=\"font-weight: 400;\">peintre, po\u00e8te, critique d\u2019art, sc\u00e9nographe et professeur de sc\u00e9nographie.<\/span><\/p>\n<p><span style=\"font-weight: 400;\">Ayant interrompu ses \u00e9tudes classiques, il se consacre \u00e0 ses deux grandes passions : la peinture et la po\u00e9sie.<\/span><\/p>\n<p><span style=\"font-weight: 400;\">En 1935, il se lie d&rsquo;amiti\u00e9 avec <strong>Corrado Cagli<\/strong>, Mirko et le po\u00e8te Libero de Libero, directeur de la <a href=\"https:\/\/egidimadeinitaly.com\/fr\/galleria-della-cometa\/\"><strong>galleria della Cometa<\/strong><\/a>, et commence \u00e0 fr\u00e9quenter le milieu artistique romain.<\/span><\/p>\n<p><span style=\"font-weight: 400;\">\u00a0En 1940, il fait ses d\u00e9buts en tant que dessinateur \u00e0 G\u00eanes avec une exposition personnelle \u00e0 la galleria Genova.<\/span><\/p>\n<p><span style=\"font-weight: 400;\">\u00c0 Turin, en 1942, il r\u00e9alise sa premi\u00e8re exposition personnelle de peinture \u00e0 la Societ\u00e0 Amici dell&rsquo;arte.<\/span><\/p>\n<p><span style=\"font-weight: 400;\">\u00a0En 1942, il expose \u00e0 Rome avec les artistes <a href=\"https:\/\/egidimadeinitaly.com\/fr\/artistes\/leoncillo-leonardi\/\">Leoncillo<\/a>, Giulio Turcato et Emilio Vedova \u00e0 la galleria dello Zodiaco.\u00a0<\/span><\/p>\n<p><span style=\"font-weight: 400;\">L&rsquo;ann\u00e9e suivante, il commence son activit\u00e9 de sc\u00e9nographe et de costumier, travaillant pour le th\u00e9\u00e2tre Argentina e delle Arti de Rome et est pr\u00e9sent \u00e0 la IV<\/span><span style=\"font-weight: 400;\">\u00e8me<\/span><span style=\"font-weight: 400;\"> Quadriennale la m\u00eame ann\u00e9e.<\/span><\/p>\n<p><span style=\"font-weight: 400;\">Il participe \u00e0 la R\u00e9sistance et, apr\u00e8s la guerre, se lie avec les peintres Ciarrocchi, Stradone et Sadun, avec lesquels il expose \u00e0 la Galleria del Secolo de Rome. Brandi, dans sa pr\u00e9sentation, les d\u00e9finit comme \u00ab\u00a0les quatre peintres tout-terrain\u00a0\u00bb, soulignant l&rsquo;originalit\u00e9 de leurs recherches, orient\u00e9es dans un sens expressionniste, par rapport au panorama italien, ferme sur le langage et n\u00e9o-cubiste.<\/span><\/p>\n<p>&nbsp;<\/p>\n<p><span style=\"font-weight: 400;\">Les ann\u00e9es 1950 marquent un tournant dans sa recherche : ayant abandonn\u00e9 les modes expressionnistes des d\u00e9buts, il se tourne d\u00e9finitivement vers l&rsquo;<em>art informel<\/em>.<\/span><\/p>\n<p><span style=\"font-weight: 400;\">\u00a0Entre ses expositions collectives et ses expositions individuelles, il atteint une renomm\u00e9e et une notori\u00e9t\u00e9 internationales, se liant d&rsquo;amiti\u00e9 avec les protagonistes de l&rsquo;expressionnisme abstrait am\u00e9ricain tels que De Kooning, Klein, Motherwell et Rothko.\u00a0<\/span><\/p>\n<p><span style=\"font-weight: 400;\">En 1955, Pasolini pr\u00e9sente ses \u0153uvres les plus r\u00e9centes \u00e0 la galleria del Teatro de Parme et re\u00e7oit le cinqui\u00e8me prix au Carnegie International de Pittsburgh. <\/span><\/p>\n<p><span style=\"font-weight: 400;\">En 1956, il se rend pour la premi\u00e8re fois \u00e0 New York, o\u00f9 il tient une exposition personnelle \u00e0 la Catherine Viviano Gallery.\u00a0<\/span><\/p>\n<p><span style=\"font-weight: 400;\">Dans les ann\u00e9es 1960 et 1970, parall\u00e8lement \u00e0 la peinture, les premi\u00e8res exp\u00e9riences de sa vocation po\u00e9tique l&rsquo;am\u00e8nent \u00e0 publier des contes de f\u00e9es ironiques, des virelangues destin\u00e9es aux enfants et des po\u00e8mes absurdes qu&rsquo;il illustre lui-m\u00eame.<\/span><\/p>\n<p><span style=\"font-weight: 400;\">\u00a0En 1964, il revient sur la sc\u00e8ne artistique avec un grand succ\u00e8s \u00e0 la Biennale de Venise, avec une salle personnelle pr\u00e9sent\u00e9e par Dorfles. <\/span><\/p>\n<p><span style=\"font-weight: 400;\">C&rsquo;est dans cette derni\u00e8re phase de sa vie que se trouvent les \u0153uvres consid\u00e9r\u00e9es comme ses r\u00e9alisations les plus r\u00e9ussies. En 1982, il est nomm\u00e9 directeur de l&rsquo;Acad\u00e9mie des Beaux-Arts de Rome, o\u00f9 il enseignait d\u00e9j\u00e0 la sc\u00e9nographie depuis 1953. <\/span><\/p>\n<p><span style=\"font-weight: 400;\">Sa longue activit\u00e9 d&rsquo;enseignant et de directeur sera appr\u00e9ci\u00e9e par des \u00e9tudiants tels que Mario Ceroli, Jannis Kounellis et Pino Pascali.<\/span><\/p>\n<h2 style=\"text-align: center;\">Vous poss\u00e9dez une \u0153uvre de Toti Scialoja et vous voulez la vendre ?<\/h2>\n<p style=\"text-align: center;\">Pour toute expertise ou estimation de vos \u0153uvres et de vos collections, vous pouvez nous contacter \u00e0 l&rsquo;adresse sabrina@egidimadeinitaly.com<\/p>\n<p style=\"text-align: center;\">ou<\/p>\n<p style=\"text-align: center;\">\u00a0envoyez-nous un message WhatsApp au au\u00a0 +39 3356585431<\/p>\n<p style=\"text-align: center;\"><span style=\"color: #ff6600;\"><strong>VOUS POUVEZ NOUS FAIRE CONFIANCE<\/strong><\/span><\/p>\n<p style=\"text-align: center;\"><strong>Les meilleures estimations, comp\u00e9tence, s\u00e9rieux<\/strong><\/p>\n<p>&nbsp;<\/p>\n","protected":false},"excerpt":{"rendered":"<p>Sa longue activit\u00e9 d&rsquo;enseignant et de directeur sera appr\u00e9ci\u00e9e par des \u00e9tudiants tels que Mario Ceroli, Jannis Kounellis et Pino Pascali.<\/p>\n","protected":false},"featured_media":115680,"parent":0,"template":"","format":"standard","meta":{"_acf_changed":false},"tags":[6516],"class_list":["post-114785","artisti","type-artisti","status-publish","format-standard","has-post-thumbnail","hentry","tags-s"],"acf":[],"yoast_head":"<!-- This site is optimized with the Yoast SEO Premium plugin v27.4 (Yoast SEO v27.5) - https:\/\/yoast.com\/product\/yoast-seo-premium-wordpress\/ -->\n<title>Toti Scialoja - Egidi MadeinItaly<\/title>\n<meta name=\"description\" content=\"Toti Scialoja (Rome 1914-1998) peintre, po\u00e8te, critique d\u2019art, sc\u00e9nographe et professeur de sc\u00e9nographie. A lire sur Egidi MadeinItaly\" \/>\n<meta name=\"robots\" content=\"index, follow, max-snippet:-1, max-image-preview:large, max-video-preview:-1\" \/>\n<link rel=\"canonical\" href=\"https:\/\/egidimadeinitaly.com\/fr\/artistes\/toti-scialoja\/\" \/>\n<meta property=\"og:locale\" content=\"fr_FR\" \/>\n<meta property=\"og:type\" content=\"article\" \/>\n<meta property=\"og:title\" content=\"Toti Scialoja\" \/>\n<meta property=\"og:description\" content=\"Sa longue activit\u00e9 d&#039;enseignant et de directeur sera appr\u00e9ci\u00e9e par des \u00e9tudiants tels que Mario Ceroli, Jannis Kounellis et Pino Pascali.\" \/>\n<meta property=\"og:url\" content=\"https:\/\/egidimadeinitaly.com\/fr\/artistes\/toti-scialoja\/\" \/>\n<meta property=\"og:site_name\" content=\"Egidi MadeinItaly\" \/>\n<meta property=\"article:publisher\" content=\"https:\/\/www.facebook.com\/egidimadeinitaly\/\" \/>\n<meta property=\"article:modified_time\" content=\"2025-03-02T09:13:06+00:00\" \/>\n<meta property=\"og:image\" content=\"https:\/\/egidimadeinitaly.com\/wp-content\/uploads\/2023\/04\/Veduta-di-Procida-Toti-Scialoja-scaled-e1686425911899.jpeg\" \/>\n\t<meta property=\"og:image:width\" content=\"675\" \/>\n\t<meta property=\"og:image:height\" content=\"900\" \/>\n\t<meta property=\"og:image:type\" content=\"image\/jpeg\" \/>\n<script type=\"application\/ld+json\" class=\"yoast-schema-graph\">{\"@context\":\"https:\\\/\\\/schema.org\",\"@graph\":[{\"@type\":\"WebPage\",\"@id\":\"https:\\\/\\\/egidimadeinitaly.com\\\/fr\\\/artisti\\\/toti-scialoja\\\/\",\"url\":\"https:\\\/\\\/egidimadeinitaly.com\\\/fr\\\/artistes\\\/toti-scialoja\\\/\",\"name\":\"Toti Scialoja - Egidi MadeinItaly\",\"isPartOf\":{\"@id\":\"https:\\\/\\\/egidimadeinitaly.com\\\/fr\\\/#website\"},\"primaryImageOfPage\":{\"@id\":\"https:\\\/\\\/egidimadeinitaly.com\\\/fr\\\/artistes\\\/toti-scialoja\\\/#primaryimage\"},\"image\":{\"@id\":\"https:\\\/\\\/egidimadeinitaly.com\\\/fr\\\/artistes\\\/toti-scialoja\\\/#primaryimage\"},\"thumbnailUrl\":\"https:\\\/\\\/egidimadeinitaly.com\\\/v25\\\/wp-content\\\/uploads\\\/2023\\\/04\\\/Veduta-di-Procida-Toti-Scialoja-scaled-e1686425911899.jpeg\",\"datePublished\":\"2023-06-10T19:20:46+00:00\",\"dateModified\":\"2025-03-02T09:13:06+00:00\",\"description\":\"Toti Scialoja (Rome 1914-1998) peintre, po\u00e8te, critique d\u2019art, sc\u00e9nographe et professeur de sc\u00e9nographie. A lire sur Egidi MadeinItaly\",\"breadcrumb\":{\"@id\":\"https:\\\/\\\/egidimadeinitaly.com\\\/fr\\\/artistes\\\/toti-scialoja\\\/#breadcrumb\"},\"inLanguage\":\"fr-FR\",\"potentialAction\":[{\"@type\":\"ReadAction\",\"target\":[\"https:\\\/\\\/egidimadeinitaly.com\\\/fr\\\/artistes\\\/toti-scialoja\\\/\"]}]},{\"@type\":\"ImageObject\",\"inLanguage\":\"fr-FR\",\"@id\":\"https:\\\/\\\/egidimadeinitaly.com\\\/fr\\\/artistes\\\/toti-scialoja\\\/#primaryimage\",\"url\":\"https:\\\/\\\/egidimadeinitaly.com\\\/v25\\\/wp-content\\\/uploads\\\/2023\\\/04\\\/Veduta-di-Procida-Toti-Scialoja-scaled-e1686425911899.jpeg\",\"contentUrl\":\"https:\\\/\\\/egidimadeinitaly.com\\\/v25\\\/wp-content\\\/uploads\\\/2023\\\/04\\\/Veduta-di-Procida-Toti-Scialoja-scaled-e1686425911899.jpeg\",\"width\":675,\"height\":900,\"caption\":\"Veduta di Procida Toti Scialoja\"},{\"@type\":\"BreadcrumbList\",\"@id\":\"https:\\\/\\\/egidimadeinitaly.com\\\/fr\\\/artistes\\\/toti-scialoja\\\/#breadcrumb\",\"itemListElement\":[{\"@type\":\"ListItem\",\"position\":1,\"name\":\"Home\",\"item\":\"https:\\\/\\\/egidimadeinitaly.com\\\/fr\\\/\"},{\"@type\":\"ListItem\",\"position\":2,\"name\":\"Toti Scialoja\"}]},{\"@type\":\"WebSite\",\"@id\":\"https:\\\/\\\/egidimadeinitaly.com\\\/fr\\\/#website\",\"url\":\"https:\\\/\\\/egidimadeinitaly.com\\\/fr\\\/\",\"name\":\"Egidi MadeinItaly\",\"description\":\"Fine Art\",\"potentialAction\":[{\"@type\":\"SearchAction\",\"target\":{\"@type\":\"EntryPoint\",\"urlTemplate\":\"https:\\\/\\\/egidimadeinitaly.com\\\/fr\\\/?s={search_term_string}\"},\"query-input\":{\"@type\":\"PropertyValueSpecification\",\"valueRequired\":true,\"valueName\":\"search_term_string\"}}],\"inLanguage\":\"fr-FR\"}]}<\/script>\n<!-- \/ Yoast SEO Premium plugin. -->","yoast_head_json":{"title":"Toti Scialoja - Egidi MadeinItaly","description":"Toti Scialoja (Rome 1914-1998) peintre, po\u00e8te, critique d\u2019art, sc\u00e9nographe et professeur de sc\u00e9nographie. A lire sur Egidi MadeinItaly","robots":{"index":"index","follow":"follow","max-snippet":"max-snippet:-1","max-image-preview":"max-image-preview:large","max-video-preview":"max-video-preview:-1"},"canonical":"https:\/\/egidimadeinitaly.com\/fr\/artistes\/toti-scialoja\/","og_locale":"fr_FR","og_type":"article","og_title":"Toti Scialoja","og_description":"Sa longue activit\u00e9 d'enseignant et de directeur sera appr\u00e9ci\u00e9e par des \u00e9tudiants tels que Mario Ceroli, Jannis Kounellis et Pino Pascali.","og_url":"https:\/\/egidimadeinitaly.com\/fr\/artistes\/toti-scialoja\/","og_site_name":"Egidi MadeinItaly","article_publisher":"https:\/\/www.facebook.com\/egidimadeinitaly\/","article_modified_time":"2025-03-02T09:13:06+00:00","og_image":[{"width":675,"height":900,"url":"https:\/\/egidimadeinitaly.com\/wp-content\/uploads\/2023\/04\/Veduta-di-Procida-Toti-Scialoja-scaled-e1686425911899.jpeg","type":"image\/jpeg"}],"schema":{"@context":"https:\/\/schema.org","@graph":[{"@type":"WebPage","@id":"https:\/\/egidimadeinitaly.com\/fr\/artisti\/toti-scialoja\/","url":"https:\/\/egidimadeinitaly.com\/fr\/artistes\/toti-scialoja\/","name":"Toti Scialoja - Egidi MadeinItaly","isPartOf":{"@id":"https:\/\/egidimadeinitaly.com\/fr\/#website"},"primaryImageOfPage":{"@id":"https:\/\/egidimadeinitaly.com\/fr\/artistes\/toti-scialoja\/#primaryimage"},"image":{"@id":"https:\/\/egidimadeinitaly.com\/fr\/artistes\/toti-scialoja\/#primaryimage"},"thumbnailUrl":"https:\/\/egidimadeinitaly.com\/v25\/wp-content\/uploads\/2023\/04\/Veduta-di-Procida-Toti-Scialoja-scaled-e1686425911899.jpeg","datePublished":"2023-06-10T19:20:46+00:00","dateModified":"2025-03-02T09:13:06+00:00","description":"Toti Scialoja (Rome 1914-1998) peintre, po\u00e8te, critique d\u2019art, sc\u00e9nographe et professeur de sc\u00e9nographie. A lire sur Egidi MadeinItaly","breadcrumb":{"@id":"https:\/\/egidimadeinitaly.com\/fr\/artistes\/toti-scialoja\/#breadcrumb"},"inLanguage":"fr-FR","potentialAction":[{"@type":"ReadAction","target":["https:\/\/egidimadeinitaly.com\/fr\/artistes\/toti-scialoja\/"]}]},{"@type":"ImageObject","inLanguage":"fr-FR","@id":"https:\/\/egidimadeinitaly.com\/fr\/artistes\/toti-scialoja\/#primaryimage","url":"https:\/\/egidimadeinitaly.com\/v25\/wp-content\/uploads\/2023\/04\/Veduta-di-Procida-Toti-Scialoja-scaled-e1686425911899.jpeg","contentUrl":"https:\/\/egidimadeinitaly.com\/v25\/wp-content\/uploads\/2023\/04\/Veduta-di-Procida-Toti-Scialoja-scaled-e1686425911899.jpeg","width":675,"height":900,"caption":"Veduta di Procida Toti Scialoja"},{"@type":"BreadcrumbList","@id":"https:\/\/egidimadeinitaly.com\/fr\/artistes\/toti-scialoja\/#breadcrumb","itemListElement":[{"@type":"ListItem","position":1,"name":"Home","item":"https:\/\/egidimadeinitaly.com\/fr\/"},{"@type":"ListItem","position":2,"name":"Toti Scialoja"}]},{"@type":"WebSite","@id":"https:\/\/egidimadeinitaly.com\/fr\/#website","url":"https:\/\/egidimadeinitaly.com\/fr\/","name":"Egidi MadeinItaly","description":"Fine Art","potentialAction":[{"@type":"SearchAction","target":{"@type":"EntryPoint","urlTemplate":"https:\/\/egidimadeinitaly.com\/fr\/?s={search_term_string}"},"query-input":{"@type":"PropertyValueSpecification","valueRequired":true,"valueName":"search_term_string"}}],"inLanguage":"fr-FR"}]}},"_links":{"self":[{"href":"https:\/\/egidimadeinitaly.com\/fr\/wp-json\/wp\/v2\/artisti\/114785","targetHints":{"allow":["GET"]}}],"collection":[{"href":"https:\/\/egidimadeinitaly.com\/fr\/wp-json\/wp\/v2\/artisti"}],"about":[{"href":"https:\/\/egidimadeinitaly.com\/fr\/wp-json\/wp\/v2\/types\/artisti"}],"wp:featuredmedia":[{"embeddable":true,"href":"https:\/\/egidimadeinitaly.com\/fr\/wp-json\/wp\/v2\/media\/115680"}],"wp:attachment":[{"href":"https:\/\/egidimadeinitaly.com\/fr\/wp-json\/wp\/v2\/media?parent=114785"}],"wp:term":[{"taxonomy":"post_tag","embeddable":true,"href":"https:\/\/egidimadeinitaly.com\/fr\/wp-json\/wp\/v2\/tags?post=114785"},{"taxonomy":"tags","embeddable":true,"href":"https:\/\/egidimadeinitaly.com\/fr\/wp-json\/wp\/v2\/tags?post=114785"}],"curies":[{"name":"wp","href":"https:\/\/api.w.org\/{rel}","templated":true}]}}