{"id":114572,"date":"2023-12-13T18:20:19","date_gmt":"2023-12-13T17:20:19","guid":{"rendered":"https:\/\/egidimadeinitaly.com\/ecomsite\/?post_type=artisti&#038;p=114572"},"modified":"2025-10-14T09:50:40","modified_gmt":"2025-10-14T08:50:40","slug":"corrado-cagli","status":"publish","type":"artisti","link":"https:\/\/egidimadeinitaly.com\/fr\/artisti\/corrado-cagli\/","title":{"rendered":"Corrado Cagli"},"content":{"rendered":"<h2>Les d\u00e9buts de Corradi Cagli<\/h2>\n<p>Corrado Cagli en 1915, il s&rsquo;installe \u00e0 Rome avec sa famille.<\/p>\n<p>Entre la fin des ann\u00e9es 1920 et le d\u00e9but des ann\u00e9es 1930, Corrada Cagli collabore avec la fabrique de c\u00e9ramique Rometti \u00e0 Umbertide, \u00e0 laquelle il donne une forte impulsion novatrice.<\/p>\n<p>En 1932, il organise sa premi\u00e8re exposition personnelle avec <a href=\"https:\/\/egidimadeinitaly.com\/fr\/artistes\/adriana-pircherle\/\"><strong>Adriana Pincherle<\/strong><\/a> \u00e0 la <a href=\"https:\/\/egidimadeinitaly.com\/fr\/galerie-de-rome\/\">Galerie de Rome<\/a>.<\/p>\n<p>La m\u00eame ann\u00e9e, Cagli se rapproche de Giuseppe Capogrossi et d&rsquo;Emanuele Cavalli.<\/p>\n<h2>Le groupe <em><strong>Nuova pittura romana<\/strong><\/em><\/h2>\n<p>Apr\u00e8s avoir form\u00e9 le groupe <em><strong>Nuova pittura romana<\/strong><\/em> \u00e0 la fin de 1932, <a href=\"https:\/\/egidimadeinitaly.com\/fr\/galerie-de-rome\/\">les trois artistes exposent \u00e0 la Galerie d&rsquo;art de Rome<\/a> et en 1933 \u00e0 Milan, \u00e0 la Galerie il Milione de Carlo Cardazzo.<\/p>\n<p>Vers la fin de l&rsquo;ann\u00e9e, alors qu&rsquo;ils r\u00e9digent le <strong><em>Manifeste du primordialisme plastique<\/em><\/strong>, qui sera publi\u00e9 \u00e0 l&rsquo;occasion de leur exposition \u00e0 Paris, \u00e0 la Galerie Jacques Bonjean (1933), ils se disputent sur des diff\u00e9rences th\u00e9oriques et des questions pratiques et dissolvent d\u00e9finitivement leur association.<\/p>\n<p>Dans ces ann\u00e9es-l\u00e0, \u00e0 Rome, bien qu&rsquo;il n&rsquo;ait que 20 ans, Corrado Cagli <strong>est consid\u00e9r\u00e9 comme le chef de file de la nouvelle g\u00e9n\u00e9ration artistique<\/strong>.<\/p>\n<h2>La galerie de Dario Sabatello<\/h2>\n<p>Il anime un groupe de tr\u00e8s jeunes artistes &#8211; Mirko Basaldella et son fr\u00e8re Afro, Alberto Ziveri, Renato Guttuso, Pericle Fazzini &#8211; qui gravitent autour de la <a href=\"https:\/\/egidimadeinitaly.com\/fr\/galleria-sabatello-rome\/\">galerie de Dario Sabatello<\/a>, \u00e9galement tr\u00e8s jeune.<\/p>\n<h2>La revue d&rsquo;architecture rationaliste Quadrante<\/h2>\n<p>Cagli exerce \u00e9galement une intense activit\u00e9 th\u00e9orique et critique dans les pages d&rsquo;importantes revues, dont la revue d&rsquo;architecture rationaliste \u00ab Quadrante \u00bb, dirig\u00e9e par P.M. Bardi et M. Bontempelli (oncle de l&rsquo;artiste).<\/p>\n<h2>La Galleria della Cometa \u00e0 Rome et \u00e0 New York<\/h2>\n<p>De 1935 \u00e0 1938, il collabore avec la <a href=\"https:\/\/egidimadeinitaly.com\/fr\/galleria-della-cometa\/\">Galleria della Cometa<\/a>, dirig\u00e9e par Libero de Libero, qui est inaugur\u00e9e par son exposition de 50 dessins (1935).<\/p>\n<p>En 1936, il y organise une exposition personnelle de peinture et en 1937-1938, il expose \u00e0 la Com\u00e8te \u00e0 New York.<\/p>\n<h3>Pers\u00e9cutions raciales<\/h3>\n<p>Cagli en 1938, devant la pression des pers\u00e9cutions raciales, car il est d&rsquo;origine juive, il se r\u00e9fugie \u00e0 Paris, puis \u00e0 New York (1939), o\u00f9 il ouvre un atelier.<\/p>\n<p>En 1941, devenu citoyen am\u00e9ricain, il s&rsquo;engage dans l&rsquo;arm\u00e9e et participe \u00e0 la guerre en Europe. En Allemagne, il entre dans le camp de concentration de Buchenwald et r\u00e9alise une s\u00e9rie de dessins dramatiques.<\/p>\n<p>A Rome en 1947,\u00a0 le Studio d&rsquo;Arte Palma organise une exposition de ses nouvelles \u0153uvres non figuratives.<\/p>\n<p>Il revient d\u00e9finitivement \u00e0 Rome en 1948.<\/p>\n<h2><strong>Art abstrait et concret<\/strong><\/h2>\n<p>En 1951, il participe \u00e0 l&rsquo;exposition <strong>Art abstrait et concret<\/strong> en Italie \u00e0 la Galerie nationale d&rsquo;art moderne \u00e0 Rome.<\/p>\n<p>Il remporte le prix Guggenheim (1946).<\/p>\n<p style=\"text-align: center;\">\n","protected":false},"excerpt":{"rendered":"<p>Corrado Cagli est consid\u00e9r\u00e9 comme le chef de file de la nouvelle g\u00e9n\u00e9ration artistique, il collabore avec la galleria della Cometa<\/p>\n","protected":false},"featured_media":125558,"parent":0,"template":"","format":"standard","meta":{"_acf_changed":false},"tags":[6511],"class_list":["post-114572","artisti","type-artisti","status-publish","format-standard","has-post-thumbnail","hentry","tags-c"],"acf":[],"yoast_head":"<!-- This site is optimized with the Yoast SEO Premium plugin v27.4 (Yoast SEO v27.5) - https:\/\/yoast.com\/product\/yoast-seo-premium-wordpress\/ -->\n<title>Corrado Cagli - Egidi MadeinItaly<\/title>\n<meta name=\"description\" content=\"Le peintre Corrado Cagli, chef de file de la nouvelle g\u00e9n\u00e9ration artistique romaine, s&#039;installe \u00e0 New York \u00e0 decouvrir sur Egidi MadeinItaly\" \/>\n<meta name=\"robots\" content=\"index, follow, max-snippet:-1, max-image-preview:large, max-video-preview:-1\" \/>\n<link rel=\"canonical\" href=\"https:\/\/egidimadeinitaly.com\/fr\/artistes\/corrado-cagli\/\" \/>\n<meta property=\"og:locale\" content=\"fr_FR\" \/>\n<meta property=\"og:type\" content=\"article\" \/>\n<meta property=\"og:title\" content=\"Corrado Cagli\" \/>\n<meta property=\"og:description\" content=\"Corrado Cagli est consid\u00e9r\u00e9 comme le chef de file de la nouvelle g\u00e9n\u00e9ration artistique, il collabore avec la galleria della Cometa\" \/>\n<meta property=\"og:url\" content=\"https:\/\/egidimadeinitaly.com\/fr\/artistes\/corrado-cagli\/\" \/>\n<meta property=\"og:site_name\" content=\"Egidi MadeinItaly\" \/>\n<meta property=\"article:publisher\" content=\"https:\/\/www.facebook.com\/egidimadeinitaly\/\" \/>\n<meta property=\"article:modified_time\" content=\"2025-10-14T08:50:40+00:00\" \/>\n<meta property=\"og:image\" content=\"https:\/\/egidimadeinitaly.com\/v25\/wp-content\/uploads\/2023\/12\/IMG_6111.jpeg\" \/>\n\t<meta property=\"og:image:width\" content=\"1852\" \/>\n\t<meta property=\"og:image:height\" content=\"1515\" \/>\n\t<meta property=\"og:image:type\" content=\"image\/jpeg\" \/>\n<script type=\"application\/ld+json\" class=\"yoast-schema-graph\">{\"@context\":\"https:\\\/\\\/schema.org\",\"@graph\":[{\"@type\":\"WebPage\",\"@id\":\"https:\\\/\\\/egidimadeinitaly.com\\\/fr\\\/artisti\\\/corrado-cagli\\\/\",\"url\":\"https:\\\/\\\/egidimadeinitaly.com\\\/fr\\\/artistes\\\/corrado-cagli\\\/\",\"name\":\"Corrado Cagli - Egidi MadeinItaly\",\"isPartOf\":{\"@id\":\"https:\\\/\\\/egidimadeinitaly.com\\\/fr\\\/#website\"},\"primaryImageOfPage\":{\"@id\":\"https:\\\/\\\/egidimadeinitaly.com\\\/fr\\\/artistes\\\/corrado-cagli\\\/#primaryimage\"},\"image\":{\"@id\":\"https:\\\/\\\/egidimadeinitaly.com\\\/fr\\\/artistes\\\/corrado-cagli\\\/#primaryimage\"},\"thumbnailUrl\":\"https:\\\/\\\/egidimadeinitaly.com\\\/v25\\\/wp-content\\\/uploads\\\/2023\\\/12\\\/IMG_6111.jpeg\",\"datePublished\":\"2023-12-13T17:20:19+00:00\",\"dateModified\":\"2025-10-14T08:50:40+00:00\",\"description\":\"Le peintre Corrado Cagli, chef de file de la nouvelle g\u00e9n\u00e9ration artistique romaine, s'installe \u00e0 New York \u00e0 decouvrir sur Egidi MadeinItaly\",\"breadcrumb\":{\"@id\":\"https:\\\/\\\/egidimadeinitaly.com\\\/fr\\\/artistes\\\/corrado-cagli\\\/#breadcrumb\"},\"inLanguage\":\"fr-FR\",\"potentialAction\":[{\"@type\":\"ReadAction\",\"target\":[\"https:\\\/\\\/egidimadeinitaly.com\\\/fr\\\/artistes\\\/corrado-cagli\\\/\"]}]},{\"@type\":\"ImageObject\",\"inLanguage\":\"fr-FR\",\"@id\":\"https:\\\/\\\/egidimadeinitaly.com\\\/fr\\\/artistes\\\/corrado-cagli\\\/#primaryimage\",\"url\":\"https:\\\/\\\/egidimadeinitaly.com\\\/v25\\\/wp-content\\\/uploads\\\/2023\\\/12\\\/IMG_6111.jpeg\",\"contentUrl\":\"https:\\\/\\\/egidimadeinitaly.com\\\/v25\\\/wp-content\\\/uploads\\\/2023\\\/12\\\/IMG_6111.jpeg\",\"width\":1852,\"height\":1515,\"caption\":\"Romolo e Remo olio su tela 1930\"},{\"@type\":\"BreadcrumbList\",\"@id\":\"https:\\\/\\\/egidimadeinitaly.com\\\/fr\\\/artistes\\\/corrado-cagli\\\/#breadcrumb\",\"itemListElement\":[{\"@type\":\"ListItem\",\"position\":1,\"name\":\"Home\",\"item\":\"https:\\\/\\\/egidimadeinitaly.com\\\/fr\\\/\"},{\"@type\":\"ListItem\",\"position\":2,\"name\":\"Corrado Cagli\"}]},{\"@type\":\"WebSite\",\"@id\":\"https:\\\/\\\/egidimadeinitaly.com\\\/fr\\\/#website\",\"url\":\"https:\\\/\\\/egidimadeinitaly.com\\\/fr\\\/\",\"name\":\"Egidi MadeinItaly\",\"description\":\"Fine Art\",\"potentialAction\":[{\"@type\":\"SearchAction\",\"target\":{\"@type\":\"EntryPoint\",\"urlTemplate\":\"https:\\\/\\\/egidimadeinitaly.com\\\/fr\\\/?s={search_term_string}\"},\"query-input\":{\"@type\":\"PropertyValueSpecification\",\"valueRequired\":true,\"valueName\":\"search_term_string\"}}],\"inLanguage\":\"fr-FR\"}]}<\/script>\n<!-- \/ Yoast SEO Premium plugin. -->","yoast_head_json":{"title":"Corrado Cagli - Egidi MadeinItaly","description":"Le peintre Corrado Cagli, chef de file de la nouvelle g\u00e9n\u00e9ration artistique romaine, s'installe \u00e0 New York \u00e0 decouvrir sur Egidi MadeinItaly","robots":{"index":"index","follow":"follow","max-snippet":"max-snippet:-1","max-image-preview":"max-image-preview:large","max-video-preview":"max-video-preview:-1"},"canonical":"https:\/\/egidimadeinitaly.com\/fr\/artistes\/corrado-cagli\/","og_locale":"fr_FR","og_type":"article","og_title":"Corrado Cagli","og_description":"Corrado Cagli est consid\u00e9r\u00e9 comme le chef de file de la nouvelle g\u00e9n\u00e9ration artistique, il collabore avec la galleria della Cometa","og_url":"https:\/\/egidimadeinitaly.com\/fr\/artistes\/corrado-cagli\/","og_site_name":"Egidi MadeinItaly","article_publisher":"https:\/\/www.facebook.com\/egidimadeinitaly\/","article_modified_time":"2025-10-14T08:50:40+00:00","og_image":[{"width":1852,"height":1515,"url":"https:\/\/egidimadeinitaly.com\/v25\/wp-content\/uploads\/2023\/12\/IMG_6111.jpeg","type":"image\/jpeg"}],"schema":{"@context":"https:\/\/schema.org","@graph":[{"@type":"WebPage","@id":"https:\/\/egidimadeinitaly.com\/fr\/artisti\/corrado-cagli\/","url":"https:\/\/egidimadeinitaly.com\/fr\/artistes\/corrado-cagli\/","name":"Corrado Cagli - Egidi MadeinItaly","isPartOf":{"@id":"https:\/\/egidimadeinitaly.com\/fr\/#website"},"primaryImageOfPage":{"@id":"https:\/\/egidimadeinitaly.com\/fr\/artistes\/corrado-cagli\/#primaryimage"},"image":{"@id":"https:\/\/egidimadeinitaly.com\/fr\/artistes\/corrado-cagli\/#primaryimage"},"thumbnailUrl":"https:\/\/egidimadeinitaly.com\/v25\/wp-content\/uploads\/2023\/12\/IMG_6111.jpeg","datePublished":"2023-12-13T17:20:19+00:00","dateModified":"2025-10-14T08:50:40+00:00","description":"Le peintre Corrado Cagli, chef de file de la nouvelle g\u00e9n\u00e9ration artistique romaine, s'installe \u00e0 New York \u00e0 decouvrir sur Egidi MadeinItaly","breadcrumb":{"@id":"https:\/\/egidimadeinitaly.com\/fr\/artistes\/corrado-cagli\/#breadcrumb"},"inLanguage":"fr-FR","potentialAction":[{"@type":"ReadAction","target":["https:\/\/egidimadeinitaly.com\/fr\/artistes\/corrado-cagli\/"]}]},{"@type":"ImageObject","inLanguage":"fr-FR","@id":"https:\/\/egidimadeinitaly.com\/fr\/artistes\/corrado-cagli\/#primaryimage","url":"https:\/\/egidimadeinitaly.com\/v25\/wp-content\/uploads\/2023\/12\/IMG_6111.jpeg","contentUrl":"https:\/\/egidimadeinitaly.com\/v25\/wp-content\/uploads\/2023\/12\/IMG_6111.jpeg","width":1852,"height":1515,"caption":"Romolo e Remo olio su tela 1930"},{"@type":"BreadcrumbList","@id":"https:\/\/egidimadeinitaly.com\/fr\/artistes\/corrado-cagli\/#breadcrumb","itemListElement":[{"@type":"ListItem","position":1,"name":"Home","item":"https:\/\/egidimadeinitaly.com\/fr\/"},{"@type":"ListItem","position":2,"name":"Corrado Cagli"}]},{"@type":"WebSite","@id":"https:\/\/egidimadeinitaly.com\/fr\/#website","url":"https:\/\/egidimadeinitaly.com\/fr\/","name":"Egidi MadeinItaly","description":"Fine Art","potentialAction":[{"@type":"SearchAction","target":{"@type":"EntryPoint","urlTemplate":"https:\/\/egidimadeinitaly.com\/fr\/?s={search_term_string}"},"query-input":{"@type":"PropertyValueSpecification","valueRequired":true,"valueName":"search_term_string"}}],"inLanguage":"fr-FR"}]}},"_links":{"self":[{"href":"https:\/\/egidimadeinitaly.com\/fr\/wp-json\/wp\/v2\/artisti\/114572","targetHints":{"allow":["GET"]}}],"collection":[{"href":"https:\/\/egidimadeinitaly.com\/fr\/wp-json\/wp\/v2\/artisti"}],"about":[{"href":"https:\/\/egidimadeinitaly.com\/fr\/wp-json\/wp\/v2\/types\/artisti"}],"wp:featuredmedia":[{"embeddable":true,"href":"https:\/\/egidimadeinitaly.com\/fr\/wp-json\/wp\/v2\/media\/125558"}],"wp:attachment":[{"href":"https:\/\/egidimadeinitaly.com\/fr\/wp-json\/wp\/v2\/media?parent=114572"}],"wp:term":[{"taxonomy":"post_tag","embeddable":true,"href":"https:\/\/egidimadeinitaly.com\/fr\/wp-json\/wp\/v2\/tags?post=114572"},{"taxonomy":"tags","embeddable":true,"href":"https:\/\/egidimadeinitaly.com\/fr\/wp-json\/wp\/v2\/tags?post=114572"}],"curies":[{"name":"wp","href":"https:\/\/api.w.org\/{rel}","templated":true}]}}