{"id":114428,"date":"2023-03-14T12:33:27","date_gmt":"2023-03-14T11:33:27","guid":{"rendered":"https:\/\/egidimadeinitaly.com\/ecomsite\/?post_type=artisti&#038;p=114428"},"modified":"2025-03-02T10:10:40","modified_gmt":"2025-03-02T09:10:40","slug":"alberto-ziveri","status":"publish","type":"artisti","link":"https:\/\/egidimadeinitaly.com\/fr\/artisti\/alberto-ziveri\/","title":{"rendered":"Alberto Ziveri"},"content":{"rendered":"<h3>Debut de Alberto Ziveri<\/h3>\n<p>Entre 1921 et 1929, Alberto Ziveri (Rome, 1908 \u2013 1990) fr\u00e9quente le lyc\u00e9e artistique de Rome et les cours du soir de la Scuola serale di Arti ornamentali di San Giacomo o\u00f9 il est l\u2019\u00e9l\u00e8ve d\u2019Antonino Calcagnadoro.<\/p>\n<p>Il fait ensuite son apprentissage dans l\u2019atelier de Giulio Bargellini, peintre de fresques de style Art nouveau. C\u2019est l\u00e0 qu\u2019il se lie d\u2019amiti\u00e9 avec Guglielmo Janni (arri\u00e8re-petit-fils du po\u00e8te Giuseppe Gioachino Belli), peintre \u00e9rudit et raffin\u00e9. Guglielmo Janni l\u2019encourage \u00e0 se consacrer \u00e0 la peinture.<\/p>\n<p>Il entre 1929 et 1930, il s\u00e9journe plusieurs fois dans la r\u00e9gion de Parme o\u00f9 il \u00e9tudie Mantegna, Parmigianino et Corr\u00e8ge, ainsi qu&rsquo;\u00e0 Milan o\u00f9 il fait son service militaire dans le corps des Bersagliers.<\/p>\n<h3>Alberto Ziveri \u00e0 la Galleria Sabatello<\/h3>\n<p>Au d\u00e9but des ann\u00e9es 1930, il fait partie de la nouvelle g\u00e9n\u00e9ration d&rsquo;artistes qui, avec Corrado Cagli, Renato Guttuso, Pericle Fazzini, Afro et Mirko Basaldella, gravite autour de la <a href=\"https:\/\/egidimadeinitaly.com\/fr\/galleria-sabatello-rome\/\">Galleria Sabatello<\/a> de <em>Dario Sabatello<\/em>, situ\u00e9e Via del Babuino, qui mise beaucoup sur lui.<\/p>\n<p>\u00c0 partir de ce moment, il participe aux plus grandes expositions organis\u00e9es en Italie et \u00e0 l&rsquo;\u00e9tranger.<\/p>\n<p>En 1931, il fr\u00e9quente l\u2019<em>\u00c9cole libre du nu<\/em>.<\/p>\n<p>Il fait la connaissance du jeune sculpteur <a href=\"https:\/\/egidimadeinitaly.com\/fr\/artistes\/pericle-fazzini\/\"><strong>Pericle Fazzini<\/strong><\/a> qui devient son meilleur ami.<\/p>\n<p>En octobre 1933, la revue italienne \u00ab Quadrante \u00bb publie quatre de ses dessins et lui consacre un num\u00e9ro entier.<\/p>\n<div id='gallery-1' class='gallery galleryid-114428 gallery-columns-3 gallery-size-medium'><figure class='gallery-item'>\n\t\t\t<div class='gallery-icon landscape'>\n\t\t\t\t<a href='https:\/\/egidimadeinitaly.com\/fr\/artisti\/alberto-ziveri\/autoritratto-con-manichino-alberto-ziveri-2\/'><img decoding=\"async\" width=\"300\" height=\"286\" src=\"https:\/\/egidimadeinitaly.com\/v25\/wp-content\/uploads\/2023\/03\/Autoritratto-con-manichino-Alberto-Ziveri-scaled-e1678705715174-300x286.jpg\" class=\"attachment-medium size-medium\" alt=\"Alberto Ziveri sur Egidi MadeinItaly\" aria-describedby=\"gallery-1-114415\" srcset=\"https:\/\/egidimadeinitaly.com\/v25\/wp-content\/uploads\/2023\/03\/Autoritratto-con-manichino-Alberto-Ziveri-scaled-e1678705715174-300x286.jpg 300w, https:\/\/egidimadeinitaly.com\/v25\/wp-content\/uploads\/2023\/03\/Autoritratto-con-manichino-Alberto-Ziveri-scaled-e1678705715174-768x732.jpg 768w, https:\/\/egidimadeinitaly.com\/v25\/wp-content\/uploads\/2023\/03\/Autoritratto-con-manichino-Alberto-Ziveri-scaled-e1678705715174-600x572.jpg 600w, https:\/\/egidimadeinitaly.com\/v25\/wp-content\/uploads\/2023\/03\/Autoritratto-con-manichino-Alberto-Ziveri-scaled-e1678705715174.jpg 950w\" sizes=\"(max-width: 300px) 100vw, 300px\" \/><\/a>\n\t\t\t<\/div>\n\t\t\t\t<figcaption class='wp-caption-text gallery-caption' id='gallery-1-114415'>\n\t\t\t\tAutoportrait en tant que peintre\n\t\t\t\t<\/figcaption><\/figure><figure class='gallery-item'>\n\t\t\t<div class='gallery-icon portrait'>\n\t\t\t\t<a href='https:\/\/egidimadeinitaly.com\/fr\/artisti\/alberto-ziveri\/composizione-alberto-ziveri-1933-2\/'><img decoding=\"async\" width=\"208\" height=\"300\" src=\"https:\/\/egidimadeinitaly.com\/v25\/wp-content\/uploads\/2023\/03\/Composizione-Alberto-Ziveri-1933-scaled-e1678705749664-208x300.jpg\" class=\"attachment-medium size-medium\" alt=\"Alberto Ziveri sur Egidi MadeinItaly\" aria-describedby=\"gallery-1-114418\" srcset=\"https:\/\/egidimadeinitaly.com\/v25\/wp-content\/uploads\/2023\/03\/Composizione-Alberto-Ziveri-1933-scaled-e1678705749664-208x300.jpg 208w, https:\/\/egidimadeinitaly.com\/v25\/wp-content\/uploads\/2023\/03\/Composizione-Alberto-Ziveri-1933-scaled-e1678705749664-600x864.jpg 600w, https:\/\/egidimadeinitaly.com\/v25\/wp-content\/uploads\/2023\/03\/Composizione-Alberto-Ziveri-1933-scaled-e1678705749664.jpg 642w\" sizes=\"(max-width: 208px) 100vw, 208px\" \/><\/a>\n\t\t\t<\/div>\n\t\t\t\t<figcaption class='wp-caption-text gallery-caption' id='gallery-1-114418'>\n\t\t\t\tComposizione \n\t\t\t\t<\/figcaption><\/figure><figure class='gallery-item'>\n\t\t\t<div class='gallery-icon portrait'>\n\t\t\t\t<a href='https:\/\/egidimadeinitaly.com\/fr\/artisti\/alberto-ziveri\/la-famiglia-castellucci-1934-2\/'><img decoding=\"async\" width=\"288\" height=\"300\" src=\"https:\/\/egidimadeinitaly.com\/v25\/wp-content\/uploads\/2023\/03\/La-famiglia-Castellucci-1934-scaled-e1678705872984-288x300.jpg\" class=\"attachment-medium size-medium\" alt=\"Alberto Ziveri sur Egidi MadeinItaly\" aria-describedby=\"gallery-1-114421\" srcset=\"https:\/\/egidimadeinitaly.com\/v25\/wp-content\/uploads\/2023\/03\/La-famiglia-Castellucci-1934-scaled-e1678705872984-288x300.jpg 288w, https:\/\/egidimadeinitaly.com\/v25\/wp-content\/uploads\/2023\/03\/La-famiglia-Castellucci-1934-scaled-e1678705872984-768x800.jpg 768w, https:\/\/egidimadeinitaly.com\/v25\/wp-content\/uploads\/2023\/03\/La-famiglia-Castellucci-1934-scaled-e1678705872984-600x625.jpg 600w, https:\/\/egidimadeinitaly.com\/v25\/wp-content\/uploads\/2023\/03\/La-famiglia-Castellucci-1934-scaled-e1678705872984.jpg 912w\" sizes=\"(max-width: 288px) 100vw, 288px\" \/><\/a>\n\t\t\t<\/div>\n\t\t\t\t<figcaption class='wp-caption-text gallery-caption' id='gallery-1-114421'>\n\t\t\t\tLa famiglia Castellucci Alberto Ziveri\n\t\t\t\t<\/figcaption><\/figure>\n\t\t<\/div>\n\n<h3>Expositions de Alberto Ziveri<\/h3>\n<p>En 1935, il expose \u00e0 la IIe Quadriennale aux c\u00f4t\u00e9s de repr\u00e9sentants du Tonalisme comme <strong>Giuseppe Capogrossi<\/strong> et <strong>Emanuele Cavalli<\/strong>, et la critique le d\u00e9signe comme l&rsquo;une des r\u00e9v\u00e9lations de l&rsquo;exposition.<\/p>\n<p>Il pr\u00e9sente en 1936, une exposition personnelle \u00e0 la <a href=\"https:\/\/egidimadeinitaly.com\/fr\/galleria-della-cometa\/\">Galleria della Cometa<\/a>, et entre 1937 et 1938, il expose en Hollande, en France, en Belgique et en Suisse.<\/p>\n<p>En 1939, il fait ses d\u00e9buts en tant qu&rsquo;artiste r\u00e9aliste \u00e0 la XXIe Biennale de Venise.<\/p>\n<p>\u00c0 partir de l\u00e0, comme il le d\u00e9clare lui-m\u00eame dans ses \u00e9crits, le r\u00e9alisme est sa morale.<\/p>\n<p>En 1943, il remporte le troisi\u00e8me prix de la IVe Quadriennale et est appel\u00e9 sous les drapeaux.<\/p>\n<p><strong>Alberto Ziveri<\/strong> en 1946, la Galleria de Rome pr\u00e9sente sa premi\u00e8re exposition personnelle avec sa nouvelle production. Il y pr\u00e9sente \u00e9galement un grand nombre de gravures, technique qu&rsquo;il cultive depuis 1926.<\/p>\n<figure id=\"attachment_114427\" aria-describedby=\"caption-attachment-114427\" style=\"width: 196px\" class=\"wp-caption aligncenter\"><img decoding=\"async\" class=\"size-medium wp-image-114427\" src=\"https:\/\/egidimadeinitaly.com\/ecomsite\/wp-content\/uploads\/2023\/03\/Studio-di-figura-femminile-Alberto-Ziveri-e1678705814279-196x300.jpg\" alt=\"Studio di figura femminile Alberto Ziveri\" width=\"196\" height=\"300\" srcset=\"https:\/\/egidimadeinitaly.com\/v25\/wp-content\/uploads\/2023\/03\/Studio-di-figura-femminile-Alberto-Ziveri-e1678705814279-196x300.jpg 196w, https:\/\/egidimadeinitaly.com\/v25\/wp-content\/uploads\/2023\/03\/Studio-di-figura-femminile-Alberto-Ziveri-e1678705814279-600x918.jpg 600w, https:\/\/egidimadeinitaly.com\/v25\/wp-content\/uploads\/2023\/03\/Studio-di-figura-femminile-Alberto-Ziveri-e1678705814279.jpg 621w\" sizes=\"(max-width: 196px) 100vw, 196px\" \/><figcaption id=\"caption-attachment-114427\" class=\"wp-caption-text\">Studio di figura femminile<\/figcaption><\/figure>\n<p>En 1956, \u00e0 la Biennale de Venise, Roberto Longhi le d\u00e9finit comme le plus grand artiste r\u00e9aliste italien vivant.<\/p>\n<h2 style=\"text-align: center;\">Vous poss\u00e9dez une \u0153uvre de Alberto Ziveri et vous voulez la vendre ?<\/h2>\n<p style=\"text-align: center;\">Appelez-nous au num\u00e9ro +39 3356585431 ou envoyez-nous un message WhatsApp au +39 3356585431<\/p>\n<p style=\"text-align: center;\"><strong><span style=\"color: #ffcc00;\">VOUS POUVEZ NOUS FAIRE CONFIANCE<\/span><\/strong><\/p>\n<p style=\"text-align: center;\">Les meilleures estimations, comp\u00e9tence, s\u00e9rieux<\/p>\n<p style=\"text-align: center;\">\n","protected":false},"excerpt":{"rendered":"<p>Il entre 1929 et 1930, il s\u00e9journe plusieurs fois dans la r\u00e9gion de Parme o\u00f9 il \u00e9tudie Mantegna, Parmigianino et Corr\u00e8ge<\/p>\n","protected":false},"featured_media":114424,"parent":0,"template":"","format":"standard","meta":{"_acf_changed":false},"tags":[6518],"class_list":["post-114428","artisti","type-artisti","status-publish","format-standard","has-post-thumbnail","hentry","tags-z"],"acf":[],"yoast_head":"<!-- This site is optimized with the Yoast SEO Premium plugin v27.4 (Yoast SEO v27.5) - https:\/\/yoast.com\/product\/yoast-seo-premium-wordpress\/ -->\n<title>Alberto Ziveri - Egidi MadeinItaly<\/title>\n<meta name=\"description\" content=\"Alberto Ziveri peintre et graveur romain Repr\u00e9sentant de l\u2019\u00c9cole romaine venez lire plus sur Egidi MadeinItaly\" \/>\n<meta name=\"robots\" content=\"index, follow, max-snippet:-1, max-image-preview:large, max-video-preview:-1\" \/>\n<link rel=\"canonical\" href=\"https:\/\/egidimadeinitaly.com\/fr\/artistes\/alberto-ziveri\/\" \/>\n<meta property=\"og:locale\" content=\"fr_FR\" \/>\n<meta property=\"og:type\" content=\"article\" \/>\n<meta property=\"og:title\" content=\"Alberto Ziveri\" \/>\n<meta property=\"og:description\" content=\"Il entre 1929 et 1930, il s\u00e9journe plusieurs fois dans la r\u00e9gion de Parme o\u00f9 il \u00e9tudie Mantegna, Parmigianino et Corr\u00e8ge\" \/>\n<meta property=\"og:url\" content=\"https:\/\/egidimadeinitaly.com\/fr\/artistes\/alberto-ziveri\/\" \/>\n<meta property=\"og:site_name\" content=\"Egidi MadeinItaly\" \/>\n<meta property=\"article:publisher\" content=\"https:\/\/www.facebook.com\/egidimadeinitaly\/\" \/>\n<meta property=\"article:modified_time\" content=\"2025-03-02T09:10:40+00:00\" \/>\n<meta property=\"og:image\" content=\"https:\/\/egidimadeinitaly.com\/wp-content\/uploads\/2023\/03\/Paesaggio-1934-di-Alberto-Ziveri-scaled-e1678705847915.jpg\" \/>\n\t<meta property=\"og:image:width\" content=\"557\" \/>\n\t<meta property=\"og:image:height\" content=\"950\" \/>\n\t<meta property=\"og:image:type\" content=\"image\/jpeg\" \/>\n<script type=\"application\/ld+json\" class=\"yoast-schema-graph\">{\"@context\":\"https:\\\/\\\/schema.org\",\"@graph\":[{\"@type\":\"WebPage\",\"@id\":\"https:\\\/\\\/egidimadeinitaly.com\\\/fr\\\/artisti\\\/alberto-ziveri\\\/\",\"url\":\"https:\\\/\\\/egidimadeinitaly.com\\\/fr\\\/artistes\\\/alberto-ziveri\\\/\",\"name\":\"Alberto Ziveri - Egidi MadeinItaly\",\"isPartOf\":{\"@id\":\"https:\\\/\\\/egidimadeinitaly.com\\\/fr\\\/#website\"},\"primaryImageOfPage\":{\"@id\":\"https:\\\/\\\/egidimadeinitaly.com\\\/fr\\\/artistes\\\/alberto-ziveri\\\/#primaryimage\"},\"image\":{\"@id\":\"https:\\\/\\\/egidimadeinitaly.com\\\/fr\\\/artistes\\\/alberto-ziveri\\\/#primaryimage\"},\"thumbnailUrl\":\"https:\\\/\\\/egidimadeinitaly.com\\\/v25\\\/wp-content\\\/uploads\\\/2023\\\/03\\\/Paesaggio-1934-di-Alberto-Ziveri-scaled-e1678705847915.jpg\",\"datePublished\":\"2023-03-14T11:33:27+00:00\",\"dateModified\":\"2025-03-02T09:10:40+00:00\",\"description\":\"Alberto Ziveri peintre et graveur romain Repr\u00e9sentant de l\u2019\u00c9cole romaine venez lire plus sur Egidi MadeinItaly\",\"breadcrumb\":{\"@id\":\"https:\\\/\\\/egidimadeinitaly.com\\\/fr\\\/artistes\\\/alberto-ziveri\\\/#breadcrumb\"},\"inLanguage\":\"fr-FR\",\"potentialAction\":[{\"@type\":\"ReadAction\",\"target\":[\"https:\\\/\\\/egidimadeinitaly.com\\\/fr\\\/artistes\\\/alberto-ziveri\\\/\"]}]},{\"@type\":\"ImageObject\",\"inLanguage\":\"fr-FR\",\"@id\":\"https:\\\/\\\/egidimadeinitaly.com\\\/fr\\\/artistes\\\/alberto-ziveri\\\/#primaryimage\",\"url\":\"https:\\\/\\\/egidimadeinitaly.com\\\/v25\\\/wp-content\\\/uploads\\\/2023\\\/03\\\/Paesaggio-1934-di-Alberto-Ziveri-scaled-e1678705847915.jpg\",\"contentUrl\":\"https:\\\/\\\/egidimadeinitaly.com\\\/v25\\\/wp-content\\\/uploads\\\/2023\\\/03\\\/Paesaggio-1934-di-Alberto-Ziveri-scaled-e1678705847915.jpg\",\"width\":557,\"height\":950,\"caption\":\"Paysage1934 sign\u00e9 Alberto Ziveri\"},{\"@type\":\"BreadcrumbList\",\"@id\":\"https:\\\/\\\/egidimadeinitaly.com\\\/fr\\\/artistes\\\/alberto-ziveri\\\/#breadcrumb\",\"itemListElement\":[{\"@type\":\"ListItem\",\"position\":1,\"name\":\"Home\",\"item\":\"https:\\\/\\\/egidimadeinitaly.com\\\/fr\\\/\"},{\"@type\":\"ListItem\",\"position\":2,\"name\":\"Alberto Ziveri\"}]},{\"@type\":\"WebSite\",\"@id\":\"https:\\\/\\\/egidimadeinitaly.com\\\/fr\\\/#website\",\"url\":\"https:\\\/\\\/egidimadeinitaly.com\\\/fr\\\/\",\"name\":\"Egidi MadeinItaly\",\"description\":\"Fine Art\",\"potentialAction\":[{\"@type\":\"SearchAction\",\"target\":{\"@type\":\"EntryPoint\",\"urlTemplate\":\"https:\\\/\\\/egidimadeinitaly.com\\\/fr\\\/?s={search_term_string}\"},\"query-input\":{\"@type\":\"PropertyValueSpecification\",\"valueRequired\":true,\"valueName\":\"search_term_string\"}}],\"inLanguage\":\"fr-FR\"}]}<\/script>\n<!-- \/ Yoast SEO Premium plugin. -->","yoast_head_json":{"title":"Alberto Ziveri - Egidi MadeinItaly","description":"Alberto Ziveri peintre et graveur romain Repr\u00e9sentant de l\u2019\u00c9cole romaine venez lire plus sur Egidi MadeinItaly","robots":{"index":"index","follow":"follow","max-snippet":"max-snippet:-1","max-image-preview":"max-image-preview:large","max-video-preview":"max-video-preview:-1"},"canonical":"https:\/\/egidimadeinitaly.com\/fr\/artistes\/alberto-ziveri\/","og_locale":"fr_FR","og_type":"article","og_title":"Alberto Ziveri","og_description":"Il entre 1929 et 1930, il s\u00e9journe plusieurs fois dans la r\u00e9gion de Parme o\u00f9 il \u00e9tudie Mantegna, Parmigianino et Corr\u00e8ge","og_url":"https:\/\/egidimadeinitaly.com\/fr\/artistes\/alberto-ziveri\/","og_site_name":"Egidi MadeinItaly","article_publisher":"https:\/\/www.facebook.com\/egidimadeinitaly\/","article_modified_time":"2025-03-02T09:10:40+00:00","og_image":[{"width":557,"height":950,"url":"https:\/\/egidimadeinitaly.com\/wp-content\/uploads\/2023\/03\/Paesaggio-1934-di-Alberto-Ziveri-scaled-e1678705847915.jpg","type":"image\/jpeg"}],"schema":{"@context":"https:\/\/schema.org","@graph":[{"@type":"WebPage","@id":"https:\/\/egidimadeinitaly.com\/fr\/artisti\/alberto-ziveri\/","url":"https:\/\/egidimadeinitaly.com\/fr\/artistes\/alberto-ziveri\/","name":"Alberto Ziveri - Egidi MadeinItaly","isPartOf":{"@id":"https:\/\/egidimadeinitaly.com\/fr\/#website"},"primaryImageOfPage":{"@id":"https:\/\/egidimadeinitaly.com\/fr\/artistes\/alberto-ziveri\/#primaryimage"},"image":{"@id":"https:\/\/egidimadeinitaly.com\/fr\/artistes\/alberto-ziveri\/#primaryimage"},"thumbnailUrl":"https:\/\/egidimadeinitaly.com\/v25\/wp-content\/uploads\/2023\/03\/Paesaggio-1934-di-Alberto-Ziveri-scaled-e1678705847915.jpg","datePublished":"2023-03-14T11:33:27+00:00","dateModified":"2025-03-02T09:10:40+00:00","description":"Alberto Ziveri peintre et graveur romain Repr\u00e9sentant de l\u2019\u00c9cole romaine venez lire plus sur Egidi MadeinItaly","breadcrumb":{"@id":"https:\/\/egidimadeinitaly.com\/fr\/artistes\/alberto-ziveri\/#breadcrumb"},"inLanguage":"fr-FR","potentialAction":[{"@type":"ReadAction","target":["https:\/\/egidimadeinitaly.com\/fr\/artistes\/alberto-ziveri\/"]}]},{"@type":"ImageObject","inLanguage":"fr-FR","@id":"https:\/\/egidimadeinitaly.com\/fr\/artistes\/alberto-ziveri\/#primaryimage","url":"https:\/\/egidimadeinitaly.com\/v25\/wp-content\/uploads\/2023\/03\/Paesaggio-1934-di-Alberto-Ziveri-scaled-e1678705847915.jpg","contentUrl":"https:\/\/egidimadeinitaly.com\/v25\/wp-content\/uploads\/2023\/03\/Paesaggio-1934-di-Alberto-Ziveri-scaled-e1678705847915.jpg","width":557,"height":950,"caption":"Paysage1934 sign\u00e9 Alberto Ziveri"},{"@type":"BreadcrumbList","@id":"https:\/\/egidimadeinitaly.com\/fr\/artistes\/alberto-ziveri\/#breadcrumb","itemListElement":[{"@type":"ListItem","position":1,"name":"Home","item":"https:\/\/egidimadeinitaly.com\/fr\/"},{"@type":"ListItem","position":2,"name":"Alberto Ziveri"}]},{"@type":"WebSite","@id":"https:\/\/egidimadeinitaly.com\/fr\/#website","url":"https:\/\/egidimadeinitaly.com\/fr\/","name":"Egidi MadeinItaly","description":"Fine Art","potentialAction":[{"@type":"SearchAction","target":{"@type":"EntryPoint","urlTemplate":"https:\/\/egidimadeinitaly.com\/fr\/?s={search_term_string}"},"query-input":{"@type":"PropertyValueSpecification","valueRequired":true,"valueName":"search_term_string"}}],"inLanguage":"fr-FR"}]}},"_links":{"self":[{"href":"https:\/\/egidimadeinitaly.com\/fr\/wp-json\/wp\/v2\/artisti\/114428","targetHints":{"allow":["GET"]}}],"collection":[{"href":"https:\/\/egidimadeinitaly.com\/fr\/wp-json\/wp\/v2\/artisti"}],"about":[{"href":"https:\/\/egidimadeinitaly.com\/fr\/wp-json\/wp\/v2\/types\/artisti"}],"wp:featuredmedia":[{"embeddable":true,"href":"https:\/\/egidimadeinitaly.com\/fr\/wp-json\/wp\/v2\/media\/114424"}],"wp:attachment":[{"href":"https:\/\/egidimadeinitaly.com\/fr\/wp-json\/wp\/v2\/media?parent=114428"}],"wp:term":[{"taxonomy":"post_tag","embeddable":true,"href":"https:\/\/egidimadeinitaly.com\/fr\/wp-json\/wp\/v2\/tags?post=114428"},{"taxonomy":"tags","embeddable":true,"href":"https:\/\/egidimadeinitaly.com\/fr\/wp-json\/wp\/v2\/tags?post=114428"}],"curies":[{"name":"wp","href":"https:\/\/api.w.org\/{rel}","templated":true}]}}