{"id":112623,"date":"2022-12-29T13:55:29","date_gmt":"2022-12-29T12:55:29","guid":{"rendered":"https:\/\/egidimadeinitaly.com\/ecomsite\/?post_type=artisti&#038;p=112623"},"modified":"2025-03-02T10:12:27","modified_gmt":"2025-03-02T09:12:27","slug":"pietro-gaudenzi","status":"publish","type":"artisti","link":"https:\/\/egidimadeinitaly.com\/fr\/artisti\/pietro-gaudenzi\/","title":{"rendered":"Pietro Gaudenzi"},"content":{"rendered":"<p><b>Pietro Gaudenzi<\/b><span style=\"font-weight: 400;\"> (G\u00eanes 1880 \u2013 Anticoli Corrado 1955)<\/span><\/p>\n<p><span style=\"font-weight: 400;\">Il re\u00e7oit sa premi\u00e8re formation artistique \u00e0 La Spezia (Italie) sous la direction du peintre Felice Del Santo.<\/span><\/p>\n<p><span style=\"font-weight: 400;\">Il fr\u00e9quente l\u2019<\/span><i><span style=\"font-weight: 400;\">Accademia Ligustica di Belle Arti <\/span><\/i><span style=\"font-weight: 400;\">de G\u00eanes sous la direction de Cesare Viazzi.<\/span><\/p>\n<p><span style=\"font-weight: 400;\">En 1904, il remporte le prix artistique <\/span><i><span style=\"font-weight: 400;\">Duchessa di Galliera<\/span><\/i><span style=\"font-weight: 400;\">, gr\u00e2ce auquel il s&rsquo;installe \u00e0 Rome.<\/span><\/p>\n<p><span style=\"font-weight: 400;\">Dans la Ville \u00e9ternelle, il termine sa pr\u00e9paration en s&rsquo;inspirant des grands artistes du XVIe si\u00e8cle, et il c\u00f4toie <a href=\"https:\/\/egidimadeinitaly.com\/fr\/artistes\/giulio-aristide-sartorio\/\">Giulio Aristide Sartorio<\/a>, Antonio Mancini, Armando Spadini et Felice Carena, trouvant chez eux des stimuli pr\u00e9cieux pour progresser.<\/span><\/p>\n<p><span style=\"font-weight: 400;\"><strong>Pietro Gaudenzi<\/strong> rencontre pour la premi\u00e8re fois Candida Toppi (Anticoli Corrado, 1888 &#8211; Milan, 1920) \u00e0 la villa Strohl-Fern \u00e0 Rome. Il l\u2019\u00e9pouse en 1909 en l\u2019\u00e9glise Santa Vittoria \u00e0 Anticoli Corrado. De leur union naissent deux enfants : Enrico (en 1912) et Giuliana (en 1913).<\/span><\/p>\n<p><span style=\"font-weight: 400;\">Il vit ensuite \u00e0 Milan, de 1920 \u00e0 1930. Apr\u00e8s la mort tragique de sa femme <strong>Candida Toppi<\/strong>, il \u00e9pouse la s\u0153ur de cette derni\u00e8re, Augusta Toppi qui lui donne deux enfants, Iacopo (1929) et Maria Candida (1931).<\/span><\/p>\n<p><span style=\"font-weight: 400;\">Gaudenzi quitte Milan pour s&rsquo;installer \u00e0 Anticoli Corrado, o\u00f9 il est l&rsquo;un des fondateurs de la Galerie d&rsquo;art moderne locale.<\/span><\/p>\n<p><b>Prix<\/b><\/p>\n<p><span style=\"font-weight: 400;\">M\u00e9daille d&rsquo;or du minist\u00e8re de l`\u00c9ducation nationale en 1910<\/span><\/p>\n<p><span style=\"font-weight: 400;\">En 1913 M\u00e9daille d&rsquo;or \u00e0 l&rsquo;exposition de Munich\u00a0<\/span><\/p>\n<p><span style=\"font-weight: 400;\">Prix Prince Umberto en 1915<\/span><\/p>\n<p><span style=\"font-weight: 400;\">M\u00e9daille d&rsquo;or du m\u00e9rite du minist\u00e8re de l`\u00c9ducation nationale en 1940<\/span><\/p>\n<p><b>Distinctions<\/b><\/p>\n<p><span style=\"font-weight: 400;\">Professeur \u00e9m\u00e9rite des acad\u00e9mies de G\u00eanes et de Parme<\/span><\/p>\n<p><span style=\"font-weight: 400;\">Nomination comme membre de l\u2019Acad\u00e9mie des Beaux-arts et des Lettres des virtuoses au Panth\u00e9on<\/span><\/p>\n<p><span style=\"font-weight: 400;\">Attribution de la chaire de peinture \u00e0 l&rsquo;Acad\u00e9mie de Naples en 1935<\/span><\/p>\n<p><span style=\"font-weight: 400;\">En 1936, il re\u00e7oit le Prix Mussolini pour les arts<\/span><\/p>\n<p><span style=\"font-weight: 400;\">Pietro Gaudenzi en 1951, il est nomm\u00e9 directeur de l&rsquo;\u00c9cole de mosa\u00efque du Vatican<\/span><\/p>\n<p><b>Participations<\/b><\/p>\n<p><span style=\"font-weight: 400;\">En 1906, il expose au Palais Rouge de G\u00eanes.<\/span><\/p>\n<p><span style=\"font-weight: 400;\">Gaudenzi en 1932, il participe \u00e0 la Biennale de Venise.<\/span><\/p>\n<p><span style=\"font-weight: 400;\">En 1935, il participe \u00e0 la Quadriennale de Rome.<\/span><\/p>\n<p><b>\u0152uvres<\/b><\/p>\n<p><span style=\"font-weight: 400;\">En 1938, fresques dans le Ch\u00e2teau des Chevaliers de Rhodes<\/span><\/p>\n<p><span style=\"font-weight: 400;\">Expositions personnelles \u00e0 la galerie Pesaro \u00e0 Milano en 1921 et 1931<\/span><\/p>\n<p><span style=\"font-weight: 400;\">Au Palais ducal de G\u00eanes (1931), mosa\u00efques pour cath\u00e9drale de Messine, pour la crypte de la cath\u00e9drale d&rsquo;Ascoli Piceno, pour les absides de <\/span><i><span style=\"font-weight: 400;\">Regina Apostolorum<\/span><\/i><span style=\"font-weight: 400;\"> et de l&rsquo;\u00e9glise du Coll\u00e8ge am\u00e9ricain de Rome.<\/span><\/p>\n<p>&nbsp;<\/p>\n<p>&nbsp;<\/p>\n","protected":false},"excerpt":{"rendered":"<p>A Rome il c\u00f4toie Giulio Aristide Sartorio, Antonio Mancini, Armando Spadini et Felice Carena, trouvant chez eux des stimuli pr\u00e9cieux pour progresser<\/p>\n","protected":false},"featured_media":112424,"parent":0,"template":"","format":"standard","meta":{"_acf_changed":false},"tags":[6507],"class_list":["post-112623","artisti","type-artisti","status-publish","format-standard","has-post-thumbnail","hentry","tags-g"],"acf":[],"yoast_head":"<!-- This site is optimized with the Yoast SEO Premium plugin v27.4 (Yoast SEO v27.5) - https:\/\/yoast.com\/product\/yoast-seo-premium-wordpress\/ -->\n<title>Pietro Gaudenzi - Egidi MadeinItaly<\/title>\n<meta name=\"description\" content=\"Pietro Gaudenzi Peintre italien du XXeme si\u00e8cle il est l&#039;un des fondateurs du mus\u00e9e d&#039;art moderne \u00e0 Anticoli Corrado\" \/>\n<meta name=\"robots\" content=\"index, follow, max-snippet:-1, max-image-preview:large, max-video-preview:-1\" \/>\n<link rel=\"canonical\" href=\"https:\/\/egidimadeinitaly.com\/fr\/artistes\/pietro-gaudenzi\/\" \/>\n<meta property=\"og:locale\" content=\"fr_FR\" \/>\n<meta property=\"og:type\" content=\"article\" \/>\n<meta property=\"og:title\" content=\"Pietro Gaudenzi\" \/>\n<meta property=\"og:description\" content=\"A Rome il c\u00f4toie Giulio Aristide Sartorio, Antonio Mancini, Armando Spadini et Felice Carena, trouvant chez eux des stimuli pr\u00e9cieux pour progresser\" \/>\n<meta property=\"og:url\" content=\"https:\/\/egidimadeinitaly.com\/fr\/artistes\/pietro-gaudenzi\/\" \/>\n<meta property=\"og:site_name\" content=\"Egidi MadeinItaly\" \/>\n<meta property=\"article:publisher\" content=\"https:\/\/www.facebook.com\/egidimadeinitaly\/\" \/>\n<meta property=\"article:modified_time\" content=\"2025-03-02T09:12:27+00:00\" \/>\n<meta property=\"og:image\" content=\"https:\/\/egidimadeinitaly.com\/wp-content\/uploads\/2022\/11\/49297B23-94C9-4BF2-B384-DA4277045B1B-scaled-e1677137710117.jpeg\" \/>\n\t<meta property=\"og:image:width\" content=\"1024\" \/>\n\t<meta property=\"og:image:height\" content=\"626\" \/>\n\t<meta property=\"og:image:type\" content=\"image\/jpeg\" \/>\n<script type=\"application\/ld+json\" class=\"yoast-schema-graph\">{\"@context\":\"https:\\\/\\\/schema.org\",\"@graph\":[{\"@type\":\"WebPage\",\"@id\":\"https:\\\/\\\/egidimadeinitaly.com\\\/fr\\\/artisti\\\/pietro-gaudenzi\\\/\",\"url\":\"https:\\\/\\\/egidimadeinitaly.com\\\/fr\\\/artistes\\\/pietro-gaudenzi\\\/\",\"name\":\"Pietro Gaudenzi - Egidi MadeinItaly\",\"isPartOf\":{\"@id\":\"https:\\\/\\\/egidimadeinitaly.com\\\/fr\\\/#website\"},\"primaryImageOfPage\":{\"@id\":\"https:\\\/\\\/egidimadeinitaly.com\\\/fr\\\/artistes\\\/pietro-gaudenzi\\\/#primaryimage\"},\"image\":{\"@id\":\"https:\\\/\\\/egidimadeinitaly.com\\\/fr\\\/artistes\\\/pietro-gaudenzi\\\/#primaryimage\"},\"thumbnailUrl\":\"https:\\\/\\\/egidimadeinitaly.com\\\/v25\\\/wp-content\\\/uploads\\\/2022\\\/11\\\/49297B23-94C9-4BF2-B384-DA4277045B1B-scaled-e1677137710117.jpeg\",\"datePublished\":\"2022-12-29T12:55:29+00:00\",\"dateModified\":\"2025-03-02T09:12:27+00:00\",\"description\":\"Pietro Gaudenzi Peintre italien du XXeme si\u00e8cle il est l'un des fondateurs du mus\u00e9e d'art moderne \u00e0 Anticoli Corrado\",\"breadcrumb\":{\"@id\":\"https:\\\/\\\/egidimadeinitaly.com\\\/fr\\\/artistes\\\/pietro-gaudenzi\\\/#breadcrumb\"},\"inLanguage\":\"fr-FR\",\"potentialAction\":[{\"@type\":\"ReadAction\",\"target\":[\"https:\\\/\\\/egidimadeinitaly.com\\\/fr\\\/artistes\\\/pietro-gaudenzi\\\/\"]}]},{\"@type\":\"ImageObject\",\"inLanguage\":\"fr-FR\",\"@id\":\"https:\\\/\\\/egidimadeinitaly.com\\\/fr\\\/artistes\\\/pietro-gaudenzi\\\/#primaryimage\",\"url\":\"https:\\\/\\\/egidimadeinitaly.com\\\/v25\\\/wp-content\\\/uploads\\\/2022\\\/11\\\/49297B23-94C9-4BF2-B384-DA4277045B1B-scaled-e1677137710117.jpeg\",\"contentUrl\":\"https:\\\/\\\/egidimadeinitaly.com\\\/v25\\\/wp-content\\\/uploads\\\/2022\\\/11\\\/49297B23-94C9-4BF2-B384-DA4277045B1B-scaled-e1677137710117.jpeg\",\"width\":1024,\"height\":626,\"caption\":\"Pietro Gaudenzi signature\"},{\"@type\":\"BreadcrumbList\",\"@id\":\"https:\\\/\\\/egidimadeinitaly.com\\\/fr\\\/artistes\\\/pietro-gaudenzi\\\/#breadcrumb\",\"itemListElement\":[{\"@type\":\"ListItem\",\"position\":1,\"name\":\"Home\",\"item\":\"https:\\\/\\\/egidimadeinitaly.com\\\/fr\\\/\"},{\"@type\":\"ListItem\",\"position\":2,\"name\":\"Pietro Gaudenzi\"}]},{\"@type\":\"WebSite\",\"@id\":\"https:\\\/\\\/egidimadeinitaly.com\\\/fr\\\/#website\",\"url\":\"https:\\\/\\\/egidimadeinitaly.com\\\/fr\\\/\",\"name\":\"Egidi MadeinItaly\",\"description\":\"Fine Art\",\"potentialAction\":[{\"@type\":\"SearchAction\",\"target\":{\"@type\":\"EntryPoint\",\"urlTemplate\":\"https:\\\/\\\/egidimadeinitaly.com\\\/fr\\\/?s={search_term_string}\"},\"query-input\":{\"@type\":\"PropertyValueSpecification\",\"valueRequired\":true,\"valueName\":\"search_term_string\"}}],\"inLanguage\":\"fr-FR\"}]}<\/script>\n<!-- \/ Yoast SEO Premium plugin. -->","yoast_head_json":{"title":"Pietro Gaudenzi - Egidi MadeinItaly","description":"Pietro Gaudenzi Peintre italien du XXeme si\u00e8cle il est l'un des fondateurs du mus\u00e9e d'art moderne \u00e0 Anticoli Corrado","robots":{"index":"index","follow":"follow","max-snippet":"max-snippet:-1","max-image-preview":"max-image-preview:large","max-video-preview":"max-video-preview:-1"},"canonical":"https:\/\/egidimadeinitaly.com\/fr\/artistes\/pietro-gaudenzi\/","og_locale":"fr_FR","og_type":"article","og_title":"Pietro Gaudenzi","og_description":"A Rome il c\u00f4toie Giulio Aristide Sartorio, Antonio Mancini, Armando Spadini et Felice Carena, trouvant chez eux des stimuli pr\u00e9cieux pour progresser","og_url":"https:\/\/egidimadeinitaly.com\/fr\/artistes\/pietro-gaudenzi\/","og_site_name":"Egidi MadeinItaly","article_publisher":"https:\/\/www.facebook.com\/egidimadeinitaly\/","article_modified_time":"2025-03-02T09:12:27+00:00","og_image":[{"width":1024,"height":626,"url":"https:\/\/egidimadeinitaly.com\/wp-content\/uploads\/2022\/11\/49297B23-94C9-4BF2-B384-DA4277045B1B-scaled-e1677137710117.jpeg","type":"image\/jpeg"}],"schema":{"@context":"https:\/\/schema.org","@graph":[{"@type":"WebPage","@id":"https:\/\/egidimadeinitaly.com\/fr\/artisti\/pietro-gaudenzi\/","url":"https:\/\/egidimadeinitaly.com\/fr\/artistes\/pietro-gaudenzi\/","name":"Pietro Gaudenzi - Egidi MadeinItaly","isPartOf":{"@id":"https:\/\/egidimadeinitaly.com\/fr\/#website"},"primaryImageOfPage":{"@id":"https:\/\/egidimadeinitaly.com\/fr\/artistes\/pietro-gaudenzi\/#primaryimage"},"image":{"@id":"https:\/\/egidimadeinitaly.com\/fr\/artistes\/pietro-gaudenzi\/#primaryimage"},"thumbnailUrl":"https:\/\/egidimadeinitaly.com\/v25\/wp-content\/uploads\/2022\/11\/49297B23-94C9-4BF2-B384-DA4277045B1B-scaled-e1677137710117.jpeg","datePublished":"2022-12-29T12:55:29+00:00","dateModified":"2025-03-02T09:12:27+00:00","description":"Pietro Gaudenzi Peintre italien du XXeme si\u00e8cle il est l'un des fondateurs du mus\u00e9e d'art moderne \u00e0 Anticoli Corrado","breadcrumb":{"@id":"https:\/\/egidimadeinitaly.com\/fr\/artistes\/pietro-gaudenzi\/#breadcrumb"},"inLanguage":"fr-FR","potentialAction":[{"@type":"ReadAction","target":["https:\/\/egidimadeinitaly.com\/fr\/artistes\/pietro-gaudenzi\/"]}]},{"@type":"ImageObject","inLanguage":"fr-FR","@id":"https:\/\/egidimadeinitaly.com\/fr\/artistes\/pietro-gaudenzi\/#primaryimage","url":"https:\/\/egidimadeinitaly.com\/v25\/wp-content\/uploads\/2022\/11\/49297B23-94C9-4BF2-B384-DA4277045B1B-scaled-e1677137710117.jpeg","contentUrl":"https:\/\/egidimadeinitaly.com\/v25\/wp-content\/uploads\/2022\/11\/49297B23-94C9-4BF2-B384-DA4277045B1B-scaled-e1677137710117.jpeg","width":1024,"height":626,"caption":"Pietro Gaudenzi signature"},{"@type":"BreadcrumbList","@id":"https:\/\/egidimadeinitaly.com\/fr\/artistes\/pietro-gaudenzi\/#breadcrumb","itemListElement":[{"@type":"ListItem","position":1,"name":"Home","item":"https:\/\/egidimadeinitaly.com\/fr\/"},{"@type":"ListItem","position":2,"name":"Pietro Gaudenzi"}]},{"@type":"WebSite","@id":"https:\/\/egidimadeinitaly.com\/fr\/#website","url":"https:\/\/egidimadeinitaly.com\/fr\/","name":"Egidi MadeinItaly","description":"Fine Art","potentialAction":[{"@type":"SearchAction","target":{"@type":"EntryPoint","urlTemplate":"https:\/\/egidimadeinitaly.com\/fr\/?s={search_term_string}"},"query-input":{"@type":"PropertyValueSpecification","valueRequired":true,"valueName":"search_term_string"}}],"inLanguage":"fr-FR"}]}},"_links":{"self":[{"href":"https:\/\/egidimadeinitaly.com\/fr\/wp-json\/wp\/v2\/artisti\/112623","targetHints":{"allow":["GET"]}}],"collection":[{"href":"https:\/\/egidimadeinitaly.com\/fr\/wp-json\/wp\/v2\/artisti"}],"about":[{"href":"https:\/\/egidimadeinitaly.com\/fr\/wp-json\/wp\/v2\/types\/artisti"}],"wp:featuredmedia":[{"embeddable":true,"href":"https:\/\/egidimadeinitaly.com\/fr\/wp-json\/wp\/v2\/media\/112424"}],"wp:attachment":[{"href":"https:\/\/egidimadeinitaly.com\/fr\/wp-json\/wp\/v2\/media?parent=112623"}],"wp:term":[{"taxonomy":"post_tag","embeddable":true,"href":"https:\/\/egidimadeinitaly.com\/fr\/wp-json\/wp\/v2\/tags?post=112623"},{"taxonomy":"tags","embeddable":true,"href":"https:\/\/egidimadeinitaly.com\/fr\/wp-json\/wp\/v2\/tags?post=112623"}],"curies":[{"name":"wp","href":"https:\/\/api.w.org\/{rel}","templated":true}]}}