{"id":111684,"date":"2022-08-12T19:19:09","date_gmt":"2022-08-12T18:19:09","guid":{"rendered":"https:\/\/egidimadeinitaly.com\/ecomsite\/artisti\/josep-guinovart-bertran\/"},"modified":"2025-03-02T10:13:54","modified_gmt":"2025-03-02T09:13:54","slug":"josep-guinovart-bertran","status":"publish","type":"artisti","link":"https:\/\/egidimadeinitaly.com\/fr\/artisti\/josep-guinovart-bertran\/","title":{"rendered":"Josep Guinovart Bertran"},"content":{"rendered":"<p style=\"margin: 0cm 0cm 8.0pt 0cm;\"><b><span style=\"font-size: 11.0pt; font-family: 'Calibri',sans-serif; color: black;\">Josep Guinovart<\/span><\/b><span style=\"font-size: 11.0pt; font-family: 'Calibri',sans-serif; color: black;\"> (1927 \u2013 2007).<\/span><\/p>\n<p style=\"margin: 0cm 0cm 8.0pt 0cm;\"><span style=\"font-size: 11.0pt; font-family: 'Calibri',sans-serif; color: black;\"> Peintre, dessinateur et graveur catalan, principalement connu pour ses \u0153uvres expressionnistes informelles ou abstraites.<\/span><\/p>\n<p style=\"margin: 0cm 0cm 8.0pt 0cm;\"><span style=\"font-size: 11.0pt; font-family: 'Calibri',sans-serif; color: black;\">En 1941, il commence \u00e0 travailler comme d\u00e9corateur.<\/span><\/p>\n<p style=\"margin: 14.0pt 0cm 0cm 0cm;\"><span style=\"font-size: 11.0pt; font-family: 'Calibri',sans-serif; color: black;\">Trois ans plus tard, il entame des \u00e9tudes \u00e0 l&rsquo;<i>Escuela de Artes y Oficios<\/i> de la Llotja (l&rsquo;\u00e9cole des Arts d\u00e9coratifs de Barcelone) o\u00f9 il reste jusqu&rsquo;en 1946.<\/span><\/p>\n<p style=\"margin: 0cm;\"><span style=\"font-size: 11.0pt; font-family: 'Calibri',sans-serif; color: black;\">En 1948, il expose pour la premi\u00e8re fois \u00e0 la galerie Syla de Barcelone. En 1951, il r\u00e9alise sa premi\u00e8re gravure intitul\u00e9e \u00ab\u00a0Hommage \u00e0 Federico Garcia Lorca\u00a0\u00bb. <\/span><\/p>\n<h2 style=\"text-align: center;\"><strong>Paris<\/strong><\/h2>\n<p style=\"margin: 0cm;\"><span style=\"font-size: 11.0pt; font-family: 'Calibri',sans-serif; color: black;\">Deux ans plus tard, il obtient une bourse de l&rsquo;Institut fran\u00e7ais pour aller \u00e9tudier \u00e0 Paris pendant neuf mois. <\/span><\/p>\n<p style=\"margin: 0cm;\"><span style=\"font-size: 11.0pt; font-family: 'Calibri',sans-serif; color: black;\">C&rsquo;est \u00e0 cette \u00e9poque qu&rsquo;il d\u00e9couvre les \u0153uvres cubistes d\u2019Henri Matisse et de Pablo Picasso. Il visite aussi la Belgique, les Pays-Bas et l&rsquo;Allemagne.<\/span><\/p>\n<p>&nbsp;<\/p>\n<p style=\"margin: 0cm 0cm 8.0pt 0cm;\"><span style=\"font-size: 11.0pt; font-family: 'Calibri',sans-serif; color: black;\">De retour \u00e0 Barcelone, apr\u00e8s une p\u00e9riode de travail en tant qu&rsquo;illustrateur et sc\u00e9nographe, vers 1957 il commence \u00e0 se tourner vers l&rsquo;<b>art abstrait<\/b>.<\/span><\/p>\n<p style=\"margin: 0cm 0cm 8.0pt 0cm;\"><span style=\"font-size: 11.0pt; font-family: 'Calibri',sans-serif; color: black;\">Son travail est extr\u00eamement anti-conventionnel et g\u00e9n\u00e9ralement sur grande \u00e9chelle, en utilisant un large \u00e9ventail de mat\u00e9riaux, d&rsquo;objets tridimensionnels et de substances organiques telles que les coquilles d&rsquo;\u0153uf, la terre et la paille.<\/span><\/p>\n<p style=\"margin: 0cm 0cm 8.0pt 0cm;\"><span style=\"font-size: 11.0pt; font-family: 'Calibri',sans-serif; color: black;\">En 1962, il illustre un livre de po\u00e8mes de Joan Salvat-Papasseit, intitul\u00e9 <i>Poesies<\/i>,<i> <\/i>pour l&rsquo;\u00e9diteur Ariel.<\/span><\/p>\n<p style=\"margin: 14.0pt 0cm 0cm 0cm;\"><span style=\"font-size: 11.0pt; font-family: 'Calibri',sans-serif; color: black;\">Au cours des ann\u00e9es 1970 et 1980, il a re\u00e7u de nombreux prix pour son \u0153uvre, notamment le prix national espagnol des arts plastiques en 1982. <\/span><\/p>\n<p style=\"margin: 14.0pt 0cm 0cm 0cm;\"><span style=\"font-size: 11.0pt; font-family: 'Calibri',sans-serif; color: black;\">En 1994, une fondation mus\u00e9ale consacr\u00e9e \u00e0 son art a \u00e9t\u00e9 inaugur\u00e9e \u00e0 Agramunt (Espagne), ville de naissance de sa m\u00e8re, pour laquelle il a toujours \u00e9prouv\u00e9 un attachement particulier.<\/span><\/p>\n<h2 style=\"text-align: center;\">Le vignoble des artistes<\/h2>\n<p style=\"margin: 0cm 0cm 8.0pt 0cm;\"><span style=\"font-size: 11.0pt; font-family: 'Calibri',sans-serif; color: black;\">En 2006, il r\u00e9alise le cellier de l&rsquo;exploitation vinicole <i>Mas Blanch i Jov\u00e9 <\/i>dans La Pobla de Cervoles (province de Lleida, Catalogne).<\/span><\/p>\n<p style=\"margin: 0cm 0cm 8.0pt 0cm;\"><span style=\"font-size: 11.0pt; font-family: 'Calibri',sans-serif; color: black;\"> Le projet<i> La Vinya dels Artistes\u00a0<\/i>(<i>Le vignoble des artistes<\/i>), qui consiste \u00e0 m\u00ealer des sculptures et autres \u0153uvres d&rsquo;art de diff\u00e9rents artistes au milieu des vignes.<\/span><\/p>\n<h2 style=\"text-align: center;\"><strong>Galerie Joan Prats<\/strong><\/h2>\n<p style=\"margin: 0cm 0cm 8.0pt 0cm;\"><span style=\"font-size: 11.0pt; font-family: 'Calibri',sans-serif; color: black;\">Il a \u00e9t\u00e9 repr\u00e9sent\u00e9 par la prestigieuse galerie Joan Prats (qui a expos\u00e9 Salvador Dali, Alexander Calder, Paul Klee, Max Ernst, Josep Vicen\u00e7 Foix et Joan Brossa). <\/span><\/p>\n<p style=\"margin: 0cm 0cm 8.0pt 0cm;\"><span style=\"font-size: 11.0pt; font-family: 'Calibri',sans-serif; color: black;\">Il a particip\u00e9 \u00e0 l&rsquo;exposition Cinq artistes catalans en hommage \u00e0 Joan Prats: Joan Miro, Antoni Tapies, Josep Guinovart, Joan Hernandez Pijuan, Albert Rafols Casamada.<\/span><\/p>\n<h2 style=\"text-align: center;\">Vous poss\u00e9dez une \u0153uvre de Josep Guinovart Bertran et vous voulez la vendre ?<\/h2>\n<p style=\"text-align: center;\">Pour toute expertise ou estimation de vos \u0153uvres et de vos collections, vous pouvez nous contacter \u00e0 l&rsquo;adresse sabrina@egidimadeinitaly.com<\/p>\n<p style=\"text-align: center;\">ou<\/p>\n<p style=\"text-align: center;\">\u00a0envoyez-nous un message WhatsApp au au\u00a0 +39 3356585431<\/p>\n<p style=\"text-align: center;\"><span style=\"color: #ff6600;\"><strong>VOUS POUVEZ NOUS FAIRE CONFIANCE<\/strong><\/span><\/p>\n<p style=\"text-align: center;\"><strong>Les meilleures estimations, comp\u00e9tence, s\u00e9rieux<\/strong><\/p>\n","protected":false},"excerpt":{"rendered":"<p>Son travail est extr\u00eamement anti-conventionnel et g\u00e9n\u00e9ralement sur grande \u00e9chelle, en utilisant un large \u00e9ventail de mat\u00e9riaux, d&rsquo;objets tridimensionnels et de substances organiques<\/p>\n","protected":false},"featured_media":110930,"parent":0,"template":"","format":"standard","meta":{"_acf_changed":false},"tags":[6506,6507],"class_list":["post-111684","artisti","type-artisti","status-publish","format-standard","has-post-thumbnail","hentry","tags-b","tags-g"],"acf":[],"yoast_head":"<!-- This site is optimized with the Yoast SEO Premium plugin v27.4 (Yoast SEO v27.5) - https:\/\/yoast.com\/product\/yoast-seo-premium-wordpress\/ -->\n<title>Josep Guinovart Bertran - Egidi MadeinItaly<\/title>\n<meta name=\"description\" content=\"Josep Guinovart Bertran Peintre, dessinateur et graveur catalan a \u00e9t\u00e9 repr\u00e9sent\u00e9 par la prestigieuse galerie Joan Prats\" \/>\n<meta name=\"robots\" content=\"index, follow, max-snippet:-1, max-image-preview:large, max-video-preview:-1\" \/>\n<link rel=\"canonical\" href=\"https:\/\/egidimadeinitaly.com\/fr\/artistes\/josep-guinovart-bertran\/\" \/>\n<meta property=\"og:locale\" content=\"fr_FR\" \/>\n<meta property=\"og:type\" content=\"article\" \/>\n<meta property=\"og:title\" content=\"Josep Guinovart Bertran\" \/>\n<meta property=\"og:description\" content=\"Son travail est extr\u00eamement anti-conventionnel et g\u00e9n\u00e9ralement sur grande \u00e9chelle, en utilisant un large \u00e9ventail de mat\u00e9riaux, d&#039;objets tridimensionnels et de substances organiques\" \/>\n<meta property=\"og:url\" content=\"https:\/\/egidimadeinitaly.com\/fr\/artistes\/josep-guinovart-bertran\/\" \/>\n<meta property=\"og:site_name\" content=\"Egidi MadeinItaly\" \/>\n<meta property=\"article:publisher\" content=\"https:\/\/www.facebook.com\/egidimadeinitaly\/\" \/>\n<meta property=\"article:modified_time\" content=\"2025-03-02T09:13:54+00:00\" \/>\n<meta property=\"og:image\" content=\"https:\/\/egidimadeinitaly.com\/wp-content\/uploads\/2022\/07\/Josep-Guinovart-Bertran-quadro-7-scaled-e1691059496436.jpg\" \/>\n\t<meta property=\"og:image:width\" content=\"900\" \/>\n\t<meta property=\"og:image:height\" content=\"506\" \/>\n\t<meta property=\"og:image:type\" content=\"image\/jpeg\" \/>\n<script type=\"application\/ld+json\" class=\"yoast-schema-graph\">{\"@context\":\"https:\\\/\\\/schema.org\",\"@graph\":[{\"@type\":\"WebPage\",\"@id\":\"https:\\\/\\\/egidimadeinitaly.com\\\/fr\\\/artisti\\\/josep-guinovart-bertran\\\/\",\"url\":\"https:\\\/\\\/egidimadeinitaly.com\\\/fr\\\/artistes\\\/josep-guinovart-bertran\\\/\",\"name\":\"Josep Guinovart Bertran - Egidi MadeinItaly\",\"isPartOf\":{\"@id\":\"https:\\\/\\\/egidimadeinitaly.com\\\/fr\\\/#website\"},\"primaryImageOfPage\":{\"@id\":\"https:\\\/\\\/egidimadeinitaly.com\\\/fr\\\/artistes\\\/josep-guinovart-bertran\\\/#primaryimage\"},\"image\":{\"@id\":\"https:\\\/\\\/egidimadeinitaly.com\\\/fr\\\/artistes\\\/josep-guinovart-bertran\\\/#primaryimage\"},\"thumbnailUrl\":\"https:\\\/\\\/egidimadeinitaly.com\\\/v25\\\/wp-content\\\/uploads\\\/2022\\\/07\\\/Josep-Guinovart-Bertran-quadro-7-scaled-e1691059496436.jpg\",\"datePublished\":\"2022-08-12T18:19:09+00:00\",\"dateModified\":\"2025-03-02T09:13:54+00:00\",\"description\":\"Josep Guinovart Bertran Peintre, dessinateur et graveur catalan a \u00e9t\u00e9 repr\u00e9sent\u00e9 par la prestigieuse galerie Joan Prats\",\"breadcrumb\":{\"@id\":\"https:\\\/\\\/egidimadeinitaly.com\\\/fr\\\/artistes\\\/josep-guinovart-bertran\\\/#breadcrumb\"},\"inLanguage\":\"fr-FR\",\"potentialAction\":[{\"@type\":\"ReadAction\",\"target\":[\"https:\\\/\\\/egidimadeinitaly.com\\\/fr\\\/artistes\\\/josep-guinovart-bertran\\\/\"]}]},{\"@type\":\"ImageObject\",\"inLanguage\":\"fr-FR\",\"@id\":\"https:\\\/\\\/egidimadeinitaly.com\\\/fr\\\/artistes\\\/josep-guinovart-bertran\\\/#primaryimage\",\"url\":\"https:\\\/\\\/egidimadeinitaly.com\\\/v25\\\/wp-content\\\/uploads\\\/2022\\\/07\\\/Josep-Guinovart-Bertran-quadro-7-scaled-e1691059496436.jpg\",\"contentUrl\":\"https:\\\/\\\/egidimadeinitaly.com\\\/v25\\\/wp-content\\\/uploads\\\/2022\\\/07\\\/Josep-Guinovart-Bertran-quadro-7-scaled-e1691059496436.jpg\",\"width\":900,\"height\":506,\"caption\":\"Josep Guinovart Bertran\"},{\"@type\":\"BreadcrumbList\",\"@id\":\"https:\\\/\\\/egidimadeinitaly.com\\\/fr\\\/artistes\\\/josep-guinovart-bertran\\\/#breadcrumb\",\"itemListElement\":[{\"@type\":\"ListItem\",\"position\":1,\"name\":\"Home\",\"item\":\"https:\\\/\\\/egidimadeinitaly.com\\\/fr\\\/\"},{\"@type\":\"ListItem\",\"position\":2,\"name\":\"Josep Guinovart Bertran\"}]},{\"@type\":\"WebSite\",\"@id\":\"https:\\\/\\\/egidimadeinitaly.com\\\/fr\\\/#website\",\"url\":\"https:\\\/\\\/egidimadeinitaly.com\\\/fr\\\/\",\"name\":\"Egidi MadeinItaly\",\"description\":\"Fine Art\",\"potentialAction\":[{\"@type\":\"SearchAction\",\"target\":{\"@type\":\"EntryPoint\",\"urlTemplate\":\"https:\\\/\\\/egidimadeinitaly.com\\\/fr\\\/?s={search_term_string}\"},\"query-input\":{\"@type\":\"PropertyValueSpecification\",\"valueRequired\":true,\"valueName\":\"search_term_string\"}}],\"inLanguage\":\"fr-FR\"}]}<\/script>\n<!-- \/ Yoast SEO Premium plugin. -->","yoast_head_json":{"title":"Josep Guinovart Bertran - Egidi MadeinItaly","description":"Josep Guinovart Bertran Peintre, dessinateur et graveur catalan a \u00e9t\u00e9 repr\u00e9sent\u00e9 par la prestigieuse galerie Joan Prats","robots":{"index":"index","follow":"follow","max-snippet":"max-snippet:-1","max-image-preview":"max-image-preview:large","max-video-preview":"max-video-preview:-1"},"canonical":"https:\/\/egidimadeinitaly.com\/fr\/artistes\/josep-guinovart-bertran\/","og_locale":"fr_FR","og_type":"article","og_title":"Josep Guinovart Bertran","og_description":"Son travail est extr\u00eamement anti-conventionnel et g\u00e9n\u00e9ralement sur grande \u00e9chelle, en utilisant un large \u00e9ventail de mat\u00e9riaux, d'objets tridimensionnels et de substances organiques","og_url":"https:\/\/egidimadeinitaly.com\/fr\/artistes\/josep-guinovart-bertran\/","og_site_name":"Egidi MadeinItaly","article_publisher":"https:\/\/www.facebook.com\/egidimadeinitaly\/","article_modified_time":"2025-03-02T09:13:54+00:00","og_image":[{"width":900,"height":506,"url":"https:\/\/egidimadeinitaly.com\/wp-content\/uploads\/2022\/07\/Josep-Guinovart-Bertran-quadro-7-scaled-e1691059496436.jpg","type":"image\/jpeg"}],"schema":{"@context":"https:\/\/schema.org","@graph":[{"@type":"WebPage","@id":"https:\/\/egidimadeinitaly.com\/fr\/artisti\/josep-guinovart-bertran\/","url":"https:\/\/egidimadeinitaly.com\/fr\/artistes\/josep-guinovart-bertran\/","name":"Josep Guinovart Bertran - Egidi MadeinItaly","isPartOf":{"@id":"https:\/\/egidimadeinitaly.com\/fr\/#website"},"primaryImageOfPage":{"@id":"https:\/\/egidimadeinitaly.com\/fr\/artistes\/josep-guinovart-bertran\/#primaryimage"},"image":{"@id":"https:\/\/egidimadeinitaly.com\/fr\/artistes\/josep-guinovart-bertran\/#primaryimage"},"thumbnailUrl":"https:\/\/egidimadeinitaly.com\/v25\/wp-content\/uploads\/2022\/07\/Josep-Guinovart-Bertran-quadro-7-scaled-e1691059496436.jpg","datePublished":"2022-08-12T18:19:09+00:00","dateModified":"2025-03-02T09:13:54+00:00","description":"Josep Guinovart Bertran Peintre, dessinateur et graveur catalan a \u00e9t\u00e9 repr\u00e9sent\u00e9 par la prestigieuse galerie Joan Prats","breadcrumb":{"@id":"https:\/\/egidimadeinitaly.com\/fr\/artistes\/josep-guinovart-bertran\/#breadcrumb"},"inLanguage":"fr-FR","potentialAction":[{"@type":"ReadAction","target":["https:\/\/egidimadeinitaly.com\/fr\/artistes\/josep-guinovart-bertran\/"]}]},{"@type":"ImageObject","inLanguage":"fr-FR","@id":"https:\/\/egidimadeinitaly.com\/fr\/artistes\/josep-guinovart-bertran\/#primaryimage","url":"https:\/\/egidimadeinitaly.com\/v25\/wp-content\/uploads\/2022\/07\/Josep-Guinovart-Bertran-quadro-7-scaled-e1691059496436.jpg","contentUrl":"https:\/\/egidimadeinitaly.com\/v25\/wp-content\/uploads\/2022\/07\/Josep-Guinovart-Bertran-quadro-7-scaled-e1691059496436.jpg","width":900,"height":506,"caption":"Josep Guinovart Bertran"},{"@type":"BreadcrumbList","@id":"https:\/\/egidimadeinitaly.com\/fr\/artistes\/josep-guinovart-bertran\/#breadcrumb","itemListElement":[{"@type":"ListItem","position":1,"name":"Home","item":"https:\/\/egidimadeinitaly.com\/fr\/"},{"@type":"ListItem","position":2,"name":"Josep Guinovart Bertran"}]},{"@type":"WebSite","@id":"https:\/\/egidimadeinitaly.com\/fr\/#website","url":"https:\/\/egidimadeinitaly.com\/fr\/","name":"Egidi MadeinItaly","description":"Fine Art","potentialAction":[{"@type":"SearchAction","target":{"@type":"EntryPoint","urlTemplate":"https:\/\/egidimadeinitaly.com\/fr\/?s={search_term_string}"},"query-input":{"@type":"PropertyValueSpecification","valueRequired":true,"valueName":"search_term_string"}}],"inLanguage":"fr-FR"}]}},"_links":{"self":[{"href":"https:\/\/egidimadeinitaly.com\/fr\/wp-json\/wp\/v2\/artisti\/111684","targetHints":{"allow":["GET"]}}],"collection":[{"href":"https:\/\/egidimadeinitaly.com\/fr\/wp-json\/wp\/v2\/artisti"}],"about":[{"href":"https:\/\/egidimadeinitaly.com\/fr\/wp-json\/wp\/v2\/types\/artisti"}],"wp:featuredmedia":[{"embeddable":true,"href":"https:\/\/egidimadeinitaly.com\/fr\/wp-json\/wp\/v2\/media\/110930"}],"wp:attachment":[{"href":"https:\/\/egidimadeinitaly.com\/fr\/wp-json\/wp\/v2\/media?parent=111684"}],"wp:term":[{"taxonomy":"post_tag","embeddable":true,"href":"https:\/\/egidimadeinitaly.com\/fr\/wp-json\/wp\/v2\/tags?post=111684"},{"taxonomy":"tags","embeddable":true,"href":"https:\/\/egidimadeinitaly.com\/fr\/wp-json\/wp\/v2\/tags?post=111684"}],"curies":[{"name":"wp","href":"https:\/\/api.w.org\/{rel}","templated":true}]}}