{"id":111393,"date":"2022-09-05T17:51:05","date_gmt":"2022-09-05T16:51:05","guid":{"rendered":"https:\/\/egidimadeinitaly.com\/ecomsite\/?post_type=artisti&#038;p=111393"},"modified":"2026-08-31T23:18:29","modified_gmt":"2026-08-31T22:18:29","slug":"mario-schifano-figure-incontournable-de-la-pop-art-italienne","status":"publish","type":"artisti","link":"https:\/\/egidimadeinitaly.com\/fr\/artisti\/mario-schifano-figure-incontournable-de-la-pop-art-italienne\/","title":{"rendered":"Mario Schifano  Figure incontournable de la Pop Art italienne"},"content":{"rendered":"<h2 class=\"PDq2pG_selectionAnchorContainer\" data-section-id=\"1n3vgfd\" data-start=\"342\" data-end=\"411\">Mario Schifano figure majeure de l\u2019art italien de l\u2019apr\u00e8s-guerre<\/h2>\n<p data-start=\"413\" data-end=\"739\"><strong data-start=\"413\" data-end=\"443\">Mario Schifano (1934-1998)<\/strong> compte parmi les artistes les plus embl\u00e9matiques de l\u2019art italien de la seconde moiti\u00e9 du XXe si\u00e8cle. N\u00e9 \u00e0 Homs, en Libye alors sous administration italienne, il d\u00e9veloppe \u00e0 Rome un langage visuel profond\u00e9ment personnel, capable d\u2019associer peinture, photographie, t\u00e9l\u00e9vision et culture de masse.<\/p>\n<p data-start=\"741\" data-end=\"932\">Son \u0153uvre accompagne les profondes transformations de la soci\u00e9t\u00e9 italienne des ann\u00e9es 1960 et 1970 et occupe une place centrale dans le renouvellement de l\u2019image artistique de l\u2019apr\u00e8s-guerre.<\/p>\n<h2 data-section-id=\"otxjtl\" data-start=\"934\" data-end=\"972\">Les d\u00e9buts de Mario Schifano \u00e0 Rome<\/h2>\n<p data-start=\"974\" data-end=\"1122\">Fils d\u2019un arch\u00e9ologue, Mario Schifano passe son enfance en Libye avant de s\u2019installer \u00e0 Rome avec sa famille \u00e0 la fin de la Seconde Guerre mondiale.<\/p>\n<p data-start=\"1124\" data-end=\"1403\">Il travaille quelque temps comme assistant restaurateur au Mus\u00e9e \u00e9trusque de la Villa Giulia. Cette premi\u00e8re proximit\u00e9 avec les vestiges du pass\u00e9 laisse cependant rapidement place \u00e0 une recherche r\u00e9solument tourn\u00e9e vers la peinture et les nouveaux langages visuels de son \u00e9poque.<\/p>\n<p data-start=\"1405\" data-end=\"1606\">\u00c0 Rome, Schifano fr\u00e9quente le milieu artistique le plus exp\u00e9rimental et devient l\u2019un des protagonistes d\u2019une g\u00e9n\u00e9ration qui remet profond\u00e9ment en question les conventions de la peinture traditionnelle.<\/p>\n<h2 data-section-id=\"8cc611\" data-start=\"1608\" data-end=\"1665\">La Salita, La Tartaruga et la sc\u00e8ne artistique romaine<\/h2>\n<p data-start=\"1667\" data-end=\"1869\">Mario Schifano expose \u00e0 la galerie <strong data-start=\"1702\" data-end=\"1715\">La Salita<\/strong> aux c\u00f4t\u00e9s de Franco Angeli, Tano Festa, Francesco Lo Savio et Giuseppe Uncini, artistes qui participent alors au profond renouvellement de l\u2019art italien.<\/p>\n<p data-start=\"1871\" data-end=\"2022\">En 1960, il pr\u00e9sente sa premi\u00e8re exposition personnelle \u00e0 la galerie <strong data-start=\"1940\" data-end=\"1956\">La Tartaruga<\/strong> \u00e0 Rome, lieu essentiel de l\u2019avant-garde artistique de ces ann\u00e9es.<\/p>\n<p data-start=\"2024\" data-end=\"2294\">Sa reconnaissance d\u00e9passe rapidement les fronti\u00e8res italiennes. En 1962, il est invit\u00e9 \u00e0 New York et participe \u00e0 l\u2019exposition <strong data-start=\"2150\" data-end=\"2170\">The New Realists<\/strong> \u00e0 la Sidney Janis Gallery, confrontation internationale d\u00e9cisive entre les nouvelles recherches europ\u00e9ennes et am\u00e9ricaines.<\/p>\n<h2 data-section-id=\"1txoedd\" data-start=\"2296\" data-end=\"2352\">Mario Schifano et la culture visuelle des ann\u00e9es 1960<\/h2>\n<p data-start=\"2354\" data-end=\"2513\">Apr\u00e8s ses premi\u00e8res recherches monochromes, Schifano introduit dans sa peinture des signes issus de la publicit\u00e9, des m\u00e9dias et du paysage urbain contemporain.<\/p>\n<p data-start=\"2515\" data-end=\"2855\">Logotypes, inscriptions, \u00e9crans, routes, paysages et fragments d\u2019images deviennent les \u00e9l\u00e9ments d\u2019un vocabulaire nouveau. Son rapport \u00e0 la culture Pop demeure cependant profond\u00e9ment personnel : l\u2019artiste ne se contente pas de reprendre les embl\u00e8mes de la soci\u00e9t\u00e9 de consommation, mais les transforme par la peinture, le geste et la couleur.<\/p>\n<p data-start=\"2857\" data-end=\"3044\">Parmi ses cycles les plus connus figurent les <strong data-start=\"2903\" data-end=\"2916\">Monocromi<\/strong>, les <strong data-start=\"2922\" data-end=\"2942\">Paesaggi anemici<\/strong>, les <strong data-start=\"2948\" data-end=\"2962\">Propagande<\/strong>, <em data-start=\"2964\" data-end=\"2983\">Ossigeno ossigeno<\/em>, <em data-start=\"2985\" data-end=\"2999\">Tutte stelle<\/em>, <em data-start=\"3001\" data-end=\"3007\">Oasi<\/em>, <em data-start=\"3009\" data-end=\"3028\">Compagni compagni<\/em> et <em data-start=\"3032\" data-end=\"3043\">Sintetico<\/em>.<\/p>\n<h2 data-section-id=\"1a623b5\" data-start=\"3046\" data-end=\"3093\">Peinture, photographie, t\u00e9l\u00e9vision et cin\u00e9ma<\/h2>\n<p data-start=\"3095\" data-end=\"3259\">L\u2019int\u00e9r\u00eat de Mario Schifano d\u00e9passe tr\u00e8s t\u00f4t les limites du tableau. Photographie, cin\u00e9ma, musique et t\u00e9l\u00e9vision deviennent autant de territoires d\u2019exp\u00e9rimentation.<\/p>\n<p data-start=\"3261\" data-end=\"3493\">Cette attention port\u00e9e aux m\u00e9dias modernes est particuli\u00e8rement importante dans les \u0153uvres r\u00e9alis\u00e9es \u00e0 partir d\u2019images t\u00e9l\u00e9visuelles et de <strong data-start=\"3400\" data-end=\"3423\">toiles \u00e9mulsionn\u00e9es<\/strong>, o\u00f9 la peinture dialogue directement avec la photographie et l\u2019\u00e9cran.<\/p>\n<p data-start=\"3495\" data-end=\"3723\">Schifano r\u00e9alise \u00e9galement le film exp\u00e9rimental <em data-start=\"3543\" data-end=\"3561\">Umano, non umano<\/em> et participe \u00e0 l\u2019aventure musicale des <strong data-start=\"3601\" data-end=\"3629\">Stelle di Mario Schifano<\/strong>, r\u00e9v\u00e9lant une conception de l\u2019art ouverte aux diff\u00e9rentes formes de la culture contemporaine.<\/p>\n<h3 data-section-id=\"pi8vdi\" data-start=\"3725\" data-end=\"3770\">Une personnalit\u00e9 libre et anticonformiste<\/h3>\n<p data-start=\"3772\" data-end=\"4001\">La personnalit\u00e9 de Schifano fut aussi singuli\u00e8re que son \u0153uvre. Sa vie publique, son rapport \u00e0 la musique, au cin\u00e9ma et \u00e0 la soci\u00e9t\u00e9 contemporaine contribuent \u00e0 faire de lui une figure embl\u00e9matique de la sc\u00e8ne culturelle romaine.<\/p>\n<p data-start=\"4003\" data-end=\"4303\">Parmi les \u00e9pisodes rapport\u00e9s \u00e0 son sujet figure la r\u00e9alisation, pour Gianni et Marella Agnelli, d\u2019une composition murale comprenant des r\u00e9f\u00e9rences politiques explicites \u2014 manifestants, faucille et marteau et <em data-start=\"4211\" data-end=\"4230\">Petit Livre Rouge<\/em> \u2014 qui aurait ensuite \u00e9t\u00e9 effac\u00e9e en raison de son caract\u00e8re provocateur.<\/p>\n<h2 data-section-id=\"14sn42e\" data-start=\"4305\" data-end=\"4360\">Expertise et estimation des \u0153uvres de Mario Schifano<\/h2>\n<p data-start=\"4362\" data-end=\"4548\"><strong data-start=\"4362\" data-end=\"4383\">Egidi MadeinItaly<\/strong>, galerie d\u2019art et d\u2019antiquit\u00e9s bas\u00e9e \u00e0 Rome, accompagne collectionneurs et propri\u00e9taires dans l\u2019\u00e9tude, l\u2019estimation et l\u2019expertise des \u0153uvres de <strong data-start=\"4529\" data-end=\"4547\">Mario Schifano<\/strong>.<\/p>\n<p data-start=\"4550\" data-end=\"4756\">L\u2019analyse d\u2019une \u0153uvre de Schifano n\u00e9cessite une attention particuli\u00e8re \u00e0 la technique, au support, \u00e0 la provenance, aux inscriptions, aux \u00e9tiquettes, \u00e0 la documentation d\u2019archive et \u00e0 l\u2019histoire de l\u2019\u0153uvre.<\/p>\n<p data-start=\"4758\" data-end=\"4903\">La galerie b\u00e9n\u00e9ficie d\u2019une longue exp\u00e9rience dans le march\u00e9 de l\u2019art et de comp\u00e9tences professionnelles reconnues dans le domaine de l\u2019expertise.<\/p>\n<p>&nbsp;<\/p>\n","protected":false},"excerpt":{"rendered":"<p>\u00ab Schifano est mort jeune, tout ce qu&rsquo;il avait \u00e0 dire, il l&rsquo;a d\u00e9vers\u00e9 avec une vitalit\u00e9 irr\u00e9fr\u00e9nable sur la toile. \u00bb a d\u00e9clar\u00e9 Vittorio Sgarbi.<\/p>\n","protected":false},"featured_media":111345,"parent":0,"template":"","format":"standard","meta":{"_acf_changed":false},"tags":[6692],"class_list":["post-111393","artisti","type-artisti","status-publish","format-standard","has-post-thumbnail","hentry","tag-pop-art","tags-s-fr"],"acf":[],"yoast_head":"<!-- This site is optimized with the Yoast SEO Premium plugin v28.3 (Yoast SEO v28.4) - https:\/\/yoast.com\/product\/yoast-seo-premium-wordpress\/ -->\n<title>Mario Schifano Figure incontournable de la Pop Art italienne - Egidi MadeinItaly<\/title>\n<meta name=\"description\" content=\"Mario Schifano Monocromi, Paesaggi anemici, Propagande, Ossigeno ossigeno, Tutte stelle, Oasi, Compagni compagni, Sintetico dall&#039;inventario\" \/>\n<meta name=\"robots\" content=\"index, follow, max-snippet:-1, max-image-preview:large, max-video-preview:-1\" \/>\n<link rel=\"canonical\" href=\"https:\/\/egidimadeinitaly.com\/fr\/artisti\/mario-schifano-figure-incontournable-de-la-pop-art-italienne\/\" \/>\n<meta property=\"og:locale\" content=\"fr_FR\" \/>\n<meta property=\"og:type\" content=\"article\" \/>\n<meta property=\"og:title\" content=\"Mario Schifano Figure incontournable de la Pop Art italienne\" \/>\n<meta property=\"og:description\" content=\"\u00ab Schifano est mort jeune, tout ce qu&#039;il avait \u00e0 dire, il l&#039;a d\u00e9vers\u00e9 avec une vitalit\u00e9 irr\u00e9fr\u00e9nable sur la toile. \u00bb a d\u00e9clar\u00e9 Vittorio Sgarbi.\" \/>\n<meta property=\"og:url\" content=\"https:\/\/egidimadeinitaly.com\/fr\/artisti\/mario-schifano-figure-incontournable-de-la-pop-art-italienne\/\" \/>\n<meta property=\"og:site_name\" content=\"Egidi MadeinItaly\" \/>\n<meta property=\"article:publisher\" content=\"https:\/\/www.facebook.com\/egidimadeinitaly\/\" \/>\n<meta property=\"article:modified_time\" content=\"2026-08-31T22:18:29+00:00\" \/>\n<meta property=\"og:image\" content=\"https:\/\/egidimadeinitaly.com\/v25\/wp-content\/uploads\/2022\/08\/Mario-Schifano-Santa-Tecla-scaled-e1691066528274.jpeg\" \/>\n\t<meta property=\"og:image:width\" content=\"600\" \/>\n\t<meta property=\"og:image:height\" content=\"800\" \/>\n\t<meta property=\"og:image:type\" content=\"image\/jpeg\" \/>\n<script type=\"application\/ld+json\" class=\"yoast-schema-graph\">{\"@context\":\"https:\\\/\\\/schema.org\",\"@graph\":[{\"@type\":\"WebPage\",\"@id\":\"https:\\\/\\\/egidimadeinitaly.com\\\/fr\\\/artisti\\\/mario-schifano-figure-incontournable-de-la-pop-art-italienne\\\/\",\"url\":\"https:\\\/\\\/egidimadeinitaly.com\\\/fr\\\/artisti\\\/mario-schifano-figure-incontournable-de-la-pop-art-italienne\\\/\",\"name\":\"Mario Schifano Figure incontournable de la Pop Art italienne - Egidi MadeinItaly\",\"isPartOf\":{\"@id\":\"https:\\\/\\\/egidimadeinitaly.com\\\/fr\\\/#website\"},\"primaryImageOfPage\":{\"@id\":\"https:\\\/\\\/egidimadeinitaly.com\\\/fr\\\/artisti\\\/mario-schifano-figure-incontournable-de-la-pop-art-italienne\\\/#primaryimage\"},\"image\":{\"@id\":\"https:\\\/\\\/egidimadeinitaly.com\\\/fr\\\/artisti\\\/mario-schifano-figure-incontournable-de-la-pop-art-italienne\\\/#primaryimage\"},\"thumbnailUrl\":\"https:\\\/\\\/egidimadeinitaly.com\\\/v25\\\/wp-content\\\/uploads\\\/2022\\\/08\\\/Mario-Schifano-Santa-Tecla-scaled-e1691066528274.jpeg\",\"datePublished\":\"2022-09-05T16:51:05+00:00\",\"dateModified\":\"2026-08-31T22:18:29+00:00\",\"description\":\"Mario Schifano Monocromi, Paesaggi anemici, Propagande, Ossigeno ossigeno, Tutte stelle, Oasi, Compagni compagni, Sintetico dall'inventario\",\"breadcrumb\":{\"@id\":\"https:\\\/\\\/egidimadeinitaly.com\\\/fr\\\/artisti\\\/mario-schifano-figure-incontournable-de-la-pop-art-italienne\\\/#breadcrumb\"},\"inLanguage\":\"fr-FR\",\"potentialAction\":[{\"@type\":\"ReadAction\",\"target\":[\"https:\\\/\\\/egidimadeinitaly.com\\\/fr\\\/artisti\\\/mario-schifano-figure-incontournable-de-la-pop-art-italienne\\\/\"]}]},{\"@type\":\"ImageObject\",\"inLanguage\":\"fr-FR\",\"@id\":\"https:\\\/\\\/egidimadeinitaly.com\\\/fr\\\/artisti\\\/mario-schifano-figure-incontournable-de-la-pop-art-italienne\\\/#primaryimage\",\"url\":\"https:\\\/\\\/egidimadeinitaly.com\\\/v25\\\/wp-content\\\/uploads\\\/2022\\\/08\\\/Mario-Schifano-Santa-Tecla-scaled-e1691066528274.jpeg\",\"contentUrl\":\"https:\\\/\\\/egidimadeinitaly.com\\\/v25\\\/wp-content\\\/uploads\\\/2022\\\/08\\\/Mario-Schifano-Santa-Tecla-scaled-e1691066528274.jpeg\",\"width\":600,\"height\":800,\"caption\":\"Mario Schifano Santa Tecla\"},{\"@type\":\"BreadcrumbList\",\"@id\":\"https:\\\/\\\/egidimadeinitaly.com\\\/fr\\\/artisti\\\/mario-schifano-figure-incontournable-de-la-pop-art-italienne\\\/#breadcrumb\",\"itemListElement\":[{\"@type\":\"ListItem\",\"position\":1,\"name\":\"Home\",\"item\":\"https:\\\/\\\/egidimadeinitaly.com\\\/fr\\\/\"},{\"@type\":\"ListItem\",\"position\":2,\"name\":\"Mario Schifano Figure incontournable de la Pop Art italienne\"}]},{\"@type\":\"WebSite\",\"@id\":\"https:\\\/\\\/egidimadeinitaly.com\\\/fr\\\/#website\",\"url\":\"https:\\\/\\\/egidimadeinitaly.com\\\/fr\\\/\",\"name\":\"Egidi MadeinItaly\",\"description\":\"Fine Art\",\"potentialAction\":[{\"@type\":\"SearchAction\",\"target\":{\"@type\":\"EntryPoint\",\"urlTemplate\":\"https:\\\/\\\/egidimadeinitaly.com\\\/fr\\\/?s={search_term_string}\"},\"query-input\":{\"@type\":\"PropertyValueSpecification\",\"valueRequired\":true,\"valueName\":\"search_term_string\"}}],\"inLanguage\":\"fr-FR\"}]}<\/script>\n<!-- \/ Yoast SEO Premium plugin. -->","yoast_head_json":{"title":"Mario Schifano Figure incontournable de la Pop Art italienne - Egidi MadeinItaly","description":"Mario Schifano Monocromi, Paesaggi anemici, Propagande, Ossigeno ossigeno, Tutte stelle, Oasi, Compagni compagni, Sintetico dall'inventario","robots":{"index":"index","follow":"follow","max-snippet":"max-snippet:-1","max-image-preview":"max-image-preview:large","max-video-preview":"max-video-preview:-1"},"canonical":"https:\/\/egidimadeinitaly.com\/fr\/artisti\/mario-schifano-figure-incontournable-de-la-pop-art-italienne\/","og_locale":"fr_FR","og_type":"article","og_title":"Mario Schifano Figure incontournable de la Pop Art italienne","og_description":"\u00ab Schifano est mort jeune, tout ce qu'il avait \u00e0 dire, il l'a d\u00e9vers\u00e9 avec une vitalit\u00e9 irr\u00e9fr\u00e9nable sur la toile. \u00bb a d\u00e9clar\u00e9 Vittorio Sgarbi.","og_url":"https:\/\/egidimadeinitaly.com\/fr\/artisti\/mario-schifano-figure-incontournable-de-la-pop-art-italienne\/","og_site_name":"Egidi MadeinItaly","article_publisher":"https:\/\/www.facebook.com\/egidimadeinitaly\/","article_modified_time":"2026-08-31T22:18:29+00:00","og_image":[{"width":600,"height":800,"url":"https:\/\/egidimadeinitaly.com\/v25\/wp-content\/uploads\/2022\/08\/Mario-Schifano-Santa-Tecla-scaled-e1691066528274.jpeg","type":"image\/jpeg"}],"schema":{"@context":"https:\/\/schema.org","@graph":[{"@type":"WebPage","@id":"https:\/\/egidimadeinitaly.com\/fr\/artisti\/mario-schifano-figure-incontournable-de-la-pop-art-italienne\/","url":"https:\/\/egidimadeinitaly.com\/fr\/artisti\/mario-schifano-figure-incontournable-de-la-pop-art-italienne\/","name":"Mario Schifano Figure incontournable de la Pop Art italienne - Egidi MadeinItaly","isPartOf":{"@id":"https:\/\/egidimadeinitaly.com\/fr\/#website"},"primaryImageOfPage":{"@id":"https:\/\/egidimadeinitaly.com\/fr\/artisti\/mario-schifano-figure-incontournable-de-la-pop-art-italienne\/#primaryimage"},"image":{"@id":"https:\/\/egidimadeinitaly.com\/fr\/artisti\/mario-schifano-figure-incontournable-de-la-pop-art-italienne\/#primaryimage"},"thumbnailUrl":"https:\/\/egidimadeinitaly.com\/v25\/wp-content\/uploads\/2022\/08\/Mario-Schifano-Santa-Tecla-scaled-e1691066528274.jpeg","datePublished":"2022-09-05T16:51:05+00:00","dateModified":"2026-08-31T22:18:29+00:00","description":"Mario Schifano Monocromi, Paesaggi anemici, Propagande, Ossigeno ossigeno, Tutte stelle, Oasi, Compagni compagni, Sintetico dall'inventario","breadcrumb":{"@id":"https:\/\/egidimadeinitaly.com\/fr\/artisti\/mario-schifano-figure-incontournable-de-la-pop-art-italienne\/#breadcrumb"},"inLanguage":"fr-FR","potentialAction":[{"@type":"ReadAction","target":["https:\/\/egidimadeinitaly.com\/fr\/artisti\/mario-schifano-figure-incontournable-de-la-pop-art-italienne\/"]}]},{"@type":"ImageObject","inLanguage":"fr-FR","@id":"https:\/\/egidimadeinitaly.com\/fr\/artisti\/mario-schifano-figure-incontournable-de-la-pop-art-italienne\/#primaryimage","url":"https:\/\/egidimadeinitaly.com\/v25\/wp-content\/uploads\/2022\/08\/Mario-Schifano-Santa-Tecla-scaled-e1691066528274.jpeg","contentUrl":"https:\/\/egidimadeinitaly.com\/v25\/wp-content\/uploads\/2022\/08\/Mario-Schifano-Santa-Tecla-scaled-e1691066528274.jpeg","width":600,"height":800,"caption":"Mario Schifano Santa Tecla"},{"@type":"BreadcrumbList","@id":"https:\/\/egidimadeinitaly.com\/fr\/artisti\/mario-schifano-figure-incontournable-de-la-pop-art-italienne\/#breadcrumb","itemListElement":[{"@type":"ListItem","position":1,"name":"Home","item":"https:\/\/egidimadeinitaly.com\/fr\/"},{"@type":"ListItem","position":2,"name":"Mario Schifano Figure incontournable de la Pop Art italienne"}]},{"@type":"WebSite","@id":"https:\/\/egidimadeinitaly.com\/fr\/#website","url":"https:\/\/egidimadeinitaly.com\/fr\/","name":"Egidi MadeinItaly","description":"Fine Art","potentialAction":[{"@type":"SearchAction","target":{"@type":"EntryPoint","urlTemplate":"https:\/\/egidimadeinitaly.com\/fr\/?s={search_term_string}"},"query-input":{"@type":"PropertyValueSpecification","valueRequired":true,"valueName":"search_term_string"}}],"inLanguage":"fr-FR"}]}},"_links":{"self":[{"href":"https:\/\/egidimadeinitaly.com\/fr\/wp-json\/wp\/v2\/artisti\/111393","targetHints":{"allow":["GET"]}}],"collection":[{"href":"https:\/\/egidimadeinitaly.com\/fr\/wp-json\/wp\/v2\/artisti"}],"about":[{"href":"https:\/\/egidimadeinitaly.com\/fr\/wp-json\/wp\/v2\/types\/artisti"}],"wp:featuredmedia":[{"embeddable":true,"href":"https:\/\/egidimadeinitaly.com\/fr\/wp-json\/wp\/v2\/media\/111345"}],"wp:attachment":[{"href":"https:\/\/egidimadeinitaly.com\/fr\/wp-json\/wp\/v2\/media?parent=111393"}],"wp:term":[{"taxonomy":"post_tag","embeddable":true,"href":"https:\/\/egidimadeinitaly.com\/fr\/wp-json\/wp\/v2\/tags?post=111393"},{"taxonomy":"tags","embeddable":true,"href":"https:\/\/egidimadeinitaly.com\/fr\/wp-json\/wp\/v2\/tags?post=111393"}],"curies":[{"name":"wp","href":"https:\/\/api.w.org\/{rel}","templated":true}]}}