{"id":109549,"date":"2022-06-04T09:53:28","date_gmt":"2022-06-04T08:53:28","guid":{"rendered":"https:\/\/egidimadeinitaly.com\/ecomsite\/?post_type=artisti&#038;p=109549"},"modified":"2025-03-02T10:15:29","modified_gmt":"2025-03-02T09:15:29","slug":"man-ray","status":"publish","type":"artisti","link":"https:\/\/egidimadeinitaly.com\/fr\/artisti\/man-ray\/","title":{"rendered":"Man Ray"},"content":{"rendered":"<p><span style=\"font-weight: 400;\">Bien qu&rsquo;il ait \u00e9t\u00e9 peintre, cr\u00e9ateur d&rsquo;objets et auteur de courts-m\u00e9trages d&rsquo;avant-garde pr\u00e9curseurs du cin\u00e9ma surr\u00e9aliste tels que <\/span><i><span style=\"font-weight: 400;\">Le Retour \u00e0 la raison<\/span><\/i><span style=\"font-weight: 400;\">, (1923), <\/span><i><span style=\"font-weight: 400;\">An\u00e9mic Cin\u00e9ma<\/span><\/i><span style=\"font-weight: 400;\"> cor\u00e9alis\u00e9 avec Marcel Duchamp (1926), <\/span><i><span style=\"font-weight: 400;\">Emak-bakia<\/span><\/i><span style=\"font-weight: 400;\"> (\u00ab <\/span><i><span style=\"font-weight: 400;\">Fichez-moi la paix \u00bb<\/span><\/i><span style=\"font-weight: 400;\"> en basque, de 1926), <\/span><i><span style=\"font-weight: 400;\">L\u2019\u00c9toile de mer<\/span><\/i><span style=\"font-weight: 400;\"> (1928), <\/span><i><span style=\"font-weight: 400;\">Les Myst\u00e8res du ch\u00e2teau du D\u00e9<\/span><\/i><span style=\"font-weight: 400;\"> (1929), il est principalement connu comme photographe surr\u00e9aliste. Ses premi\u00e8res photographies importantes datent de 1918.<\/span><\/p>\n<p><span style=\"font-weight: 400;\"><strong>Man Ray<\/strong>, de son vrai nom Emmanuel Rudnitsky, est n\u00e9 en 1890 \u00e0 Philadelphie, dans une famille d&rsquo;immigrants russes d&rsquo;origine juive.<\/span><\/p>\n<h2><strong>New York<\/strong><\/h2>\n<p><span style=\"font-weight: 400;\">Il grandit \u00e0 New York o\u00f9 il poursuit ses \u00e9tudes. Il termine le lyc\u00e9e, mais refuse une bourse d&rsquo;\u00e9tudes en architecture pour se consacrer \u00e0 l&rsquo;art. En 1908, il travaille \u00e0 New York comme dessinateur et graphiste. En 1912, il commence \u00e0 signer ses \u0153uvres sous le pseudonyme de \u00ab Man Ray \u00bb, qui signifie litt\u00e9ralement \u00ab homme rayon \u00bb (de lumi\u00e8re). Il ach\u00e8te son premier appareil photo en 1914 pour photographier ses \u0153uvres d&rsquo;art. En 1915, le collectionneur Walter Arensberg le pr\u00e9sente \u00e0 Marcel Duchamp qui deviendra son meilleur ami.\u00a0<\/span><\/p>\n<p><strong>\u00ab Dada ne peut pas vivre \u00e0 New York \u00bb.<\/strong><\/p>\n<p><span style=\"font-weight: 400;\">En 1919, il peint ses premi\u00e8res a\u00e9rographies, des images r\u00e9alis\u00e9es \u00e0 l&rsquo;aide d&rsquo;un a\u00e9rographe, un outil couramment utilis\u00e9 par les graphistes. \u00c0 New York, il forme avec Marcel Duchamp la branche am\u00e9ricaine du <em>mouvement Dada<\/em> qui \u00e9tait apparu en Europe comme rejet radical de l&rsquo;art traditionnel. Apr\u00e8s quelques tentatives infructueuses, et surtout apr\u00e8s la publication de l\u2019unique num\u00e9ro du \u00ab New York Dada \u00bb, en 1920, Man Ray d\u00e9clare que \u00ab <em>Dada ne peut pas vivre \u00e0 New York<\/em> \u00bb.<\/span><\/p>\n<figure id=\"attachment_108545\" aria-describedby=\"caption-attachment-108545\" style=\"width: 150px\" class=\"wp-caption aligncenter\"><img decoding=\"async\" class=\"size-thumbnail wp-image-108545\" src=\"https:\/\/egidimadeinitaly.com\/ecomsite\/wp-content\/uploads\/2022\/03\/galerie-Pierre-Colle-Paris-e1691004505774-150x150.jpg\" alt=\"Man Ray \u00e0 la Galerie Pierre Colle Paris\" width=\"150\" height=\"150\" srcset=\"https:\/\/egidimadeinitaly.com\/v25\/wp-content\/uploads\/2022\/03\/galerie-Pierre-Colle-Paris-e1691004505774-150x150.jpg 150w, https:\/\/egidimadeinitaly.com\/v25\/wp-content\/uploads\/2022\/03\/galerie-Pierre-Colle-Paris-e1691004505774-300x298.jpg 300w, https:\/\/egidimadeinitaly.com\/v25\/wp-content\/uploads\/2022\/03\/galerie-Pierre-Colle-Paris-e1691004505774-100x100.jpg 100w\" sizes=\"(max-width: 150px) 100vw, 150px\" \/><figcaption id=\"caption-attachment-108545\" class=\"wp-caption-text\">Man Ray \u00e0 la Galerie Pierre Colle Paris<\/figcaption><\/figure>\n<h2><strong>Paris<\/strong><\/h2>\n<p><span style=\"font-weight: 400;\">La m\u00eame ann\u00e9e, Marcel Duchamp rentre \u00e0 Paris. Man Ray, qui jusque-l\u00e0 avait renonc\u00e9 \u00e0 s&rsquo;installer en France \u00e0 cause de la Grande Guerre, le suit. \u00c0 Paris, Duchamp lui pr\u00e9sente les artistes les plus influents de France, dont <em>Andr\u00e9 Breton<\/em>. Man Ray doit son succ\u00e8s parisien \u00e0 ses talents de photographe, et en particulier, de portraitiste. Son studio photographique est fr\u00e9quent\u00e9 par le Tout-Paris qui est en qu\u00eate d&rsquo;un nouveau genre de portrait. Man Ray a r\u00e9volutionn\u00e9 l&rsquo;art photographique. De grands artistes de l&rsquo;\u00e9poque, comme <em>James Joyce<\/em>, <em>Gertrude Stein<\/em>, <em>Jean Cocteau<\/em> et bien d&rsquo;autres, ont pos\u00e9 devant son appareil photo.<\/span><\/p>\n<figure id=\"attachment_109856\" aria-describedby=\"caption-attachment-109856\" style=\"width: 150px\" class=\"wp-caption aligncenter\"><img decoding=\"async\" class=\"size-thumbnail wp-image-109856\" src=\"https:\/\/egidimadeinitaly.com\/ecomsite\/wp-content\/uploads\/2022\/03\/2021-10-17-14.54.40-scaled-e1678819549484.jpeg\" alt=\"Man Ray Le t\u00e9moin\" width=\"150\" height=\"150\" srcset=\"https:\/\/egidimadeinitaly.com\/v25\/wp-content\/uploads\/2022\/03\/2021-10-17-14.54.40-scaled-e1678819549484-150x150.jpeg 150w, https:\/\/egidimadeinitaly.com\/v25\/wp-content\/uploads\/2022\/03\/2021-10-17-14.54.40-scaled-e1678819549484-300x300.jpeg 300w, https:\/\/egidimadeinitaly.com\/v25\/wp-content\/uploads\/2022\/03\/2021-10-17-14.54.40-scaled-e1678819549484-100x100.jpeg 100w\" sizes=\"(max-width: 150px) 100vw, 150px\" \/><figcaption id=\"caption-attachment-109856\" class=\"wp-caption-text\">Le t\u00e9moin Man Ray 1971<\/figcaption><\/figure>\n<h2><strong>Rayographie<\/strong><\/h2>\n<p><span style=\"font-weight: 400;\">En 1922, Man Ray r\u00e9alise ses premiers photogrammes, qu&rsquo;il appelle \u00ab <\/span><i><span style=\"font-weight: 400;\">rayograph<\/span><\/i><span style=\"font-weight: 400;\"> \u00bb (en fran\u00e7ais \u00ab <\/span><i><span style=\"font-weight: 400;\">rayographe<\/span><\/i><span style=\"font-weight: 400;\"> \u00bb) Un rayographe est une image obtenue sans utiliser d\u2019appareil photo, en posant simplement un ou plusieurs objet directement sur le papier sensible expos\u00e9 une la source lumineuse, un proc\u00e9d\u00e9 apparemment simple, mais qu&rsquo;il utilisait pour des images tr\u00e8s suggestives. <\/span><\/p>\n<p><span style=\"font-weight: 400;\">Man Ray a d\u00e9couvert la rayographie par hasard en 1921. Pendant qu&rsquo;il d\u00e9veloppait des photos dans la chambre noire, une feuille de papier vierge tomba accidentellement sur les autres et, comme rien n&rsquo;apparaissait dessus, plut\u00f4t agac\u00e9 il posa une s\u00e9rie d&rsquo;objets en verre sur la feuille encore tremp\u00e9e et alluma. <\/span><span style=\"font-weight: 400;\">C&rsquo;est ainsi que l&rsquo;artiste obtint des images d\u00e9form\u00e9es, presque en relief sur le fond noir. \u00c0 travers ses rayographies, terme d\u00e9riv\u00e9 de son nom (Ray) et de <\/span><span style=\"font-weight: 400;\">la technique de la radiographie aux rayons X qui fascine les avant-gardes surr\u00e9alistes,<\/span><span style=\"font-weight: 400;\"> il pouvait sonder et souligner le caract\u00e8re paradoxal et inqui\u00e9tant du quotidien.<\/span><\/p>\n<p><span style=\"font-weight: 400;\">C\u2019est en 1924 que na\u00eet officiellement le surr\u00e9alisme, et <strong>Man Ray<\/strong> sera le premier photographe surr\u00e9aliste. Ses travaux de recherche vont de pair avec la publication de ses photographies de mode dans Vogue. Il tombe amoureux de la c\u00e9l\u00e8bre chanteuse fran\u00e7aise Kiki (Alice Prin), souvent surnomm\u00e9e Kiki de Montparnasse, qui, par la suite, deviendra son mod\u00e8le photo pr\u00e9f\u00e9r\u00e9.<\/span><\/p>\n<p><span style=\"font-weight: 400;\">En 1925, avec Jean Arp, Max Ernst, Andr\u00e9 Masson, Joan Mir\u00f3 et Pablo Picasso, il participe \u00e0 la premi\u00e8re exposition surr\u00e9aliste organis\u00e9e \u00e0 la galerie Pierre \u00e0 Paris. <\/span><\/p>\n<p><span style=\"font-weight: 400;\">En 1934, la c\u00e9l\u00e8bre artiste surr\u00e9aliste , connue pour sa tasse \u00e0 th\u00e9 recouverte de fourrure, pose pour Man Ray pour ce qui est devenu une c\u00e9l\u00e8bre s\u00e9rie de photos la montrant nue debout devant une presse \u00e0 imprimer. Il reste \u00e9galement de nombreuses photos de l&rsquo;artiste peintre surr\u00e9aliste Bridget Bate Tichenor dont le p\u00e8re \u00e9tait un grand ami de Man Ray. Avec la photographe surr\u00e9aliste Lee Miller, qui \u00e9tait sa compagne, sa muse et son assistante photographique \u00e0 l&rsquo;\u00e9poque, Man Ray d\u00e9couvre le proc\u00e9d\u00e9 de solarisation et sera le premier \u00e0 l\u2019utiliser syst\u00e9matiquement.<\/span><\/p>\n<p><span style=\"font-weight: 400;\">Le d\u00e9clenchement de la Seconde Guerre mondiale oblige Man Ray, qui est d&rsquo;origine juive, \u00e0 rentrer aux \u00c9tats-Unis. En 1940, il arrive \u00e0 New York, mais s\u2019installe peu apr\u00e8s \u00e0 Los Angeles. Au cours de cette p\u00e9riode, il enseigne la photographie et la peinture dans un coll\u00e8ge et expose ses photographies dans le cadre de plusieurs expositions, notamment \u00e0 la galerie de Julien Levy \u00e0 New York. \u00c0 la fin de la Seconde Guerre mondiale, il retourne \u00e0 Paris o\u00f9 il continue de peindre et de prendre des photos, et o\u00f9 il vivra jusqu&rsquo;\u00e0 sa mort. En 1975, il expose ses photographies \u00e0 la Biennale de Venise.<\/span><\/p>\n<figure id=\"attachment_109859\" aria-describedby=\"caption-attachment-109859\" style=\"width: 150px\" class=\"wp-caption aligncenter\"><img decoding=\"async\" class=\"size-thumbnail wp-image-109859\" src=\"https:\/\/egidimadeinitaly.com\/ecomsite\/wp-content\/uploads\/2022\/03\/2021-10-17-15.44.35-scaled-e1678819603558.jpeg\" alt=\"Decantatore Man Ray\" width=\"150\" height=\"150\" \/><figcaption id=\"caption-attachment-109859\" class=\"wp-caption-text\">Man Ray Decantatore 1972<\/figcaption><\/figure>\n<h2><strong>Les derni\u00e8res ann\u00e9es<\/strong><\/h2>\n<p><span style=\"font-weight: 400;\">\u00c0 la fin de sa vie, Man Ray retournait souvent aux \u00c9tats-Unis, car il avait v\u00e9cu \u00e0 Los Angeles pendant plusieurs ann\u00e9es. <\/span><\/p>\n<p><span style=\"font-weight: 400;\">Cependant, il consid\u00e9rait Montparnasse comme sa maison et y revenait toujours. C\u2019est l\u00e0 qu&rsquo;il mourra le 18 novembre 1976. <\/span><\/p>\n<p><span style=\"font-weight: 400;\">Il est enterr\u00e9 au cimeti\u00e8re du Montparnasse \u00e0 Paris. <\/span><\/p>\n<p><span style=\"font-weight: 400;\">Sur sa tombe, on peut lire l\u2019\u00e9pitaphe : \u00ab <\/span><i><span style=\"font-weight: 400;\">Unconcerned, but\u00a0not indifferent<\/span><\/i><span style=\"font-weight: 400;\">\u00a0\u00bb (\u00ab D\u00e9tach\u00e9, mais pas\u00a0indiff\u00e9rent\u00a0\u00bb).<\/span><\/p>\n<p>&nbsp;<\/p>\n<p>&nbsp;<\/p>\n","protected":false},"excerpt":{"rendered":"<p>Man Ray : peintre, fabricant d&rsquo;objets, auteur de films d&rsquo;avant-garde et surtout photographe surr\u00e9aliste, ayant pris ses premi\u00e8res photos importantes en 1918.<\/p>\n","protected":false},"featured_media":118711,"parent":0,"template":"","format":"standard","meta":{"_acf_changed":false},"tags":[6509,6513],"class_list":["post-109549","artisti","type-artisti","status-publish","format-standard","has-post-thumbnail","hentry","tags-m","tags-r"],"acf":[],"yoast_head":"<!-- This site is optimized with the Yoast SEO Premium plugin v27.4 (Yoast SEO v27.5) - https:\/\/yoast.com\/product\/yoast-seo-premium-wordpress\/ -->\n<title>Man Ray - Egidi MadeinItaly<\/title>\n<meta name=\"description\" content=\"Man Ray : peintre, fabricant d&#039;objets, auteur de films d&#039;avant-garde et surtout photographe surr\u00e9aliste\" \/>\n<meta name=\"robots\" content=\"index, follow, max-snippet:-1, max-image-preview:large, max-video-preview:-1\" \/>\n<link rel=\"canonical\" href=\"https:\/\/egidimadeinitaly.com\/fr\/artistes\/man-ray\/\" \/>\n<meta property=\"og:locale\" content=\"fr_FR\" \/>\n<meta property=\"og:type\" content=\"article\" \/>\n<meta property=\"og:title\" content=\"Man Ray\" \/>\n<meta property=\"og:description\" content=\"Man Ray : peintre, fabricant d&#039;objets, auteur de films d&#039;avant-garde et surtout photographe surr\u00e9aliste, ayant pris ses premi\u00e8res photos importantes en 1918.\" \/>\n<meta property=\"og:url\" content=\"https:\/\/egidimadeinitaly.com\/fr\/artistes\/man-ray\/\" \/>\n<meta property=\"og:site_name\" content=\"Egidi MadeinItaly\" \/>\n<meta property=\"article:publisher\" content=\"https:\/\/www.facebook.com\/egidimadeinitaly\/\" \/>\n<meta property=\"article:modified_time\" content=\"2025-03-02T09:15:29+00:00\" \/>\n<meta property=\"og:image\" content=\"https:\/\/egidimadeinitaly.com\/wp-content\/uploads\/2022\/01\/Egidi-20-167-scaled-e1717674896962.jpg\" \/>\n\t<meta property=\"og:image:width\" content=\"800\" \/>\n\t<meta property=\"og:image:height\" content=\"640\" \/>\n\t<meta property=\"og:image:type\" content=\"image\/jpeg\" \/>\n<script type=\"application\/ld+json\" class=\"yoast-schema-graph\">{\"@context\":\"https:\\\/\\\/schema.org\",\"@graph\":[{\"@type\":\"WebPage\",\"@id\":\"https:\\\/\\\/egidimadeinitaly.com\\\/fr\\\/artisti\\\/man-ray\\\/\",\"url\":\"https:\\\/\\\/egidimadeinitaly.com\\\/fr\\\/artistes\\\/man-ray\\\/\",\"name\":\"Man Ray - Egidi MadeinItaly\",\"isPartOf\":{\"@id\":\"https:\\\/\\\/egidimadeinitaly.com\\\/fr\\\/#website\"},\"primaryImageOfPage\":{\"@id\":\"https:\\\/\\\/egidimadeinitaly.com\\\/fr\\\/artistes\\\/man-ray\\\/#primaryimage\"},\"image\":{\"@id\":\"https:\\\/\\\/egidimadeinitaly.com\\\/fr\\\/artistes\\\/man-ray\\\/#primaryimage\"},\"thumbnailUrl\":\"https:\\\/\\\/egidimadeinitaly.com\\\/v25\\\/wp-content\\\/uploads\\\/2022\\\/01\\\/Egidi-20-167-scaled-e1717674896962.jpg\",\"datePublished\":\"2022-06-04T08:53:28+00:00\",\"dateModified\":\"2025-03-02T09:15:29+00:00\",\"description\":\"Man Ray : peintre, fabricant d'objets, auteur de films d'avant-garde et surtout photographe surr\u00e9aliste\",\"breadcrumb\":{\"@id\":\"https:\\\/\\\/egidimadeinitaly.com\\\/fr\\\/artistes\\\/man-ray\\\/#breadcrumb\"},\"inLanguage\":\"fr-FR\",\"potentialAction\":[{\"@type\":\"ReadAction\",\"target\":[\"https:\\\/\\\/egidimadeinitaly.com\\\/fr\\\/artistes\\\/man-ray\\\/\"]}]},{\"@type\":\"ImageObject\",\"inLanguage\":\"fr-FR\",\"@id\":\"https:\\\/\\\/egidimadeinitaly.com\\\/fr\\\/artistes\\\/man-ray\\\/#primaryimage\",\"url\":\"https:\\\/\\\/egidimadeinitaly.com\\\/v25\\\/wp-content\\\/uploads\\\/2022\\\/01\\\/Egidi-20-167-scaled-e1717674896962.jpg\",\"contentUrl\":\"https:\\\/\\\/egidimadeinitaly.com\\\/v25\\\/wp-content\\\/uploads\\\/2022\\\/01\\\/Egidi-20-167-scaled-e1717674896962.jpg\",\"width\":800,\"height\":640,\"caption\":\"Man Ray Incisione Transfiguration d'un cactus\"},{\"@type\":\"BreadcrumbList\",\"@id\":\"https:\\\/\\\/egidimadeinitaly.com\\\/fr\\\/artistes\\\/man-ray\\\/#breadcrumb\",\"itemListElement\":[{\"@type\":\"ListItem\",\"position\":1,\"name\":\"Home\",\"item\":\"https:\\\/\\\/egidimadeinitaly.com\\\/fr\\\/\"},{\"@type\":\"ListItem\",\"position\":2,\"name\":\"Man Ray\"}]},{\"@type\":\"WebSite\",\"@id\":\"https:\\\/\\\/egidimadeinitaly.com\\\/fr\\\/#website\",\"url\":\"https:\\\/\\\/egidimadeinitaly.com\\\/fr\\\/\",\"name\":\"Egidi MadeinItaly\",\"description\":\"Fine Art\",\"potentialAction\":[{\"@type\":\"SearchAction\",\"target\":{\"@type\":\"EntryPoint\",\"urlTemplate\":\"https:\\\/\\\/egidimadeinitaly.com\\\/fr\\\/?s={search_term_string}\"},\"query-input\":{\"@type\":\"PropertyValueSpecification\",\"valueRequired\":true,\"valueName\":\"search_term_string\"}}],\"inLanguage\":\"fr-FR\"}]}<\/script>\n<!-- \/ Yoast SEO Premium plugin. -->","yoast_head_json":{"title":"Man Ray - Egidi MadeinItaly","description":"Man Ray : peintre, fabricant d'objets, auteur de films d'avant-garde et surtout photographe surr\u00e9aliste","robots":{"index":"index","follow":"follow","max-snippet":"max-snippet:-1","max-image-preview":"max-image-preview:large","max-video-preview":"max-video-preview:-1"},"canonical":"https:\/\/egidimadeinitaly.com\/fr\/artistes\/man-ray\/","og_locale":"fr_FR","og_type":"article","og_title":"Man Ray","og_description":"Man Ray : peintre, fabricant d'objets, auteur de films d'avant-garde et surtout photographe surr\u00e9aliste, ayant pris ses premi\u00e8res photos importantes en 1918.","og_url":"https:\/\/egidimadeinitaly.com\/fr\/artistes\/man-ray\/","og_site_name":"Egidi MadeinItaly","article_publisher":"https:\/\/www.facebook.com\/egidimadeinitaly\/","article_modified_time":"2025-03-02T09:15:29+00:00","og_image":[{"width":800,"height":640,"url":"https:\/\/egidimadeinitaly.com\/wp-content\/uploads\/2022\/01\/Egidi-20-167-scaled-e1717674896962.jpg","type":"image\/jpeg"}],"schema":{"@context":"https:\/\/schema.org","@graph":[{"@type":"WebPage","@id":"https:\/\/egidimadeinitaly.com\/fr\/artisti\/man-ray\/","url":"https:\/\/egidimadeinitaly.com\/fr\/artistes\/man-ray\/","name":"Man Ray - Egidi MadeinItaly","isPartOf":{"@id":"https:\/\/egidimadeinitaly.com\/fr\/#website"},"primaryImageOfPage":{"@id":"https:\/\/egidimadeinitaly.com\/fr\/artistes\/man-ray\/#primaryimage"},"image":{"@id":"https:\/\/egidimadeinitaly.com\/fr\/artistes\/man-ray\/#primaryimage"},"thumbnailUrl":"https:\/\/egidimadeinitaly.com\/v25\/wp-content\/uploads\/2022\/01\/Egidi-20-167-scaled-e1717674896962.jpg","datePublished":"2022-06-04T08:53:28+00:00","dateModified":"2025-03-02T09:15:29+00:00","description":"Man Ray : peintre, fabricant d'objets, auteur de films d'avant-garde et surtout photographe surr\u00e9aliste","breadcrumb":{"@id":"https:\/\/egidimadeinitaly.com\/fr\/artistes\/man-ray\/#breadcrumb"},"inLanguage":"fr-FR","potentialAction":[{"@type":"ReadAction","target":["https:\/\/egidimadeinitaly.com\/fr\/artistes\/man-ray\/"]}]},{"@type":"ImageObject","inLanguage":"fr-FR","@id":"https:\/\/egidimadeinitaly.com\/fr\/artistes\/man-ray\/#primaryimage","url":"https:\/\/egidimadeinitaly.com\/v25\/wp-content\/uploads\/2022\/01\/Egidi-20-167-scaled-e1717674896962.jpg","contentUrl":"https:\/\/egidimadeinitaly.com\/v25\/wp-content\/uploads\/2022\/01\/Egidi-20-167-scaled-e1717674896962.jpg","width":800,"height":640,"caption":"Man Ray Incisione Transfiguration d'un cactus"},{"@type":"BreadcrumbList","@id":"https:\/\/egidimadeinitaly.com\/fr\/artistes\/man-ray\/#breadcrumb","itemListElement":[{"@type":"ListItem","position":1,"name":"Home","item":"https:\/\/egidimadeinitaly.com\/fr\/"},{"@type":"ListItem","position":2,"name":"Man Ray"}]},{"@type":"WebSite","@id":"https:\/\/egidimadeinitaly.com\/fr\/#website","url":"https:\/\/egidimadeinitaly.com\/fr\/","name":"Egidi MadeinItaly","description":"Fine Art","potentialAction":[{"@type":"SearchAction","target":{"@type":"EntryPoint","urlTemplate":"https:\/\/egidimadeinitaly.com\/fr\/?s={search_term_string}"},"query-input":{"@type":"PropertyValueSpecification","valueRequired":true,"valueName":"search_term_string"}}],"inLanguage":"fr-FR"}]}},"_links":{"self":[{"href":"https:\/\/egidimadeinitaly.com\/fr\/wp-json\/wp\/v2\/artisti\/109549","targetHints":{"allow":["GET"]}}],"collection":[{"href":"https:\/\/egidimadeinitaly.com\/fr\/wp-json\/wp\/v2\/artisti"}],"about":[{"href":"https:\/\/egidimadeinitaly.com\/fr\/wp-json\/wp\/v2\/types\/artisti"}],"wp:featuredmedia":[{"embeddable":true,"href":"https:\/\/egidimadeinitaly.com\/fr\/wp-json\/wp\/v2\/media\/118711"}],"wp:attachment":[{"href":"https:\/\/egidimadeinitaly.com\/fr\/wp-json\/wp\/v2\/media?parent=109549"}],"wp:term":[{"taxonomy":"post_tag","embeddable":true,"href":"https:\/\/egidimadeinitaly.com\/fr\/wp-json\/wp\/v2\/tags?post=109549"},{"taxonomy":"tags","embeddable":true,"href":"https:\/\/egidimadeinitaly.com\/fr\/wp-json\/wp\/v2\/tags?post=109549"}],"curies":[{"name":"wp","href":"https:\/\/api.w.org\/{rel}","templated":true}]}}