{"id":109524,"date":"2022-04-19T11:02:47","date_gmt":"2022-04-19T10:02:47","guid":{"rendered":"https:\/\/egidimadeinitaly.com\/ecomsite\/artisti\/francesco-messina\/"},"modified":"2025-03-02T10:16:19","modified_gmt":"2025-03-02T09:16:19","slug":"francesco-messina","status":"publish","type":"artisti","link":"https:\/\/egidimadeinitaly.com\/fr\/artisti\/francesco-messina\/","title":{"rendered":"Francesco Messina"},"content":{"rendered":"<p><span style=\"font-weight: 400;\"><strong>Francesco <a href=\"https:\/\/egidimadeinitaly.com\/fr\/francesco-messina\/\">Messina<\/a><\/strong> est n\u00e9 le 15 d\u00e9cembre 1900 \u00e0 Linguaglossa, un petit village de Sicile situ\u00e9 sur le versant nord-est de l\u2019Etna.<\/span><\/p>\n<p><span style=\"font-weight: 400;\">Comme beaucoup de familles pauvres de l&rsquo;\u00e9poque, la famille Messina envisage d&rsquo;\u00e9migrer aux \u00c9tats-Unis Am\u00e9rique pour tenter le r\u00eave am\u00e9ricain, mais elle s&rsquo;arr\u00eate \u00e0 G\u00eanes.<\/span><\/p>\n<p><span style=\"font-weight: 400;\">C&rsquo;est l\u00e0 que le jeune Francesco apprend le m\u00e9tier dans les ateliers des marbriers o\u00f9 na\u00eet sa passion pour la sculpture.<\/span><\/p>\n<p><span style=\"font-weight: 400;\">Il n\u2019a que vingt ans quand il commence \u00e0 exposer ses \u0153uvres.<\/span><\/p>\n<p><span style=\"font-weight: 400;\">En 1922, \u00e0 la suite d&rsquo;une s\u00e9lection rigoureuse, il r\u00e9ussit \u00e0 participer \u00e0 la <em>XIIe Biennale internationale d\u2019art de Venise<\/em> o\u00f9 il pr\u00e9sente le bronze \u00ab Christ mort \u00bb. <\/span><\/p>\n<p><span style=\"font-weight: 400;\">En cette occasion, il a le privil\u00e8ge de faire connaissance de <strong>Carlo Carr\u00e0<\/strong> et d\u2019<strong>Adolfo Wildt<\/strong>. Il y participe \u00e0 nouveau en 1942 o\u00f9 il remporte le premier prix, puis en 1956.<\/span><\/p>\n<p><span style=\"font-weight: 400;\">Il se lie d&rsquo;amiti\u00e9 avec les po\u00e8tes Eugenio Montale et Salvatore Quasimodo, et entre en contact avec le peintre Carlo Carr\u00e0 et le sculpteur Arturo Martini.<\/span><\/p>\n<p><span style=\"font-weight: 400;\">Durant cette p\u00e9riode, gr\u00e2ce \u00e0 Eugenio Montale, il rencontre au Politeama, <strong>Bianca Fochessati Clerici<\/strong>, l&rsquo;amour de sa vie, qu&rsquo;il \u00e9pousera en 1944.<\/span><\/p>\n<p><span style=\"font-weight: 400;\">En 1925, il participe \u00e0 la<em> IIIe Biennale de Rome<\/em> et \u00e0 l\u2019<em>Exposition des Arts D\u00e9coratifs et Industriels Modernes de Paris<\/em>.<\/span><\/p>\n<p><span style=\"font-weight: 400;\">\u00a0Adolf Wildt, en 1926, l\u2019invite \u00e0 participer \u00e0 la \u00ab Premi\u00e8re Exposition du XXe si\u00e8cle italien \u00bb \u00e0 Milan.<\/span><\/p>\n<p><span style=\"font-weight: 400;\">En 1932, il s&rsquo;installe \u00e0 Milan, o\u00f9 il fait la connaissance de repr\u00e9sentants de la culture italienne tels que, entre autres, Giorgio Morandi et Lucio Fontana.<\/span><\/p>\n<p><span style=\"font-weight: 400;\">En quelques ann\u00e9es, il devient un artiste de notori\u00e9t\u00e9 nationale et repr\u00e9sente souvent l&rsquo;art italien \u00e0 l&rsquo;\u00e9tranger.<\/span><\/p>\n<p><span style=\"font-weight: 400;\">Malheureusement, il ne reste rien des premiers travaux de Francesco Messina. Comme il le reconnait lui-m\u00eame, il a tout d\u00e9truit. Il expliquera que c\u2019est parce qu\u2019ils ressemblaient \u00e0 de vilaines imitations des \u0153uvres d&rsquo;<a href=\"https:\/\/egidimadeinitaly.com\/fr\/artistes\/arturo-martini\/\">Arturo Martini<\/a>.<\/span><\/p>\n<p><span style=\"font-weight: 400;\">\u00c0 34 ans, il remporte le concours national qui lui permet d\u2019obtenir la chaire de sculpture \u00e0 l&rsquo;Acad\u00e9mie de Brera, qui \u00e9tait pr\u00e9c\u00e9demment celle de Wildt, o\u00f9 il enseignera pendant plus de trente ans.<\/span><\/p>\n<p><span style=\"font-weight: 400;\">La m\u00eame ann\u00e9e, il remporte le concours organis\u00e9 par la ville de Chiavari pour la r\u00e9alisation du monument \u00e0 Christophe Colomb.<\/span><\/p>\n<p><span style=\"font-weight: 400;\">Les ann\u00e9es 1950 et 1960 co\u00efncident avec une p\u00e9riode d&rsquo;activit\u00e9 intense pour le sculpteur, \u00e9minent professeur et artiste tr\u00e8s sollicit\u00e9 tant en Italie qu&rsquo;\u00e0 l&rsquo;\u00e9tranger pour des commandes publiques et priv\u00e9es.<\/span><\/p>\n<p><span style=\"font-weight: 400;\">Quelques \u0153uvres c\u00e9l\u00e8bres de Francesco Messina :<\/span><\/p>\n<p><span style=\"font-weight: 400;\">-le Monument \u00e0 Sainte Catherine de Sienne au Ch\u00e2teau Saint-Ange, \u00e0 Rome<\/span><\/p>\n<p><span style=\"font-weight: 400;\">-Pape Pie XII le Monument en l\u2019honneur\u00a0 pour la Basilique Saint-Pierre au Vatican<\/span><\/p>\n<p><span style=\"font-weight: 400;\">-le Cheval mourant, de 1966, command\u00e9 pour le si\u00e8ge de la RAI \u00e0 Rome<\/span><\/p>\n<p><span style=\"font-weight: 400;\">-la Via Crucis <\/span><i><span style=\"font-weight: 400;\">(le Chemin de Croix)<\/span><\/i><span style=\"font-weight: 400;\"> en bronze et la grande Vierge \u00e0 l&rsquo;Enfant en marbre de Carrare pour l\u2019\u00e9glise San Giovanni Rotondo sul Gargano, dans les Pouilles<\/span><\/p>\n<p><span style=\"font-weight: 400;\">En 1970, la Mairie de Milan lui conc\u00e8de l\u2019usufruit \u00e0 vie de l&rsquo;\u00e9glise d\u00e9saffect\u00e9e de San Sisto, situ\u00e9e au c\u0153ur de Milan, Via San Sisto 4\/A, qui avait \u00e9t\u00e9 d\u00e9truite par un bombardement en 1943, pour l&rsquo;utiliser comme atelier, en \u00e9change de la restauration compl\u00e8te de l&rsquo;\u00e9glise. Le Mus\u00e9e-atelier civique Francesco Messina a \u00e9t\u00e9 inaugur\u00e9 en 1974.<\/span><\/p>\n<p><span style=\"font-weight: 400;\">Une salle de l\u2019Appartement Borgia aux Mus\u00e9es du Vatican lui est consacr\u00e9e.<\/span><\/p>\n<p><span style=\"font-weight: 400;\">Francesco Messina est mort le 13 septembre 1995 \u00e0 Milan, la ville qui l&rsquo;a accueilli et h\u00e9berg\u00e9 pendant une grande partie de sa vie et qui lui a conf\u00e9r\u00e9 la citoyennet\u00e9 d&rsquo;honneur.<\/span><\/p>\n<p><span style=\"font-weight: 400;\">Ses \u0153uvres sont expos\u00e9es dans de nombreuses villes du monde : Berne, Zurich, G\u00f6teborg, Oslo, Paris, Barcelone, Berlin, Munich, Sao Paulo, Buenos Aires, Moscou, Saint-P\u00e9tersbourg, Venise, Vienne, Washington, Tokyo.<\/span><\/p>\n<p>&nbsp;<\/p>\n","protected":false},"excerpt":{"rendered":"<p>Avec Martini, Marini et Manz\u00f9, Francesco Messina est consid\u00e9r\u00e9 comme l&rsquo;un des plus grands repr\u00e9sentants de la sculpture figurative du XXe si\u00e8cle.<\/p>\n","protected":false},"featured_media":109146,"parent":0,"template":"","format":"standard","meta":{"_acf_changed":false},"tags":[6509],"class_list":["post-109524","artisti","type-artisti","status-publish","format-standard","has-post-thumbnail","hentry","tags-m"],"acf":[],"yoast_head":"<!-- This site is optimized with the Yoast SEO Premium plugin v27.4 (Yoast SEO v27.5) - https:\/\/yoast.com\/product\/yoast-seo-premium-wordpress\/ -->\n<title>Francesco Messina - Egidi MadeinItaly<\/title>\n<meta name=\"description\" content=\"Francesco Messina artiste du XXe si\u00e8cle sculpteur qui a travaill\u00e9 le marbre, le bronze et la terre cuite connu en Italie et \u00e0 l&#039;\u00e9tranger\" \/>\n<meta name=\"robots\" content=\"index, follow, max-snippet:-1, max-image-preview:large, max-video-preview:-1\" \/>\n<link rel=\"canonical\" href=\"https:\/\/egidimadeinitaly.com\/fr\/artistes\/francesco-messina\/\" \/>\n<meta property=\"og:locale\" content=\"fr_FR\" \/>\n<meta property=\"og:type\" content=\"article\" \/>\n<meta property=\"og:title\" content=\"Francesco Messina\" \/>\n<meta property=\"og:description\" content=\"Avec Martini, Marini et Manz\u00f9, Francesco Messina est consid\u00e9r\u00e9 comme l&#039;un des plus grands repr\u00e9sentants de la sculpture figurative du XXe si\u00e8cle.\" \/>\n<meta property=\"og:url\" content=\"https:\/\/egidimadeinitaly.com\/fr\/artistes\/francesco-messina\/\" \/>\n<meta property=\"og:site_name\" content=\"Egidi MadeinItaly\" \/>\n<meta property=\"article:publisher\" content=\"https:\/\/www.facebook.com\/egidimadeinitaly\/\" \/>\n<meta property=\"article:modified_time\" content=\"2025-03-02T09:16:19+00:00\" \/>\n<meta property=\"og:image\" content=\"https:\/\/egidimadeinitaly.com\/wp-content\/uploads\/2022\/04\/993922AB-B4CA-4C89-BF7F-8CA907D5E75A-scaled-e1686332511402.jpeg\" \/>\n\t<meta property=\"og:image:width\" content=\"768\" \/>\n\t<meta property=\"og:image:height\" content=\"1024\" \/>\n\t<meta property=\"og:image:type\" content=\"image\/jpeg\" \/>\n<script type=\"application\/ld+json\" class=\"yoast-schema-graph\">{\"@context\":\"https:\\\/\\\/schema.org\",\"@graph\":[{\"@type\":\"WebPage\",\"@id\":\"https:\\\/\\\/egidimadeinitaly.com\\\/fr\\\/artisti\\\/francesco-messina\\\/\",\"url\":\"https:\\\/\\\/egidimadeinitaly.com\\\/fr\\\/artistes\\\/francesco-messina\\\/\",\"name\":\"Francesco Messina - Egidi MadeinItaly\",\"isPartOf\":{\"@id\":\"https:\\\/\\\/egidimadeinitaly.com\\\/fr\\\/#website\"},\"primaryImageOfPage\":{\"@id\":\"https:\\\/\\\/egidimadeinitaly.com\\\/fr\\\/artistes\\\/francesco-messina\\\/#primaryimage\"},\"image\":{\"@id\":\"https:\\\/\\\/egidimadeinitaly.com\\\/fr\\\/artistes\\\/francesco-messina\\\/#primaryimage\"},\"thumbnailUrl\":\"https:\\\/\\\/egidimadeinitaly.com\\\/v25\\\/wp-content\\\/uploads\\\/2022\\\/04\\\/993922AB-B4CA-4C89-BF7F-8CA907D5E75A-scaled-e1686332511402.jpeg\",\"datePublished\":\"2022-04-19T10:02:47+00:00\",\"dateModified\":\"2025-03-02T09:16:19+00:00\",\"description\":\"Francesco Messina artiste du XXe si\u00e8cle sculpteur qui a travaill\u00e9 le marbre, le bronze et la terre cuite connu en Italie et \u00e0 l'\u00e9tranger\",\"breadcrumb\":{\"@id\":\"https:\\\/\\\/egidimadeinitaly.com\\\/fr\\\/artistes\\\/francesco-messina\\\/#breadcrumb\"},\"inLanguage\":\"fr-FR\",\"potentialAction\":[{\"@type\":\"ReadAction\",\"target\":[\"https:\\\/\\\/egidimadeinitaly.com\\\/fr\\\/artistes\\\/francesco-messina\\\/\"]}]},{\"@type\":\"ImageObject\",\"inLanguage\":\"fr-FR\",\"@id\":\"https:\\\/\\\/egidimadeinitaly.com\\\/fr\\\/artistes\\\/francesco-messina\\\/#primaryimage\",\"url\":\"https:\\\/\\\/egidimadeinitaly.com\\\/v25\\\/wp-content\\\/uploads\\\/2022\\\/04\\\/993922AB-B4CA-4C89-BF7F-8CA907D5E75A-scaled-e1686332511402.jpeg\",\"contentUrl\":\"https:\\\/\\\/egidimadeinitaly.com\\\/v25\\\/wp-content\\\/uploads\\\/2022\\\/04\\\/993922AB-B4CA-4C89-BF7F-8CA907D5E75A-scaled-e1686332511402.jpeg\",\"width\":768,\"height\":1024,\"caption\":\"Francesco Messina\"},{\"@type\":\"BreadcrumbList\",\"@id\":\"https:\\\/\\\/egidimadeinitaly.com\\\/fr\\\/artistes\\\/francesco-messina\\\/#breadcrumb\",\"itemListElement\":[{\"@type\":\"ListItem\",\"position\":1,\"name\":\"Home\",\"item\":\"https:\\\/\\\/egidimadeinitaly.com\\\/fr\\\/\"},{\"@type\":\"ListItem\",\"position\":2,\"name\":\"Francesco Messina\"}]},{\"@type\":\"WebSite\",\"@id\":\"https:\\\/\\\/egidimadeinitaly.com\\\/fr\\\/#website\",\"url\":\"https:\\\/\\\/egidimadeinitaly.com\\\/fr\\\/\",\"name\":\"Egidi MadeinItaly\",\"description\":\"Fine Art\",\"potentialAction\":[{\"@type\":\"SearchAction\",\"target\":{\"@type\":\"EntryPoint\",\"urlTemplate\":\"https:\\\/\\\/egidimadeinitaly.com\\\/fr\\\/?s={search_term_string}\"},\"query-input\":{\"@type\":\"PropertyValueSpecification\",\"valueRequired\":true,\"valueName\":\"search_term_string\"}}],\"inLanguage\":\"fr-FR\"}]}<\/script>\n<!-- \/ Yoast SEO Premium plugin. -->","yoast_head_json":{"title":"Francesco Messina - Egidi MadeinItaly","description":"Francesco Messina artiste du XXe si\u00e8cle sculpteur qui a travaill\u00e9 le marbre, le bronze et la terre cuite connu en Italie et \u00e0 l'\u00e9tranger","robots":{"index":"index","follow":"follow","max-snippet":"max-snippet:-1","max-image-preview":"max-image-preview:large","max-video-preview":"max-video-preview:-1"},"canonical":"https:\/\/egidimadeinitaly.com\/fr\/artistes\/francesco-messina\/","og_locale":"fr_FR","og_type":"article","og_title":"Francesco Messina","og_description":"Avec Martini, Marini et Manz\u00f9, Francesco Messina est consid\u00e9r\u00e9 comme l'un des plus grands repr\u00e9sentants de la sculpture figurative du XXe si\u00e8cle.","og_url":"https:\/\/egidimadeinitaly.com\/fr\/artistes\/francesco-messina\/","og_site_name":"Egidi MadeinItaly","article_publisher":"https:\/\/www.facebook.com\/egidimadeinitaly\/","article_modified_time":"2025-03-02T09:16:19+00:00","og_image":[{"width":768,"height":1024,"url":"https:\/\/egidimadeinitaly.com\/wp-content\/uploads\/2022\/04\/993922AB-B4CA-4C89-BF7F-8CA907D5E75A-scaled-e1686332511402.jpeg","type":"image\/jpeg"}],"schema":{"@context":"https:\/\/schema.org","@graph":[{"@type":"WebPage","@id":"https:\/\/egidimadeinitaly.com\/fr\/artisti\/francesco-messina\/","url":"https:\/\/egidimadeinitaly.com\/fr\/artistes\/francesco-messina\/","name":"Francesco Messina - Egidi MadeinItaly","isPartOf":{"@id":"https:\/\/egidimadeinitaly.com\/fr\/#website"},"primaryImageOfPage":{"@id":"https:\/\/egidimadeinitaly.com\/fr\/artistes\/francesco-messina\/#primaryimage"},"image":{"@id":"https:\/\/egidimadeinitaly.com\/fr\/artistes\/francesco-messina\/#primaryimage"},"thumbnailUrl":"https:\/\/egidimadeinitaly.com\/v25\/wp-content\/uploads\/2022\/04\/993922AB-B4CA-4C89-BF7F-8CA907D5E75A-scaled-e1686332511402.jpeg","datePublished":"2022-04-19T10:02:47+00:00","dateModified":"2025-03-02T09:16:19+00:00","description":"Francesco Messina artiste du XXe si\u00e8cle sculpteur qui a travaill\u00e9 le marbre, le bronze et la terre cuite connu en Italie et \u00e0 l'\u00e9tranger","breadcrumb":{"@id":"https:\/\/egidimadeinitaly.com\/fr\/artistes\/francesco-messina\/#breadcrumb"},"inLanguage":"fr-FR","potentialAction":[{"@type":"ReadAction","target":["https:\/\/egidimadeinitaly.com\/fr\/artistes\/francesco-messina\/"]}]},{"@type":"ImageObject","inLanguage":"fr-FR","@id":"https:\/\/egidimadeinitaly.com\/fr\/artistes\/francesco-messina\/#primaryimage","url":"https:\/\/egidimadeinitaly.com\/v25\/wp-content\/uploads\/2022\/04\/993922AB-B4CA-4C89-BF7F-8CA907D5E75A-scaled-e1686332511402.jpeg","contentUrl":"https:\/\/egidimadeinitaly.com\/v25\/wp-content\/uploads\/2022\/04\/993922AB-B4CA-4C89-BF7F-8CA907D5E75A-scaled-e1686332511402.jpeg","width":768,"height":1024,"caption":"Francesco Messina"},{"@type":"BreadcrumbList","@id":"https:\/\/egidimadeinitaly.com\/fr\/artistes\/francesco-messina\/#breadcrumb","itemListElement":[{"@type":"ListItem","position":1,"name":"Home","item":"https:\/\/egidimadeinitaly.com\/fr\/"},{"@type":"ListItem","position":2,"name":"Francesco Messina"}]},{"@type":"WebSite","@id":"https:\/\/egidimadeinitaly.com\/fr\/#website","url":"https:\/\/egidimadeinitaly.com\/fr\/","name":"Egidi MadeinItaly","description":"Fine Art","potentialAction":[{"@type":"SearchAction","target":{"@type":"EntryPoint","urlTemplate":"https:\/\/egidimadeinitaly.com\/fr\/?s={search_term_string}"},"query-input":{"@type":"PropertyValueSpecification","valueRequired":true,"valueName":"search_term_string"}}],"inLanguage":"fr-FR"}]}},"_links":{"self":[{"href":"https:\/\/egidimadeinitaly.com\/fr\/wp-json\/wp\/v2\/artisti\/109524","targetHints":{"allow":["GET"]}}],"collection":[{"href":"https:\/\/egidimadeinitaly.com\/fr\/wp-json\/wp\/v2\/artisti"}],"about":[{"href":"https:\/\/egidimadeinitaly.com\/fr\/wp-json\/wp\/v2\/types\/artisti"}],"wp:featuredmedia":[{"embeddable":true,"href":"https:\/\/egidimadeinitaly.com\/fr\/wp-json\/wp\/v2\/media\/109146"}],"wp:attachment":[{"href":"https:\/\/egidimadeinitaly.com\/fr\/wp-json\/wp\/v2\/media?parent=109524"}],"wp:term":[{"taxonomy":"post_tag","embeddable":true,"href":"https:\/\/egidimadeinitaly.com\/fr\/wp-json\/wp\/v2\/tags?post=109524"},{"taxonomy":"tags","embeddable":true,"href":"https:\/\/egidimadeinitaly.com\/fr\/wp-json\/wp\/v2\/tags?post=109524"}],"curies":[{"name":"wp","href":"https:\/\/api.w.org\/{rel}","templated":true}]}}