{"id":101607,"date":"2021-07-23T15:09:09","date_gmt":"2021-07-23T14:09:09","guid":{"rendered":"http:\/\/egidimadeinitaly.demonewlogic.it\/?post_type=artisti&#038;p=101607"},"modified":"2025-03-02T10:23:50","modified_gmt":"2025-03-02T09:23:50","slug":"alberto-ricci","status":"publish","type":"artisti","link":"https:\/\/egidimadeinitaly.com\/fr\/artisti\/alberto-ricci\/","title":{"rendered":"Alberto Ricci"},"content":{"rendered":"<p class=\"s2\"><span class=\"s3\"><span class=\"bumpedFont15\"><strong>Alberto Ricci<\/strong> (Rome 1943- Rome 2003).<\/span><\/span><\/p>\n<p class=\"s2\"><span class=\"s3\"><span class=\"bumpedFont15\">Il <\/span><\/span><span class=\"s3\"><span class=\"bumpedFont15\">a toujours <\/span><\/span><span class=\"s3\"><span class=\"bumpedFont15\">v\u00e9cu en Italie et travailla<\/span><\/span><span class=\"s3\"><span class=\"bumpedFont15\">it<\/span><\/span><span class=\"s3\"><span class=\"bumpedFont15\"> \u00e0 Rome, \u00e0 l\u2019exception des <\/span><\/span><span class=\"s3\"><span class=\"bumpedFont15\">quelques courts s\u00e9jours<\/span><\/span><span class=\"s3\"><span class=\"bumpedFont15\"> en Su\u00e8de et aux <\/span><\/span><span class=\"s3\"><span class=\"bumpedFont15\">Pays-<\/span><\/span><span class=\"s3\"><span class=\"bumpedFont15\">Bas.<\/span><\/span><\/p>\n<p class=\"s2\"><span class=\"s3\"><span class=\"bumpedFont15\">Il est l\u2019un des plus grands sculpteurs de sa g\u00e9n\u00e9ration<\/span><\/span><span class=\"s3\"><span class=\"bumpedFont15\">. I<\/span><\/span><span class=\"s3\"><span class=\"bumpedFont15\">l a connu la notori\u00e9t\u00e9 apr\u00e8s avoir d\u00e9couvert \u00ab <\/span><\/span><span class=\"s4\"><span class=\"bumpedFont15\">la valeur de l&rsquo;\u00e9nergie et de l&rsquo;essentialisme dans l&rsquo;art<\/span><\/span><span class=\"s5\"><span class=\"bumpedFont15\"> \u00bb.<\/span><\/span><\/p>\n<p class=\"s2\"><span class=\"s3\"><span class=\"bumpedFont15\">Son travail se base sur la sculpture classique et moderne.<\/span><\/span> <span class=\"s3\"><span class=\"bumpedFont15\">Il s\u2019est sp\u00e9cialis\u00e9 dans la <\/span><\/span><span class=\"s4\"><span class=\"bumpedFont15\">sculpture figurative en s<\/span><\/span><span class=\"s4\"><span class=\"bumpedFont15\">e concentrant<\/span><\/span><span class=\"s4\"><span class=\"bumpedFont15\"> plus particuli\u00e8re<\/span><\/span><span class=\"s4\"><span class=\"bumpedFont15\">ment sur<\/span><\/span><span class=\"s4\"><span class=\"bumpedFont15\"> l\u2019\u00e9tude du mouvement.<\/span><\/span><\/p>\n<p class=\"s2\"><span class=\"s3\"><span class=\"bumpedFont15\">Ses sujets viennent du domaine des arts<\/span><\/span><span class=\"s3\"><span class=\"bumpedFont15\">. Allant de<\/span><\/span><span class=\"s3\"><span class=\"bumpedFont15\">s figure<\/span><\/span><span class=\"s3\"><span class=\"bumpedFont15\">s <\/span><\/span><span class=\"s3\"><span class=\"bumpedFont15\">religieuses aux femmes nues<\/span><\/span><span class=\"s3\"><span class=\"bumpedFont15\">,<\/span><\/span><span class=\"s3\"><span class=\"bumpedFont15\"> ils varient<\/span><\/span><span class=\"s3\"><span class=\"bumpedFont15\"> ma<\/span><\/span><span class=\"s3\"><span class=\"bumpedFont15\">is <\/span><\/span><span class=\"s3\"><span class=\"bumpedFont15\">p<\/span><\/span><span class=\"s3\"><span class=\"bumpedFont15\">o<\/span><\/span><span class=\"s3\"><span class=\"bumpedFont15\">r<\/span><\/span><span class=\"s3\"><span class=\"bumpedFont15\">t<\/span><\/span><span class=\"s3\"><span class=\"bumpedFont15\">ent<\/span><\/span><span class=\"s3\"><span class=\"bumpedFont15\"> tous l\u2019<\/span><\/span><span class=\"s3\"><span class=\"bumpedFont15\">empreinte<\/span><\/span><span class=\"s3\"><span class=\"bumpedFont15\"> d<\/span><\/span><span class=\"s3\"><span class=\"bumpedFont15\">e l<\/span><\/span><span class=\"s3\"><span class=\"bumpedFont15\">\u2019<\/span><\/span><span class=\"s3\"><span class=\"bumpedFont15\">\u00e9nergie dynamique<\/span><\/span><span class=\"s3\"><span class=\"bumpedFont15\"> de Ricci<\/span><\/span><span class=\"s3\"><span class=\"bumpedFont15\">.<\/span><\/span><\/p>\n<p class=\"s2\"><span class=\"s4\"><span class=\"bumpedFont15\">Ses sculptures <\/span><\/span><span class=\"s4\"><span class=\"bumpedFont15\">se<\/span><\/span><span class=\"s4\"><span class=\"bumpedFont15\"> trouvent dans le monde entier.<\/span><\/span><\/p>\n<p class=\"s2\"><span class=\"s3\"><span class=\"bumpedFont15\">Aux \u00c9tats-Unis, au Japon, en Europe, en Scandinavie.<\/span><\/span><\/p>\n<p class=\"s2\"><span class=\"s3\"><span class=\"bumpedFont15\">Il a sculpt\u00e9 un buste en bronze du pape Paul VI, expos\u00e9 dans la Chapelle Camerlingue <\/span><\/span><span class=\"s3\"><span class=\"bumpedFont15\">d<\/span><\/span><span class=\"s3\"><span class=\"bumpedFont15\">u Vatican.<\/span><\/span> <span class=\"s3\"><span class=\"bumpedFont15\">Il a \u00e9galement sculpt\u00e9 un buste du pape <\/span><\/span><span class=\"s3\"><span class=\"bumpedFont15\">Jean-Paul<\/span><\/span><span class=\"s3\"><span class=\"bumpedFont15\"> II.<\/span><\/span><\/p>\n<p class=\"s2\"><span class=\"s3\"><span class=\"bumpedFont15\">Alberto Ricci est le p\u00e8re de l&rsquo;\u00ab <\/span><\/span><span class=\"s4\"><span class=\"bumpedFont15\">Essentialisme \u00e9nerg\u00e9tique <\/span><\/span><span class=\"s5\"><span class=\"bumpedFont15\">\u00bb<\/span><\/span><span class=\"s3\"><span class=\"bumpedFont15\">.<\/span><\/span><\/p>\n<p class=\"s2\"><span class=\"s3\"><span class=\"bumpedFont15\">Le critique <\/span><\/span><span class=\"s4\"><span class=\"bumpedFont15\">B. Benardi<\/span><\/span><span class=\"s3\"><span class=\"bumpedFont15\"> a \u00e9crit<\/span><\/span><span class=\"s3\"><span class=\"bumpedFont15\"> de lui<\/span><\/span><span class=\"s3\"><span class=\"bumpedFont15\"> :<\/span><\/span><\/p>\n<blockquote>\n<p class=\"s2\"><em> <span class=\"s3\"><span class=\"bumpedFont15\">\u00ab <\/span><\/span><span class=\"s6\"><span class=\"bumpedFont15\">Il y a une transparence singuli\u00e8re et s\u00e9duisante dans l&rsquo;<\/span><\/span><span class=\"s6\"><span class=\"bumpedFont15\">\u0153uvre<\/span><\/span><span class=\"s6\"><span class=\"bumpedFont15\"> de Ricci qui peut \u00eatre comprise, mais cette transparence n\u2019est qu\u2019une perception et <\/span><\/span><span class=\"s6\"><span class=\"bumpedFont15\">qu\u2019<\/span><\/span><span class=\"s6\"><span class=\"bumpedFont15\">un sentiment superficiel dans la r\u00e9alit\u00e9 et dans l&rsquo;action.<\/span><\/span> <span class=\"s6\"><span class=\"bumpedFont15\">Ce qui est pr\u00e9sent\u00e9 est l&rsquo;\u00e9nergie qui existe dans l\u2019\u00e9tat potentiel de l&rsquo;<\/span><\/span><span class=\"s6\"><span class=\"bumpedFont15\">\u0153uvre<\/span><\/span><span class=\"s6\"><span class=\"bumpedFont15\">-m\u00eame<\/span><\/span><\/em><span class=\"s3\"><span class=\"bumpedFont15\"><em> \u00bb<\/em> (sur la sculpture d\u2019Alberto Ricci).<\/span><\/span><\/p>\n<\/blockquote>\n<p class=\"s2\"><span class=\"s3\"><span class=\"bumpedFont15\">En 2002, Alberto Ricci a re\u00e7u la distinction honorifique<\/span><\/span><span class=\"s3\"><span class=\"bumpedFont15\"> de<\/span><\/span> <span class=\"s4\"><span class=\"bumpedFont15\">Grand Officier de l\u2019<\/span><\/span><span class=\"s4\"><span class=\"bumpedFont15\">Ordre du M\u00e9rite culturel <\/span><\/span><span class=\"s3\"><span class=\"bumpedFont15\">de la Principaut\u00e9 de Monaco.<\/span><\/span><\/p>\n<p class=\"s2\"><span class=\"s3\"><span class=\"bumpedFont15\">En 2003, il a \u00e9t\u00e9 r\u00e9compens\u00e9 par l\u2019Ordre du <\/span><\/span><span class=\"s3\"><span class=\"bumpedFont15\">M\u00e9rite<\/span><\/span><span class=\"s3\"><span class=\"bumpedFont15\"> de la R\u00e9publique italienne.<\/span><\/span><\/p>\n<h2 style=\"text-align: center;\">Vous poss\u00e9dez une \u0153uvre de Alberto Ricci et vous voulez la vendre ?<\/h2>\n<p style=\"text-align: center;\">Appelez-nous au num\u00e9ro +39 3356585431 ou envoyez-nous un message WhatsApp au +39 3356585431<\/p>\n<p style=\"text-align: center;\"><span style=\"color: #ff6600;\"><strong>VOUS POUVEZ NOUS FAIRE CONFIANCE<\/strong><\/span><\/p>\n<p style=\"text-align: center;\">Les meilleures estimations, comp\u00e9tence, s\u00e9rieux<\/p>\n","protected":false},"excerpt":{"rendered":"<p>Alberto Ricci artiste romain. Il s\u2019est sp\u00e9cialis\u00e9 dans la sculpture figurative en se concentrant plus particuli\u00e8rement sur l\u2019\u00e9tude du mouvement.<\/p>\n","protected":false},"featured_media":84335,"parent":0,"template":"","format":"standard","meta":{"_acf_changed":false},"tags":[6513],"class_list":["post-101607","artisti","type-artisti","status-publish","format-standard","has-post-thumbnail","hentry","tags-r"],"acf":[],"yoast_head":"<!-- This site is optimized with the Yoast SEO Premium plugin v27.4 (Yoast SEO v27.5) - https:\/\/yoast.com\/product\/yoast-seo-premium-wordpress\/ -->\n<title>Alberto Ricci - Egidi MadeinItaly<\/title>\n<meta name=\"description\" content=\"Son travail se base sur la sculpture classique et moderne.\" \/>\n<meta name=\"robots\" content=\"index, follow, max-snippet:-1, max-image-preview:large, max-video-preview:-1\" \/>\n<link rel=\"canonical\" href=\"https:\/\/egidimadeinitaly.com\/fr\/artistes\/alberto-ricci\/\" \/>\n<meta property=\"og:locale\" content=\"fr_FR\" \/>\n<meta property=\"og:type\" content=\"article\" \/>\n<meta property=\"og:title\" content=\"Alberto Ricci\" \/>\n<meta property=\"og:description\" content=\"Alberto Ricci artiste romain. Il s\u2019est sp\u00e9cialis\u00e9 dans la sculpture figurative en se concentrant plus particuli\u00e8rement sur l\u2019\u00e9tude du mouvement.\" \/>\n<meta property=\"og:url\" content=\"https:\/\/egidimadeinitaly.com\/fr\/artistes\/alberto-ricci\/\" \/>\n<meta property=\"og:site_name\" content=\"Egidi MadeinItaly\" \/>\n<meta property=\"article:publisher\" content=\"https:\/\/www.facebook.com\/egidimadeinitaly\/\" \/>\n<meta property=\"article:modified_time\" content=\"2025-03-02T09:23:50+00:00\" \/>\n<meta property=\"og:image\" content=\"https:\/\/egidimadeinitaly.com\/wp-content\/uploads\/2020\/02\/alberto_ricci_scultura_in_bronzo_1970-e1717588609455.jpg\" \/>\n\t<meta property=\"og:image:width\" content=\"400\" \/>\n\t<meta property=\"og:image:height\" content=\"600\" \/>\n\t<meta property=\"og:image:type\" content=\"image\/jpeg\" \/>\n<script type=\"application\/ld+json\" class=\"yoast-schema-graph\">{\"@context\":\"https:\\\/\\\/schema.org\",\"@graph\":[{\"@type\":\"WebPage\",\"@id\":\"https:\\\/\\\/egidimadeinitaly.com\\\/fr\\\/artisti\\\/alberto-ricci\\\/\",\"url\":\"https:\\\/\\\/egidimadeinitaly.com\\\/fr\\\/artistes\\\/alberto-ricci\\\/\",\"name\":\"Alberto Ricci - Egidi MadeinItaly\",\"isPartOf\":{\"@id\":\"https:\\\/\\\/egidimadeinitaly.com\\\/fr\\\/#website\"},\"primaryImageOfPage\":{\"@id\":\"https:\\\/\\\/egidimadeinitaly.com\\\/fr\\\/artistes\\\/alberto-ricci\\\/#primaryimage\"},\"image\":{\"@id\":\"https:\\\/\\\/egidimadeinitaly.com\\\/fr\\\/artistes\\\/alberto-ricci\\\/#primaryimage\"},\"thumbnailUrl\":\"https:\\\/\\\/egidimadeinitaly.com\\\/v25\\\/wp-content\\\/uploads\\\/2020\\\/02\\\/alberto_ricci_scultura_in_bronzo_1970-e1717588609455.jpg\",\"datePublished\":\"2021-07-23T14:09:09+00:00\",\"dateModified\":\"2025-03-02T09:23:50+00:00\",\"description\":\"Son travail se base sur la sculpture classique et moderne.\",\"breadcrumb\":{\"@id\":\"https:\\\/\\\/egidimadeinitaly.com\\\/fr\\\/artistes\\\/alberto-ricci\\\/#breadcrumb\"},\"inLanguage\":\"fr-FR\",\"potentialAction\":[{\"@type\":\"ReadAction\",\"target\":[\"https:\\\/\\\/egidimadeinitaly.com\\\/fr\\\/artistes\\\/alberto-ricci\\\/\"]}]},{\"@type\":\"ImageObject\",\"inLanguage\":\"fr-FR\",\"@id\":\"https:\\\/\\\/egidimadeinitaly.com\\\/fr\\\/artistes\\\/alberto-ricci\\\/#primaryimage\",\"url\":\"https:\\\/\\\/egidimadeinitaly.com\\\/v25\\\/wp-content\\\/uploads\\\/2020\\\/02\\\/alberto_ricci_scultura_in_bronzo_1970-e1717588609455.jpg\",\"contentUrl\":\"https:\\\/\\\/egidimadeinitaly.com\\\/v25\\\/wp-content\\\/uploads\\\/2020\\\/02\\\/alberto_ricci_scultura_in_bronzo_1970-e1717588609455.jpg\",\"width\":400,\"height\":600,\"caption\":\"Alberto Ricci\"},{\"@type\":\"BreadcrumbList\",\"@id\":\"https:\\\/\\\/egidimadeinitaly.com\\\/fr\\\/artistes\\\/alberto-ricci\\\/#breadcrumb\",\"itemListElement\":[{\"@type\":\"ListItem\",\"position\":1,\"name\":\"Home\",\"item\":\"https:\\\/\\\/egidimadeinitaly.com\\\/fr\\\/\"},{\"@type\":\"ListItem\",\"position\":2,\"name\":\"Alberto Ricci\"}]},{\"@type\":\"WebSite\",\"@id\":\"https:\\\/\\\/egidimadeinitaly.com\\\/fr\\\/#website\",\"url\":\"https:\\\/\\\/egidimadeinitaly.com\\\/fr\\\/\",\"name\":\"Egidi MadeinItaly\",\"description\":\"Fine Art\",\"potentialAction\":[{\"@type\":\"SearchAction\",\"target\":{\"@type\":\"EntryPoint\",\"urlTemplate\":\"https:\\\/\\\/egidimadeinitaly.com\\\/fr\\\/?s={search_term_string}\"},\"query-input\":{\"@type\":\"PropertyValueSpecification\",\"valueRequired\":true,\"valueName\":\"search_term_string\"}}],\"inLanguage\":\"fr-FR\"}]}<\/script>\n<!-- \/ Yoast SEO Premium plugin. -->","yoast_head_json":{"title":"Alberto Ricci - Egidi MadeinItaly","description":"Son travail se base sur la sculpture classique et moderne.","robots":{"index":"index","follow":"follow","max-snippet":"max-snippet:-1","max-image-preview":"max-image-preview:large","max-video-preview":"max-video-preview:-1"},"canonical":"https:\/\/egidimadeinitaly.com\/fr\/artistes\/alberto-ricci\/","og_locale":"fr_FR","og_type":"article","og_title":"Alberto Ricci","og_description":"Alberto Ricci artiste romain. Il s\u2019est sp\u00e9cialis\u00e9 dans la sculpture figurative en se concentrant plus particuli\u00e8rement sur l\u2019\u00e9tude du mouvement.","og_url":"https:\/\/egidimadeinitaly.com\/fr\/artistes\/alberto-ricci\/","og_site_name":"Egidi MadeinItaly","article_publisher":"https:\/\/www.facebook.com\/egidimadeinitaly\/","article_modified_time":"2025-03-02T09:23:50+00:00","og_image":[{"width":400,"height":600,"url":"https:\/\/egidimadeinitaly.com\/wp-content\/uploads\/2020\/02\/alberto_ricci_scultura_in_bronzo_1970-e1717588609455.jpg","type":"image\/jpeg"}],"schema":{"@context":"https:\/\/schema.org","@graph":[{"@type":"WebPage","@id":"https:\/\/egidimadeinitaly.com\/fr\/artisti\/alberto-ricci\/","url":"https:\/\/egidimadeinitaly.com\/fr\/artistes\/alberto-ricci\/","name":"Alberto Ricci - Egidi MadeinItaly","isPartOf":{"@id":"https:\/\/egidimadeinitaly.com\/fr\/#website"},"primaryImageOfPage":{"@id":"https:\/\/egidimadeinitaly.com\/fr\/artistes\/alberto-ricci\/#primaryimage"},"image":{"@id":"https:\/\/egidimadeinitaly.com\/fr\/artistes\/alberto-ricci\/#primaryimage"},"thumbnailUrl":"https:\/\/egidimadeinitaly.com\/v25\/wp-content\/uploads\/2020\/02\/alberto_ricci_scultura_in_bronzo_1970-e1717588609455.jpg","datePublished":"2021-07-23T14:09:09+00:00","dateModified":"2025-03-02T09:23:50+00:00","description":"Son travail se base sur la sculpture classique et moderne.","breadcrumb":{"@id":"https:\/\/egidimadeinitaly.com\/fr\/artistes\/alberto-ricci\/#breadcrumb"},"inLanguage":"fr-FR","potentialAction":[{"@type":"ReadAction","target":["https:\/\/egidimadeinitaly.com\/fr\/artistes\/alberto-ricci\/"]}]},{"@type":"ImageObject","inLanguage":"fr-FR","@id":"https:\/\/egidimadeinitaly.com\/fr\/artistes\/alberto-ricci\/#primaryimage","url":"https:\/\/egidimadeinitaly.com\/v25\/wp-content\/uploads\/2020\/02\/alberto_ricci_scultura_in_bronzo_1970-e1717588609455.jpg","contentUrl":"https:\/\/egidimadeinitaly.com\/v25\/wp-content\/uploads\/2020\/02\/alberto_ricci_scultura_in_bronzo_1970-e1717588609455.jpg","width":400,"height":600,"caption":"Alberto Ricci"},{"@type":"BreadcrumbList","@id":"https:\/\/egidimadeinitaly.com\/fr\/artistes\/alberto-ricci\/#breadcrumb","itemListElement":[{"@type":"ListItem","position":1,"name":"Home","item":"https:\/\/egidimadeinitaly.com\/fr\/"},{"@type":"ListItem","position":2,"name":"Alberto Ricci"}]},{"@type":"WebSite","@id":"https:\/\/egidimadeinitaly.com\/fr\/#website","url":"https:\/\/egidimadeinitaly.com\/fr\/","name":"Egidi MadeinItaly","description":"Fine Art","potentialAction":[{"@type":"SearchAction","target":{"@type":"EntryPoint","urlTemplate":"https:\/\/egidimadeinitaly.com\/fr\/?s={search_term_string}"},"query-input":{"@type":"PropertyValueSpecification","valueRequired":true,"valueName":"search_term_string"}}],"inLanguage":"fr-FR"}]}},"_links":{"self":[{"href":"https:\/\/egidimadeinitaly.com\/fr\/wp-json\/wp\/v2\/artisti\/101607","targetHints":{"allow":["GET"]}}],"collection":[{"href":"https:\/\/egidimadeinitaly.com\/fr\/wp-json\/wp\/v2\/artisti"}],"about":[{"href":"https:\/\/egidimadeinitaly.com\/fr\/wp-json\/wp\/v2\/types\/artisti"}],"wp:featuredmedia":[{"embeddable":true,"href":"https:\/\/egidimadeinitaly.com\/fr\/wp-json\/wp\/v2\/media\/84335"}],"wp:attachment":[{"href":"https:\/\/egidimadeinitaly.com\/fr\/wp-json\/wp\/v2\/media?parent=101607"}],"wp:term":[{"taxonomy":"post_tag","embeddable":true,"href":"https:\/\/egidimadeinitaly.com\/fr\/wp-json\/wp\/v2\/tags?post=101607"},{"taxonomy":"tags","embeddable":true,"href":"https:\/\/egidimadeinitaly.com\/fr\/wp-json\/wp\/v2\/tags?post=101607"}],"curies":[{"name":"wp","href":"https:\/\/api.w.org\/{rel}","templated":true}]}}