{"id":100610,"date":"2021-03-28T21:43:41","date_gmt":"2021-03-28T20:43:41","guid":{"rendered":"http:\/\/egidimadeinitaly.demonewlogic.it\/artisti\/paolo-zoli\/"},"modified":"2025-08-28T12:06:28","modified_gmt":"2025-08-28T11:06:28","slug":"paolo-zoli","status":"publish","type":"artisti","link":"https:\/\/egidimadeinitaly.com\/fr\/artisti\/paolo-zoli\/","title":{"rendered":"Paolo Zoli"},"content":{"rendered":"<h2>Paolo Zoli<\/h2>\n<p>Paolo Zoli, fils du c\u00e9ramiste Carlo Zoli, est n\u00e9 \u00e0 Faenza en 1885.<\/p>\n<p>Au d\u00e9but du XXe si\u00e8cle, il suit une formation de c\u00e9ramiste-d\u00e9corateur aupr\u00e8s de la manufacture de c\u00e9ramique \u00ab Fratelli Minardi \u00bb \u00e0 Faenza.<\/p>\n<p>En 1914, Paolo Zoli fait partie des associ\u00e9s qui rel\u00e8vent la manufacture \u00e0 la mort des propri\u00e9taires.<\/p>\n<p>Apr\u00e8s une p\u00e9riode d\u2019absence, \u00e0 la fin de la Premi\u00e8re Guerre mondiale, Paolo Zoli fait retour \u00e0 Faenza.<\/p>\n<p>&nbsp;<\/p>\n<h2><strong>La Fa\u00efence<\/strong><\/h2>\n<p>En 1919, il ouvre l\u2019atelier de c\u00e9ramique \u00ab\u00a0<strong>La Fa\u00efence<\/strong>\u00a0\u00bb \u00e0 Borgo Durbecco, avec Pietro Melandri, Dino Fabbri et Amerigo Masotti.<\/p>\n<p>C\u2019est l\u00e0 qu\u2019ils r\u00e9alisent aussi bien des c\u00e9ramiques avec des formes et des d\u00e9corations classiques de la tradition de Faenza que des \u0153uvres n\u00e9es de la recherche de nouvelles formes et d\u00e9corations d\u2019influence s\u00e9cessionniste et Art Nouveau.<\/p>\n<p>La soci\u00e9t\u00e9 sera de courte dur\u00e9e. En 1920, Pietro Melandri ouvre son propre atelier, tandis que Dino Fabbri quitte Faenza et qu\u2019Amerigo Masotti cherche un emploi d\u2019ouvrier c\u00e9ramiste.<\/p>\n<p>En 1921, Paolo Zoli est le seul propri\u00e9taire de l\u2019atelier et en peu de temps, il r\u00e9ussit \u00e0 d\u00e9velopper la production qui comprend non seulement des produits commerciaux, mais aussi des \u0153uvres artistiques de grande valeur. Le nombre d\u2019ouvriers augmente. Ils sont une vingtaine en 1924 et, l\u2019ann\u00e9e suivante, Paolo Zoli d\u00e9cide d\u2019agrandir l\u2019atelier qui s\u2019affirme au niveau national et international. Paolo Zoli \u00a0se consacre \u00e9galement \u00e0 la repr\u00e9sentation, en agrandissant l\u2019atelier avec un appartement luxueux et une salle de r\u00e9ception.<\/p>\n<p>Au cours de ces ann\u00e9es, l\u2019atelier accueille Francesca Sansoni, Amerigo Masotti, Emilio Casadio, Antonia, Fausto Dal Pozzo, Antonia Bubani, Luigi Fantoni, Angelo Ungania, Clorinda Pompignoli, Felice Rambelli, Ida Cimatti, Angelo Biancini, ainsi que les tourneurs en c\u00e9ramique Armando Cornacchia et Giuseppe Melandri.<\/p>\n<p>En 1927, Paolo Zoli rouvre la manufacture de c\u00e9ramique \u00ab Trer\u00e9 \u00bb de Faenza, en partenariat avec le chevalier Aldo Boari de Bologne et le marchand de c\u00e9ramiques Visani de Forli.<\/p>\n<p>\u00c0 la fin des ann\u00e9es 20, le peintre Roberto Sella rejoint l\u2019atelier.<\/p>\n<p>Parmi les autres collaborateurs de la fin des ann\u00e9es 20, citons Giulio Argnani, le tourneur et mouleur Domenico Mattioli, ainsi que les d\u00e9coratrices Anna Ronchi et Anita Gentilini.<\/p>\n<p>En 1930, la manufacture ferme ses portes. Paolo Zoli part s\u2019installer en Suisse.<\/p>\n<p>Il meurt en 1960 \u00e0 Faenza.<\/p>\n<h6><\/h6>\n<p>&nbsp;<\/p>\n","protected":false},"excerpt":{"rendered":"<p>En 1919, Paolo Zoli ouvre l\u2019atelier de c\u00e9ramique \u00ab\u00a0La Fa\u00efence\u00a0\u00bb \u00e0 Borgo Durbecco, avec Pietro Melandri, Dino Fabbri et Amerigo Masotti.<\/p>\n","protected":false},"featured_media":124915,"parent":0,"template":"","format":"standard","meta":{"_acf_changed":false},"tags":[6518],"class_list":["post-100610","artisti","type-artisti","status-publish","format-standard","has-post-thumbnail","hentry","tags-z"],"acf":[],"yoast_head":"<!-- This site is optimized with the Yoast SEO Premium plugin v27.4 (Yoast SEO v27.5) - https:\/\/yoast.com\/product\/yoast-seo-premium-wordpress\/ -->\n<title>Paolo Zoli - Egidi MadeinItaly<\/title>\n<meta name=\"description\" content=\"Paolo Zoli (1885-1960) l&#039;histoire du c\u00e9ramiste de Faenza, ses d\u00e9buts, La Faience, la rencontre avec Melandri ; venez en d\u00e9couvrir davantage.\" \/>\n<meta name=\"robots\" content=\"index, follow, max-snippet:-1, max-image-preview:large, max-video-preview:-1\" \/>\n<link rel=\"canonical\" href=\"https:\/\/egidimadeinitaly.com\/fr\/artistes\/paolo-zoli\/\" \/>\n<meta property=\"og:locale\" content=\"fr_FR\" \/>\n<meta property=\"og:type\" content=\"article\" \/>\n<meta property=\"og:title\" content=\"Paolo Zoli\" \/>\n<meta property=\"og:description\" content=\"En 1919, Paolo Zoli ouvre l\u2019atelier de c\u00e9ramique \u00ab\u00a0La Fa\u00efence\u00a0\u00bb \u00e0 Borgo Durbecco, avec Pietro Melandri, Dino Fabbri et Amerigo Masotti.\" \/>\n<meta property=\"og:url\" content=\"https:\/\/egidimadeinitaly.com\/fr\/artistes\/paolo-zoli\/\" \/>\n<meta property=\"og:site_name\" content=\"Egidi MadeinItaly\" \/>\n<meta property=\"article:publisher\" content=\"https:\/\/www.facebook.com\/egidimadeinitaly\/\" \/>\n<meta property=\"article:modified_time\" content=\"2025-08-28T11:06:28+00:00\" \/>\n<meta property=\"og:image\" content=\"https:\/\/egidimadeinitaly.com\/v25\/wp-content\/uploads\/2021\/02\/761771ED-AA06-4F83-BF65-9631A48B4EF5-e1613717397870.jpeg\" \/>\n\t<meta property=\"og:image:width\" content=\"958\" \/>\n\t<meta property=\"og:image:height\" content=\"1280\" \/>\n\t<meta property=\"og:image:type\" content=\"image\/jpeg\" \/>\n<script type=\"application\/ld+json\" class=\"yoast-schema-graph\">{\"@context\":\"https:\\\/\\\/schema.org\",\"@graph\":[{\"@type\":\"WebPage\",\"@id\":\"https:\\\/\\\/egidimadeinitaly.com\\\/fr\\\/artisti\\\/paolo-zoli\\\/\",\"url\":\"https:\\\/\\\/egidimadeinitaly.com\\\/fr\\\/artistes\\\/paolo-zoli\\\/\",\"name\":\"Paolo Zoli - Egidi MadeinItaly\",\"isPartOf\":{\"@id\":\"https:\\\/\\\/egidimadeinitaly.com\\\/fr\\\/#website\"},\"primaryImageOfPage\":{\"@id\":\"https:\\\/\\\/egidimadeinitaly.com\\\/fr\\\/artistes\\\/paolo-zoli\\\/#primaryimage\"},\"image\":{\"@id\":\"https:\\\/\\\/egidimadeinitaly.com\\\/fr\\\/artistes\\\/paolo-zoli\\\/#primaryimage\"},\"thumbnailUrl\":\"https:\\\/\\\/egidimadeinitaly.com\\\/v25\\\/wp-content\\\/uploads\\\/2021\\\/02\\\/761771ED-AA06-4F83-BF65-9631A48B4EF5-e1613717397870.jpeg\",\"datePublished\":\"2021-03-28T20:43:41+00:00\",\"dateModified\":\"2025-08-28T11:06:28+00:00\",\"description\":\"Paolo Zoli (1885-1960) l'histoire du c\u00e9ramiste de Faenza, ses d\u00e9buts, La Faience, la rencontre avec Melandri ; venez en d\u00e9couvrir davantage.\",\"breadcrumb\":{\"@id\":\"https:\\\/\\\/egidimadeinitaly.com\\\/fr\\\/artistes\\\/paolo-zoli\\\/#breadcrumb\"},\"inLanguage\":\"fr-FR\",\"potentialAction\":[{\"@type\":\"ReadAction\",\"target\":[\"https:\\\/\\\/egidimadeinitaly.com\\\/fr\\\/artistes\\\/paolo-zoli\\\/\"]}]},{\"@type\":\"ImageObject\",\"inLanguage\":\"fr-FR\",\"@id\":\"https:\\\/\\\/egidimadeinitaly.com\\\/fr\\\/artistes\\\/paolo-zoli\\\/#primaryimage\",\"url\":\"https:\\\/\\\/egidimadeinitaly.com\\\/v25\\\/wp-content\\\/uploads\\\/2021\\\/02\\\/761771ED-AA06-4F83-BF65-9631A48B4EF5-e1613717397870.jpeg\",\"contentUrl\":\"https:\\\/\\\/egidimadeinitaly.com\\\/v25\\\/wp-content\\\/uploads\\\/2021\\\/02\\\/761771ED-AA06-4F83-BF65-9631A48B4EF5-e1613717397870.jpeg\",\"width\":958,\"height\":1280,\"caption\":\"Ceramica del \u00b4900 Pietro Melandri e Paolo Zoli\"},{\"@type\":\"BreadcrumbList\",\"@id\":\"https:\\\/\\\/egidimadeinitaly.com\\\/fr\\\/artistes\\\/paolo-zoli\\\/#breadcrumb\",\"itemListElement\":[{\"@type\":\"ListItem\",\"position\":1,\"name\":\"Home\",\"item\":\"https:\\\/\\\/egidimadeinitaly.com\\\/fr\\\/\"},{\"@type\":\"ListItem\",\"position\":2,\"name\":\"Paolo Zoli\"}]},{\"@type\":\"WebSite\",\"@id\":\"https:\\\/\\\/egidimadeinitaly.com\\\/fr\\\/#website\",\"url\":\"https:\\\/\\\/egidimadeinitaly.com\\\/fr\\\/\",\"name\":\"Egidi MadeinItaly\",\"description\":\"Fine Art\",\"potentialAction\":[{\"@type\":\"SearchAction\",\"target\":{\"@type\":\"EntryPoint\",\"urlTemplate\":\"https:\\\/\\\/egidimadeinitaly.com\\\/fr\\\/?s={search_term_string}\"},\"query-input\":{\"@type\":\"PropertyValueSpecification\",\"valueRequired\":true,\"valueName\":\"search_term_string\"}}],\"inLanguage\":\"fr-FR\"}]}<\/script>\n<!-- \/ Yoast SEO Premium plugin. -->","yoast_head_json":{"title":"Paolo Zoli - Egidi MadeinItaly","description":"Paolo Zoli (1885-1960) l'histoire du c\u00e9ramiste de Faenza, ses d\u00e9buts, La Faience, la rencontre avec Melandri ; venez en d\u00e9couvrir davantage.","robots":{"index":"index","follow":"follow","max-snippet":"max-snippet:-1","max-image-preview":"max-image-preview:large","max-video-preview":"max-video-preview:-1"},"canonical":"https:\/\/egidimadeinitaly.com\/fr\/artistes\/paolo-zoli\/","og_locale":"fr_FR","og_type":"article","og_title":"Paolo Zoli","og_description":"En 1919, Paolo Zoli ouvre l\u2019atelier de c\u00e9ramique \u00ab\u00a0La Fa\u00efence\u00a0\u00bb \u00e0 Borgo Durbecco, avec Pietro Melandri, Dino Fabbri et Amerigo Masotti.","og_url":"https:\/\/egidimadeinitaly.com\/fr\/artistes\/paolo-zoli\/","og_site_name":"Egidi MadeinItaly","article_publisher":"https:\/\/www.facebook.com\/egidimadeinitaly\/","article_modified_time":"2025-08-28T11:06:28+00:00","og_image":[{"width":958,"height":1280,"url":"https:\/\/egidimadeinitaly.com\/v25\/wp-content\/uploads\/2021\/02\/761771ED-AA06-4F83-BF65-9631A48B4EF5-e1613717397870.jpeg","type":"image\/jpeg"}],"schema":{"@context":"https:\/\/schema.org","@graph":[{"@type":"WebPage","@id":"https:\/\/egidimadeinitaly.com\/fr\/artisti\/paolo-zoli\/","url":"https:\/\/egidimadeinitaly.com\/fr\/artistes\/paolo-zoli\/","name":"Paolo Zoli - Egidi MadeinItaly","isPartOf":{"@id":"https:\/\/egidimadeinitaly.com\/fr\/#website"},"primaryImageOfPage":{"@id":"https:\/\/egidimadeinitaly.com\/fr\/artistes\/paolo-zoli\/#primaryimage"},"image":{"@id":"https:\/\/egidimadeinitaly.com\/fr\/artistes\/paolo-zoli\/#primaryimage"},"thumbnailUrl":"https:\/\/egidimadeinitaly.com\/v25\/wp-content\/uploads\/2021\/02\/761771ED-AA06-4F83-BF65-9631A48B4EF5-e1613717397870.jpeg","datePublished":"2021-03-28T20:43:41+00:00","dateModified":"2025-08-28T11:06:28+00:00","description":"Paolo Zoli (1885-1960) l'histoire du c\u00e9ramiste de Faenza, ses d\u00e9buts, La Faience, la rencontre avec Melandri ; venez en d\u00e9couvrir davantage.","breadcrumb":{"@id":"https:\/\/egidimadeinitaly.com\/fr\/artistes\/paolo-zoli\/#breadcrumb"},"inLanguage":"fr-FR","potentialAction":[{"@type":"ReadAction","target":["https:\/\/egidimadeinitaly.com\/fr\/artistes\/paolo-zoli\/"]}]},{"@type":"ImageObject","inLanguage":"fr-FR","@id":"https:\/\/egidimadeinitaly.com\/fr\/artistes\/paolo-zoli\/#primaryimage","url":"https:\/\/egidimadeinitaly.com\/v25\/wp-content\/uploads\/2021\/02\/761771ED-AA06-4F83-BF65-9631A48B4EF5-e1613717397870.jpeg","contentUrl":"https:\/\/egidimadeinitaly.com\/v25\/wp-content\/uploads\/2021\/02\/761771ED-AA06-4F83-BF65-9631A48B4EF5-e1613717397870.jpeg","width":958,"height":1280,"caption":"Ceramica del \u00b4900 Pietro Melandri e Paolo Zoli"},{"@type":"BreadcrumbList","@id":"https:\/\/egidimadeinitaly.com\/fr\/artistes\/paolo-zoli\/#breadcrumb","itemListElement":[{"@type":"ListItem","position":1,"name":"Home","item":"https:\/\/egidimadeinitaly.com\/fr\/"},{"@type":"ListItem","position":2,"name":"Paolo Zoli"}]},{"@type":"WebSite","@id":"https:\/\/egidimadeinitaly.com\/fr\/#website","url":"https:\/\/egidimadeinitaly.com\/fr\/","name":"Egidi MadeinItaly","description":"Fine Art","potentialAction":[{"@type":"SearchAction","target":{"@type":"EntryPoint","urlTemplate":"https:\/\/egidimadeinitaly.com\/fr\/?s={search_term_string}"},"query-input":{"@type":"PropertyValueSpecification","valueRequired":true,"valueName":"search_term_string"}}],"inLanguage":"fr-FR"}]}},"_links":{"self":[{"href":"https:\/\/egidimadeinitaly.com\/fr\/wp-json\/wp\/v2\/artisti\/100610","targetHints":{"allow":["GET"]}}],"collection":[{"href":"https:\/\/egidimadeinitaly.com\/fr\/wp-json\/wp\/v2\/artisti"}],"about":[{"href":"https:\/\/egidimadeinitaly.com\/fr\/wp-json\/wp\/v2\/types\/artisti"}],"wp:featuredmedia":[{"embeddable":true,"href":"https:\/\/egidimadeinitaly.com\/fr\/wp-json\/wp\/v2\/media\/124915"}],"wp:attachment":[{"href":"https:\/\/egidimadeinitaly.com\/fr\/wp-json\/wp\/v2\/media?parent=100610"}],"wp:term":[{"taxonomy":"post_tag","embeddable":true,"href":"https:\/\/egidimadeinitaly.com\/fr\/wp-json\/wp\/v2\/tags?post=100610"},{"taxonomy":"tags","embeddable":true,"href":"https:\/\/egidimadeinitaly.com\/fr\/wp-json\/wp\/v2\/tags?post=100610"}],"curies":[{"name":"wp","href":"https:\/\/api.w.org\/{rel}","templated":true}]}}