{"id":100234,"date":"2021-06-10T11:07:56","date_gmt":"2021-06-10T10:07:56","guid":{"rendered":"http:\/\/egidimadeinitaly.demonewlogic.it\/?post_type=artisti&#038;p=100234"},"modified":"2025-04-28T13:19:35","modified_gmt":"2025-04-28T12:19:35","slug":"domenico-morelli","status":"publish","type":"artisti","link":"https:\/\/egidimadeinitaly.com\/fr\/artisti\/domenico-morelli\/","title":{"rendered":"Domenico Morelli"},"content":{"rendered":"<div class=\"wpb-content-wrapper\"><p>[vc_row][vc_column][vc_column_text uncode_shortcode_id=\u00a0\u00bb280545&Prime;]<\/p>\n<div class=\"post-content un-no-sidebar-layout\">\n<div class=\"row-container\">\n<div class=\"row row-parent style-light limit-width double-top-padding double-bottom-padding\">\n<p>N\u00e9 \u00e0 Naples le 8 juillet 1823, il a \u00e9t\u00e9 initi\u00e9 \u00e0 l\u2019art par un premier apprentissage aupr\u00e8s du peintre Ruocco, puis a fr\u00e9quent\u00e9 l\u2019Institut des Beaux-Arts, o\u00f9 ses professeurs \u00e9taient Costanzo Angelini et Camillo Guerra. L\u2019enseignement acad\u00e9mique ne l\u2019excluait cependant pas d\u2019un certain int\u00e9r\u00eat pour la r\u00e9alit\u00e9, vers laquelle le plus jeune se sentait attir\u00e9.<br \/>\nIl a donc lui aussi tent\u00e9, dans un essai scolaire, la voie d\u00e9j\u00e0 emprunt\u00e9e, dans l\u2019environnement, par Filippo Palizzi\u00a0(Vasto 1818 \u2013 Naples 1899)<\/p>\n<blockquote><p>\u201c<i>C\u2019\u00e9tait la premi\u00e8re fois que je m\u2019occupais ardemment d\u2019\u00e9tudier sur le vif, en harmonisant la lumi\u00e8re et la couleur du fond avec la figure. \u2026. Le souvenir des \u00e9tudes expos\u00e9es par Filippo Palizzi nous avertissait que, pour arriver \u00e0 les faire nous aussi, nous devions prendre un autre chemin<\/i>\u201c.<\/p><\/blockquote>\n<p>Pendant les soul\u00e8vements de 1948, il participe aux actions r\u00e9volutionnaires sur les barricades, est bless\u00e9 et \u00e9chappe de peu \u00e0 la mort.<br \/>\nRevenant \u00e0 l\u2019art, apr\u00e8s une s\u00e9rie d\u2019\u0153uvres dans lesquelles le souvenir de l\u2019Acad\u00e9mie est toujours vivant, m\u00eame si att\u00e9nu\u00e9 par le romantisme des sujets, il conna\u00eet son premier succ\u00e8s avec Gli Iconoclasti (1854) qui est bien accueilli \u00e0 l\u2019Exposition napolitaine de 1855, tant par le courant acad\u00e9mique que par les jeunes novateurs.<br \/>\nPersuad\u00e9, cependant, que son travail n\u2019a pas r\u00e9ellement contribu\u00e9 au renouveau, il tente de s\u2019approcher des courants artistiques les plus modernes, et voyage beaucoup en Italie et en Europe.<\/p>\n<blockquote><p>\u00c0 Paris, il a le sentiment plus net de se lib\u00e9rer compl\u00e8tement de ses habitudes : \u201c<i>Je supplie\u2026 de bien nettoyer mon atelier \u2013 demande-t-il \u00e0 ses amis de Naples \u2013 de br\u00fbler tous les papiers dessin\u00e9s et peints\u2026 Je ne veux rien trouver qui me rappelle ma mani\u00e8re pass\u00e9e<\/i>\u201c.<\/p><\/blockquote>\n<p>Dans cette recherche de renouvellement, cependant, il ne faillit jamais \u00e0 son principe qui attribue \u00e0 l\u2019art la fonction de \u201crepr\u00e9senter des figures et des choses non vues, mais imagin\u00e9es et vraies \u00e0 la fois\u201d : une affirmation li\u00e9e \u00e0 la po\u00e9tique romantique et qui pr\u00e9voit chez ceux qui l\u2019assument comme base de leur travail, une formation acad\u00e9mique.<br \/>\nAvec la maturit\u00e9, sa peinture s\u2019affine dans ses moyens et se dissout dans une plus grande spontan\u00e9it\u00e9. Il a \u00e9t\u00e9 not\u00e9 \u00e0 juste titre que sa peinture peut \u00eatre incluse dans \u201c<i>une sorte de dramaturgie romantico-religieuse\u201d, tandis que la place qu\u2019il occupe dans l\u2019histoire de notre art du XIX\u00e8me si\u00e8cle est \u201c\u00e0 c\u00f4t\u00e9 des artistes d\u2019op\u00e9ra du XIX\u00e8me si\u00e8cle<\/i>\u201d (Somar\u00e9).<br \/>\nN\u00e9anmoins, son d\u00e9sir de renouveler l\u2019art \u00e9tait sinc\u00e8re, et il r\u00e9ussit \u00e0 \u00e9veiller le milieu napolitain \u00e0 la modernit\u00e9, qu\u2019il ressentait comme une recr\u00e9ation de la v\u00e9rit\u00e9 par la force de l\u2019imagination : une position qui, si d\u2019une part ne le lib\u00e9rait pas compl\u00e8tement de l\u2019acad\u00e9misme, d\u2019autre part r\u00e9ussissait \u00e0 le soustraire au r\u00e9alisme grossier qui faisait rage dans la seconde moiti\u00e9 du XIX\u00e8me si\u00e8cle.<br \/>\nIl est d\u00e9c\u00e9d\u00e9 \u00e0 Naples le 13 ao\u00fbt 1901.<\/p>\n<\/div>\n<\/div>\n<\/div>\n<div class=\"post-after row-container\">\n<div id=\"row-unique-0\" class=\"vc_row row-container has-dividers\" data-parent=\"true\" data-section=\"0\">\n<div class=\"uncode-divider-wrap uncode-divider-wrap-top z_index_0\" data-height=\"150\" data-unit=\"px\"><\/div>\n<div class=\"row single-top-padding single-bottom-padding single-h-padding full-width row-parent\" data-imgready=\"true\">\n<div class=\"wpb_row row-inner cols-md-responsive\">\n<div class=\"wpb_column pos-top pos-center align_left column_parent col-lg-3 mobile-hidden single-internal-gutter z_index_2\">\n<div class=\"uncol style-light shift_y_quad\">\n<div class=\"uncoltable\">\n<div class=\"uncell no-block-padding\">\n<div class=\"uncont\"><\/div>\n<\/div>\n<\/div>\n<\/div>\n<\/div>\n<div class=\"wpb_column pos-top pos-center align_left column_parent col-lg-5 col-md-50 single-internal-gutter\">\n<div class=\"uncol style-light shift_x_neg_quad shift_y_double\">\n<div class=\"uncoltable\">\n<div class=\"uncell no-block-padding\">\n<div class=\"uncont\">\n<div id=\"artist-products-1\" class=\"isotope-system isotope-general-light isotope-processed\">\n<div class=\"isotope-wrapper single-gutter\">\n<div class=\"isotope-container isotope-layout style-masonry isotope-pagination un-isotope-init\" data-type=\"masonry\" data-layout=\"masonry\" data-lg=\"1000\" data-md=\"600\" data-sm=\"480\" data-vp-height=\"\" data-iso-index=\"0\">\n<div class=\"tmb tmb-woocommerce enhanced-atc auto-width-atc atc-typography-inherit tmb-iso-w12 tmb-iso-h4 tmb-light tmb-overlay-text-anim tmb-overlay-anim tmb-content-center tmb-content-mobile-center tmb-image-anim grid-cat-4845 grid-cat-4843 tmb-id-104705 tmb-content-under tmb-media-first tmb-no-bg tmb-iso\">\n<div class=\"t-inside animate_when_almost_visible bottom-t-top start_animation\" data-delay=\"600\">\n<div class=\"t-entry-visual\">\n<div class=\"t-entry-visual-tc\">\n<div class=\"t-entry-visual-cont\"><\/div>\n<\/div>\n<\/div>\n<\/div>\n<\/div>\n<\/div>\n<\/div>\n<\/div>\n<\/div>\n<\/div>\n<\/div>\n<\/div>\n<\/div>\n<\/div>\n<\/div>\n<\/div>\n<\/div>\n<p>&nbsp;<\/p>\n<p>&nbsp;<\/p>\n<p>&nbsp;<\/p>\n<\/div>","protected":false},"excerpt":{"rendered":"<p>Domenico Morelli (Naples 1823-1901) peintre napolitain. Consid\u00e9r\u00e9 un des repr\u00e9sentants importants du v\u00e9risme. <\/p>\n","protected":false},"featured_media":112392,"parent":0,"template":"","format":"standard","meta":{"_acf_changed":false},"tags":[6509],"class_list":["post-100234","artisti","type-artisti","status-publish","format-standard","has-post-thumbnail","hentry","tag-verisme","tags-m"],"acf":[],"yoast_head":"<!-- This site is optimized with the Yoast SEO Premium plugin v27.4 (Yoast SEO v27.5) - https:\/\/yoast.com\/product\/yoast-seo-premium-wordpress\/ -->\n<title>Domenico Morelli - Egidi MadeinItaly<\/title>\n<meta name=\"description\" content=\"Domenico Morelli (Naples 1823-1901) peintre napolitain. Il est consid\u00e9r\u00e9 un des repr\u00e9sentants importants du v\u00e9risme.\" \/>\n<meta name=\"robots\" content=\"index, follow, max-snippet:-1, max-image-preview:large, max-video-preview:-1\" \/>\n<link rel=\"canonical\" href=\"https:\/\/egidimadeinitaly.com\/fr\/artistes\/domenico-morelli\/\" \/>\n<meta property=\"og:locale\" content=\"fr_FR\" \/>\n<meta property=\"og:type\" content=\"article\" \/>\n<meta property=\"og:title\" content=\"Domenico Morelli\" \/>\n<meta property=\"og:description\" content=\"Domenico Morelli (Naples 1823-1901) peintre napolitain. Consid\u00e9r\u00e9 un des repr\u00e9sentants importants du v\u00e9risme.\" \/>\n<meta property=\"og:url\" content=\"https:\/\/egidimadeinitaly.com\/fr\/artistes\/domenico-morelli\/\" \/>\n<meta property=\"og:site_name\" content=\"Egidi MadeinItaly\" \/>\n<meta property=\"article:publisher\" content=\"https:\/\/www.facebook.com\/egidimadeinitaly\/\" \/>\n<meta property=\"article:modified_time\" content=\"2025-04-28T12:19:35+00:00\" \/>\n<meta property=\"og:image\" content=\"https:\/\/egidimadeinitaly.com\/wp-content\/uploads\/2021\/06\/Domenico-Morelli-scaled-e1678723168300.jpeg\" \/>\n\t<meta property=\"og:image:width\" content=\"1024\" \/>\n\t<meta property=\"og:image:height\" content=\"697\" \/>\n\t<meta property=\"og:image:type\" content=\"image\/jpeg\" \/>\n<script type=\"application\/ld+json\" class=\"yoast-schema-graph\">{\"@context\":\"https:\\\/\\\/schema.org\",\"@graph\":[{\"@type\":\"WebPage\",\"@id\":\"https:\\\/\\\/egidimadeinitaly.com\\\/fr\\\/artisti\\\/domenico-morelli\\\/\",\"url\":\"https:\\\/\\\/egidimadeinitaly.com\\\/fr\\\/artistes\\\/domenico-morelli\\\/\",\"name\":\"Domenico Morelli - Egidi MadeinItaly\",\"isPartOf\":{\"@id\":\"https:\\\/\\\/egidimadeinitaly.com\\\/fr\\\/#website\"},\"primaryImageOfPage\":{\"@id\":\"https:\\\/\\\/egidimadeinitaly.com\\\/fr\\\/artistes\\\/domenico-morelli\\\/#primaryimage\"},\"image\":{\"@id\":\"https:\\\/\\\/egidimadeinitaly.com\\\/fr\\\/artistes\\\/domenico-morelli\\\/#primaryimage\"},\"thumbnailUrl\":\"https:\\\/\\\/egidimadeinitaly.com\\\/v25\\\/wp-content\\\/uploads\\\/2021\\\/06\\\/Domenico-Morelli-scaled-e1678723168300.jpeg\",\"datePublished\":\"2021-06-10T10:07:56+00:00\",\"dateModified\":\"2025-04-28T12:19:35+00:00\",\"description\":\"Domenico Morelli (Naples 1823-1901) peintre napolitain. Il est consid\u00e9r\u00e9 un des repr\u00e9sentants importants du v\u00e9risme.\",\"breadcrumb\":{\"@id\":\"https:\\\/\\\/egidimadeinitaly.com\\\/fr\\\/artistes\\\/domenico-morelli\\\/#breadcrumb\"},\"inLanguage\":\"fr-FR\",\"potentialAction\":[{\"@type\":\"ReadAction\",\"target\":[\"https:\\\/\\\/egidimadeinitaly.com\\\/fr\\\/artistes\\\/domenico-morelli\\\/\"]}]},{\"@type\":\"ImageObject\",\"inLanguage\":\"fr-FR\",\"@id\":\"https:\\\/\\\/egidimadeinitaly.com\\\/fr\\\/artistes\\\/domenico-morelli\\\/#primaryimage\",\"url\":\"https:\\\/\\\/egidimadeinitaly.com\\\/v25\\\/wp-content\\\/uploads\\\/2021\\\/06\\\/Domenico-Morelli-scaled-e1678723168300.jpeg\",\"contentUrl\":\"https:\\\/\\\/egidimadeinitaly.com\\\/v25\\\/wp-content\\\/uploads\\\/2021\\\/06\\\/Domenico-Morelli-scaled-e1678723168300.jpeg\",\"width\":1024,\"height\":697,\"caption\":\"Domenico Morelli\"},{\"@type\":\"BreadcrumbList\",\"@id\":\"https:\\\/\\\/egidimadeinitaly.com\\\/fr\\\/artistes\\\/domenico-morelli\\\/#breadcrumb\",\"itemListElement\":[{\"@type\":\"ListItem\",\"position\":1,\"name\":\"Home\",\"item\":\"https:\\\/\\\/egidimadeinitaly.com\\\/fr\\\/\"},{\"@type\":\"ListItem\",\"position\":2,\"name\":\"Domenico Morelli\"}]},{\"@type\":\"WebSite\",\"@id\":\"https:\\\/\\\/egidimadeinitaly.com\\\/fr\\\/#website\",\"url\":\"https:\\\/\\\/egidimadeinitaly.com\\\/fr\\\/\",\"name\":\"Egidi MadeinItaly\",\"description\":\"Fine Art\",\"potentialAction\":[{\"@type\":\"SearchAction\",\"target\":{\"@type\":\"EntryPoint\",\"urlTemplate\":\"https:\\\/\\\/egidimadeinitaly.com\\\/fr\\\/?s={search_term_string}\"},\"query-input\":{\"@type\":\"PropertyValueSpecification\",\"valueRequired\":true,\"valueName\":\"search_term_string\"}}],\"inLanguage\":\"fr-FR\"}]}<\/script>\n<!-- \/ Yoast SEO Premium plugin. -->","yoast_head_json":{"title":"Domenico Morelli - Egidi MadeinItaly","description":"Domenico Morelli (Naples 1823-1901) peintre napolitain. Il est consid\u00e9r\u00e9 un des repr\u00e9sentants importants du v\u00e9risme.","robots":{"index":"index","follow":"follow","max-snippet":"max-snippet:-1","max-image-preview":"max-image-preview:large","max-video-preview":"max-video-preview:-1"},"canonical":"https:\/\/egidimadeinitaly.com\/fr\/artistes\/domenico-morelli\/","og_locale":"fr_FR","og_type":"article","og_title":"Domenico Morelli","og_description":"Domenico Morelli (Naples 1823-1901) peintre napolitain. Consid\u00e9r\u00e9 un des repr\u00e9sentants importants du v\u00e9risme.","og_url":"https:\/\/egidimadeinitaly.com\/fr\/artistes\/domenico-morelli\/","og_site_name":"Egidi MadeinItaly","article_publisher":"https:\/\/www.facebook.com\/egidimadeinitaly\/","article_modified_time":"2025-04-28T12:19:35+00:00","og_image":[{"width":1024,"height":697,"url":"https:\/\/egidimadeinitaly.com\/wp-content\/uploads\/2021\/06\/Domenico-Morelli-scaled-e1678723168300.jpeg","type":"image\/jpeg"}],"schema":{"@context":"https:\/\/schema.org","@graph":[{"@type":"WebPage","@id":"https:\/\/egidimadeinitaly.com\/fr\/artisti\/domenico-morelli\/","url":"https:\/\/egidimadeinitaly.com\/fr\/artistes\/domenico-morelli\/","name":"Domenico Morelli - Egidi MadeinItaly","isPartOf":{"@id":"https:\/\/egidimadeinitaly.com\/fr\/#website"},"primaryImageOfPage":{"@id":"https:\/\/egidimadeinitaly.com\/fr\/artistes\/domenico-morelli\/#primaryimage"},"image":{"@id":"https:\/\/egidimadeinitaly.com\/fr\/artistes\/domenico-morelli\/#primaryimage"},"thumbnailUrl":"https:\/\/egidimadeinitaly.com\/v25\/wp-content\/uploads\/2021\/06\/Domenico-Morelli-scaled-e1678723168300.jpeg","datePublished":"2021-06-10T10:07:56+00:00","dateModified":"2025-04-28T12:19:35+00:00","description":"Domenico Morelli (Naples 1823-1901) peintre napolitain. Il est consid\u00e9r\u00e9 un des repr\u00e9sentants importants du v\u00e9risme.","breadcrumb":{"@id":"https:\/\/egidimadeinitaly.com\/fr\/artistes\/domenico-morelli\/#breadcrumb"},"inLanguage":"fr-FR","potentialAction":[{"@type":"ReadAction","target":["https:\/\/egidimadeinitaly.com\/fr\/artistes\/domenico-morelli\/"]}]},{"@type":"ImageObject","inLanguage":"fr-FR","@id":"https:\/\/egidimadeinitaly.com\/fr\/artistes\/domenico-morelli\/#primaryimage","url":"https:\/\/egidimadeinitaly.com\/v25\/wp-content\/uploads\/2021\/06\/Domenico-Morelli-scaled-e1678723168300.jpeg","contentUrl":"https:\/\/egidimadeinitaly.com\/v25\/wp-content\/uploads\/2021\/06\/Domenico-Morelli-scaled-e1678723168300.jpeg","width":1024,"height":697,"caption":"Domenico Morelli"},{"@type":"BreadcrumbList","@id":"https:\/\/egidimadeinitaly.com\/fr\/artistes\/domenico-morelli\/#breadcrumb","itemListElement":[{"@type":"ListItem","position":1,"name":"Home","item":"https:\/\/egidimadeinitaly.com\/fr\/"},{"@type":"ListItem","position":2,"name":"Domenico Morelli"}]},{"@type":"WebSite","@id":"https:\/\/egidimadeinitaly.com\/fr\/#website","url":"https:\/\/egidimadeinitaly.com\/fr\/","name":"Egidi MadeinItaly","description":"Fine Art","potentialAction":[{"@type":"SearchAction","target":{"@type":"EntryPoint","urlTemplate":"https:\/\/egidimadeinitaly.com\/fr\/?s={search_term_string}"},"query-input":{"@type":"PropertyValueSpecification","valueRequired":true,"valueName":"search_term_string"}}],"inLanguage":"fr-FR"}]}},"_links":{"self":[{"href":"https:\/\/egidimadeinitaly.com\/fr\/wp-json\/wp\/v2\/artisti\/100234","targetHints":{"allow":["GET"]}}],"collection":[{"href":"https:\/\/egidimadeinitaly.com\/fr\/wp-json\/wp\/v2\/artisti"}],"about":[{"href":"https:\/\/egidimadeinitaly.com\/fr\/wp-json\/wp\/v2\/types\/artisti"}],"wp:featuredmedia":[{"embeddable":true,"href":"https:\/\/egidimadeinitaly.com\/fr\/wp-json\/wp\/v2\/media\/112392"}],"wp:attachment":[{"href":"https:\/\/egidimadeinitaly.com\/fr\/wp-json\/wp\/v2\/media?parent=100234"}],"wp:term":[{"taxonomy":"post_tag","embeddable":true,"href":"https:\/\/egidimadeinitaly.com\/fr\/wp-json\/wp\/v2\/tags?post=100234"},{"taxonomy":"tags","embeddable":true,"href":"https:\/\/egidimadeinitaly.com\/fr\/wp-json\/wp\/v2\/tags?post=100234"}],"curies":[{"name":"wp","href":"https:\/\/api.w.org\/{rel}","templated":true}]}}